{"id":11207,"date":"2025-01-26T19:02:00","date_gmt":"2025-01-26T18:02:00","guid":{"rendered":"https:\/\/feuerwehr-kufstein.at\/?post_type=einsatz&#038;p=11207"},"modified":"2025-01-27T10:19:44","modified_gmt":"2025-01-27T09:19:44","slug":"fahrzeugbrand-auf-der-a12-%f0%9f%9a%92%f0%9f%94%a5","status":"publish","type":"einsatz","link":"https:\/\/feuerwehr-kufstein.at\/?einsatz=fahrzeugbrand-auf-der-a12-%f0%9f%9a%92%f0%9f%94%a5","title":{"rendered":"Fahrzeugbrand auf der A12 \ud83d\ude92\ud83d\udd25"},"content":{"rendered":"<div class=\"x11i5rnm xat24cr x1mh8g0r x1vvkbs xtlvy1s x126k92a\">\n<div dir=\"auto\">\n<p>Am 26.01.2025 um 19:02 Uhr wurde die STADTFEUERWEHR Kufstein zu einem Fahrzeugbrand auf der A12 Inntalautobahn bei der Auffahrt Kirchbichl in Fahrtrichtung Innsbruck alarmiert.<\/p>\n<\/div>\n<\/div>\n<div class=\"x11i5rnm xat24cr x1mh8g0r x1vvkbs xtlvy1s x126k92a\">\n<div dir=\"auto\">\n<p>Beim Eintreffen der Einsatzkr\u00e4fte war das Fahrzeug bereits in Vollbrand. Unter schwerem Atemschutz konnten wir den Brand erfolgreich l\u00f6schen. Dabei kam Schaummittel zum Einsatz, um eine effektive Brandbek\u00e4mpfung sicherzustellen und eine Wiederentz\u00fcndung zu verhindern.<\/p>\n<\/div>\n<\/div>\n<div class=\"x11i5rnm xat24cr x1mh8g0r x1vvkbs xtlvy1s x126k92a\">\n<div dir=\"auto\">Gl\u00fccklicherweise wurden keine Personen verletzt.<br \/>\n<div id='gallery-1' class='czr-gallery row flex-row czr-gallery-style gallery galleryid-11207 gallery-columns-3 gallery-size-medium'><figure class='gallery-item col col-auto'>\r\n                        <div class='gallery-icon landscape czr-gallery-icon'>\r\n                              <a data-lb-type=\"grouped-gallery\" href=https:\/\/feuerwehr-kufstein.at\/wp-content\/uploads\/2025\/01\/475165656_1007792778043136_7529764365436651498_n.jpg class=\"bg-link\"><\/a><img decoding=\"async\" width=\"300\" height=\"225\" data-src=\"https:\/\/feuerwehr-kufstein.at\/wp-content\/uploads\/2025\/01\/475165656_1007792778043136_7529764365436651498_n-300x225.jpg\" class=\"attachment-medium size-medium no-lazy lazyload\" alt=\"\" data-sizes=\"(min-width: 1200px) 350px, (min-width: 992px) 290px, (min-width: 768px) 210px, (min-width: 576px) 150px, calc( 50vw - 30px )\" data-srcset=\"https:\/\/feuerwehr-kufstein.at\/wp-content\/uploads\/2025\/01\/475165656_1007792778043136_7529764365436651498_n-300x225.jpg 300w, https:\/\/feuerwehr-kufstein.at\/wp-content\/uploads\/2025\/01\/475165656_1007792778043136_7529764365436651498_n-1024x768.jpg 1024w, https:\/\/feuerwehr-kufstein.at\/wp-content\/uploads\/2025\/01\/475165656_1007792778043136_7529764365436651498_n-768x576.jpg 768w, https:\/\/feuerwehr-kufstein.at\/wp-content\/uploads\/2025\/01\/475165656_1007792778043136_7529764365436651498_n.jpg 1440w\" src=\"data:image\/svg+xml;base64,PHN2ZyB3aWR0aD0iMSIgaGVpZ2h0PSIxIiB4bWxucz0iaHR0cDovL3d3dy53My5vcmcvMjAwMC9zdmciPjwvc3ZnPg==\" style=\"--smush-placeholder-width: 300px; --smush-placeholder-aspect-ratio: 300\/225;\" \/>\r\n                        <\/div><\/figure><figure class='gallery-item col col-auto'>\r\n                        <div class='gallery-icon landscape czr-gallery-icon'>\r\n                              <a data-lb-type=\"grouped-gallery\" href=https:\/\/feuerwehr-kufstein.at\/wp-content\/uploads\/2025\/01\/475117610_1007792774709803_3130838714781261393_n.jpg class=\"bg-link\"><\/a><img decoding=\"async\" width=\"300\" height=\"225\" data-src=\"https:\/\/feuerwehr-kufstein.at\/wp-content\/uploads\/2025\/01\/475117610_1007792774709803_3130838714781261393_n-300x225.jpg\" class=\"attachment-medium size-medium no-lazy lazyload\" alt=\"\" data-sizes=\"(min-width: 1200px) 350px, (min-width: 992px) 290px, (min-width: 768px) 210px, (min-width: 576px) 150px, calc( 50vw - 30px )\" data-srcset=\"https:\/\/feuerwehr-kufstein.at\/wp-content\/uploads\/2025\/01\/475117610_1007792774709803_3130838714781261393_n-300x225.jpg 300w, https:\/\/feuerwehr-kufstein.at\/wp-content\/uploads\/2025\/01\/475117610_1007792774709803_3130838714781261393_n-1024x768.jpg 1024w, https:\/\/feuerwehr-kufstein.at\/wp-content\/uploads\/2025\/01\/475117610_1007792774709803_3130838714781261393_n-768x576.jpg 768w, https:\/\/feuerwehr-kufstein.at\/wp-content\/uploads\/2025\/01\/475117610_1007792774709803_3130838714781261393_n.jpg 1080w\" src=\"data:image\/svg+xml;base64,PHN2ZyB3aWR0aD0iMSIgaGVpZ2h0PSIxIiB4bWxucz0iaHR0cDovL3d3dy53My5vcmcvMjAwMC9zdmciPjwvc3ZnPg==\" style=\"--smush-placeholder-width: 300px; --smush-placeholder-aspect-ratio: 300\/225;\" \/>\r\n                        <\/div><\/figure><figure class='gallery-item col col-auto'>\r\n                        <div class='gallery-icon landscape czr-gallery-icon'>\r\n                              <a data-lb-type=\"grouped-gallery\" href=https:\/\/feuerwehr-kufstein.at\/wp-content\/uploads\/2025\/01\/475307337_1007792781376469_8601963315866207428_n.jpg class=\"bg-link\"><\/a><img decoding=\"async\" width=\"300\" height=\"225\" data-src=\"https:\/\/feuerwehr-kufstein.at\/wp-content\/uploads\/2025\/01\/475307337_1007792781376469_8601963315866207428_n-300x225.jpg\" class=\"attachment-medium size-medium no-lazy lazyload\" alt=\"\" data-sizes=\"(min-width: 1200px) 350px, (min-width: 992px) 290px, (min-width: 768px) 210px, (min-width: 576px) 150px, calc( 50vw - 30px )\" data-srcset=\"https:\/\/feuerwehr-kufstein.at\/wp-content\/uploads\/2025\/01\/475307337_1007792781376469_8601963315866207428_n-300x225.jpg 300w, https:\/\/feuerwehr-kufstein.at\/wp-content\/uploads\/2025\/01\/475307337_1007792781376469_8601963315866207428_n-1024x768.jpg 1024w, https:\/\/feuerwehr-kufstein.at\/wp-content\/uploads\/2025\/01\/475307337_1007792781376469_8601963315866207428_n-768x576.jpg 768w, https:\/\/feuerwehr-kufstein.at\/wp-content\/uploads\/2025\/01\/475307337_1007792781376469_8601963315866207428_n.jpg 1080w\" src=\"data:image\/svg+xml;base64,PHN2ZyB3aWR0aD0iMSIgaGVpZ2h0PSIxIiB4bWxucz0iaHR0cDovL3d3dy53My5vcmcvMjAwMC9zdmciPjwvc3ZnPg==\" style=\"--smush-placeholder-width: 300px; --smush-placeholder-aspect-ratio: 300\/225;\" \/>\r\n                        <\/div><\/figure><figure class='gallery-item col col-auto'>\r\n                        <div class='gallery-icon landscape czr-gallery-icon'>\r\n                              <a data-lb-type=\"grouped-gallery\" href=https:\/\/feuerwehr-kufstein.at\/wp-content\/uploads\/2025\/01\/475092065_1007792821376465_1468387034222160855_n.jpg class=\"bg-link\"><\/a><img decoding=\"async\" width=\"300\" height=\"225\" data-src=\"https:\/\/feuerwehr-kufstein.at\/wp-content\/uploads\/2025\/01\/475092065_1007792821376465_1468387034222160855_n-300x225.jpg\" class=\"attachment-medium size-medium no-lazy lazyload\" alt=\"\" data-sizes=\"(min-width: 1200px) 350px, (min-width: 992px) 290px, (min-width: 768px) 210px, (min-width: 576px) 150px, calc( 50vw - 30px )\" data-srcset=\"https:\/\/feuerwehr-kufstein.at\/wp-content\/uploads\/2025\/01\/475092065_1007792821376465_1468387034222160855_n-300x225.jpg 300w, https:\/\/feuerwehr-kufstein.at\/wp-content\/uploads\/2025\/01\/475092065_1007792821376465_1468387034222160855_n-1024x768.jpg 1024w, https:\/\/feuerwehr-kufstein.at\/wp-content\/uploads\/2025\/01\/475092065_1007792821376465_1468387034222160855_n-768x576.jpg 768w, https:\/\/feuerwehr-kufstein.at\/wp-content\/uploads\/2025\/01\/475092065_1007792821376465_1468387034222160855_n.jpg 1440w\" src=\"data:image\/svg+xml;base64,PHN2ZyB3aWR0aD0iMSIgaGVpZ2h0PSIxIiB4bWxucz0iaHR0cDovL3d3dy53My5vcmcvMjAwMC9zdmciPjwvc3ZnPg==\" style=\"--smush-placeholder-width: 300px; --smush-placeholder-aspect-ratio: 300\/225;\" \/>\r\n                        <\/div><\/figure><figure class='gallery-item col col-auto'>\r\n                        <div class='gallery-icon landscape czr-gallery-icon'>\r\n                              <a data-lb-type=\"grouped-gallery\" href=https:\/\/feuerwehr-kufstein.at\/wp-content\/uploads\/2025\/01\/475163469_1007792814709799_5508280292755591231_n.jpg class=\"bg-link\"><\/a><img decoding=\"async\" width=\"300\" height=\"225\" data-src=\"https:\/\/feuerwehr-kufstein.at\/wp-content\/uploads\/2025\/01\/475163469_1007792814709799_5508280292755591231_n-300x225.jpg\" class=\"attachment-medium size-medium no-lazy lazyload\" alt=\"\" data-sizes=\"(min-width: 1200px) 350px, (min-width: 992px) 290px, (min-width: 768px) 210px, (min-width: 576px) 150px, calc( 50vw - 30px )\" data-srcset=\"https:\/\/feuerwehr-kufstein.at\/wp-content\/uploads\/2025\/01\/475163469_1007792814709799_5508280292755591231_n-300x225.jpg 300w, https:\/\/feuerwehr-kufstein.at\/wp-content\/uploads\/2025\/01\/475163469_1007792814709799_5508280292755591231_n-1024x768.jpg 1024w, https:\/\/feuerwehr-kufstein.at\/wp-content\/uploads\/2025\/01\/475163469_1007792814709799_5508280292755591231_n-768x576.jpg 768w, https:\/\/feuerwehr-kufstein.at\/wp-content\/uploads\/2025\/01\/475163469_1007792814709799_5508280292755591231_n.jpg 1440w\" src=\"data:image\/svg+xml;base64,PHN2ZyB3aWR0aD0iMSIgaGVpZ2h0PSIxIiB4bWxucz0iaHR0cDovL3d3dy53My5vcmcvMjAwMC9zdmciPjwvc3ZnPg==\" style=\"--smush-placeholder-width: 300px; --smush-placeholder-aspect-ratio: 300\/225;\" \/>\r\n                        <\/div><\/figure><figure class='gallery-item col col-auto'>\r\n                        <div class='gallery-icon landscape czr-gallery-icon'>\r\n                              <a data-lb-type=\"grouped-gallery\" href=https:\/\/feuerwehr-kufstein.at\/wp-content\/uploads\/2025\/01\/475439900_1007792811376466_2963619812228094692_n.jpg class=\"bg-link\"><\/a><img decoding=\"async\" width=\"300\" height=\"225\" data-src=\"https:\/\/feuerwehr-kufstein.at\/wp-content\/uploads\/2025\/01\/475439900_1007792811376466_2963619812228094692_n-300x225.jpg\" class=\"attachment-medium size-medium no-lazy lazyload\" alt=\"\" data-sizes=\"(min-width: 1200px) 350px, (min-width: 992px) 290px, (min-width: 768px) 210px, (min-width: 576px) 150px, calc( 50vw - 30px )\" data-srcset=\"https:\/\/feuerwehr-kufstein.at\/wp-content\/uploads\/2025\/01\/475439900_1007792811376466_2963619812228094692_n-300x225.jpg 300w, https:\/\/feuerwehr-kufstein.at\/wp-content\/uploads\/2025\/01\/475439900_1007792811376466_2963619812228094692_n-1024x768.jpg 1024w, https:\/\/feuerwehr-kufstein.at\/wp-content\/uploads\/2025\/01\/475439900_1007792811376466_2963619812228094692_n-768x576.jpg 768w, https:\/\/feuerwehr-kufstein.at\/wp-content\/uploads\/2025\/01\/475439900_1007792811376466_2963619812228094692_n.jpg 1440w\" src=\"data:image\/svg+xml;base64,PHN2ZyB3aWR0aD0iMSIgaGVpZ2h0PSIxIiB4bWxucz0iaHR0cDovL3d3dy53My5vcmcvMjAwMC9zdmciPjwvc3ZnPg==\" style=\"--smush-placeholder-width: 300px; --smush-placeholder-aspect-ratio: 300\/225;\" \/>\r\n                        <\/div><\/figure>\r\n                  <\/div>\n<\/p>\n<\/div>\n<\/div>\n<div class=\"x11i5rnm xat24cr x1mh8g0r x1vvkbs xtlvy1s x126k92a\">\n<div dir=\"auto\"><span class=\"html-span xexx8yu x4uap5 x18d9i69 xkhd6sd x1hl2dhg x16tdsg8 x1vvkbs x3nfvp2 x1j61x8r x1fcty0u xdj266r xat24cr xgzva0m xhhsvwb xxymvpz xlup9mm x1kky2od\"><img decoding=\"async\" class=\"xz74otr lazyload\" data-src=\"https:\/\/static.xx.fbcdn.net\/images\/emoji.php\/v9\/t67\/1\/16\/1f692.png\" alt=\"\ud83d\ude92\" width=\"16\" height=\"16\" src=\"data:image\/svg+xml;base64,PHN2ZyB3aWR0aD0iMSIgaGVpZ2h0PSIxIiB4bWxucz0iaHR0cDovL3d3dy53My5vcmcvMjAwMC9zdmciPjwvc3ZnPg==\" style=\"--smush-placeholder-width: 16px; --smush-placeholder-aspect-ratio: 16\/16;\" \/><\/span> F\u00fcr eure Sicherheit \u2013 STADTFEUERWEHR Kufstein \u2013 seit 1866 <span class=\"html-span xexx8yu x4uap5 x18d9i69 xkhd6sd x1hl2dhg x16tdsg8 x1vvkbs x3nfvp2 x1j61x8r x1fcty0u xdj266r xat24cr xgzva0m xhhsvwb xxymvpz xlup9mm x1kky2od\"><img decoding=\"async\" class=\"xz74otr lazyload\" data-src=\"https:\/\/static.xx.fbcdn.net\/images\/emoji.php\/v9\/t67\/1\/16\/1f692.png\" alt=\"\ud83d\ude92\" width=\"16\" height=\"16\" src=\"data:image\/svg+xml;base64,PHN2ZyB3aWR0aD0iMSIgaGVpZ2h0PSIxIiB4bWxucz0iaHR0cDovL3d3dy53My5vcmcvMjAwMC9zdmciPjwvc3ZnPg==\" style=\"--smush-placeholder-width: 16px; --smush-placeholder-aspect-ratio: 16\/16;\" \/><\/span><\/div>\n<\/div>\n","protected":false},"excerpt":{"rendered":"<p>Am 26.01.2025 um 19:02 Uhr wurde die STADTFEUERWEHR Kufstein zu einem Fahrzeugbrand auf der A12 Inntalautobahn bei der Auffahrt Kirchbichl in Fahrtrichtung Innsbruck alarmiert. Beim Eintreffen der Einsatzkr\u00e4fte war das Fahrzeug bereits in Vollbrand. Unter schwerem Atemschutz konnten wir den Brand erfolgreich l\u00f6schen. Dabei kam Schaummittel zum Einsatz, um eine effektive Brandbek\u00e4mpfung sicherzustellen und eine [&hellip;]<\/p>\n","protected":false},"author":9,"featured_media":11213,"template":"","meta":{"einsatz_weight":1,"footnotes":""},"categories":[1],"tags":[],"einsatzart":[26],"fahrzeug":[23,31,42],"exteinsatzmittel":[],"alarmierungsart":[],"evw_unit":[],"class_list":{"0":"post-11207","1":"einsatz","2":"type-einsatz","3":"status-publish","4":"has-post-thumbnail","6":"category-einsaetze","7":"einsatzart-brandeinsatz","8":"fahrzeug-kommandofahrzeug","9":"fahrzeug-tankloeschfahrzeug","10":"fahrzeug-tankloeschfahrzeug-2","11":"czr-hentry"},"_links":{"self":[{"href":"https:\/\/feuerwehr-kufstein.at\/index.php?rest_route=\/wp\/v2\/einsatz\/11207","targetHints":{"allow":["GET"]}}],"collection":[{"href":"https:\/\/feuerwehr-kufstein.at\/index.php?rest_route=\/wp\/v2\/einsatz"}],"about":[{"href":"https:\/\/feuerwehr-kufstein.at\/index.php?rest_route=\/wp\/v2\/types\/einsatz"}],"author":[{"embeddable":true,"href":"https:\/\/feuerwehr-kufstein.at\/index.php?rest_route=\/wp\/v2\/users\/9"}],"version-history":[{"count":0,"href":"https:\/\/feuerwehr-kufstein.at\/index.php?rest_route=\/wp\/v2\/einsatz\/11207\/revisions"}],"wp:featuredmedia":[{"embeddable":true,"href":"https:\/\/feuerwehr-kufstein.at\/index.php?rest_route=\/wp\/v2\/media\/11213"}],"wp:attachment":[{"href":"https:\/\/feuerwehr-kufstein.at\/index.php?rest_route=%2Fwp%2Fv2%2Fmedia&parent=11207"}],"wp:term":[{"taxonomy":"category","embeddable":true,"href":"https:\/\/feuerwehr-kufstein.at\/index.php?rest_route=%2Fwp%2Fv2%2Fcategories&post=11207"},{"taxonomy":"post_tag","embeddable":true,"href":"https:\/\/feuerwehr-kufstein.at\/index.php?rest_route=%2Fwp%2Fv2%2Ftags&post=11207"},{"taxonomy":"einsatzart","embeddable":true,"href":"https:\/\/feuerwehr-kufstein.at\/index.php?rest_route=%2Fwp%2Fv2%2Feinsatzart&post=11207"},{"taxonomy":"fahrzeug","embeddable":true,"href":"https:\/\/feuerwehr-kufstein.at\/index.php?rest_route=%2Fwp%2Fv2%2Ffahrzeug&post=11207"},{"taxonomy":"exteinsatzmittel","embeddable":true,"href":"https:\/\/feuerwehr-kufstein.at\/index.php?rest_route=%2Fwp%2Fv2%2Fexteinsatzmittel&post=11207"},{"taxonomy":"alarmierungsart","embeddable":true,"href":"https:\/\/feuerwehr-kufstein.at\/index.php?rest_route=%2Fwp%2Fv2%2Falarmierungsart&post=11207"},{"taxonomy":"evw_unit","embeddable":true,"href":"https:\/\/feuerwehr-kufstein.at\/index.php?rest_route=%2Fwp%2Fv2%2Fevw_unit&post=11207"}],"curies":[{"name":"wp","href":"https:\/\/api.w.org\/{rel}","templated":true}]}}