{"id":11391,"date":"2025-04-07T11:45:00","date_gmt":"2025-04-07T10:45:00","guid":{"rendered":"https:\/\/feuerwehr-kufstein.at\/?post_type=einsatz&#038;p=11391"},"modified":"2025-04-08T05:40:09","modified_gmt":"2025-04-08T04:40:09","slug":"%f0%9f%9a%92%f0%9f%94%a5beginnender-dachstuhlbrand-durch-flaemmarbeiten%f0%9f%94%a5%f0%9f%9a%92","status":"publish","type":"einsatz","link":"https:\/\/feuerwehr-kufstein.at\/?einsatz=%f0%9f%9a%92%f0%9f%94%a5beginnender-dachstuhlbrand-durch-flaemmarbeiten%f0%9f%94%a5%f0%9f%9a%92","title":{"rendered":"\ud83d\ude92\ud83d\udd25Beginnender Dachstuhlbrand durch Fl\u00e4mmarbeiten\ud83d\udd25\ud83d\ude92"},"content":{"rendered":"<div class=\"xdj266r x11i5rnm xat24cr x1mh8g0r x1vvkbs x126k92a\">\n<div dir=\"auto\">\n<p>Am Montag, den 07. April 2025 wurde die STADTFEUERWEHR Kufstein um 11:45 Uhr zu einem beginnenden Dachstuhlbrand im Stadtgebiet alarmiert.<\/p>\n<p>Bei Fl\u00e4mmarbeiten kam es zur pl\u00f6tzlichen Brandentwicklung im Bereich des Daches \u2013 ein gef\u00e4hrlicher Moment, der schnell h\u00e4tte schlimmer ausgehen k\u00f6nnen.<\/p>\n<\/div>\n<\/div>\n<div class=\"x11i5rnm xat24cr x1mh8g0r x1vvkbs xtlvy1s x126k92a\">\n<div dir=\"auto\">\n<p>Die anwesenden Personen reagierten schnell und setzten einen Feuerl\u00f6scher ein, wodurch die Verbreitung des Brandes noch vor dem Eintreffen der Feuerwehr einged\u00e4mmt werden konnte.<\/p>\n<\/div>\n<\/div>\n<div class=\"x11i5rnm xat24cr x1mh8g0r x1vvkbs xtlvy1s x126k92a\">\n<div dir=\"auto\">\n<p>Unsere Feuerwehr \u00fcbernahm die Nachkontrolle, l\u00f6schte verbleibende Glutnester ab und stellte sicher, dass keine weitere Gefahr mehr bestand.<\/p>\n<\/div>\n<\/div>\n<div class=\"x11i5rnm xat24cr x1mh8g0r x1vvkbs xtlvy1s x126k92a\">\n<div dir=\"auto\"><span class=\"html-span xexx8yu x4uap5 x18d9i69 xkhd6sd x1hl2dhg x16tdsg8 x1vvkbs x3nfvp2 x1j61x8r x1fcty0u xdj266r xat24cr xgzva0m xhhsvwb xxymvpz xlup9mm x1kky2od\"><img decoding=\"async\" class=\"xz74otr x168nmei x13lgxp2 x5pf9jr xo71vjh lazyload\" data-src=\"https:\/\/static.xx.fbcdn.net\/images\/emoji.php\/v9\/t67\/1\/16\/1f692.png\" alt=\"\ud83d\ude92\" width=\"16\" height=\"16\" src=\"data:image\/svg+xml;base64,PHN2ZyB3aWR0aD0iMSIgaGVpZ2h0PSIxIiB4bWxucz0iaHR0cDovL3d3dy53My5vcmcvMjAwMC9zdmciPjwvc3ZnPg==\" style=\"--smush-placeholder-width: 16px; --smush-placeholder-aspect-ratio: 16\/16;\" \/><\/span> F\u00fcr eure Sicherheit \u2013 STADTFEUERWEHR Kufstein \u2013 seit 1866 <span class=\"html-span xexx8yu x4uap5 x18d9i69 xkhd6sd x1hl2dhg x16tdsg8 x1vvkbs x3nfvp2 x1j61x8r x1fcty0u xdj266r xat24cr xgzva0m xhhsvwb xxymvpz xlup9mm x1kky2od\"><span class=\"html-span xexx8yu x4uap5 x18d9i69 xkhd6sd x1hl2dhg x16tdsg8 x1vvkbs x3nfvp2 x1j61x8r x1fcty0u xdj266r xat24cr xgzva0m xhhsvwb xxymvpz xlup9mm x1kky2od\"><img decoding=\"async\" class=\"xz74otr x168nmei x13lgxp2 x5pf9jr xo71vjh lazyload\" data-src=\"https:\/\/static.xx.fbcdn.net\/images\/emoji.php\/v9\/t67\/1\/16\/1f692.png\" alt=\"\ud83d\ude92\" width=\"16\" height=\"16\" src=\"data:image\/svg+xml;base64,PHN2ZyB3aWR0aD0iMSIgaGVpZ2h0PSIxIiB4bWxucz0iaHR0cDovL3d3dy53My5vcmcvMjAwMC9zdmciPjwvc3ZnPg==\" style=\"--smush-placeholder-width: 16px; --smush-placeholder-aspect-ratio: 16\/16;\" \/><br \/>\n<\/span><\/span><div id='gallery-1' class='czr-gallery row flex-row czr-gallery-style gallery galleryid-11391 gallery-columns-3 gallery-size-large'><figure class='gallery-item col col-auto'>\r\n                        <div class='gallery-icon portrait czr-gallery-icon'>\r\n                              <a data-lb-type=\"grouped-gallery\" href=https:\/\/feuerwehr-kufstein.at\/wp-content\/uploads\/2025\/04\/unnamed-file.jpg class=\"bg-link\"><\/a><img decoding=\"async\" width=\"823\" height=\"1024\" data-src=\"https:\/\/feuerwehr-kufstein.at\/wp-content\/uploads\/2025\/04\/unnamed-file-823x1024.jpg\" class=\"attachment-large size-large no-lazy lazyload\" alt=\"\" data-sizes=\"(min-width: 1200px) 350px, (min-width: 992px) 290px, (min-width: 768px) 210px, (min-width: 576px) 150px, calc( 50vw - 30px )\" data-srcset=\"https:\/\/feuerwehr-kufstein.at\/wp-content\/uploads\/2025\/04\/unnamed-file-823x1024.jpg 823w, https:\/\/feuerwehr-kufstein.at\/wp-content\/uploads\/2025\/04\/unnamed-file-241x300.jpg 241w, https:\/\/feuerwehr-kufstein.at\/wp-content\/uploads\/2025\/04\/unnamed-file-768x955.jpg 768w, https:\/\/feuerwehr-kufstein.at\/wp-content\/uploads\/2025\/04\/unnamed-file.jpg 1080w\" src=\"data:image\/svg+xml;base64,PHN2ZyB3aWR0aD0iMSIgaGVpZ2h0PSIxIiB4bWxucz0iaHR0cDovL3d3dy53My5vcmcvMjAwMC9zdmciPjwvc3ZnPg==\" style=\"--smush-placeholder-width: 823px; --smush-placeholder-aspect-ratio: 823\/1024;\" \/>\r\n                        <\/div><\/figure><figure class='gallery-item col col-auto'>\r\n                        <div class='gallery-icon portrait czr-gallery-icon'>\r\n                              <a data-lb-type=\"grouped-gallery\" href=https:\/\/feuerwehr-kufstein.at\/wp-content\/uploads\/2025\/04\/488851815_1062502102572203_6172947278268712316_n.jpg class=\"bg-link\"><\/a><img decoding=\"async\" width=\"820\" height=\"1024\" data-src=\"https:\/\/feuerwehr-kufstein.at\/wp-content\/uploads\/2025\/04\/488851815_1062502102572203_6172947278268712316_n-820x1024.jpg\" class=\"attachment-large size-large no-lazy lazyload\" alt=\"\" data-sizes=\"(min-width: 1200px) 350px, (min-width: 992px) 290px, (min-width: 768px) 210px, (min-width: 576px) 150px, calc( 50vw - 30px )\" data-srcset=\"https:\/\/feuerwehr-kufstein.at\/wp-content\/uploads\/2025\/04\/488851815_1062502102572203_6172947278268712316_n-820x1024.jpg 820w, https:\/\/feuerwehr-kufstein.at\/wp-content\/uploads\/2025\/04\/488851815_1062502102572203_6172947278268712316_n-240x300.jpg 240w, https:\/\/feuerwehr-kufstein.at\/wp-content\/uploads\/2025\/04\/488851815_1062502102572203_6172947278268712316_n-768x959.jpg 768w, https:\/\/feuerwehr-kufstein.at\/wp-content\/uploads\/2025\/04\/488851815_1062502102572203_6172947278268712316_n.jpg 865w\" src=\"data:image\/svg+xml;base64,PHN2ZyB3aWR0aD0iMSIgaGVpZ2h0PSIxIiB4bWxucz0iaHR0cDovL3d3dy53My5vcmcvMjAwMC9zdmciPjwvc3ZnPg==\" style=\"--smush-placeholder-width: 820px; --smush-placeholder-aspect-ratio: 820\/1024;\" \/>\r\n                        <\/div><\/figure><figure class='gallery-item col col-auto'>\r\n                        <div class='gallery-icon portrait czr-gallery-icon'>\r\n                              <a data-lb-type=\"grouped-gallery\" href=https:\/\/feuerwehr-kufstein.at\/wp-content\/uploads\/2025\/04\/488938725_1062502125905534_8010319314192283102_n.jpg class=\"bg-link\"><\/a><img decoding=\"async\" width=\"819\" height=\"1024\" data-src=\"https:\/\/feuerwehr-kufstein.at\/wp-content\/uploads\/2025\/04\/488938725_1062502125905534_8010319314192283102_n-819x1024.jpg\" class=\"attachment-large size-large no-lazy lazyload\" alt=\"\" data-sizes=\"(min-width: 1200px) 350px, (min-width: 992px) 290px, (min-width: 768px) 210px, (min-width: 576px) 150px, calc( 50vw - 30px )\" data-srcset=\"https:\/\/feuerwehr-kufstein.at\/wp-content\/uploads\/2025\/04\/488938725_1062502125905534_8010319314192283102_n-819x1024.jpg 819w, https:\/\/feuerwehr-kufstein.at\/wp-content\/uploads\/2025\/04\/488938725_1062502125905534_8010319314192283102_n-240x300.jpg 240w, https:\/\/feuerwehr-kufstein.at\/wp-content\/uploads\/2025\/04\/488938725_1062502125905534_8010319314192283102_n-768x961.jpg 768w, https:\/\/feuerwehr-kufstein.at\/wp-content\/uploads\/2025\/04\/488938725_1062502125905534_8010319314192283102_n.jpg 1080w\" src=\"data:image\/svg+xml;base64,PHN2ZyB3aWR0aD0iMSIgaGVpZ2h0PSIxIiB4bWxucz0iaHR0cDovL3d3dy53My5vcmcvMjAwMC9zdmciPjwvc3ZnPg==\" style=\"--smush-placeholder-width: 819px; --smush-placeholder-aspect-ratio: 819\/1024;\" \/>\r\n                        <\/div><\/figure><figure class='gallery-item col col-auto'>\r\n                        <div class='gallery-icon portrait czr-gallery-icon'>\r\n                              <a data-lb-type=\"grouped-gallery\" href=https:\/\/feuerwehr-kufstein.at\/wp-content\/uploads\/2025\/04\/488967264_1062502092572204_7933262962544726632_n.jpg class=\"bg-link\"><\/a><img decoding=\"async\" width=\"820\" height=\"1024\" data-src=\"https:\/\/feuerwehr-kufstein.at\/wp-content\/uploads\/2025\/04\/488967264_1062502092572204_7933262962544726632_n-820x1024.jpg\" class=\"attachment-large size-large no-lazy lazyload\" alt=\"\" data-sizes=\"(min-width: 1200px) 350px, (min-width: 992px) 290px, (min-width: 768px) 210px, (min-width: 576px) 150px, calc( 50vw - 30px )\" data-srcset=\"https:\/\/feuerwehr-kufstein.at\/wp-content\/uploads\/2025\/04\/488967264_1062502092572204_7933262962544726632_n-820x1024.jpg 820w, https:\/\/feuerwehr-kufstein.at\/wp-content\/uploads\/2025\/04\/488967264_1062502092572204_7933262962544726632_n-240x300.jpg 240w, https:\/\/feuerwehr-kufstein.at\/wp-content\/uploads\/2025\/04\/488967264_1062502092572204_7933262962544726632_n-768x959.jpg 768w, https:\/\/feuerwehr-kufstein.at\/wp-content\/uploads\/2025\/04\/488967264_1062502092572204_7933262962544726632_n.jpg 865w\" src=\"data:image\/svg+xml;base64,PHN2ZyB3aWR0aD0iMSIgaGVpZ2h0PSIxIiB4bWxucz0iaHR0cDovL3d3dy53My5vcmcvMjAwMC9zdmciPjwvc3ZnPg==\" style=\"--smush-placeholder-width: 820px; --smush-placeholder-aspect-ratio: 820\/1024;\" \/>\r\n                        <\/div><\/figure><figure class='gallery-item col col-auto'>\r\n                        <div class='gallery-icon portrait czr-gallery-icon'>\r\n                              <a data-lb-type=\"grouped-gallery\" href=https:\/\/feuerwehr-kufstein.at\/wp-content\/uploads\/2025\/04\/489081183_1062502089238871_5097942517317802930_n.jpg class=\"bg-link\"><\/a><img decoding=\"async\" width=\"820\" height=\"1024\" data-src=\"https:\/\/feuerwehr-kufstein.at\/wp-content\/uploads\/2025\/04\/489081183_1062502089238871_5097942517317802930_n-820x1024.jpg\" class=\"attachment-large size-large no-lazy lazyload\" alt=\"\" data-sizes=\"(min-width: 1200px) 350px, (min-width: 992px) 290px, (min-width: 768px) 210px, (min-width: 576px) 150px, calc( 50vw - 30px )\" data-srcset=\"https:\/\/feuerwehr-kufstein.at\/wp-content\/uploads\/2025\/04\/489081183_1062502089238871_5097942517317802930_n-820x1024.jpg 820w, https:\/\/feuerwehr-kufstein.at\/wp-content\/uploads\/2025\/04\/489081183_1062502089238871_5097942517317802930_n-240x300.jpg 240w, https:\/\/feuerwehr-kufstein.at\/wp-content\/uploads\/2025\/04\/489081183_1062502089238871_5097942517317802930_n-768x959.jpg 768w, https:\/\/feuerwehr-kufstein.at\/wp-content\/uploads\/2025\/04\/489081183_1062502089238871_5097942517317802930_n.jpg 865w\" src=\"data:image\/svg+xml;base64,PHN2ZyB3aWR0aD0iMSIgaGVpZ2h0PSIxIiB4bWxucz0iaHR0cDovL3d3dy53My5vcmcvMjAwMC9zdmciPjwvc3ZnPg==\" style=\"--smush-placeholder-width: 820px; --smush-placeholder-aspect-ratio: 820\/1024;\" \/>\r\n                        <\/div><\/figure><figure class='gallery-item col col-auto'>\r\n                        <div class='gallery-icon portrait czr-gallery-icon'>\r\n                              <a data-lb-type=\"grouped-gallery\" href=https:\/\/feuerwehr-kufstein.at\/wp-content\/uploads\/2025\/04\/489622938_1062502105905536_9201194519433739425_n.jpg class=\"bg-link\"><\/a><img decoding=\"async\" width=\"819\" height=\"1024\" data-src=\"https:\/\/feuerwehr-kufstein.at\/wp-content\/uploads\/2025\/04\/489622938_1062502105905536_9201194519433739425_n-819x1024.jpg\" class=\"attachment-large size-large no-lazy lazyload\" alt=\"\" data-sizes=\"(min-width: 1200px) 350px, (min-width: 992px) 290px, (min-width: 768px) 210px, (min-width: 576px) 150px, calc( 50vw - 30px )\" data-srcset=\"https:\/\/feuerwehr-kufstein.at\/wp-content\/uploads\/2025\/04\/489622938_1062502105905536_9201194519433739425_n-819x1024.jpg 819w, https:\/\/feuerwehr-kufstein.at\/wp-content\/uploads\/2025\/04\/489622938_1062502105905536_9201194519433739425_n-240x300.jpg 240w, https:\/\/feuerwehr-kufstein.at\/wp-content\/uploads\/2025\/04\/489622938_1062502105905536_9201194519433739425_n-768x960.jpg 768w, https:\/\/feuerwehr-kufstein.at\/wp-content\/uploads\/2025\/04\/489622938_1062502105905536_9201194519433739425_n.jpg 985w\" src=\"data:image\/svg+xml;base64,PHN2ZyB3aWR0aD0iMSIgaGVpZ2h0PSIxIiB4bWxucz0iaHR0cDovL3d3dy53My5vcmcvMjAwMC9zdmciPjwvc3ZnPg==\" style=\"--smush-placeholder-width: 819px; --smush-placeholder-aspect-ratio: 819\/1024;\" \/>\r\n                        <\/div><\/figure>\r\n                  <\/div>\n<\/p>\n<\/div>\n<\/div>\n","protected":false},"excerpt":{"rendered":"<p>Am Montag, den 07. April 2025 wurde die STADTFEUERWEHR Kufstein um 11:45 Uhr zu einem beginnenden Dachstuhlbrand im Stadtgebiet alarmiert. Bei Fl\u00e4mmarbeiten kam es zur pl\u00f6tzlichen Brandentwicklung im Bereich des Daches \u2013 ein gef\u00e4hrlicher Moment, der schnell h\u00e4tte schlimmer ausgehen k\u00f6nnen. Die anwesenden Personen reagierten schnell und setzten einen Feuerl\u00f6scher ein, wodurch die Verbreitung des [&hellip;]<\/p>\n","protected":false},"author":9,"featured_media":11394,"template":"","meta":{"einsatz_weight":1,"footnotes":""},"categories":[1],"tags":[77],"einsatzart":[26],"fahrzeug":[32,23,54,31,42],"exteinsatzmittel":[51,82],"alarmierungsart":[24],"evw_unit":[],"class_list":{"0":"post-11391","1":"einsatz","2":"type-einsatz","3":"status-publish","4":"has-post-thumbnail","6":"category-einsaetze","7":"tag-brand","8":"einsatzart-brandeinsatz","9":"fahrzeug-drehleiter","10":"fahrzeug-kommandofahrzeug","11":"fahrzeug-last2","12":"fahrzeug-tankloeschfahrzeug","13":"fahrzeug-tankloeschfahrzeug-2","14":"exteinsatzmittel-bundespolizei","15":"exteinsatzmittel-rettungsdienst","16":"alarmierungsart-sammelruf","17":"czr-hentry"},"_links":{"self":[{"href":"https:\/\/feuerwehr-kufstein.at\/index.php?rest_route=\/wp\/v2\/einsatz\/11391","targetHints":{"allow":["GET"]}}],"collection":[{"href":"https:\/\/feuerwehr-kufstein.at\/index.php?rest_route=\/wp\/v2\/einsatz"}],"about":[{"href":"https:\/\/feuerwehr-kufstein.at\/index.php?rest_route=\/wp\/v2\/types\/einsatz"}],"author":[{"embeddable":true,"href":"https:\/\/feuerwehr-kufstein.at\/index.php?rest_route=\/wp\/v2\/users\/9"}],"version-history":[{"count":0,"href":"https:\/\/feuerwehr-kufstein.at\/index.php?rest_route=\/wp\/v2\/einsatz\/11391\/revisions"}],"wp:featuredmedia":[{"embeddable":true,"href":"https:\/\/feuerwehr-kufstein.at\/index.php?rest_route=\/wp\/v2\/media\/11394"}],"wp:attachment":[{"href":"https:\/\/feuerwehr-kufstein.at\/index.php?rest_route=%2Fwp%2Fv2%2Fmedia&parent=11391"}],"wp:term":[{"taxonomy":"category","embeddable":true,"href":"https:\/\/feuerwehr-kufstein.at\/index.php?rest_route=%2Fwp%2Fv2%2Fcategories&post=11391"},{"taxonomy":"post_tag","embeddable":true,"href":"https:\/\/feuerwehr-kufstein.at\/index.php?rest_route=%2Fwp%2Fv2%2Ftags&post=11391"},{"taxonomy":"einsatzart","embeddable":true,"href":"https:\/\/feuerwehr-kufstein.at\/index.php?rest_route=%2Fwp%2Fv2%2Feinsatzart&post=11391"},{"taxonomy":"fahrzeug","embeddable":true,"href":"https:\/\/feuerwehr-kufstein.at\/index.php?rest_route=%2Fwp%2Fv2%2Ffahrzeug&post=11391"},{"taxonomy":"exteinsatzmittel","embeddable":true,"href":"https:\/\/feuerwehr-kufstein.at\/index.php?rest_route=%2Fwp%2Fv2%2Fexteinsatzmittel&post=11391"},{"taxonomy":"alarmierungsart","embeddable":true,"href":"https:\/\/feuerwehr-kufstein.at\/index.php?rest_route=%2Fwp%2Fv2%2Falarmierungsart&post=11391"},{"taxonomy":"evw_unit","embeddable":true,"href":"https:\/\/feuerwehr-kufstein.at\/index.php?rest_route=%2Fwp%2Fv2%2Fevw_unit&post=11391"}],"curies":[{"name":"wp","href":"https:\/\/api.w.org\/{rel}","templated":true}]}}