{"id":5498,"date":"2020-04-05T05:19:00","date_gmt":"2020-04-05T04:19:00","guid":{"rendered":"http:\/\/www.feuerwehr-kufstein.at\/?post_type=einsatz&#038;p=5498"},"modified":"2020-04-05T09:51:39","modified_gmt":"2020-04-05T08:51:39","slug":"tragischer-wohnungsbrand-in-kufstein-zell","status":"publish","type":"einsatz","link":"https:\/\/feuerwehr-kufstein.at\/?einsatz=tragischer-wohnungsbrand-in-kufstein-zell","title":{"rendered":"Wohnungsbrand in Kufstein \/ Zell"},"content":{"rendered":"<p><span style=\"color: #000000;\">Am Palmsonntag, den 05. April 2020, wurde die <strong>STADTFEUERWEHR Kufstein<\/strong> um 05:19 Uhr von der Leitstelle Tirol mittels stiller Alarmierung zu einem Wohnungsbrand in den Stadtteil Zell alarmiert.<\/span><\/p>\n<p><span style=\"color: #000000;\"><strong> Einsatzstichwort war dabei: Brand Mehrfamilienhaus \u2013 Person eingeschlossen <\/strong><\/span><\/p>\n<p><span style=\"color: #000000;\">Auf Anfahrt wurde die Einsatzleitung von der Leitstelle Tirol informiert, dass der Rettungsdienst vor Ort ist. In der Wohnung wurde offensichtlich der Hausnotruf ausgel\u00f6st. Beim Eintreffen des Roten Kreuzes Kufstein wurde dann Brandgeruch und dichter schwarzer Rauch aus einem Fenster festgestellt.<\/span><\/p>\n<p><span style=\"color: #000000;\">Beim Eintreffen des Kommandofahrzeuges wurde von Seiten des \u00d6RK nochmals in die Lage eingewiesen. <strong>Sofort wurde Tank 1 Kufstein angewiesen, noch auf Anfahrt schweren Atemschutz anzulegen und unmittelbar nach Eintreffen an der Einsatzstelle zur Personenrettung vorzugehen.<\/strong><\/span><\/p>\n<p><span style=\"color: #000000;\">Dies wurde auch sofort umgesetzt. Parallel dazu wurde von den nachfolgend eintreffenden Kr\u00e4ften ein C-Angriff in die Wohnung vorbereitet. Ein weiterer Atemschutztrupp des Tank 2 unterst\u00fctzte die Personensuche und begann mit den L\u00f6scharbeiten. Weiters wurde ein Rauchvorhang an der Wohnungst\u00fcre gesetzt. Umfangreiche Bel\u00fcftungsma\u00dfnahmen starteten um die Wohnung und das Stiegenhaus rauchfrei zu bekommen. Au\u00dfen- und Innenbeleuchtung wurde in Stellung gebracht. SLFA Kufstein stellte die Wasserversorgung sicher und baute einen Au\u00dfenangriff auf der R\u00fcckseite des Geb\u00e4udes auf.<\/span><\/p>\n<p><span style=\"color: #000000;\"><strong> Ca. 5 Minuten nach Eintreffen und Beginn der Rettungsaktion konnte eine Person in der verrauchten Wohnung lokalisiert werden<\/strong>. Diese wurde mittels Bergetuch sofort ins Freie gebracht und dem wartenden Notarztteam \u00fcbergeben. An Ort und Stelle begannen die Wiederbelebungsma\u00dfnahmen durch Reanimation. Diese dauerten ca. 15 Minuten an. Dann wurde die Person \u2013 unter st\u00e4ndiger Reanimation \u2013 ins Bezirkskrankenhaus Kufstein eingeliefert, wo sie leider kurze Zeit sp\u00e4ter ihren Verletzungen erlag.<\/span><\/p>\n<p><span style=\"color: #000000;\">In der Wohnung selbst waren die L\u00f6scharbeiten rasch abgeschlossen. Wohnung und Geb\u00e4ude wurde ausreichend bel\u00fcftet und kontrolliert. Nachbarwohnungen wurden nicht in Mitleidenschaft gezogen. Nach ca. 1,5 Stunden konnten die Kr\u00e4fte wieder einr\u00fccken.<\/span><\/p>\n<p><span style=\"color: #000000;\">Der gesamte Einsatz musste von den beteiligten Kr\u00e4ften unter Einhaltung der Schutzma\u00dfnahmen gem\u00e4\u00df COVID-19 Verordnung durchgef\u00fchrt werden.<\/span><\/p>\n<p><span style=\"color: #000000;\"><strong> Im Einsatz standen:<\/strong><\/span><\/p>\n<p><span style=\"color: #000000;\">25 Mann der STADTFEUERWEHR Kufstein mit 6 Fahrzeugen, \u00d6sterreichisches Rotes Kreuz mit Notarzt, Polizeiinspektion Kufstein, Stadtpolizei Kufstein<\/span><\/p>\n<div id='gallery-1' class='czr-gallery row flex-row czr-gallery-style gallery galleryid-5498 gallery-columns-6 gallery-size-thumbnail'><figure class='gallery-item col col-auto'>\r\n                        <div class='gallery-icon portrait czr-gallery-icon'>\r\n                              <a data-lb-type=\"grouped-gallery\" href=https:\/\/feuerwehr-kufstein.at\/wp-content\/uploads\/2020\/04\/IMG-20200405-WA0018.jpg class=\"bg-link\"><\/a><img decoding=\"async\" width=\"150\" height=\"150\" data-src=\"https:\/\/feuerwehr-kufstein.at\/wp-content\/uploads\/2020\/04\/IMG-20200405-WA0018-150x150.jpg\" class=\"attachment-thumbnail size-thumbnail no-lazy lazyload\" alt=\"\" data-sizes=\"(min-width: 1200px) 160px, (min-width: 992px) 130px, (min-width: 768px) 90px, (min-width: 576px) 105px, calc( 50vw - 30px )\" data-srcset=\"https:\/\/feuerwehr-kufstein.at\/wp-content\/uploads\/2020\/04\/IMG-20200405-WA0018-150x150.jpg 150w, https:\/\/feuerwehr-kufstein.at\/wp-content\/uploads\/2020\/04\/IMG-20200405-WA0018-510x510.jpg 510w\" src=\"data:image\/svg+xml;base64,PHN2ZyB3aWR0aD0iMSIgaGVpZ2h0PSIxIiB4bWxucz0iaHR0cDovL3d3dy53My5vcmcvMjAwMC9zdmciPjwvc3ZnPg==\" style=\"--smush-placeholder-width: 150px; --smush-placeholder-aspect-ratio: 150\/150;\" \/>\r\n                        <\/div><\/figure><figure class='gallery-item col col-auto'>\r\n                        <div class='gallery-icon portrait czr-gallery-icon'>\r\n                              <a data-lb-type=\"grouped-gallery\" href=https:\/\/feuerwehr-kufstein.at\/wp-content\/uploads\/2020\/04\/IMG-20200405-WA0001.jpg class=\"bg-link\"><\/a><img decoding=\"async\" width=\"150\" height=\"150\" data-src=\"https:\/\/feuerwehr-kufstein.at\/wp-content\/uploads\/2020\/04\/IMG-20200405-WA0001-150x150.jpg\" class=\"attachment-thumbnail size-thumbnail no-lazy lazyload\" alt=\"\" data-sizes=\"(min-width: 1200px) 160px, (min-width: 992px) 130px, (min-width: 768px) 90px, (min-width: 576px) 105px, calc( 50vw - 30px )\" data-srcset=\"https:\/\/feuerwehr-kufstein.at\/wp-content\/uploads\/2020\/04\/IMG-20200405-WA0001-150x150.jpg 150w, https:\/\/feuerwehr-kufstein.at\/wp-content\/uploads\/2020\/04\/IMG-20200405-WA0001-510x510.jpg 510w\" src=\"data:image\/svg+xml;base64,PHN2ZyB3aWR0aD0iMSIgaGVpZ2h0PSIxIiB4bWxucz0iaHR0cDovL3d3dy53My5vcmcvMjAwMC9zdmciPjwvc3ZnPg==\" style=\"--smush-placeholder-width: 150px; --smush-placeholder-aspect-ratio: 150\/150;\" \/>\r\n                        <\/div><\/figure><figure class='gallery-item col col-auto'>\r\n                        <div class='gallery-icon portrait czr-gallery-icon'>\r\n                              <a data-lb-type=\"grouped-gallery\" href=https:\/\/feuerwehr-kufstein.at\/wp-content\/uploads\/2020\/04\/IMG-20200405-WA0002.jpg class=\"bg-link\"><\/a><img decoding=\"async\" width=\"150\" height=\"150\" data-src=\"https:\/\/feuerwehr-kufstein.at\/wp-content\/uploads\/2020\/04\/IMG-20200405-WA0002-150x150.jpg\" class=\"attachment-thumbnail size-thumbnail no-lazy lazyload\" alt=\"\" data-sizes=\"(min-width: 1200px) 160px, (min-width: 992px) 130px, (min-width: 768px) 90px, (min-width: 576px) 105px, calc( 50vw - 30px )\" data-srcset=\"https:\/\/feuerwehr-kufstein.at\/wp-content\/uploads\/2020\/04\/IMG-20200405-WA0002-150x150.jpg 150w, https:\/\/feuerwehr-kufstein.at\/wp-content\/uploads\/2020\/04\/IMG-20200405-WA0002-510x510.jpg 510w\" src=\"data:image\/svg+xml;base64,PHN2ZyB3aWR0aD0iMSIgaGVpZ2h0PSIxIiB4bWxucz0iaHR0cDovL3d3dy53My5vcmcvMjAwMC9zdmciPjwvc3ZnPg==\" style=\"--smush-placeholder-width: 150px; --smush-placeholder-aspect-ratio: 150\/150;\" \/>\r\n                        <\/div><\/figure><figure class='gallery-item col col-auto'>\r\n                        <div class='gallery-icon portrait czr-gallery-icon'>\r\n                              <a data-lb-type=\"grouped-gallery\" href=https:\/\/feuerwehr-kufstein.at\/wp-content\/uploads\/2020\/04\/IMG-20200405-WA0007.jpg class=\"bg-link\"><\/a><img decoding=\"async\" width=\"150\" height=\"150\" data-src=\"https:\/\/feuerwehr-kufstein.at\/wp-content\/uploads\/2020\/04\/IMG-20200405-WA0007-150x150.jpg\" class=\"attachment-thumbnail size-thumbnail no-lazy lazyload\" alt=\"\" data-sizes=\"(min-width: 1200px) 160px, (min-width: 992px) 130px, (min-width: 768px) 90px, (min-width: 576px) 105px, calc( 50vw - 30px )\" data-srcset=\"https:\/\/feuerwehr-kufstein.at\/wp-content\/uploads\/2020\/04\/IMG-20200405-WA0007-150x150.jpg 150w, https:\/\/feuerwehr-kufstein.at\/wp-content\/uploads\/2020\/04\/IMG-20200405-WA0007-510x510.jpg 510w\" src=\"data:image\/svg+xml;base64,PHN2ZyB3aWR0aD0iMSIgaGVpZ2h0PSIxIiB4bWxucz0iaHR0cDovL3d3dy53My5vcmcvMjAwMC9zdmciPjwvc3ZnPg==\" style=\"--smush-placeholder-width: 150px; --smush-placeholder-aspect-ratio: 150\/150;\" \/>\r\n                        <\/div><\/figure><figure class='gallery-item col col-auto'>\r\n                        <div class='gallery-icon portrait czr-gallery-icon'>\r\n                              <a data-lb-type=\"grouped-gallery\" href=https:\/\/feuerwehr-kufstein.at\/wp-content\/uploads\/2020\/04\/IMG-20200405-WA0016.jpg class=\"bg-link\"><\/a><img decoding=\"async\" width=\"150\" height=\"150\" data-src=\"https:\/\/feuerwehr-kufstein.at\/wp-content\/uploads\/2020\/04\/IMG-20200405-WA0016-150x150.jpg\" class=\"attachment-thumbnail size-thumbnail no-lazy lazyload\" alt=\"\" data-sizes=\"(min-width: 1200px) 160px, (min-width: 992px) 130px, (min-width: 768px) 90px, (min-width: 576px) 105px, calc( 50vw - 30px )\" data-srcset=\"https:\/\/feuerwehr-kufstein.at\/wp-content\/uploads\/2020\/04\/IMG-20200405-WA0016-150x150.jpg 150w, https:\/\/feuerwehr-kufstein.at\/wp-content\/uploads\/2020\/04\/IMG-20200405-WA0016-510x510.jpg 510w\" src=\"data:image\/svg+xml;base64,PHN2ZyB3aWR0aD0iMSIgaGVpZ2h0PSIxIiB4bWxucz0iaHR0cDovL3d3dy53My5vcmcvMjAwMC9zdmciPjwvc3ZnPg==\" style=\"--smush-placeholder-width: 150px; --smush-placeholder-aspect-ratio: 150\/150;\" \/>\r\n                        <\/div><\/figure><figure class='gallery-item col col-auto'>\r\n                        <div class='gallery-icon portrait czr-gallery-icon'>\r\n                              <a data-lb-type=\"grouped-gallery\" href=https:\/\/feuerwehr-kufstein.at\/wp-content\/uploads\/2020\/04\/IMG-20200405-WA0014.jpg class=\"bg-link\"><\/a><img decoding=\"async\" width=\"150\" height=\"150\" data-src=\"https:\/\/feuerwehr-kufstein.at\/wp-content\/uploads\/2020\/04\/IMG-20200405-WA0014-150x150.jpg\" class=\"attachment-thumbnail size-thumbnail no-lazy lazyload\" alt=\"\" data-sizes=\"(min-width: 1200px) 160px, (min-width: 992px) 130px, (min-width: 768px) 90px, (min-width: 576px) 105px, calc( 50vw - 30px )\" data-srcset=\"https:\/\/feuerwehr-kufstein.at\/wp-content\/uploads\/2020\/04\/IMG-20200405-WA0014-150x150.jpg 150w, https:\/\/feuerwehr-kufstein.at\/wp-content\/uploads\/2020\/04\/IMG-20200405-WA0014-510x510.jpg 510w\" src=\"data:image\/svg+xml;base64,PHN2ZyB3aWR0aD0iMSIgaGVpZ2h0PSIxIiB4bWxucz0iaHR0cDovL3d3dy53My5vcmcvMjAwMC9zdmciPjwvc3ZnPg==\" style=\"--smush-placeholder-width: 150px; --smush-placeholder-aspect-ratio: 150\/150;\" \/>\r\n                        <\/div><\/figure><figure class='gallery-item col col-auto'>\r\n                        <div class='gallery-icon portrait czr-gallery-icon'>\r\n                              <a data-lb-type=\"grouped-gallery\" href=https:\/\/feuerwehr-kufstein.at\/wp-content\/uploads\/2020\/04\/IMG-20200405-WA0013.jpg class=\"bg-link\"><\/a><img decoding=\"async\" width=\"150\" height=\"150\" data-src=\"https:\/\/feuerwehr-kufstein.at\/wp-content\/uploads\/2020\/04\/IMG-20200405-WA0013-150x150.jpg\" class=\"attachment-thumbnail size-thumbnail no-lazy lazyload\" alt=\"\" data-sizes=\"(min-width: 1200px) 160px, (min-width: 992px) 130px, (min-width: 768px) 90px, (min-width: 576px) 105px, calc( 50vw - 30px )\" data-srcset=\"https:\/\/feuerwehr-kufstein.at\/wp-content\/uploads\/2020\/04\/IMG-20200405-WA0013-150x150.jpg 150w, https:\/\/feuerwehr-kufstein.at\/wp-content\/uploads\/2020\/04\/IMG-20200405-WA0013-510x510.jpg 510w\" src=\"data:image\/svg+xml;base64,PHN2ZyB3aWR0aD0iMSIgaGVpZ2h0PSIxIiB4bWxucz0iaHR0cDovL3d3dy53My5vcmcvMjAwMC9zdmciPjwvc3ZnPg==\" style=\"--smush-placeholder-width: 150px; --smush-placeholder-aspect-ratio: 150\/150;\" \/>\r\n                        <\/div><\/figure><figure class='gallery-item col col-auto'>\r\n                        <div class='gallery-icon portrait czr-gallery-icon'>\r\n                              <a data-lb-type=\"grouped-gallery\" href=https:\/\/feuerwehr-kufstein.at\/wp-content\/uploads\/2020\/04\/IMG-20200405-WA0012.jpg class=\"bg-link\"><\/a><img decoding=\"async\" width=\"150\" height=\"150\" data-src=\"https:\/\/feuerwehr-kufstein.at\/wp-content\/uploads\/2020\/04\/IMG-20200405-WA0012-150x150.jpg\" class=\"attachment-thumbnail size-thumbnail no-lazy lazyload\" alt=\"\" data-sizes=\"(min-width: 1200px) 160px, (min-width: 992px) 130px, (min-width: 768px) 90px, (min-width: 576px) 105px, calc( 50vw - 30px )\" data-srcset=\"https:\/\/feuerwehr-kufstein.at\/wp-content\/uploads\/2020\/04\/IMG-20200405-WA0012-150x150.jpg 150w, https:\/\/feuerwehr-kufstein.at\/wp-content\/uploads\/2020\/04\/IMG-20200405-WA0012-510x510.jpg 510w\" src=\"data:image\/svg+xml;base64,PHN2ZyB3aWR0aD0iMSIgaGVpZ2h0PSIxIiB4bWxucz0iaHR0cDovL3d3dy53My5vcmcvMjAwMC9zdmciPjwvc3ZnPg==\" style=\"--smush-placeholder-width: 150px; --smush-placeholder-aspect-ratio: 150\/150;\" \/>\r\n                        <\/div><\/figure><figure class='gallery-item col col-auto'>\r\n                        <div class='gallery-icon portrait czr-gallery-icon'>\r\n                              <a data-lb-type=\"grouped-gallery\" href=https:\/\/feuerwehr-kufstein.at\/wp-content\/uploads\/2020\/04\/IMG-20200405-WA0003.jpg class=\"bg-link\"><\/a><img decoding=\"async\" width=\"150\" height=\"150\" data-src=\"https:\/\/feuerwehr-kufstein.at\/wp-content\/uploads\/2020\/04\/IMG-20200405-WA0003-150x150.jpg\" class=\"attachment-thumbnail size-thumbnail no-lazy lazyload\" alt=\"\" data-sizes=\"(min-width: 1200px) 160px, (min-width: 992px) 130px, (min-width: 768px) 90px, (min-width: 576px) 105px, calc( 50vw - 30px )\" data-srcset=\"https:\/\/feuerwehr-kufstein.at\/wp-content\/uploads\/2020\/04\/IMG-20200405-WA0003-150x150.jpg 150w, https:\/\/feuerwehr-kufstein.at\/wp-content\/uploads\/2020\/04\/IMG-20200405-WA0003-510x510.jpg 510w\" src=\"data:image\/svg+xml;base64,PHN2ZyB3aWR0aD0iMSIgaGVpZ2h0PSIxIiB4bWxucz0iaHR0cDovL3d3dy53My5vcmcvMjAwMC9zdmciPjwvc3ZnPg==\" style=\"--smush-placeholder-width: 150px; --smush-placeholder-aspect-ratio: 150\/150;\" \/>\r\n                        <\/div><\/figure><figure class='gallery-item col col-auto'>\r\n                        <div class='gallery-icon portrait czr-gallery-icon'>\r\n                              <a data-lb-type=\"grouped-gallery\" href=https:\/\/feuerwehr-kufstein.at\/wp-content\/uploads\/2020\/04\/IMG-20200405-WA0006.jpg class=\"bg-link\"><\/a><img decoding=\"async\" width=\"150\" height=\"150\" data-src=\"https:\/\/feuerwehr-kufstein.at\/wp-content\/uploads\/2020\/04\/IMG-20200405-WA0006-150x150.jpg\" class=\"attachment-thumbnail size-thumbnail no-lazy lazyload\" alt=\"\" data-sizes=\"(min-width: 1200px) 160px, (min-width: 992px) 130px, (min-width: 768px) 90px, (min-width: 576px) 105px, calc( 50vw - 30px )\" data-srcset=\"https:\/\/feuerwehr-kufstein.at\/wp-content\/uploads\/2020\/04\/IMG-20200405-WA0006-150x150.jpg 150w, https:\/\/feuerwehr-kufstein.at\/wp-content\/uploads\/2020\/04\/IMG-20200405-WA0006-510x510.jpg 510w\" src=\"data:image\/svg+xml;base64,PHN2ZyB3aWR0aD0iMSIgaGVpZ2h0PSIxIiB4bWxucz0iaHR0cDovL3d3dy53My5vcmcvMjAwMC9zdmciPjwvc3ZnPg==\" style=\"--smush-placeholder-width: 150px; --smush-placeholder-aspect-ratio: 150\/150;\" \/>\r\n                        <\/div><\/figure><figure class='gallery-item col col-auto'>\r\n                        <div class='gallery-icon portrait czr-gallery-icon'>\r\n                              <a data-lb-type=\"grouped-gallery\" href=https:\/\/feuerwehr-kufstein.at\/wp-content\/uploads\/2020\/04\/IMG-20200405-WA0005.jpg class=\"bg-link\"><\/a><img decoding=\"async\" width=\"150\" height=\"150\" data-src=\"https:\/\/feuerwehr-kufstein.at\/wp-content\/uploads\/2020\/04\/IMG-20200405-WA0005-150x150.jpg\" class=\"attachment-thumbnail size-thumbnail no-lazy lazyload\" alt=\"\" data-sizes=\"(min-width: 1200px) 160px, (min-width: 992px) 130px, (min-width: 768px) 90px, (min-width: 576px) 105px, calc( 50vw - 30px )\" data-srcset=\"https:\/\/feuerwehr-kufstein.at\/wp-content\/uploads\/2020\/04\/IMG-20200405-WA0005-150x150.jpg 150w, https:\/\/feuerwehr-kufstein.at\/wp-content\/uploads\/2020\/04\/IMG-20200405-WA0005-510x510.jpg 510w\" src=\"data:image\/svg+xml;base64,PHN2ZyB3aWR0aD0iMSIgaGVpZ2h0PSIxIiB4bWxucz0iaHR0cDovL3d3dy53My5vcmcvMjAwMC9zdmciPjwvc3ZnPg==\" style=\"--smush-placeholder-width: 150px; --smush-placeholder-aspect-ratio: 150\/150;\" \/>\r\n                        <\/div><\/figure><figure class='gallery-item col col-auto'>\r\n                        <div class='gallery-icon portrait czr-gallery-icon'>\r\n                              <a data-lb-type=\"grouped-gallery\" href=https:\/\/feuerwehr-kufstein.at\/wp-content\/uploads\/2020\/04\/IMG-20200405-WA0004.jpg class=\"bg-link\"><\/a><img decoding=\"async\" width=\"150\" height=\"150\" data-src=\"https:\/\/feuerwehr-kufstein.at\/wp-content\/uploads\/2020\/04\/IMG-20200405-WA0004-150x150.jpg\" class=\"attachment-thumbnail size-thumbnail no-lazy lazyload\" alt=\"\" data-sizes=\"(min-width: 1200px) 160px, (min-width: 992px) 130px, (min-width: 768px) 90px, (min-width: 576px) 105px, calc( 50vw - 30px )\" data-srcset=\"https:\/\/feuerwehr-kufstein.at\/wp-content\/uploads\/2020\/04\/IMG-20200405-WA0004-150x150.jpg 150w, https:\/\/feuerwehr-kufstein.at\/wp-content\/uploads\/2020\/04\/IMG-20200405-WA0004-510x510.jpg 510w\" src=\"data:image\/svg+xml;base64,PHN2ZyB3aWR0aD0iMSIgaGVpZ2h0PSIxIiB4bWxucz0iaHR0cDovL3d3dy53My5vcmcvMjAwMC9zdmciPjwvc3ZnPg==\" style=\"--smush-placeholder-width: 150px; --smush-placeholder-aspect-ratio: 150\/150;\" \/>\r\n                        <\/div><\/figure><figure class='gallery-item col col-auto'>\r\n                        <div class='gallery-icon portrait czr-gallery-icon'>\r\n                              <a data-lb-type=\"grouped-gallery\" href=https:\/\/feuerwehr-kufstein.at\/wp-content\/uploads\/2020\/04\/IMG-20200405-WA0009.jpg class=\"bg-link\"><\/a><img decoding=\"async\" width=\"150\" height=\"150\" data-src=\"https:\/\/feuerwehr-kufstein.at\/wp-content\/uploads\/2020\/04\/IMG-20200405-WA0009-150x150.jpg\" class=\"attachment-thumbnail size-thumbnail no-lazy lazyload\" alt=\"\" data-sizes=\"(min-width: 1200px) 160px, (min-width: 992px) 130px, (min-width: 768px) 90px, (min-width: 576px) 105px, calc( 50vw - 30px )\" data-srcset=\"https:\/\/feuerwehr-kufstein.at\/wp-content\/uploads\/2020\/04\/IMG-20200405-WA0009-150x150.jpg 150w, https:\/\/feuerwehr-kufstein.at\/wp-content\/uploads\/2020\/04\/IMG-20200405-WA0009-510x510.jpg 510w\" src=\"data:image\/svg+xml;base64,PHN2ZyB3aWR0aD0iMSIgaGVpZ2h0PSIxIiB4bWxucz0iaHR0cDovL3d3dy53My5vcmcvMjAwMC9zdmciPjwvc3ZnPg==\" style=\"--smush-placeholder-width: 150px; --smush-placeholder-aspect-ratio: 150\/150;\" \/>\r\n                        <\/div><\/figure>\r\n                  <\/div>\n\n<p><span style=\"color: #000000;\">Bildnachweis: STADTFEUERWEHR Kufstein<\/span><\/p>\n<p>&nbsp;<\/p>\n","protected":false},"excerpt":{"rendered":"<p>Am Palmsonntag, den 05. April 2020, wurde die STADTFEUERWEHR Kufstein um 05:19 Uhr von der Leitstelle Tirol mittels stiller Alarmierung zu einem Wohnungsbrand in den Stadtteil Zell alarmiert. Einsatzstichwort war dabei: Brand Mehrfamilienhaus \u2013 Person eingeschlossen Auf Anfahrt wurde die Einsatzleitung von der Leitstelle Tirol informiert, dass der Rettungsdienst vor Ort ist. In der Wohnung [&hellip;]<\/p>\n","protected":false},"author":4,"featured_media":5518,"template":"","meta":{"einsatz_weight":1,"footnotes":""},"categories":[1],"tags":[],"einsatzart":[26],"fahrzeug":[32,23,54,43,31,42],"exteinsatzmittel":[],"alarmierungsart":[69],"evw_unit":[],"class_list":{"0":"post-5498","1":"einsatz","2":"type-einsatz","3":"status-publish","4":"has-post-thumbnail","6":"category-einsaetze","7":"einsatzart-brandeinsatz","8":"fahrzeug-drehleiter","9":"fahrzeug-kommandofahrzeug","10":"fahrzeug-last2","11":"fahrzeug-schweres-loeschfahrzeug","12":"fahrzeug-tankloeschfahrzeug","13":"fahrzeug-tankloeschfahrzeug-2","14":"alarmierungsart-pager","15":"czr-hentry"},"_links":{"self":[{"href":"https:\/\/feuerwehr-kufstein.at\/index.php?rest_route=\/wp\/v2\/einsatz\/5498","targetHints":{"allow":["GET"]}}],"collection":[{"href":"https:\/\/feuerwehr-kufstein.at\/index.php?rest_route=\/wp\/v2\/einsatz"}],"about":[{"href":"https:\/\/feuerwehr-kufstein.at\/index.php?rest_route=\/wp\/v2\/types\/einsatz"}],"author":[{"embeddable":true,"href":"https:\/\/feuerwehr-kufstein.at\/index.php?rest_route=\/wp\/v2\/users\/4"}],"version-history":[{"count":0,"href":"https:\/\/feuerwehr-kufstein.at\/index.php?rest_route=\/wp\/v2\/einsatz\/5498\/revisions"}],"wp:featuredmedia":[{"embeddable":true,"href":"https:\/\/feuerwehr-kufstein.at\/index.php?rest_route=\/wp\/v2\/media\/5518"}],"wp:attachment":[{"href":"https:\/\/feuerwehr-kufstein.at\/index.php?rest_route=%2Fwp%2Fv2%2Fmedia&parent=5498"}],"wp:term":[{"taxonomy":"category","embeddable":true,"href":"https:\/\/feuerwehr-kufstein.at\/index.php?rest_route=%2Fwp%2Fv2%2Fcategories&post=5498"},{"taxonomy":"post_tag","embeddable":true,"href":"https:\/\/feuerwehr-kufstein.at\/index.php?rest_route=%2Fwp%2Fv2%2Ftags&post=5498"},{"taxonomy":"einsatzart","embeddable":true,"href":"https:\/\/feuerwehr-kufstein.at\/index.php?rest_route=%2Fwp%2Fv2%2Feinsatzart&post=5498"},{"taxonomy":"fahrzeug","embeddable":true,"href":"https:\/\/feuerwehr-kufstein.at\/index.php?rest_route=%2Fwp%2Fv2%2Ffahrzeug&post=5498"},{"taxonomy":"exteinsatzmittel","embeddable":true,"href":"https:\/\/feuerwehr-kufstein.at\/index.php?rest_route=%2Fwp%2Fv2%2Fexteinsatzmittel&post=5498"},{"taxonomy":"alarmierungsart","embeddable":true,"href":"https:\/\/feuerwehr-kufstein.at\/index.php?rest_route=%2Fwp%2Fv2%2Falarmierungsart&post=5498"},{"taxonomy":"evw_unit","embeddable":true,"href":"https:\/\/feuerwehr-kufstein.at\/index.php?rest_route=%2Fwp%2Fv2%2Fevw_unit&post=5498"}],"curies":[{"name":"wp","href":"https:\/\/api.w.org\/{rel}","templated":true}]}}