{"id":5524,"date":"2020-04-24T18:46:00","date_gmt":"2020-04-24T17:46:00","guid":{"rendered":"http:\/\/www.feuerwehr-kufstein.at\/?post_type=einsatz&#038;p=5524"},"modified":"2020-04-25T07:33:09","modified_gmt":"2020-04-25T06:33:09","slug":"boeschungsbrand-hechtsee","status":"publish","type":"einsatz","link":"https:\/\/feuerwehr-kufstein.at\/?einsatz=boeschungsbrand-hechtsee","title":{"rendered":"B\u00f6schungsbrand Hechtsee"},"content":{"rendered":"<p>Am Freitag, <strong>den 24. April 2020,<\/strong> wurde die STADTFEUERWEHR Kufstein um 18:47 Uhr von der Leitstelle Tirol mittels stiller Alarmierung zu einem B\u00f6schungsbrand gerufen.<\/p>\n<p><strong>Einsatzstichwort war dabei: Brand Wiese \u2013 Hechtsee Kufstein <\/strong><\/p>\n<p>Diese Art der Alarmierung kam 3 Stunden nach unserem online-Aufruf, \u00fcber das ausgesprochene Verbot der Bezirkshauptmannschaft Kufstein, betreffend offenes Feuer und rauchen im Waldgebiet.<\/p>\n<p>Auf Anfahrt wurde das Kommandofahrzeug Kufstein von der Leitstelle Tirol in Kenntnis gesetzt, dass die offenen Flammen bereits von Passanten erstickt werden konnten &#8211; eine Nachschau jedoch unbedingt notwendig ist.<\/p>\n<p><strong>Bei Erkundung durch den Einsatzleiter wurde festgestellt, dass das Feuer zwar oberfl\u00e4chlich gel\u00f6scht wurde, es jedoch als Erdfeuer noch weiter vorhanden war. Der gesamte Einsatz wurde sodann in 3 Abschnitte aufgeteilt.<\/strong><\/p>\n<p><strong> Material und Personalsammelstelle am Parkplatz Hechtsee, L\u00f6schwasserentnahme aus dem See und der direkte L\u00f6schbereich.<\/strong><\/p>\n<p>Mittels eines kleinem, gel\u00e4ndeg\u00e4ngigem Fahrzeuges wurde sofort eine K\u00fcbelspritze und ein L\u00f6schrucksack zur Einsatzstelle transportiert und mit Nachl\u00f6scharbeiten begonnen. <strong>In weiterer Folge wurde eine Otter-Pumpe, Schlauchmaterial, sowie Schaufeln und Feuerpatschen zur Brandstelle gebracht. Ein L\u00f6schangriff mit mehreren B- und C-L\u00e4ngen wurde aufgebaut. Die dazu ben\u00f6tigte Mannschaft musste zu Fu\u00df zur Einsatzstelle vordringen. <\/strong><\/p>\n<p>Bei den Nachl\u00f6scharbeiten wurden Glutnester beseitigt. Der umliegende Waldboden wurde wegen der anhaltenden Trockenheit mehrere Minuten lang bew\u00e4ssert, um so eine Durchfeuchtung des Bodens zu erreichen, damit ein Wiederaufflammen verhindert werden kann.<\/p>\n<p>Der Einsatz wurde nach ca. eineinhalb Stunden beendet.<\/p>\n<p><strong> Im Einsatz standen:<\/strong><\/p>\n<p>23 Mann der STADTFEUERWEHR Kufstein mit 6 Fahrzeugen<\/p>\n<p>Polizeiinspektion Kufstein<\/p>\n<p>&nbsp;<\/p>\n<div id='gallery-1' class='czr-gallery row flex-row czr-gallery-style gallery galleryid-5524 gallery-columns-8 gallery-size-thumbnail'><figure class='gallery-item col col-auto'>\r\n                        <div class='gallery-icon portrait czr-gallery-icon'>\r\n                              <a data-lb-type=\"grouped-gallery\" href=https:\/\/feuerwehr-kufstein.at\/wp-content\/uploads\/2020\/04\/IMG-20200424-WA0025.jpg class=\"bg-link\"><\/a><img decoding=\"async\" width=\"150\" height=\"150\" data-src=\"https:\/\/feuerwehr-kufstein.at\/wp-content\/uploads\/2020\/04\/IMG-20200424-WA0025-150x150.jpg\" class=\"attachment-thumbnail size-thumbnail no-lazy lazyload\" alt=\"\" data-sizes=\"(min-width: 1200px) 112.5px, (min-width: 992px) 90px, (min-width: 768px) 60px, (min-width: 576px) 105px, calc( 50vw - 30px )\" data-srcset=\"https:\/\/feuerwehr-kufstein.at\/wp-content\/uploads\/2020\/04\/IMG-20200424-WA0025-150x150.jpg 150w, https:\/\/feuerwehr-kufstein.at\/wp-content\/uploads\/2020\/04\/IMG-20200424-WA0025-510x510.jpg 510w\" src=\"data:image\/svg+xml;base64,PHN2ZyB3aWR0aD0iMSIgaGVpZ2h0PSIxIiB4bWxucz0iaHR0cDovL3d3dy53My5vcmcvMjAwMC9zdmciPjwvc3ZnPg==\" style=\"--smush-placeholder-width: 150px; --smush-placeholder-aspect-ratio: 150\/150;\" \/>\r\n                        <\/div><\/figure><figure class='gallery-item col col-auto'>\r\n                        <div class='gallery-icon landscape czr-gallery-icon'>\r\n                              <a data-lb-type=\"grouped-gallery\" href=https:\/\/feuerwehr-kufstein.at\/wp-content\/uploads\/2020\/04\/IMG-20200424-WA0026.jpg class=\"bg-link\"><\/a><img decoding=\"async\" width=\"150\" height=\"150\" data-src=\"https:\/\/feuerwehr-kufstein.at\/wp-content\/uploads\/2020\/04\/IMG-20200424-WA0026-150x150.jpg\" class=\"attachment-thumbnail size-thumbnail no-lazy lazyload\" alt=\"\" data-sizes=\"(min-width: 1200px) 112.5px, (min-width: 992px) 90px, (min-width: 768px) 60px, (min-width: 576px) 105px, calc( 50vw - 30px )\" data-srcset=\"https:\/\/feuerwehr-kufstein.at\/wp-content\/uploads\/2020\/04\/IMG-20200424-WA0026-150x150.jpg 150w, https:\/\/feuerwehr-kufstein.at\/wp-content\/uploads\/2020\/04\/IMG-20200424-WA0026-510x510.jpg 510w\" src=\"data:image\/svg+xml;base64,PHN2ZyB3aWR0aD0iMSIgaGVpZ2h0PSIxIiB4bWxucz0iaHR0cDovL3d3dy53My5vcmcvMjAwMC9zdmciPjwvc3ZnPg==\" style=\"--smush-placeholder-width: 150px; --smush-placeholder-aspect-ratio: 150\/150;\" \/>\r\n                        <\/div><\/figure><figure class='gallery-item col col-auto'>\r\n                        <div class='gallery-icon landscape czr-gallery-icon'>\r\n                              <a data-lb-type=\"grouped-gallery\" href=https:\/\/feuerwehr-kufstein.at\/wp-content\/uploads\/2020\/04\/IMG-20200424-WA0024.jpg class=\"bg-link\"><\/a><img decoding=\"async\" width=\"150\" height=\"150\" data-src=\"https:\/\/feuerwehr-kufstein.at\/wp-content\/uploads\/2020\/04\/IMG-20200424-WA0024-150x150.jpg\" class=\"attachment-thumbnail size-thumbnail no-lazy lazyload\" alt=\"\" data-sizes=\"(min-width: 1200px) 112.5px, (min-width: 992px) 90px, (min-width: 768px) 60px, (min-width: 576px) 105px, calc( 50vw - 30px )\" data-srcset=\"https:\/\/feuerwehr-kufstein.at\/wp-content\/uploads\/2020\/04\/IMG-20200424-WA0024-150x150.jpg 150w, https:\/\/feuerwehr-kufstein.at\/wp-content\/uploads\/2020\/04\/IMG-20200424-WA0024-510x510.jpg 510w\" src=\"data:image\/svg+xml;base64,PHN2ZyB3aWR0aD0iMSIgaGVpZ2h0PSIxIiB4bWxucz0iaHR0cDovL3d3dy53My5vcmcvMjAwMC9zdmciPjwvc3ZnPg==\" style=\"--smush-placeholder-width: 150px; --smush-placeholder-aspect-ratio: 150\/150;\" \/>\r\n                        <\/div><\/figure><figure class='gallery-item col col-auto'>\r\n                        <div class='gallery-icon portrait czr-gallery-icon'>\r\n                              <a data-lb-type=\"grouped-gallery\" href=https:\/\/feuerwehr-kufstein.at\/wp-content\/uploads\/2020\/04\/IMG_20200424_194333-scaled.jpg class=\"bg-link\"><\/a><img decoding=\"async\" width=\"150\" height=\"150\" data-src=\"https:\/\/feuerwehr-kufstein.at\/wp-content\/uploads\/2020\/04\/IMG_20200424_194333-150x150.jpg\" class=\"attachment-thumbnail size-thumbnail no-lazy lazyload\" alt=\"\" data-sizes=\"(min-width: 1200px) 112.5px, (min-width: 992px) 90px, (min-width: 768px) 60px, (min-width: 576px) 105px, calc( 50vw - 30px )\" data-srcset=\"https:\/\/feuerwehr-kufstein.at\/wp-content\/uploads\/2020\/04\/IMG_20200424_194333-150x150.jpg 150w, https:\/\/feuerwehr-kufstein.at\/wp-content\/uploads\/2020\/04\/IMG_20200424_194333-510x510.jpg 510w\" src=\"data:image\/svg+xml;base64,PHN2ZyB3aWR0aD0iMSIgaGVpZ2h0PSIxIiB4bWxucz0iaHR0cDovL3d3dy53My5vcmcvMjAwMC9zdmciPjwvc3ZnPg==\" style=\"--smush-placeholder-width: 150px; --smush-placeholder-aspect-ratio: 150\/150;\" \/>\r\n                        <\/div><\/figure><figure class='gallery-item col col-auto'>\r\n                        <div class='gallery-icon portrait czr-gallery-icon'>\r\n                              <a data-lb-type=\"grouped-gallery\" href=https:\/\/feuerwehr-kufstein.at\/wp-content\/uploads\/2020\/04\/IMG_20200424_194949-scaled.jpg class=\"bg-link\"><\/a><img decoding=\"async\" width=\"150\" height=\"150\" data-src=\"https:\/\/feuerwehr-kufstein.at\/wp-content\/uploads\/2020\/04\/IMG_20200424_194949-150x150.jpg\" class=\"attachment-thumbnail size-thumbnail no-lazy lazyload\" alt=\"\" data-sizes=\"(min-width: 1200px) 112.5px, (min-width: 992px) 90px, (min-width: 768px) 60px, (min-width: 576px) 105px, calc( 50vw - 30px )\" data-srcset=\"https:\/\/feuerwehr-kufstein.at\/wp-content\/uploads\/2020\/04\/IMG_20200424_194949-150x150.jpg 150w, https:\/\/feuerwehr-kufstein.at\/wp-content\/uploads\/2020\/04\/IMG_20200424_194949-510x510.jpg 510w\" src=\"data:image\/svg+xml;base64,PHN2ZyB3aWR0aD0iMSIgaGVpZ2h0PSIxIiB4bWxucz0iaHR0cDovL3d3dy53My5vcmcvMjAwMC9zdmciPjwvc3ZnPg==\" style=\"--smush-placeholder-width: 150px; --smush-placeholder-aspect-ratio: 150\/150;\" \/>\r\n                        <\/div><\/figure><figure class='gallery-item col col-auto'>\r\n                        <div class='gallery-icon portrait czr-gallery-icon'>\r\n                              <a data-lb-type=\"grouped-gallery\" href=https:\/\/feuerwehr-kufstein.at\/wp-content\/uploads\/2020\/04\/IMG_20200424_193554-scaled.jpg class=\"bg-link\"><\/a><img decoding=\"async\" width=\"150\" height=\"150\" data-src=\"https:\/\/feuerwehr-kufstein.at\/wp-content\/uploads\/2020\/04\/IMG_20200424_193554-150x150.jpg\" class=\"attachment-thumbnail size-thumbnail no-lazy lazyload\" alt=\"\" data-sizes=\"(min-width: 1200px) 112.5px, (min-width: 992px) 90px, (min-width: 768px) 60px, (min-width: 576px) 105px, calc( 50vw - 30px )\" data-srcset=\"https:\/\/feuerwehr-kufstein.at\/wp-content\/uploads\/2020\/04\/IMG_20200424_193554-150x150.jpg 150w, https:\/\/feuerwehr-kufstein.at\/wp-content\/uploads\/2020\/04\/IMG_20200424_193554-510x510.jpg 510w\" src=\"data:image\/svg+xml;base64,PHN2ZyB3aWR0aD0iMSIgaGVpZ2h0PSIxIiB4bWxucz0iaHR0cDovL3d3dy53My5vcmcvMjAwMC9zdmciPjwvc3ZnPg==\" style=\"--smush-placeholder-width: 150px; --smush-placeholder-aspect-ratio: 150\/150;\" \/>\r\n                        <\/div><\/figure><figure class='gallery-item col col-auto'>\r\n                        <div class='gallery-icon landscape czr-gallery-icon'>\r\n                              <a data-lb-type=\"grouped-gallery\" href=https:\/\/feuerwehr-kufstein.at\/wp-content\/uploads\/2020\/04\/IMG-20200424-WA0015.jpg class=\"bg-link\"><\/a><img decoding=\"async\" width=\"150\" height=\"150\" data-src=\"https:\/\/feuerwehr-kufstein.at\/wp-content\/uploads\/2020\/04\/IMG-20200424-WA0015-150x150.jpg\" class=\"attachment-thumbnail size-thumbnail no-lazy lazyload\" alt=\"\" data-sizes=\"(min-width: 1200px) 112.5px, (min-width: 992px) 90px, (min-width: 768px) 60px, (min-width: 576px) 105px, calc( 50vw - 30px )\" data-srcset=\"https:\/\/feuerwehr-kufstein.at\/wp-content\/uploads\/2020\/04\/IMG-20200424-WA0015-150x150.jpg 150w, https:\/\/feuerwehr-kufstein.at\/wp-content\/uploads\/2020\/04\/IMG-20200424-WA0015-510x510.jpg 510w\" src=\"data:image\/svg+xml;base64,PHN2ZyB3aWR0aD0iMSIgaGVpZ2h0PSIxIiB4bWxucz0iaHR0cDovL3d3dy53My5vcmcvMjAwMC9zdmciPjwvc3ZnPg==\" style=\"--smush-placeholder-width: 150px; --smush-placeholder-aspect-ratio: 150\/150;\" \/>\r\n                        <\/div><\/figure><figure class='gallery-item col col-auto'>\r\n                        <div class='gallery-icon landscape czr-gallery-icon'>\r\n                              <a data-lb-type=\"grouped-gallery\" href=https:\/\/feuerwehr-kufstein.at\/wp-content\/uploads\/2020\/04\/IMG-20200424-WA0018.jpg class=\"bg-link\"><\/a><img decoding=\"async\" width=\"150\" height=\"150\" data-src=\"https:\/\/feuerwehr-kufstein.at\/wp-content\/uploads\/2020\/04\/IMG-20200424-WA0018-150x150.jpg\" class=\"attachment-thumbnail size-thumbnail no-lazy lazyload\" alt=\"\" data-sizes=\"(min-width: 1200px) 112.5px, (min-width: 992px) 90px, (min-width: 768px) 60px, (min-width: 576px) 105px, calc( 50vw - 30px )\" data-srcset=\"https:\/\/feuerwehr-kufstein.at\/wp-content\/uploads\/2020\/04\/IMG-20200424-WA0018-150x150.jpg 150w, https:\/\/feuerwehr-kufstein.at\/wp-content\/uploads\/2020\/04\/IMG-20200424-WA0018-510x510.jpg 510w\" src=\"data:image\/svg+xml;base64,PHN2ZyB3aWR0aD0iMSIgaGVpZ2h0PSIxIiB4bWxucz0iaHR0cDovL3d3dy53My5vcmcvMjAwMC9zdmciPjwvc3ZnPg==\" style=\"--smush-placeholder-width: 150px; --smush-placeholder-aspect-ratio: 150\/150;\" \/>\r\n                        <\/div><\/figure><figure class='gallery-item col col-auto'>\r\n                        <div class='gallery-icon portrait czr-gallery-icon'>\r\n                              <a data-lb-type=\"grouped-gallery\" href=https:\/\/feuerwehr-kufstein.at\/wp-content\/uploads\/2020\/04\/IMG_20200424_193421-scaled.jpg class=\"bg-link\"><\/a><img decoding=\"async\" width=\"150\" height=\"150\" data-src=\"https:\/\/feuerwehr-kufstein.at\/wp-content\/uploads\/2020\/04\/IMG_20200424_193421-150x150.jpg\" class=\"attachment-thumbnail size-thumbnail no-lazy lazyload\" alt=\"\" data-sizes=\"(min-width: 1200px) 112.5px, (min-width: 992px) 90px, (min-width: 768px) 60px, (min-width: 576px) 105px, calc( 50vw - 30px )\" data-srcset=\"https:\/\/feuerwehr-kufstein.at\/wp-content\/uploads\/2020\/04\/IMG_20200424_193421-150x150.jpg 150w, https:\/\/feuerwehr-kufstein.at\/wp-content\/uploads\/2020\/04\/IMG_20200424_193421-510x510.jpg 510w\" src=\"data:image\/svg+xml;base64,PHN2ZyB3aWR0aD0iMSIgaGVpZ2h0PSIxIiB4bWxucz0iaHR0cDovL3d3dy53My5vcmcvMjAwMC9zdmciPjwvc3ZnPg==\" style=\"--smush-placeholder-width: 150px; --smush-placeholder-aspect-ratio: 150\/150;\" \/>\r\n                        <\/div><\/figure><figure class='gallery-item col col-auto'>\r\n                        <div class='gallery-icon portrait czr-gallery-icon'>\r\n                              <a data-lb-type=\"grouped-gallery\" href=https:\/\/feuerwehr-kufstein.at\/wp-content\/uploads\/2020\/04\/IMG_20200424_193313-scaled.jpg class=\"bg-link\"><\/a><img decoding=\"async\" width=\"150\" height=\"150\" data-src=\"https:\/\/feuerwehr-kufstein.at\/wp-content\/uploads\/2020\/04\/IMG_20200424_193313-150x150.jpg\" class=\"attachment-thumbnail size-thumbnail no-lazy lazyload\" alt=\"\" data-sizes=\"(min-width: 1200px) 112.5px, (min-width: 992px) 90px, (min-width: 768px) 60px, (min-width: 576px) 105px, calc( 50vw - 30px )\" data-srcset=\"https:\/\/feuerwehr-kufstein.at\/wp-content\/uploads\/2020\/04\/IMG_20200424_193313-150x150.jpg 150w, https:\/\/feuerwehr-kufstein.at\/wp-content\/uploads\/2020\/04\/IMG_20200424_193313-510x510.jpg 510w\" src=\"data:image\/svg+xml;base64,PHN2ZyB3aWR0aD0iMSIgaGVpZ2h0PSIxIiB4bWxucz0iaHR0cDovL3d3dy53My5vcmcvMjAwMC9zdmciPjwvc3ZnPg==\" style=\"--smush-placeholder-width: 150px; --smush-placeholder-aspect-ratio: 150\/150;\" \/>\r\n                        <\/div><\/figure><figure class='gallery-item col col-auto'>\r\n                        <div class='gallery-icon portrait czr-gallery-icon'>\r\n                              <a data-lb-type=\"grouped-gallery\" href=https:\/\/feuerwehr-kufstein.at\/wp-content\/uploads\/2020\/04\/IMG_20200424_193247-scaled.jpg class=\"bg-link\"><\/a><img decoding=\"async\" width=\"150\" height=\"150\" data-src=\"https:\/\/feuerwehr-kufstein.at\/wp-content\/uploads\/2020\/04\/IMG_20200424_193247-150x150.jpg\" class=\"attachment-thumbnail size-thumbnail no-lazy lazyload\" alt=\"\" data-sizes=\"(min-width: 1200px) 112.5px, (min-width: 992px) 90px, (min-width: 768px) 60px, (min-width: 576px) 105px, calc( 50vw - 30px )\" data-srcset=\"https:\/\/feuerwehr-kufstein.at\/wp-content\/uploads\/2020\/04\/IMG_20200424_193247-150x150.jpg 150w, https:\/\/feuerwehr-kufstein.at\/wp-content\/uploads\/2020\/04\/IMG_20200424_193247-510x510.jpg 510w\" src=\"data:image\/svg+xml;base64,PHN2ZyB3aWR0aD0iMSIgaGVpZ2h0PSIxIiB4bWxucz0iaHR0cDovL3d3dy53My5vcmcvMjAwMC9zdmciPjwvc3ZnPg==\" style=\"--smush-placeholder-width: 150px; --smush-placeholder-aspect-ratio: 150\/150;\" \/>\r\n                        <\/div><\/figure><figure class='gallery-item col col-auto'>\r\n                        <div class='gallery-icon landscape czr-gallery-icon'>\r\n                              <a data-lb-type=\"grouped-gallery\" href=https:\/\/feuerwehr-kufstein.at\/wp-content\/uploads\/2020\/04\/IMG_20200424_193429-scaled.jpg class=\"bg-link\"><\/a><img decoding=\"async\" width=\"150\" height=\"150\" data-src=\"https:\/\/feuerwehr-kufstein.at\/wp-content\/uploads\/2020\/04\/IMG_20200424_193429-150x150.jpg\" class=\"attachment-thumbnail size-thumbnail no-lazy lazyload\" alt=\"\" data-sizes=\"(min-width: 1200px) 112.5px, (min-width: 992px) 90px, (min-width: 768px) 60px, (min-width: 576px) 105px, calc( 50vw - 30px )\" data-srcset=\"https:\/\/feuerwehr-kufstein.at\/wp-content\/uploads\/2020\/04\/IMG_20200424_193429-150x150.jpg 150w, https:\/\/feuerwehr-kufstein.at\/wp-content\/uploads\/2020\/04\/IMG_20200424_193429-510x510.jpg 510w\" src=\"data:image\/svg+xml;base64,PHN2ZyB3aWR0aD0iMSIgaGVpZ2h0PSIxIiB4bWxucz0iaHR0cDovL3d3dy53My5vcmcvMjAwMC9zdmciPjwvc3ZnPg==\" style=\"--smush-placeholder-width: 150px; --smush-placeholder-aspect-ratio: 150\/150;\" \/>\r\n                        <\/div><\/figure><figure class='gallery-item col col-auto'>\r\n                        <div class='gallery-icon landscape czr-gallery-icon'>\r\n                              <a data-lb-type=\"grouped-gallery\" href=https:\/\/feuerwehr-kufstein.at\/wp-content\/uploads\/2020\/04\/IMG-20200424-WA0016.jpg class=\"bg-link\"><\/a><img decoding=\"async\" width=\"150\" height=\"150\" data-src=\"https:\/\/feuerwehr-kufstein.at\/wp-content\/uploads\/2020\/04\/IMG-20200424-WA0016-150x150.jpg\" class=\"attachment-thumbnail size-thumbnail no-lazy lazyload\" alt=\"\" data-sizes=\"(min-width: 1200px) 112.5px, (min-width: 992px) 90px, (min-width: 768px) 60px, (min-width: 576px) 105px, calc( 50vw - 30px )\" data-srcset=\"https:\/\/feuerwehr-kufstein.at\/wp-content\/uploads\/2020\/04\/IMG-20200424-WA0016-150x150.jpg 150w, https:\/\/feuerwehr-kufstein.at\/wp-content\/uploads\/2020\/04\/IMG-20200424-WA0016-510x510.jpg 510w\" src=\"data:image\/svg+xml;base64,PHN2ZyB3aWR0aD0iMSIgaGVpZ2h0PSIxIiB4bWxucz0iaHR0cDovL3d3dy53My5vcmcvMjAwMC9zdmciPjwvc3ZnPg==\" style=\"--smush-placeholder-width: 150px; --smush-placeholder-aspect-ratio: 150\/150;\" \/>\r\n                        <\/div><\/figure><figure class='gallery-item col col-auto'>\r\n                        <div class='gallery-icon portrait czr-gallery-icon'>\r\n                              <a data-lb-type=\"grouped-gallery\" href=https:\/\/feuerwehr-kufstein.at\/wp-content\/uploads\/2020\/04\/IMG_20200424_192718-scaled.jpg class=\"bg-link\"><\/a><img decoding=\"async\" width=\"150\" height=\"150\" data-src=\"https:\/\/feuerwehr-kufstein.at\/wp-content\/uploads\/2020\/04\/IMG_20200424_192718-150x150.jpg\" class=\"attachment-thumbnail size-thumbnail no-lazy lazyload\" alt=\"\" data-sizes=\"(min-width: 1200px) 112.5px, (min-width: 992px) 90px, (min-width: 768px) 60px, (min-width: 576px) 105px, calc( 50vw - 30px )\" data-srcset=\"https:\/\/feuerwehr-kufstein.at\/wp-content\/uploads\/2020\/04\/IMG_20200424_192718-150x150.jpg 150w, https:\/\/feuerwehr-kufstein.at\/wp-content\/uploads\/2020\/04\/IMG_20200424_192718-510x510.jpg 510w\" src=\"data:image\/svg+xml;base64,PHN2ZyB3aWR0aD0iMSIgaGVpZ2h0PSIxIiB4bWxucz0iaHR0cDovL3d3dy53My5vcmcvMjAwMC9zdmciPjwvc3ZnPg==\" style=\"--smush-placeholder-width: 150px; --smush-placeholder-aspect-ratio: 150\/150;\" \/>\r\n                        <\/div><\/figure><figure class='gallery-item col col-auto'>\r\n                        <div class='gallery-icon landscape czr-gallery-icon'>\r\n                              <a data-lb-type=\"grouped-gallery\" href=https:\/\/feuerwehr-kufstein.at\/wp-content\/uploads\/2020\/04\/IMG_20200424_192734-scaled.jpg class=\"bg-link\"><\/a><img decoding=\"async\" width=\"150\" height=\"150\" data-src=\"https:\/\/feuerwehr-kufstein.at\/wp-content\/uploads\/2020\/04\/IMG_20200424_192734-150x150.jpg\" class=\"attachment-thumbnail size-thumbnail no-lazy lazyload\" alt=\"\" data-sizes=\"(min-width: 1200px) 112.5px, (min-width: 992px) 90px, (min-width: 768px) 60px, (min-width: 576px) 105px, calc( 50vw - 30px )\" data-srcset=\"https:\/\/feuerwehr-kufstein.at\/wp-content\/uploads\/2020\/04\/IMG_20200424_192734-150x150.jpg 150w, https:\/\/feuerwehr-kufstein.at\/wp-content\/uploads\/2020\/04\/IMG_20200424_192734-510x510.jpg 510w\" src=\"data:image\/svg+xml;base64,PHN2ZyB3aWR0aD0iMSIgaGVpZ2h0PSIxIiB4bWxucz0iaHR0cDovL3d3dy53My5vcmcvMjAwMC9zdmciPjwvc3ZnPg==\" style=\"--smush-placeholder-width: 150px; --smush-placeholder-aspect-ratio: 150\/150;\" \/>\r\n                        <\/div><\/figure><figure class='gallery-item col col-auto'>\r\n                        <div class='gallery-icon portrait czr-gallery-icon'>\r\n                              <a data-lb-type=\"grouped-gallery\" href=https:\/\/feuerwehr-kufstein.at\/wp-content\/uploads\/2020\/04\/IMG-20200424-WA0017.jpg class=\"bg-link\"><\/a><img decoding=\"async\" width=\"150\" height=\"150\" data-src=\"https:\/\/feuerwehr-kufstein.at\/wp-content\/uploads\/2020\/04\/IMG-20200424-WA0017-150x150.jpg\" class=\"attachment-thumbnail size-thumbnail no-lazy lazyload\" alt=\"\" data-sizes=\"(min-width: 1200px) 112.5px, (min-width: 992px) 90px, (min-width: 768px) 60px, (min-width: 576px) 105px, calc( 50vw - 30px )\" data-srcset=\"https:\/\/feuerwehr-kufstein.at\/wp-content\/uploads\/2020\/04\/IMG-20200424-WA0017-150x150.jpg 150w, https:\/\/feuerwehr-kufstein.at\/wp-content\/uploads\/2020\/04\/IMG-20200424-WA0017-510x510.jpg 510w\" src=\"data:image\/svg+xml;base64,PHN2ZyB3aWR0aD0iMSIgaGVpZ2h0PSIxIiB4bWxucz0iaHR0cDovL3d3dy53My5vcmcvMjAwMC9zdmciPjwvc3ZnPg==\" style=\"--smush-placeholder-width: 150px; --smush-placeholder-aspect-ratio: 150\/150;\" \/>\r\n                        <\/div><\/figure><figure class='gallery-item col col-auto'>\r\n                        <div class='gallery-icon landscape czr-gallery-icon'>\r\n                              <a data-lb-type=\"grouped-gallery\" href=https:\/\/feuerwehr-kufstein.at\/wp-content\/uploads\/2020\/04\/IMG_20200424_192823-scaled.jpg class=\"bg-link\"><\/a><img decoding=\"async\" width=\"150\" height=\"150\" data-src=\"https:\/\/feuerwehr-kufstein.at\/wp-content\/uploads\/2020\/04\/IMG_20200424_192823-150x150.jpg\" class=\"attachment-thumbnail size-thumbnail no-lazy lazyload\" alt=\"\" data-sizes=\"(min-width: 1200px) 112.5px, (min-width: 992px) 90px, (min-width: 768px) 60px, (min-width: 576px) 105px, calc( 50vw - 30px )\" data-srcset=\"https:\/\/feuerwehr-kufstein.at\/wp-content\/uploads\/2020\/04\/IMG_20200424_192823-150x150.jpg 150w, https:\/\/feuerwehr-kufstein.at\/wp-content\/uploads\/2020\/04\/IMG_20200424_192823-510x510.jpg 510w\" src=\"data:image\/svg+xml;base64,PHN2ZyB3aWR0aD0iMSIgaGVpZ2h0PSIxIiB4bWxucz0iaHR0cDovL3d3dy53My5vcmcvMjAwMC9zdmciPjwvc3ZnPg==\" style=\"--smush-placeholder-width: 150px; --smush-placeholder-aspect-ratio: 150\/150;\" \/>\r\n                        <\/div><\/figure><figure class='gallery-item col col-auto'>\r\n                        <div class='gallery-icon landscape czr-gallery-icon'>\r\n                              <a data-lb-type=\"grouped-gallery\" href=https:\/\/feuerwehr-kufstein.at\/wp-content\/uploads\/2020\/04\/IMG_20200424_192752-scaled.jpg class=\"bg-link\"><\/a><img decoding=\"async\" width=\"150\" height=\"150\" data-src=\"https:\/\/feuerwehr-kufstein.at\/wp-content\/uploads\/2020\/04\/IMG_20200424_192752-150x150.jpg\" class=\"attachment-thumbnail size-thumbnail no-lazy lazyload\" alt=\"\" data-sizes=\"(min-width: 1200px) 112.5px, (min-width: 992px) 90px, (min-width: 768px) 60px, (min-width: 576px) 105px, calc( 50vw - 30px )\" data-srcset=\"https:\/\/feuerwehr-kufstein.at\/wp-content\/uploads\/2020\/04\/IMG_20200424_192752-150x150.jpg 150w, https:\/\/feuerwehr-kufstein.at\/wp-content\/uploads\/2020\/04\/IMG_20200424_192752-510x510.jpg 510w\" src=\"data:image\/svg+xml;base64,PHN2ZyB3aWR0aD0iMSIgaGVpZ2h0PSIxIiB4bWxucz0iaHR0cDovL3d3dy53My5vcmcvMjAwMC9zdmciPjwvc3ZnPg==\" style=\"--smush-placeholder-width: 150px; --smush-placeholder-aspect-ratio: 150\/150;\" \/>\r\n                        <\/div><\/figure><figure class='gallery-item col col-auto'>\r\n                        <div class='gallery-icon portrait czr-gallery-icon'>\r\n                              <a data-lb-type=\"grouped-gallery\" href=https:\/\/feuerwehr-kufstein.at\/wp-content\/uploads\/2020\/04\/IMG_20200424_193058-scaled.jpg class=\"bg-link\"><\/a><img decoding=\"async\" width=\"150\" height=\"150\" data-src=\"https:\/\/feuerwehr-kufstein.at\/wp-content\/uploads\/2020\/04\/IMG_20200424_193058-150x150.jpg\" class=\"attachment-thumbnail size-thumbnail no-lazy lazyload\" alt=\"\" data-sizes=\"(min-width: 1200px) 112.5px, (min-width: 992px) 90px, (min-width: 768px) 60px, (min-width: 576px) 105px, calc( 50vw - 30px )\" data-srcset=\"https:\/\/feuerwehr-kufstein.at\/wp-content\/uploads\/2020\/04\/IMG_20200424_193058-150x150.jpg 150w, https:\/\/feuerwehr-kufstein.at\/wp-content\/uploads\/2020\/04\/IMG_20200424_193058-510x510.jpg 510w\" src=\"data:image\/svg+xml;base64,PHN2ZyB3aWR0aD0iMSIgaGVpZ2h0PSIxIiB4bWxucz0iaHR0cDovL3d3dy53My5vcmcvMjAwMC9zdmciPjwvc3ZnPg==\" style=\"--smush-placeholder-width: 150px; --smush-placeholder-aspect-ratio: 150\/150;\" \/>\r\n                        <\/div><\/figure><figure class='gallery-item col col-auto'>\r\n                        <div class='gallery-icon landscape czr-gallery-icon'>\r\n                              <a data-lb-type=\"grouped-gallery\" href=https:\/\/feuerwehr-kufstein.at\/wp-content\/uploads\/2020\/04\/IMG_20200424_193029-scaled.jpg class=\"bg-link\"><\/a><img decoding=\"async\" width=\"150\" height=\"150\" data-src=\"https:\/\/feuerwehr-kufstein.at\/wp-content\/uploads\/2020\/04\/IMG_20200424_193029-150x150.jpg\" class=\"attachment-thumbnail size-thumbnail no-lazy lazyload\" alt=\"\" data-sizes=\"(min-width: 1200px) 112.5px, (min-width: 992px) 90px, (min-width: 768px) 60px, (min-width: 576px) 105px, calc( 50vw - 30px )\" data-srcset=\"https:\/\/feuerwehr-kufstein.at\/wp-content\/uploads\/2020\/04\/IMG_20200424_193029-150x150.jpg 150w, https:\/\/feuerwehr-kufstein.at\/wp-content\/uploads\/2020\/04\/IMG_20200424_193029-510x510.jpg 510w\" src=\"data:image\/svg+xml;base64,PHN2ZyB3aWR0aD0iMSIgaGVpZ2h0PSIxIiB4bWxucz0iaHR0cDovL3d3dy53My5vcmcvMjAwMC9zdmciPjwvc3ZnPg==\" style=\"--smush-placeholder-width: 150px; --smush-placeholder-aspect-ratio: 150\/150;\" \/>\r\n                        <\/div><\/figure><figure class='gallery-item col col-auto'>\r\n                        <div class='gallery-icon landscape czr-gallery-icon'>\r\n                              <a data-lb-type=\"grouped-gallery\" href=https:\/\/feuerwehr-kufstein.at\/wp-content\/uploads\/2020\/04\/IMG-20200424-WA0021.jpg class=\"bg-link\"><\/a><img decoding=\"async\" width=\"150\" height=\"150\" data-src=\"https:\/\/feuerwehr-kufstein.at\/wp-content\/uploads\/2020\/04\/IMG-20200424-WA0021-150x150.jpg\" class=\"attachment-thumbnail size-thumbnail no-lazy lazyload\" alt=\"\" data-sizes=\"(min-width: 1200px) 112.5px, (min-width: 992px) 90px, (min-width: 768px) 60px, (min-width: 576px) 105px, calc( 50vw - 30px )\" data-srcset=\"https:\/\/feuerwehr-kufstein.at\/wp-content\/uploads\/2020\/04\/IMG-20200424-WA0021-150x150.jpg 150w, https:\/\/feuerwehr-kufstein.at\/wp-content\/uploads\/2020\/04\/IMG-20200424-WA0021-510x510.jpg 510w\" src=\"data:image\/svg+xml;base64,PHN2ZyB3aWR0aD0iMSIgaGVpZ2h0PSIxIiB4bWxucz0iaHR0cDovL3d3dy53My5vcmcvMjAwMC9zdmciPjwvc3ZnPg==\" style=\"--smush-placeholder-width: 150px; --smush-placeholder-aspect-ratio: 150\/150;\" \/>\r\n                        <\/div><\/figure><figure class='gallery-item col col-auto'>\r\n                        <div class='gallery-icon landscape czr-gallery-icon'>\r\n                              <a data-lb-type=\"grouped-gallery\" href=https:\/\/feuerwehr-kufstein.at\/wp-content\/uploads\/2020\/04\/IMG-20200424-WA0020.jpg class=\"bg-link\"><\/a><img decoding=\"async\" width=\"150\" height=\"150\" data-src=\"https:\/\/feuerwehr-kufstein.at\/wp-content\/uploads\/2020\/04\/IMG-20200424-WA0020-150x150.jpg\" class=\"attachment-thumbnail size-thumbnail no-lazy lazyload\" alt=\"\" data-sizes=\"(min-width: 1200px) 112.5px, (min-width: 992px) 90px, (min-width: 768px) 60px, (min-width: 576px) 105px, calc( 50vw - 30px )\" data-srcset=\"https:\/\/feuerwehr-kufstein.at\/wp-content\/uploads\/2020\/04\/IMG-20200424-WA0020-150x150.jpg 150w, https:\/\/feuerwehr-kufstein.at\/wp-content\/uploads\/2020\/04\/IMG-20200424-WA0020-510x510.jpg 510w\" src=\"data:image\/svg+xml;base64,PHN2ZyB3aWR0aD0iMSIgaGVpZ2h0PSIxIiB4bWxucz0iaHR0cDovL3d3dy53My5vcmcvMjAwMC9zdmciPjwvc3ZnPg==\" style=\"--smush-placeholder-width: 150px; --smush-placeholder-aspect-ratio: 150\/150;\" \/>\r\n                        <\/div><\/figure><figure class='gallery-item col col-auto'>\r\n                        <div class='gallery-icon landscape czr-gallery-icon'>\r\n                              <a data-lb-type=\"grouped-gallery\" href=https:\/\/feuerwehr-kufstein.at\/wp-content\/uploads\/2020\/04\/IMG-20200424-WA0019.jpg class=\"bg-link\"><\/a><img decoding=\"async\" width=\"150\" height=\"150\" data-src=\"https:\/\/feuerwehr-kufstein.at\/wp-content\/uploads\/2020\/04\/IMG-20200424-WA0019-150x150.jpg\" class=\"attachment-thumbnail size-thumbnail no-lazy lazyload\" alt=\"\" data-sizes=\"(min-width: 1200px) 112.5px, (min-width: 992px) 90px, (min-width: 768px) 60px, (min-width: 576px) 105px, calc( 50vw - 30px )\" data-srcset=\"https:\/\/feuerwehr-kufstein.at\/wp-content\/uploads\/2020\/04\/IMG-20200424-WA0019-150x150.jpg 150w, https:\/\/feuerwehr-kufstein.at\/wp-content\/uploads\/2020\/04\/IMG-20200424-WA0019-510x510.jpg 510w\" src=\"data:image\/svg+xml;base64,PHN2ZyB3aWR0aD0iMSIgaGVpZ2h0PSIxIiB4bWxucz0iaHR0cDovL3d3dy53My5vcmcvMjAwMC9zdmciPjwvc3ZnPg==\" style=\"--smush-placeholder-width: 150px; --smush-placeholder-aspect-ratio: 150\/150;\" \/>\r\n                        <\/div><\/figure><figure class='gallery-item col col-auto'>\r\n                        <div class='gallery-icon landscape czr-gallery-icon'>\r\n                              <a data-lb-type=\"grouped-gallery\" href=https:\/\/feuerwehr-kufstein.at\/wp-content\/uploads\/2020\/04\/IMG-20200424-WA0029.jpg class=\"bg-link\"><\/a><img decoding=\"async\" width=\"150\" height=\"150\" data-src=\"https:\/\/feuerwehr-kufstein.at\/wp-content\/uploads\/2020\/04\/IMG-20200424-WA0029-150x150.jpg\" class=\"attachment-thumbnail size-thumbnail no-lazy lazyload\" alt=\"\" data-sizes=\"(min-width: 1200px) 112.5px, (min-width: 992px) 90px, (min-width: 768px) 60px, (min-width: 576px) 105px, calc( 50vw - 30px )\" data-srcset=\"https:\/\/feuerwehr-kufstein.at\/wp-content\/uploads\/2020\/04\/IMG-20200424-WA0029-150x150.jpg 150w, https:\/\/feuerwehr-kufstein.at\/wp-content\/uploads\/2020\/04\/IMG-20200424-WA0029-510x510.jpg 510w\" src=\"data:image\/svg+xml;base64,PHN2ZyB3aWR0aD0iMSIgaGVpZ2h0PSIxIiB4bWxucz0iaHR0cDovL3d3dy53My5vcmcvMjAwMC9zdmciPjwvc3ZnPg==\" style=\"--smush-placeholder-width: 150px; --smush-placeholder-aspect-ratio: 150\/150;\" \/>\r\n                        <\/div><\/figure><figure class='gallery-item col col-auto'>\r\n                        <div class='gallery-icon landscape czr-gallery-icon'>\r\n                              <a data-lb-type=\"grouped-gallery\" href=https:\/\/feuerwehr-kufstein.at\/wp-content\/uploads\/2020\/04\/IMG-20200424-WA0028.jpg class=\"bg-link\"><\/a><img decoding=\"async\" width=\"150\" height=\"150\" data-src=\"https:\/\/feuerwehr-kufstein.at\/wp-content\/uploads\/2020\/04\/IMG-20200424-WA0028-150x150.jpg\" class=\"attachment-thumbnail size-thumbnail no-lazy lazyload\" alt=\"\" data-sizes=\"(min-width: 1200px) 112.5px, (min-width: 992px) 90px, (min-width: 768px) 60px, (min-width: 576px) 105px, calc( 50vw - 30px )\" data-srcset=\"https:\/\/feuerwehr-kufstein.at\/wp-content\/uploads\/2020\/04\/IMG-20200424-WA0028-150x150.jpg 150w, https:\/\/feuerwehr-kufstein.at\/wp-content\/uploads\/2020\/04\/IMG-20200424-WA0028-510x510.jpg 510w\" src=\"data:image\/svg+xml;base64,PHN2ZyB3aWR0aD0iMSIgaGVpZ2h0PSIxIiB4bWxucz0iaHR0cDovL3d3dy53My5vcmcvMjAwMC9zdmciPjwvc3ZnPg==\" style=\"--smush-placeholder-width: 150px; --smush-placeholder-aspect-ratio: 150\/150;\" \/>\r\n                        <\/div><\/figure><figure class='gallery-item col col-auto'>\r\n                        <div class='gallery-icon landscape czr-gallery-icon'>\r\n                              <a data-lb-type=\"grouped-gallery\" href=https:\/\/feuerwehr-kufstein.at\/wp-content\/uploads\/2020\/04\/IMG-20200424-WA0023.jpg class=\"bg-link\"><\/a><img decoding=\"async\" width=\"150\" height=\"150\" data-src=\"https:\/\/feuerwehr-kufstein.at\/wp-content\/uploads\/2020\/04\/IMG-20200424-WA0023-150x150.jpg\" class=\"attachment-thumbnail size-thumbnail no-lazy lazyload\" alt=\"\" data-sizes=\"(min-width: 1200px) 112.5px, (min-width: 992px) 90px, (min-width: 768px) 60px, (min-width: 576px) 105px, calc( 50vw - 30px )\" data-srcset=\"https:\/\/feuerwehr-kufstein.at\/wp-content\/uploads\/2020\/04\/IMG-20200424-WA0023-150x150.jpg 150w, https:\/\/feuerwehr-kufstein.at\/wp-content\/uploads\/2020\/04\/IMG-20200424-WA0023-510x510.jpg 510w\" src=\"data:image\/svg+xml;base64,PHN2ZyB3aWR0aD0iMSIgaGVpZ2h0PSIxIiB4bWxucz0iaHR0cDovL3d3dy53My5vcmcvMjAwMC9zdmciPjwvc3ZnPg==\" style=\"--smush-placeholder-width: 150px; --smush-placeholder-aspect-ratio: 150\/150;\" \/>\r\n                        <\/div><\/figure><figure class='gallery-item col col-auto'>\r\n                        <div class='gallery-icon landscape czr-gallery-icon'>\r\n                              <a data-lb-type=\"grouped-gallery\" href=https:\/\/feuerwehr-kufstein.at\/wp-content\/uploads\/2020\/04\/IMG-20200424-WA0027.jpg class=\"bg-link\"><\/a><img decoding=\"async\" width=\"150\" height=\"150\" data-src=\"https:\/\/feuerwehr-kufstein.at\/wp-content\/uploads\/2020\/04\/IMG-20200424-WA0027-150x150.jpg\" class=\"attachment-thumbnail size-thumbnail no-lazy lazyload\" alt=\"\" data-sizes=\"(min-width: 1200px) 112.5px, (min-width: 992px) 90px, (min-width: 768px) 60px, (min-width: 576px) 105px, calc( 50vw - 30px )\" data-srcset=\"https:\/\/feuerwehr-kufstein.at\/wp-content\/uploads\/2020\/04\/IMG-20200424-WA0027-150x150.jpg 150w, https:\/\/feuerwehr-kufstein.at\/wp-content\/uploads\/2020\/04\/IMG-20200424-WA0027-510x510.jpg 510w\" src=\"data:image\/svg+xml;base64,PHN2ZyB3aWR0aD0iMSIgaGVpZ2h0PSIxIiB4bWxucz0iaHR0cDovL3d3dy53My5vcmcvMjAwMC9zdmciPjwvc3ZnPg==\" style=\"--smush-placeholder-width: 150px; --smush-placeholder-aspect-ratio: 150\/150;\" \/>\r\n                        <\/div><\/figure><figure class='gallery-item col col-auto'>\r\n                        <div class='gallery-icon portrait czr-gallery-icon'>\r\n                              <a data-lb-type=\"grouped-gallery\" href=https:\/\/feuerwehr-kufstein.at\/wp-content\/uploads\/2020\/04\/IMG_20200424_193332-scaled.jpg class=\"bg-link\"><\/a><img decoding=\"async\" width=\"150\" height=\"150\" data-src=\"https:\/\/feuerwehr-kufstein.at\/wp-content\/uploads\/2020\/04\/IMG_20200424_193332-150x150.jpg\" class=\"attachment-thumbnail size-thumbnail no-lazy lazyload\" alt=\"\" data-sizes=\"(min-width: 1200px) 112.5px, (min-width: 992px) 90px, (min-width: 768px) 60px, (min-width: 576px) 105px, calc( 50vw - 30px )\" data-srcset=\"https:\/\/feuerwehr-kufstein.at\/wp-content\/uploads\/2020\/04\/IMG_20200424_193332-150x150.jpg 150w, https:\/\/feuerwehr-kufstein.at\/wp-content\/uploads\/2020\/04\/IMG_20200424_193332-510x510.jpg 510w\" src=\"data:image\/svg+xml;base64,PHN2ZyB3aWR0aD0iMSIgaGVpZ2h0PSIxIiB4bWxucz0iaHR0cDovL3d3dy53My5vcmcvMjAwMC9zdmciPjwvc3ZnPg==\" style=\"--smush-placeholder-width: 150px; --smush-placeholder-aspect-ratio: 150\/150;\" \/>\r\n                        <\/div><\/figure><figure class='gallery-item col col-auto'>\r\n                        <div class='gallery-icon portrait czr-gallery-icon'>\r\n                              <a data-lb-type=\"grouped-gallery\" href=https:\/\/feuerwehr-kufstein.at\/wp-content\/uploads\/2020\/04\/IMG_20200424_195551-scaled.jpg class=\"bg-link\"><\/a><img decoding=\"async\" width=\"150\" height=\"150\" data-src=\"https:\/\/feuerwehr-kufstein.at\/wp-content\/uploads\/2020\/04\/IMG_20200424_195551-150x150.jpg\" class=\"attachment-thumbnail size-thumbnail no-lazy lazyload\" alt=\"\" data-sizes=\"(min-width: 1200px) 112.5px, (min-width: 992px) 90px, (min-width: 768px) 60px, (min-width: 576px) 105px, calc( 50vw - 30px )\" data-srcset=\"https:\/\/feuerwehr-kufstein.at\/wp-content\/uploads\/2020\/04\/IMG_20200424_195551-150x150.jpg 150w, https:\/\/feuerwehr-kufstein.at\/wp-content\/uploads\/2020\/04\/IMG_20200424_195551-510x510.jpg 510w\" src=\"data:image\/svg+xml;base64,PHN2ZyB3aWR0aD0iMSIgaGVpZ2h0PSIxIiB4bWxucz0iaHR0cDovL3d3dy53My5vcmcvMjAwMC9zdmciPjwvc3ZnPg==\" style=\"--smush-placeholder-width: 150px; --smush-placeholder-aspect-ratio: 150\/150;\" \/>\r\n                        <\/div><\/figure><figure class='gallery-item col col-auto'>\r\n                        <div class='gallery-icon portrait czr-gallery-icon'>\r\n                              <a data-lb-type=\"grouped-gallery\" href=https:\/\/feuerwehr-kufstein.at\/wp-content\/uploads\/2020\/04\/IMG_20200424_195743-scaled.jpg class=\"bg-link\"><\/a><img decoding=\"async\" width=\"150\" height=\"150\" data-src=\"https:\/\/feuerwehr-kufstein.at\/wp-content\/uploads\/2020\/04\/IMG_20200424_195743-150x150.jpg\" class=\"attachment-thumbnail size-thumbnail no-lazy lazyload\" alt=\"\" data-sizes=\"(min-width: 1200px) 112.5px, (min-width: 992px) 90px, (min-width: 768px) 60px, (min-width: 576px) 105px, calc( 50vw - 30px )\" data-srcset=\"https:\/\/feuerwehr-kufstein.at\/wp-content\/uploads\/2020\/04\/IMG_20200424_195743-150x150.jpg 150w, https:\/\/feuerwehr-kufstein.at\/wp-content\/uploads\/2020\/04\/IMG_20200424_195743-510x510.jpg 510w\" src=\"data:image\/svg+xml;base64,PHN2ZyB3aWR0aD0iMSIgaGVpZ2h0PSIxIiB4bWxucz0iaHR0cDovL3d3dy53My5vcmcvMjAwMC9zdmciPjwvc3ZnPg==\" style=\"--smush-placeholder-width: 150px; --smush-placeholder-aspect-ratio: 150\/150;\" \/>\r\n                        <\/div><\/figure><figure class='gallery-item col col-auto'>\r\n                        <div class='gallery-icon portrait czr-gallery-icon'>\r\n                              <a data-lb-type=\"grouped-gallery\" href=https:\/\/feuerwehr-kufstein.at\/wp-content\/uploads\/2020\/04\/IMG_20200424_190224-scaled.jpg class=\"bg-link\"><\/a><img decoding=\"async\" width=\"150\" height=\"150\" data-src=\"https:\/\/feuerwehr-kufstein.at\/wp-content\/uploads\/2020\/04\/IMG_20200424_190224-150x150.jpg\" class=\"attachment-thumbnail size-thumbnail no-lazy lazyload\" alt=\"\" data-sizes=\"(min-width: 1200px) 112.5px, (min-width: 992px) 90px, (min-width: 768px) 60px, (min-width: 576px) 105px, calc( 50vw - 30px )\" data-srcset=\"https:\/\/feuerwehr-kufstein.at\/wp-content\/uploads\/2020\/04\/IMG_20200424_190224-150x150.jpg 150w, https:\/\/feuerwehr-kufstein.at\/wp-content\/uploads\/2020\/04\/IMG_20200424_190224-510x510.jpg 510w\" src=\"data:image\/svg+xml;base64,PHN2ZyB3aWR0aD0iMSIgaGVpZ2h0PSIxIiB4bWxucz0iaHR0cDovL3d3dy53My5vcmcvMjAwMC9zdmciPjwvc3ZnPg==\" style=\"--smush-placeholder-width: 150px; --smush-placeholder-aspect-ratio: 150\/150;\" \/>\r\n                        <\/div><\/figure><figure class='gallery-item col col-auto'>\r\n                        <div class='gallery-icon landscape czr-gallery-icon'>\r\n                              <a data-lb-type=\"grouped-gallery\" href=https:\/\/feuerwehr-kufstein.at\/wp-content\/uploads\/2020\/04\/IMG-20200424-WA0032.jpg class=\"bg-link\"><\/a><img decoding=\"async\" width=\"150\" height=\"150\" data-src=\"https:\/\/feuerwehr-kufstein.at\/wp-content\/uploads\/2020\/04\/IMG-20200424-WA0032-150x150.jpg\" class=\"attachment-thumbnail size-thumbnail no-lazy lazyload\" alt=\"\" data-sizes=\"(min-width: 1200px) 112.5px, (min-width: 992px) 90px, (min-width: 768px) 60px, (min-width: 576px) 105px, calc( 50vw - 30px )\" data-srcset=\"https:\/\/feuerwehr-kufstein.at\/wp-content\/uploads\/2020\/04\/IMG-20200424-WA0032-150x150.jpg 150w, https:\/\/feuerwehr-kufstein.at\/wp-content\/uploads\/2020\/04\/IMG-20200424-WA0032-510x510.jpg 510w\" src=\"data:image\/svg+xml;base64,PHN2ZyB3aWR0aD0iMSIgaGVpZ2h0PSIxIiB4bWxucz0iaHR0cDovL3d3dy53My5vcmcvMjAwMC9zdmciPjwvc3ZnPg==\" style=\"--smush-placeholder-width: 150px; --smush-placeholder-aspect-ratio: 150\/150;\" \/>\r\n                        <\/div><\/figure><figure class='gallery-item col col-auto'>\r\n                        <div class='gallery-icon landscape czr-gallery-icon'>\r\n                              <a data-lb-type=\"grouped-gallery\" href=https:\/\/feuerwehr-kufstein.at\/wp-content\/uploads\/2020\/04\/IMG-20200424-WA0030.jpg class=\"bg-link\"><\/a><img decoding=\"async\" width=\"150\" height=\"150\" data-src=\"https:\/\/feuerwehr-kufstein.at\/wp-content\/uploads\/2020\/04\/IMG-20200424-WA0030-150x150.jpg\" class=\"attachment-thumbnail size-thumbnail no-lazy lazyload\" alt=\"\" data-sizes=\"(min-width: 1200px) 112.5px, (min-width: 992px) 90px, (min-width: 768px) 60px, (min-width: 576px) 105px, calc( 50vw - 30px )\" data-srcset=\"https:\/\/feuerwehr-kufstein.at\/wp-content\/uploads\/2020\/04\/IMG-20200424-WA0030-150x150.jpg 150w, https:\/\/feuerwehr-kufstein.at\/wp-content\/uploads\/2020\/04\/IMG-20200424-WA0030-510x510.jpg 510w\" src=\"data:image\/svg+xml;base64,PHN2ZyB3aWR0aD0iMSIgaGVpZ2h0PSIxIiB4bWxucz0iaHR0cDovL3d3dy53My5vcmcvMjAwMC9zdmciPjwvc3ZnPg==\" style=\"--smush-placeholder-width: 150px; --smush-placeholder-aspect-ratio: 150\/150;\" \/>\r\n                        <\/div><\/figure><figure class='gallery-item col col-auto'>\r\n                        <div class='gallery-icon portrait czr-gallery-icon'>\r\n                              <a data-lb-type=\"grouped-gallery\" href=https:\/\/feuerwehr-kufstein.at\/wp-content\/uploads\/2020\/04\/IMG-20200424-WA0038.jpg class=\"bg-link\"><\/a><img decoding=\"async\" width=\"150\" height=\"150\" data-src=\"https:\/\/feuerwehr-kufstein.at\/wp-content\/uploads\/2020\/04\/IMG-20200424-WA0038-150x150.jpg\" class=\"attachment-thumbnail size-thumbnail no-lazy lazyload\" alt=\"\" data-sizes=\"(min-width: 1200px) 112.5px, (min-width: 992px) 90px, (min-width: 768px) 60px, (min-width: 576px) 105px, calc( 50vw - 30px )\" data-srcset=\"https:\/\/feuerwehr-kufstein.at\/wp-content\/uploads\/2020\/04\/IMG-20200424-WA0038-150x150.jpg 150w, https:\/\/feuerwehr-kufstein.at\/wp-content\/uploads\/2020\/04\/IMG-20200424-WA0038-510x510.jpg 510w\" src=\"data:image\/svg+xml;base64,PHN2ZyB3aWR0aD0iMSIgaGVpZ2h0PSIxIiB4bWxucz0iaHR0cDovL3d3dy53My5vcmcvMjAwMC9zdmciPjwvc3ZnPg==\" style=\"--smush-placeholder-width: 150px; --smush-placeholder-aspect-ratio: 150\/150;\" \/>\r\n                        <\/div><\/figure><figure class='gallery-item col col-auto'>\r\n                        <div class='gallery-icon portrait czr-gallery-icon'>\r\n                              <a data-lb-type=\"grouped-gallery\" href=https:\/\/feuerwehr-kufstein.at\/wp-content\/uploads\/2020\/04\/IMG-20200424-WA0037.jpg class=\"bg-link\"><\/a><img decoding=\"async\" width=\"150\" height=\"150\" data-src=\"https:\/\/feuerwehr-kufstein.at\/wp-content\/uploads\/2020\/04\/IMG-20200424-WA0037-150x150.jpg\" class=\"attachment-thumbnail size-thumbnail no-lazy lazyload\" alt=\"\" data-sizes=\"(min-width: 1200px) 112.5px, (min-width: 992px) 90px, (min-width: 768px) 60px, (min-width: 576px) 105px, calc( 50vw - 30px )\" data-srcset=\"https:\/\/feuerwehr-kufstein.at\/wp-content\/uploads\/2020\/04\/IMG-20200424-WA0037-150x150.jpg 150w, https:\/\/feuerwehr-kufstein.at\/wp-content\/uploads\/2020\/04\/IMG-20200424-WA0037-510x510.jpg 510w\" src=\"data:image\/svg+xml;base64,PHN2ZyB3aWR0aD0iMSIgaGVpZ2h0PSIxIiB4bWxucz0iaHR0cDovL3d3dy53My5vcmcvMjAwMC9zdmciPjwvc3ZnPg==\" style=\"--smush-placeholder-width: 150px; --smush-placeholder-aspect-ratio: 150\/150;\" \/>\r\n                        <\/div><\/figure><figure class='gallery-item col col-auto'>\r\n                        <div class='gallery-icon landscape czr-gallery-icon'>\r\n                              <a data-lb-type=\"grouped-gallery\" href=https:\/\/feuerwehr-kufstein.at\/wp-content\/uploads\/2020\/04\/IMG-20200424-WA0035.jpg class=\"bg-link\"><\/a><img decoding=\"async\" width=\"150\" height=\"150\" data-src=\"https:\/\/feuerwehr-kufstein.at\/wp-content\/uploads\/2020\/04\/IMG-20200424-WA0035-150x150.jpg\" class=\"attachment-thumbnail size-thumbnail no-lazy lazyload\" alt=\"\" data-sizes=\"(min-width: 1200px) 112.5px, (min-width: 992px) 90px, (min-width: 768px) 60px, (min-width: 576px) 105px, calc( 50vw - 30px )\" data-srcset=\"https:\/\/feuerwehr-kufstein.at\/wp-content\/uploads\/2020\/04\/IMG-20200424-WA0035-150x150.jpg 150w, https:\/\/feuerwehr-kufstein.at\/wp-content\/uploads\/2020\/04\/IMG-20200424-WA0035-510x510.jpg 510w\" src=\"data:image\/svg+xml;base64,PHN2ZyB3aWR0aD0iMSIgaGVpZ2h0PSIxIiB4bWxucz0iaHR0cDovL3d3dy53My5vcmcvMjAwMC9zdmciPjwvc3ZnPg==\" style=\"--smush-placeholder-width: 150px; --smush-placeholder-aspect-ratio: 150\/150;\" \/>\r\n                        <\/div><\/figure><figure class='gallery-item col col-auto'>\r\n                        <div class='gallery-icon landscape czr-gallery-icon'>\r\n                              <a data-lb-type=\"grouped-gallery\" href=https:\/\/feuerwehr-kufstein.at\/wp-content\/uploads\/2020\/04\/IMG-20200424-WA0034.jpg class=\"bg-link\"><\/a><img decoding=\"async\" width=\"150\" height=\"150\" data-src=\"https:\/\/feuerwehr-kufstein.at\/wp-content\/uploads\/2020\/04\/IMG-20200424-WA0034-150x150.jpg\" class=\"attachment-thumbnail size-thumbnail no-lazy lazyload\" alt=\"\" data-sizes=\"(min-width: 1200px) 112.5px, (min-width: 992px) 90px, (min-width: 768px) 60px, (min-width: 576px) 105px, calc( 50vw - 30px )\" data-srcset=\"https:\/\/feuerwehr-kufstein.at\/wp-content\/uploads\/2020\/04\/IMG-20200424-WA0034-150x150.jpg 150w, https:\/\/feuerwehr-kufstein.at\/wp-content\/uploads\/2020\/04\/IMG-20200424-WA0034-510x510.jpg 510w\" src=\"data:image\/svg+xml;base64,PHN2ZyB3aWR0aD0iMSIgaGVpZ2h0PSIxIiB4bWxucz0iaHR0cDovL3d3dy53My5vcmcvMjAwMC9zdmciPjwvc3ZnPg==\" style=\"--smush-placeholder-width: 150px; --smush-placeholder-aspect-ratio: 150\/150;\" \/>\r\n                        <\/div><\/figure>\r\n                  <\/div>\n\n<p>Mediennachweis: STADTFEUERWEHR Kufstein<\/p>\n<div class=\"wp-playlist wp-video-playlist wp-playlist-light\">\n\t\t<video controls=\"controls\" preload=\"none\" width=\"1118\"\n\t\t height=\"629\"\t><\/video>\n\t<div class=\"wp-playlist-next\"><\/div>\n\t<div class=\"wp-playlist-prev\"><\/div>\n\t<noscript>\n\t<ol>\n\t\t<li><a href='https:\/\/feuerwehr-kufstein.at\/wp-content\/uploads\/2020\/04\/VID_20200424_193454.mp4'>L\u00f6schleitung<\/a><\/li>\t<\/ol>\n\t<\/noscript>\n\t<script type=\"application\/json\" class=\"wp-playlist-script\">{\"type\":\"video\",\"tracklist\":true,\"tracknumbers\":true,\"images\":true,\"artists\":true,\"tracks\":[{\"src\":\"https:\/\/feuerwehr-kufstein.at\/wp-content\/uploads\/2020\/04\/VID_20200424_193454.mp4\",\"type\":\"video\/mp4\",\"title\":\"L\\u00f6schleitung\",\"caption\":\"\",\"description\":\"\",\"meta\":{\"length_formatted\":\"0:11\"},\"dimensions\":{\"original\":{\"width\":1920,\"height\":1080},\"resized\":{\"width\":1118,\"height\":629}},\"image\":{\"src\":\"https:\/\/feuerwehr-kufstein.at\/wp-includes\/images\/media\/video.svg\",\"width\":48,\"height\":64},\"thumb\":{\"src\":\"https:\/\/feuerwehr-kufstein.at\/wp-includes\/images\/media\/video.svg\",\"width\":48,\"height\":64}}]}<\/script>\n<\/div>\n\t\n","protected":false},"excerpt":{"rendered":"<p>Am Freitag, den 24. April 2020, wurde die STADTFEUERWEHR Kufstein um 18:47 Uhr von der Leitstelle Tirol mittels stiller Alarmierung zu einem B\u00f6schungsbrand gerufen. Einsatzstichwort war dabei: Brand Wiese \u2013 Hechtsee Kufstein Diese Art der Alarmierung kam 3 Stunden nach unserem online-Aufruf, \u00fcber das ausgesprochene Verbot der Bezirkshauptmannschaft Kufstein, betreffend offenes Feuer und rauchen im [&hellip;]<\/p>\n","protected":false},"author":4,"featured_media":5559,"template":"","meta":{"einsatz_weight":1,"footnotes":""},"categories":[1],"tags":[],"einsatzart":[26],"fahrzeug":[23,45,54,47,43,31],"exteinsatzmittel":[51,52],"alarmierungsart":[69],"evw_unit":[],"class_list":{"0":"post-5524","1":"einsatz","2":"type-einsatz","3":"status-publish","4":"has-post-thumbnail","6":"category-einsaetze","7":"einsatzart-brandeinsatz","8":"fahrzeug-kommandofahrzeug","9":"fahrzeug-kleines-ruestfahrzeug","10":"fahrzeug-last2","11":"fahrzeug-last-3-viercraft","12":"fahrzeug-schweres-loeschfahrzeug","13":"fahrzeug-tankloeschfahrzeug","14":"exteinsatzmittel-bundespolizei","15":"exteinsatzmittel-polizei","16":"alarmierungsart-pager","17":"czr-hentry"},"_links":{"self":[{"href":"https:\/\/feuerwehr-kufstein.at\/index.php?rest_route=\/wp\/v2\/einsatz\/5524","targetHints":{"allow":["GET"]}}],"collection":[{"href":"https:\/\/feuerwehr-kufstein.at\/index.php?rest_route=\/wp\/v2\/einsatz"}],"about":[{"href":"https:\/\/feuerwehr-kufstein.at\/index.php?rest_route=\/wp\/v2\/types\/einsatz"}],"author":[{"embeddable":true,"href":"https:\/\/feuerwehr-kufstein.at\/index.php?rest_route=\/wp\/v2\/users\/4"}],"version-history":[{"count":0,"href":"https:\/\/feuerwehr-kufstein.at\/index.php?rest_route=\/wp\/v2\/einsatz\/5524\/revisions"}],"wp:featuredmedia":[{"embeddable":true,"href":"https:\/\/feuerwehr-kufstein.at\/index.php?rest_route=\/wp\/v2\/media\/5559"}],"wp:attachment":[{"href":"https:\/\/feuerwehr-kufstein.at\/index.php?rest_route=%2Fwp%2Fv2%2Fmedia&parent=5524"}],"wp:term":[{"taxonomy":"category","embeddable":true,"href":"https:\/\/feuerwehr-kufstein.at\/index.php?rest_route=%2Fwp%2Fv2%2Fcategories&post=5524"},{"taxonomy":"post_tag","embeddable":true,"href":"https:\/\/feuerwehr-kufstein.at\/index.php?rest_route=%2Fwp%2Fv2%2Ftags&post=5524"},{"taxonomy":"einsatzart","embeddable":true,"href":"https:\/\/feuerwehr-kufstein.at\/index.php?rest_route=%2Fwp%2Fv2%2Feinsatzart&post=5524"},{"taxonomy":"fahrzeug","embeddable":true,"href":"https:\/\/feuerwehr-kufstein.at\/index.php?rest_route=%2Fwp%2Fv2%2Ffahrzeug&post=5524"},{"taxonomy":"exteinsatzmittel","embeddable":true,"href":"https:\/\/feuerwehr-kufstein.at\/index.php?rest_route=%2Fwp%2Fv2%2Fexteinsatzmittel&post=5524"},{"taxonomy":"alarmierungsart","embeddable":true,"href":"https:\/\/feuerwehr-kufstein.at\/index.php?rest_route=%2Fwp%2Fv2%2Falarmierungsart&post=5524"},{"taxonomy":"evw_unit","embeddable":true,"href":"https:\/\/feuerwehr-kufstein.at\/index.php?rest_route=%2Fwp%2Fv2%2Fevw_unit&post=5524"}],"curies":[{"name":"wp","href":"https:\/\/api.w.org\/{rel}","templated":true}]}}