{"id":8571,"date":"2022-05-11T10:33:00","date_gmt":"2022-05-11T09:33:00","guid":{"rendered":"https:\/\/www.feuerwehr-kufstein.at\/?post_type=einsatz&#038;p=8571"},"modified":"2022-05-12T10:19:51","modified_gmt":"2022-05-12T09:19:51","slug":"einsatzreicher-11-mai-2022-person-eingeklemmt-pkw-brand-kiefersfelden-wohnungsbrand","status":"publish","type":"einsatz","link":"https:\/\/feuerwehr-kufstein.at\/?einsatz=einsatzreicher-11-mai-2022-person-eingeklemmt-pkw-brand-kiefersfelden-wohnungsbrand","title":{"rendered":"Einsatzreicher 11. Mai 2022 &#8211; Person eingeklemmt &#8211; PKW Brand &#8211; Kiefersfelden Wohnungsbrand"},"content":{"rendered":"<p>Am <strong>Mittwoch, den 11. Mai 2022<\/strong> wurde die <strong>STADTFEUERWEHR Kufstein<\/strong> von der Leistelle Tirol zu drei umfangreichen Eins\u00e4tzen alarmiert.<\/p>\n<p>Vormittags, um <strong>10:33 Uhr <\/strong>wurde die <strong>STADTFEUERWEHR Kufstein <\/strong>unter dem Einsatzstichwort<strong>\u00a0&#8222;Person eingeklemmt Maschine&#8220;<\/strong> in den Gewerbepark Kufstein alarmiert. In einem Betrieb wurde eine 33-j\u00e4hrige Mitarbeiterin von einem Gabelstapler gegen ein Hochregal gedr\u00fcckt und eingeklemmt. Sie wurde unbestimmten Grades verletzt. Ein Eingreifen Seitens der <strong>STADTFEUERWEHR Kufstein<\/strong> war nicht notwendig, da die Frau schon durch das Zur\u00fccksetzen des Staplers befreit und an den Rettungsdienst \u00fcbergeben werden konnte.<\/p>\n<p>Nachmittags, um<strong> 14:55 Uhr <\/strong>wurde die <strong>STADTFEUERWEHR Kufstein<\/strong> unter den Einsatzstichwort <strong>&#8222;Brand Fahrzeug Garage&#8220; <\/strong>alarmiert<strong>.<\/strong> Aus noch ungekl\u00e4rter Ursache brannte\u00a0 in Kufstein Nord ein PKW in einer Autowaschanlage. Dabei entwickelte der Vollbrand des PKW\u00b4s eine so gro\u00dfe Rauchentwicklung, dass beim Eintreffen der ersten Einsatzfahrzeuge der <strong>STADTFEUERWEHR Kufstein<\/strong> weitere Kr\u00e4fte mittels Sirene nachalarmiert wurden. Der Brand konnte mittels Schaumangriff schnell unter Kontrolle gebracht werden. Die 30-j\u00e4hre Lenkerin des PKW\u00b4s blieb unverletzt. Sie gab an, dass das Auto ohne einen erkennbaren \u00e4u\u00dferen Einfluss im Fahrerbereich zu brennen begonnen hatte.\u00a0 W\u00e4hrend der gesamten L\u00f6scharbeiten musste die Bundesstra\u00dfe B175 in beiden Fahrtrichtungen voll gesperrt werden. Mittels Drehleiter wurde nach Abschluss der L\u00f6scharbeiten am PKW, das Dach der Waschanlage nach weiteren Brandherden untersucht. An der Waschanlage und am PKW entstand erheblicher Sachschaden.<\/p>\n<p>Nachmittags, um <strong>15:29 Uhr<\/strong>\u00a0wurde die Drehleiter\u00a0der <strong>STADTFEUERWEHR Kufstein <\/strong>unter dem Einsatzstichwort <strong>&#8222;Anforderung Drehleiter&#8220;<\/strong> zu einem Wohnungsbrand nach Kiefersfelden zur Unterst\u00fctzung alarmiert. In einem Mehrfamilienhaus gab es aus noch ungekl\u00e4rter Ursache eine Verpuffung, ausgel\u00f6st durch eine Mikrowelle. Eine Person befand sich zu diesem Zeitpunkt in unmittelbarer N\u00e4he des Ger\u00e4tes. Durch die Druckwelle wurde der Bewohner zu Boden gesto\u00dfen und blieb bewusstlos liegen. Nur durch die Aufmerksamkeit der Nachbarin, die diesen Vorfall und die darauffolgende leichte Rauchentwicklung bemerkte, wurde durch sie die Rettungskette sofort in Gang gesetzt und die <strong>Feuerwehr Kiefersfelden<\/strong>, sowie die <strong>STADTFEUERWEHR Kufstein<\/strong> alarmiert. Der Brand konnte schnell unter Kontrolle gebracht werden.<\/p>\n<p>Alle Einsatzkr\u00e4fte in Kufstein sowie Kiefersfelden konnten gegen 16:00 Uhr gesund in die Ger\u00e4teh\u00e4user einr\u00fccken.<\/p>\n<div id='gallery-1' class='czr-gallery row flex-row czr-gallery-style gallery galleryid-8571 gallery-columns-9 gallery-size-thumbnail'><figure class='gallery-item col col-auto'>\r\n                        <div class='gallery-icon landscape czr-gallery-icon'>\r\n                              <a data-lb-type=\"grouped-gallery\" title=\"Person eingeklemmt\" href=https:\/\/feuerwehr-kufstein.at\/wp-content\/uploads\/2022\/05\/IMG-20220511-WA0007.jpg class=\"bg-link\"><\/a><img decoding=\"async\" width=\"150\" height=\"150\" data-src=\"https:\/\/feuerwehr-kufstein.at\/wp-content\/uploads\/2022\/05\/IMG-20220511-WA0007-150x150.jpg\" class=\"attachment-thumbnail size-thumbnail no-lazy lazyload\" alt=\"\" data-sizes=\"(min-width: 1200px) 96.666666666667px, (min-width: 992px) 76.666666666667px, (min-width: 768px) 50px, (min-width: 576px) 105px, calc( 50vw - 30px )\" aria-describedby=\"gallery-1-8584\" data-srcset=\"https:\/\/feuerwehr-kufstein.at\/wp-content\/uploads\/2022\/05\/IMG-20220511-WA0007-150x150.jpg 150w, https:\/\/feuerwehr-kufstein.at\/wp-content\/uploads\/2022\/05\/IMG-20220511-WA0007-510x510.jpg 510w\" src=\"data:image\/svg+xml;base64,PHN2ZyB3aWR0aD0iMSIgaGVpZ2h0PSIxIiB4bWxucz0iaHR0cDovL3d3dy53My5vcmcvMjAwMC9zdmciPjwvc3ZnPg==\" style=\"--smush-placeholder-width: 150px; --smush-placeholder-aspect-ratio: 150\/150;\" \/>\r\n                        <\/div>\r\n                              <figcaption class='wp-caption-text gallery-caption' id='gallery-1-8584'>\r\n                              Person eingeklemmt\r\n                              <\/figcaption><\/figure><figure class='gallery-item col col-auto'>\r\n                        <div class='gallery-icon landscape czr-gallery-icon'>\r\n                              <a data-lb-type=\"grouped-gallery\" title=\"PKW Brand\" href=https:\/\/feuerwehr-kufstein.at\/wp-content\/uploads\/2022\/05\/IMG-20220511-WA0000.jpg class=\"bg-link\"><\/a><img decoding=\"async\" width=\"150\" height=\"150\" data-src=\"https:\/\/feuerwehr-kufstein.at\/wp-content\/uploads\/2022\/05\/IMG-20220511-WA0000-150x150.jpg\" class=\"attachment-thumbnail size-thumbnail no-lazy lazyload\" alt=\"\" data-sizes=\"(min-width: 1200px) 96.666666666667px, (min-width: 992px) 76.666666666667px, (min-width: 768px) 50px, (min-width: 576px) 105px, calc( 50vw - 30px )\" aria-describedby=\"gallery-1-8577\" data-srcset=\"https:\/\/feuerwehr-kufstein.at\/wp-content\/uploads\/2022\/05\/IMG-20220511-WA0000-150x150.jpg 150w, https:\/\/feuerwehr-kufstein.at\/wp-content\/uploads\/2022\/05\/IMG-20220511-WA0000-510x510.jpg 510w\" src=\"data:image\/svg+xml;base64,PHN2ZyB3aWR0aD0iMSIgaGVpZ2h0PSIxIiB4bWxucz0iaHR0cDovL3d3dy53My5vcmcvMjAwMC9zdmciPjwvc3ZnPg==\" style=\"--smush-placeholder-width: 150px; --smush-placeholder-aspect-ratio: 150\/150;\" \/>\r\n                        <\/div>\r\n                              <figcaption class='wp-caption-text gallery-caption' id='gallery-1-8577'>\r\n                              PKW Brand\r\n                              <\/figcaption><\/figure><figure class='gallery-item col col-auto'>\r\n                        <div class='gallery-icon landscape czr-gallery-icon'>\r\n                              <a data-lb-type=\"grouped-gallery\" title=\"PKW Brand\" href=https:\/\/feuerwehr-kufstein.at\/wp-content\/uploads\/2022\/05\/IMG-20220511-WA0001.jpg class=\"bg-link\"><\/a><img decoding=\"async\" width=\"150\" height=\"150\" data-src=\"https:\/\/feuerwehr-kufstein.at\/wp-content\/uploads\/2022\/05\/IMG-20220511-WA0001-150x150.jpg\" class=\"attachment-thumbnail size-thumbnail no-lazy lazyload\" alt=\"\" data-sizes=\"(min-width: 1200px) 96.666666666667px, (min-width: 992px) 76.666666666667px, (min-width: 768px) 50px, (min-width: 576px) 105px, calc( 50vw - 30px )\" aria-describedby=\"gallery-1-8578\" data-srcset=\"https:\/\/feuerwehr-kufstein.at\/wp-content\/uploads\/2022\/05\/IMG-20220511-WA0001-150x150.jpg 150w, https:\/\/feuerwehr-kufstein.at\/wp-content\/uploads\/2022\/05\/IMG-20220511-WA0001-510x510.jpg 510w\" src=\"data:image\/svg+xml;base64,PHN2ZyB3aWR0aD0iMSIgaGVpZ2h0PSIxIiB4bWxucz0iaHR0cDovL3d3dy53My5vcmcvMjAwMC9zdmciPjwvc3ZnPg==\" style=\"--smush-placeholder-width: 150px; --smush-placeholder-aspect-ratio: 150\/150;\" \/>\r\n                        <\/div>\r\n                              <figcaption class='wp-caption-text gallery-caption' id='gallery-1-8578'>\r\n                              PKW Brand\r\n                              <\/figcaption><\/figure><figure class='gallery-item col col-auto'>\r\n                        <div class='gallery-icon landscape czr-gallery-icon'>\r\n                              <a data-lb-type=\"grouped-gallery\" title=\"PKW Brand\" href=https:\/\/feuerwehr-kufstein.at\/wp-content\/uploads\/2022\/05\/IMG-20220511-WA0003.jpg class=\"bg-link\"><\/a><img decoding=\"async\" width=\"150\" height=\"150\" data-src=\"https:\/\/feuerwehr-kufstein.at\/wp-content\/uploads\/2022\/05\/IMG-20220511-WA0003-150x150.jpg\" class=\"attachment-thumbnail size-thumbnail no-lazy lazyload\" alt=\"\" data-sizes=\"(min-width: 1200px) 96.666666666667px, (min-width: 992px) 76.666666666667px, (min-width: 768px) 50px, (min-width: 576px) 105px, calc( 50vw - 30px )\" aria-describedby=\"gallery-1-8580\" data-srcset=\"https:\/\/feuerwehr-kufstein.at\/wp-content\/uploads\/2022\/05\/IMG-20220511-WA0003-150x150.jpg 150w, https:\/\/feuerwehr-kufstein.at\/wp-content\/uploads\/2022\/05\/IMG-20220511-WA0003-510x510.jpg 510w\" src=\"data:image\/svg+xml;base64,PHN2ZyB3aWR0aD0iMSIgaGVpZ2h0PSIxIiB4bWxucz0iaHR0cDovL3d3dy53My5vcmcvMjAwMC9zdmciPjwvc3ZnPg==\" style=\"--smush-placeholder-width: 150px; --smush-placeholder-aspect-ratio: 150\/150;\" \/>\r\n                        <\/div>\r\n                              <figcaption class='wp-caption-text gallery-caption' id='gallery-1-8580'>\r\n                              PKW Brand\r\n                              <\/figcaption><\/figure><figure class='gallery-item col col-auto'>\r\n                        <div class='gallery-icon landscape czr-gallery-icon'>\r\n                              <a data-lb-type=\"grouped-gallery\" title=\"PKW Brand\" href=https:\/\/feuerwehr-kufstein.at\/wp-content\/uploads\/2022\/05\/IMG-20220511-WA0005.jpg class=\"bg-link\"><\/a><img decoding=\"async\" width=\"150\" height=\"150\" data-src=\"https:\/\/feuerwehr-kufstein.at\/wp-content\/uploads\/2022\/05\/IMG-20220511-WA0005-150x150.jpg\" class=\"attachment-thumbnail size-thumbnail no-lazy lazyload\" alt=\"\" data-sizes=\"(min-width: 1200px) 96.666666666667px, (min-width: 992px) 76.666666666667px, (min-width: 768px) 50px, (min-width: 576px) 105px, calc( 50vw - 30px )\" aria-describedby=\"gallery-1-8582\" data-srcset=\"https:\/\/feuerwehr-kufstein.at\/wp-content\/uploads\/2022\/05\/IMG-20220511-WA0005-150x150.jpg 150w, https:\/\/feuerwehr-kufstein.at\/wp-content\/uploads\/2022\/05\/IMG-20220511-WA0005-510x510.jpg 510w\" src=\"data:image\/svg+xml;base64,PHN2ZyB3aWR0aD0iMSIgaGVpZ2h0PSIxIiB4bWxucz0iaHR0cDovL3d3dy53My5vcmcvMjAwMC9zdmciPjwvc3ZnPg==\" style=\"--smush-placeholder-width: 150px; --smush-placeholder-aspect-ratio: 150\/150;\" \/>\r\n                        <\/div>\r\n                              <figcaption class='wp-caption-text gallery-caption' id='gallery-1-8582'>\r\n                              PKW Brand\r\n                              <\/figcaption><\/figure><figure class='gallery-item col col-auto'>\r\n                        <div class='gallery-icon landscape czr-gallery-icon'>\r\n                              <a data-lb-type=\"grouped-gallery\" title=\"PKW Brand\" href=https:\/\/feuerwehr-kufstein.at\/wp-content\/uploads\/2022\/05\/IMG-20220511-WA0008.jpg class=\"bg-link\"><\/a><img decoding=\"async\" width=\"150\" height=\"150\" data-src=\"https:\/\/feuerwehr-kufstein.at\/wp-content\/uploads\/2022\/05\/IMG-20220511-WA0008-150x150.jpg\" class=\"attachment-thumbnail size-thumbnail no-lazy lazyload\" alt=\"\" data-sizes=\"(min-width: 1200px) 96.666666666667px, (min-width: 992px) 76.666666666667px, (min-width: 768px) 50px, (min-width: 576px) 105px, calc( 50vw - 30px )\" aria-describedby=\"gallery-1-8585\" data-srcset=\"https:\/\/feuerwehr-kufstein.at\/wp-content\/uploads\/2022\/05\/IMG-20220511-WA0008-150x150.jpg 150w, https:\/\/feuerwehr-kufstein.at\/wp-content\/uploads\/2022\/05\/IMG-20220511-WA0008-510x510.jpg 510w\" src=\"data:image\/svg+xml;base64,PHN2ZyB3aWR0aD0iMSIgaGVpZ2h0PSIxIiB4bWxucz0iaHR0cDovL3d3dy53My5vcmcvMjAwMC9zdmciPjwvc3ZnPg==\" style=\"--smush-placeholder-width: 150px; --smush-placeholder-aspect-ratio: 150\/150;\" \/>\r\n                        <\/div>\r\n                              <figcaption class='wp-caption-text gallery-caption' id='gallery-1-8585'>\r\n                              PKW Brand\r\n                              <\/figcaption><\/figure><figure class='gallery-item col col-auto'>\r\n                        <div class='gallery-icon portrait czr-gallery-icon'>\r\n                              <a data-lb-type=\"grouped-gallery\" title=\"Brand Kiefersfelden \" href=https:\/\/feuerwehr-kufstein.at\/wp-content\/uploads\/2022\/05\/IMG-20220511-WA0006.jpg class=\"bg-link\"><\/a><img decoding=\"async\" width=\"150\" height=\"150\" data-src=\"https:\/\/feuerwehr-kufstein.at\/wp-content\/uploads\/2022\/05\/IMG-20220511-WA0006-150x150.jpg\" class=\"attachment-thumbnail size-thumbnail no-lazy lazyload\" alt=\"\" data-sizes=\"(min-width: 1200px) 96.666666666667px, (min-width: 992px) 76.666666666667px, (min-width: 768px) 50px, (min-width: 576px) 105px, calc( 50vw - 30px )\" aria-describedby=\"gallery-1-8583\" data-srcset=\"https:\/\/feuerwehr-kufstein.at\/wp-content\/uploads\/2022\/05\/IMG-20220511-WA0006-150x150.jpg 150w, https:\/\/feuerwehr-kufstein.at\/wp-content\/uploads\/2022\/05\/IMG-20220511-WA0006-510x510.jpg 510w\" src=\"data:image\/svg+xml;base64,PHN2ZyB3aWR0aD0iMSIgaGVpZ2h0PSIxIiB4bWxucz0iaHR0cDovL3d3dy53My5vcmcvMjAwMC9zdmciPjwvc3ZnPg==\" style=\"--smush-placeholder-width: 150px; --smush-placeholder-aspect-ratio: 150\/150;\" \/>\r\n                        <\/div>\r\n                              <figcaption class='wp-caption-text gallery-caption' id='gallery-1-8583'>\r\n                              Brand Kiefersfelden \r\n                              <\/figcaption><\/figure><figure class='gallery-item col col-auto'>\r\n                        <div class='gallery-icon landscape czr-gallery-icon'>\r\n                              <a data-lb-type=\"grouped-gallery\" title=\"Brand Kiefersfelden \" href=https:\/\/feuerwehr-kufstein.at\/wp-content\/uploads\/2022\/05\/IMG-20220511-WA0014.jpg class=\"bg-link\"><\/a><img decoding=\"async\" width=\"150\" height=\"150\" data-src=\"https:\/\/feuerwehr-kufstein.at\/wp-content\/uploads\/2022\/05\/IMG-20220511-WA0014-150x150.jpg\" class=\"attachment-thumbnail size-thumbnail no-lazy lazyload\" alt=\"\" data-sizes=\"(min-width: 1200px) 96.666666666667px, (min-width: 992px) 76.666666666667px, (min-width: 768px) 50px, (min-width: 576px) 105px, calc( 50vw - 30px )\" aria-describedby=\"gallery-1-8591\" data-srcset=\"https:\/\/feuerwehr-kufstein.at\/wp-content\/uploads\/2022\/05\/IMG-20220511-WA0014-150x150.jpg 150w, https:\/\/feuerwehr-kufstein.at\/wp-content\/uploads\/2022\/05\/IMG-20220511-WA0014-510x510.jpg 510w\" src=\"data:image\/svg+xml;base64,PHN2ZyB3aWR0aD0iMSIgaGVpZ2h0PSIxIiB4bWxucz0iaHR0cDovL3d3dy53My5vcmcvMjAwMC9zdmciPjwvc3ZnPg==\" style=\"--smush-placeholder-width: 150px; --smush-placeholder-aspect-ratio: 150\/150;\" \/>\r\n                        <\/div>\r\n                              <figcaption class='wp-caption-text gallery-caption' id='gallery-1-8591'>\r\n                              Brand Kiefersfelden \r\n                              <\/figcaption><\/figure><figure class='gallery-item col col-auto'>\r\n                        <div class='gallery-icon portrait czr-gallery-icon'>\r\n                              <a data-lb-type=\"grouped-gallery\" title=\"Brand Kiefersfelden \" href=https:\/\/feuerwehr-kufstein.at\/wp-content\/uploads\/2022\/05\/IMG-20220511-WA0010.jpg class=\"bg-link\"><\/a><img decoding=\"async\" width=\"150\" height=\"150\" data-src=\"https:\/\/feuerwehr-kufstein.at\/wp-content\/uploads\/2022\/05\/IMG-20220511-WA0010-150x150.jpg\" class=\"attachment-thumbnail size-thumbnail no-lazy lazyload\" alt=\"\" data-sizes=\"(min-width: 1200px) 96.666666666667px, (min-width: 992px) 76.666666666667px, (min-width: 768px) 50px, (min-width: 576px) 105px, calc( 50vw - 30px )\" aria-describedby=\"gallery-1-8587\" data-srcset=\"https:\/\/feuerwehr-kufstein.at\/wp-content\/uploads\/2022\/05\/IMG-20220511-WA0010-150x150.jpg 150w, https:\/\/feuerwehr-kufstein.at\/wp-content\/uploads\/2022\/05\/IMG-20220511-WA0010-510x510.jpg 510w\" src=\"data:image\/svg+xml;base64,PHN2ZyB3aWR0aD0iMSIgaGVpZ2h0PSIxIiB4bWxucz0iaHR0cDovL3d3dy53My5vcmcvMjAwMC9zdmciPjwvc3ZnPg==\" style=\"--smush-placeholder-width: 150px; --smush-placeholder-aspect-ratio: 150\/150;\" \/>\r\n                        <\/div>\r\n                              <figcaption class='wp-caption-text gallery-caption' id='gallery-1-8587'>\r\n                              Brand Kiefersfelden \r\n                              <\/figcaption><\/figure><figure class='gallery-item col col-auto'>\r\n                        <div class='gallery-icon landscape czr-gallery-icon'>\r\n                              <a data-lb-type=\"grouped-gallery\" title=\"Brand Kiefersfelden \" href=https:\/\/feuerwehr-kufstein.at\/wp-content\/uploads\/2022\/05\/IMG-20220511-WA0002.jpg class=\"bg-link\"><\/a><img decoding=\"async\" width=\"150\" height=\"150\" data-src=\"https:\/\/feuerwehr-kufstein.at\/wp-content\/uploads\/2022\/05\/IMG-20220511-WA0002-150x150.jpg\" class=\"attachment-thumbnail size-thumbnail no-lazy lazyload\" alt=\"\" data-sizes=\"(min-width: 1200px) 96.666666666667px, (min-width: 992px) 76.666666666667px, (min-width: 768px) 50px, (min-width: 576px) 105px, calc( 50vw - 30px )\" aria-describedby=\"gallery-1-8579\" data-srcset=\"https:\/\/feuerwehr-kufstein.at\/wp-content\/uploads\/2022\/05\/IMG-20220511-WA0002-150x150.jpg 150w, https:\/\/feuerwehr-kufstein.at\/wp-content\/uploads\/2022\/05\/IMG-20220511-WA0002-510x510.jpg 510w\" src=\"data:image\/svg+xml;base64,PHN2ZyB3aWR0aD0iMSIgaGVpZ2h0PSIxIiB4bWxucz0iaHR0cDovL3d3dy53My5vcmcvMjAwMC9zdmciPjwvc3ZnPg==\" style=\"--smush-placeholder-width: 150px; --smush-placeholder-aspect-ratio: 150\/150;\" \/>\r\n                        <\/div>\r\n                              <figcaption class='wp-caption-text gallery-caption' id='gallery-1-8579'>\r\n                              Brand Kiefersfelden \r\n                              <\/figcaption><\/figure>\r\n                  <\/div>\n\n<p>&nbsp;<\/p>\n<p>.<\/p>\n","protected":false},"excerpt":{"rendered":"<p>Am Mittwoch, den 11. Mai 2022 wurde die STADTFEUERWEHR Kufstein von der Leistelle Tirol zu drei umfangreichen Eins\u00e4tzen alarmiert. Vormittags, um 10:33 Uhr wurde die STADTFEUERWEHR Kufstein unter dem Einsatzstichwort\u00a0&#8222;Person eingeklemmt Maschine&#8220; in den Gewerbepark Kufstein alarmiert. In einem Betrieb wurde eine 33-j\u00e4hrige Mitarbeiterin von einem Gabelstapler gegen ein Hochregal gedr\u00fcckt und eingeklemmt. Sie wurde [&hellip;]<\/p>\n","protected":false},"author":6,"featured_media":8585,"template":"","meta":{"einsatz_weight":3,"footnotes":""},"categories":[1],"tags":[102,103,97,88],"einsatzart":[26],"fahrzeug":[32,23,43,31,42],"exteinsatzmittel":[51,65,53,82],"alarmierungsart":[101,69,37],"evw_unit":[],"class_list":{"0":"post-8571","1":"einsatz","2":"type-einsatz","3":"status-publish","4":"has-post-thumbnail","6":"category-einsaetze","7":"tag-person-eingeklemmt","8":"tag-pkw-brand","9":"tag-unterstuetzungseinsatz","10":"tag-wohnungsbrand","11":"einsatzart-brandeinsatz","12":"fahrzeug-drehleiter","13":"fahrzeug-kommandofahrzeug","14":"fahrzeug-schweres-loeschfahrzeug","15":"fahrzeug-tankloeschfahrzeug","16":"fahrzeug-tankloeschfahrzeug-2","17":"exteinsatzmittel-bundespolizei","18":"exteinsatzmittel-ff-kiefersfelden","19":"exteinsatzmittel-notarzt","20":"exteinsatzmittel-rettungsdienst","21":"alarmierungsart-nachbarschaftshilfe","22":"alarmierungsart-pager","23":"alarmierungsart-sirenenalarmierung","24":"czr-hentry"},"_links":{"self":[{"href":"https:\/\/feuerwehr-kufstein.at\/index.php?rest_route=\/wp\/v2\/einsatz\/8571","targetHints":{"allow":["GET"]}}],"collection":[{"href":"https:\/\/feuerwehr-kufstein.at\/index.php?rest_route=\/wp\/v2\/einsatz"}],"about":[{"href":"https:\/\/feuerwehr-kufstein.at\/index.php?rest_route=\/wp\/v2\/types\/einsatz"}],"author":[{"embeddable":true,"href":"https:\/\/feuerwehr-kufstein.at\/index.php?rest_route=\/wp\/v2\/users\/6"}],"version-history":[{"count":0,"href":"https:\/\/feuerwehr-kufstein.at\/index.php?rest_route=\/wp\/v2\/einsatz\/8571\/revisions"}],"wp:featuredmedia":[{"embeddable":true,"href":"https:\/\/feuerwehr-kufstein.at\/index.php?rest_route=\/wp\/v2\/media\/8585"}],"wp:attachment":[{"href":"https:\/\/feuerwehr-kufstein.at\/index.php?rest_route=%2Fwp%2Fv2%2Fmedia&parent=8571"}],"wp:term":[{"taxonomy":"category","embeddable":true,"href":"https:\/\/feuerwehr-kufstein.at\/index.php?rest_route=%2Fwp%2Fv2%2Fcategories&post=8571"},{"taxonomy":"post_tag","embeddable":true,"href":"https:\/\/feuerwehr-kufstein.at\/index.php?rest_route=%2Fwp%2Fv2%2Ftags&post=8571"},{"taxonomy":"einsatzart","embeddable":true,"href":"https:\/\/feuerwehr-kufstein.at\/index.php?rest_route=%2Fwp%2Fv2%2Feinsatzart&post=8571"},{"taxonomy":"fahrzeug","embeddable":true,"href":"https:\/\/feuerwehr-kufstein.at\/index.php?rest_route=%2Fwp%2Fv2%2Ffahrzeug&post=8571"},{"taxonomy":"exteinsatzmittel","embeddable":true,"href":"https:\/\/feuerwehr-kufstein.at\/index.php?rest_route=%2Fwp%2Fv2%2Fexteinsatzmittel&post=8571"},{"taxonomy":"alarmierungsart","embeddable":true,"href":"https:\/\/feuerwehr-kufstein.at\/index.php?rest_route=%2Fwp%2Fv2%2Falarmierungsart&post=8571"},{"taxonomy":"evw_unit","embeddable":true,"href":"https:\/\/feuerwehr-kufstein.at\/index.php?rest_route=%2Fwp%2Fv2%2Fevw_unit&post=8571"}],"curies":[{"name":"wp","href":"https:\/\/api.w.org\/{rel}","templated":true}]}}