{"id":9317,"date":"2023-02-23T17:40:00","date_gmt":"2023-02-23T16:40:00","guid":{"rendered":"https:\/\/feuerwehr-kufstein.at\/?post_type=einsatz&#038;p=9317"},"modified":"2023-02-24T20:17:12","modified_gmt":"2023-02-24T19:17:12","slug":"kiefersfelden-wohnmobilbrand-in-lagerhalle","status":"publish","type":"einsatz","link":"https:\/\/feuerwehr-kufstein.at\/?einsatz=kiefersfelden-wohnmobilbrand-in-lagerhalle","title":{"rendered":"Kiefersfelden &#8211; Wohnmobilbrand in Lagerhalle"},"content":{"rendered":"<p>Am Abend des 23. Februars um<strong> 17:40 Uhr <\/strong>wurde die\u00a0<strong>STADTFEUERWEHR Kufstein\u00a0<\/strong>unter dem Einsatzstichwort<b> \u201cBrandgeschehen Kiefersfelden\u201d<\/b> in die Nachbargemeinde Kiefersfelden zur Unterst\u00fctzung alarmiert. Aus noch ungekl\u00e4rter Ursache brannte dort ein Wohnmobil, welches zur \u00dcberwinterung in einer Lagerhalle abgestellt war. Beim Eintreffen der ersten Einsatzkr\u00e4fte der FF Kiefersfelden stand das Wohnmobil, sowie das dar\u00fcber befindliche Dach der Halle, im Vollbrand. Der Brand konnte schnell von der FF Kiefersfelden unter Kontrolle gebracht werden, sodass das Tankl\u00f6schfahrzeug der <strong>STADTFEUERWEHR Kufstein <\/strong>nicht mehr ben\u00f6tigt wurde. Durch den Einsatz der Drehleiter Kufstein wurde mit Hilfe der Rettungss\u00e4ge das Dach aufgeschnitten und mittels W\u00e4rmebildkamera auf weitere Glutnester untersucht. Die noch brennenden Stellen konnten abgel\u00f6scht werden und nach einer weiteren Begutachtung des Daches, durch den Einsatzleiter Kilian Hager, konnte die Drehleiter Kufstein den Einsatzort verlassen und die Kameraden der <strong>STADTFEUERWEHR Kufstein<\/strong>\u00a0um 20:15 Uhr gesund in das Ger\u00e4tehaus zur\u00fcckkehren.<\/p>\n<p>Durch die Leitstelle Rosenheim zur Unterst\u00fctzung mit dem Einsatzstichwort<b> <\/b> &#8222;B4 Brand &#8220; mit alarmiert wurden: die FF M\u00fchlbach, FF Oberaudorf, FF Niederaudorf, sowie Raubling 23\/1 und der ELW des Landkreises Rosenheim. Die beiden letzteren wurden jedoch durch den Einsatzleiter wieder abbestellt.<\/p>\n<div id='gallery-1' class='czr-gallery row flex-row czr-gallery-style gallery galleryid-9317 gallery-columns-4 gallery-size-thumbnail'><figure class='gallery-item col col-auto'>\r\n                        <div class='gallery-icon landscape czr-gallery-icon'>\r\n                              <a data-lb-type=\"grouped-gallery\" href=https:\/\/feuerwehr-kufstein.at\/wp-content\/uploads\/2023\/02\/IMG-20230223-WA0009.jpg class=\"bg-link\"><\/a><img decoding=\"async\" width=\"150\" height=\"150\" data-src=\"https:\/\/feuerwehr-kufstein.at\/wp-content\/uploads\/2023\/02\/IMG-20230223-WA0009-150x150.jpg\" class=\"attachment-thumbnail size-thumbnail no-lazy lazyload\" alt=\"\" data-sizes=\"(min-width: 1200px) 255px, (min-width: 992px) 210px, (min-width: 768px) 150px, (min-width: 576px) 105px, calc( 50vw - 30px )\" data-srcset=\"https:\/\/feuerwehr-kufstein.at\/wp-content\/uploads\/2023\/02\/IMG-20230223-WA0009-150x150.jpg 150w, https:\/\/feuerwehr-kufstein.at\/wp-content\/uploads\/2023\/02\/IMG-20230223-WA0009-510x510.jpg 510w\" src=\"data:image\/svg+xml;base64,PHN2ZyB3aWR0aD0iMSIgaGVpZ2h0PSIxIiB4bWxucz0iaHR0cDovL3d3dy53My5vcmcvMjAwMC9zdmciPjwvc3ZnPg==\" style=\"--smush-placeholder-width: 150px; --smush-placeholder-aspect-ratio: 150\/150;\" \/>\r\n                        <\/div><\/figure><figure class='gallery-item col col-auto'>\r\n                        <div class='gallery-icon landscape czr-gallery-icon'>\r\n                              <a data-lb-type=\"grouped-gallery\" href=https:\/\/feuerwehr-kufstein.at\/wp-content\/uploads\/2023\/02\/IMG-20230223-WA0018.jpg class=\"bg-link\"><\/a><img decoding=\"async\" width=\"150\" height=\"150\" data-src=\"https:\/\/feuerwehr-kufstein.at\/wp-content\/uploads\/2023\/02\/IMG-20230223-WA0018-150x150.jpg\" class=\"attachment-thumbnail size-thumbnail no-lazy lazyload\" alt=\"\" data-sizes=\"(min-width: 1200px) 255px, (min-width: 992px) 210px, (min-width: 768px) 150px, (min-width: 576px) 105px, calc( 50vw - 30px )\" data-srcset=\"https:\/\/feuerwehr-kufstein.at\/wp-content\/uploads\/2023\/02\/IMG-20230223-WA0018-150x150.jpg 150w, https:\/\/feuerwehr-kufstein.at\/wp-content\/uploads\/2023\/02\/IMG-20230223-WA0018-510x510.jpg 510w\" src=\"data:image\/svg+xml;base64,PHN2ZyB3aWR0aD0iMSIgaGVpZ2h0PSIxIiB4bWxucz0iaHR0cDovL3d3dy53My5vcmcvMjAwMC9zdmciPjwvc3ZnPg==\" style=\"--smush-placeholder-width: 150px; --smush-placeholder-aspect-ratio: 150\/150;\" \/>\r\n                        <\/div><\/figure><figure class='gallery-item col col-auto'>\r\n                        <div class='gallery-icon portrait czr-gallery-icon'>\r\n                              <a data-lb-type=\"grouped-gallery\" href=https:\/\/feuerwehr-kufstein.at\/wp-content\/uploads\/2023\/02\/IMG-20230223-WA0002.jpg class=\"bg-link\"><\/a><img decoding=\"async\" width=\"150\" height=\"150\" data-src=\"https:\/\/feuerwehr-kufstein.at\/wp-content\/uploads\/2023\/02\/IMG-20230223-WA0002-150x150.jpg\" class=\"attachment-thumbnail size-thumbnail no-lazy lazyload\" alt=\"\" data-sizes=\"(min-width: 1200px) 255px, (min-width: 992px) 210px, (min-width: 768px) 150px, (min-width: 576px) 105px, calc( 50vw - 30px )\" data-srcset=\"https:\/\/feuerwehr-kufstein.at\/wp-content\/uploads\/2023\/02\/IMG-20230223-WA0002-150x150.jpg 150w, https:\/\/feuerwehr-kufstein.at\/wp-content\/uploads\/2023\/02\/IMG-20230223-WA0002-510x510.jpg 510w\" src=\"data:image\/svg+xml;base64,PHN2ZyB3aWR0aD0iMSIgaGVpZ2h0PSIxIiB4bWxucz0iaHR0cDovL3d3dy53My5vcmcvMjAwMC9zdmciPjwvc3ZnPg==\" style=\"--smush-placeholder-width: 150px; --smush-placeholder-aspect-ratio: 150\/150;\" \/>\r\n                        <\/div><\/figure><figure class='gallery-item col col-auto'>\r\n                        <div class='gallery-icon portrait czr-gallery-icon'>\r\n                              <a data-lb-type=\"grouped-gallery\" href=https:\/\/feuerwehr-kufstein.at\/wp-content\/uploads\/2023\/02\/IMG-20230223-WA0003.jpg class=\"bg-link\"><\/a><img decoding=\"async\" width=\"150\" height=\"150\" data-src=\"https:\/\/feuerwehr-kufstein.at\/wp-content\/uploads\/2023\/02\/IMG-20230223-WA0003-150x150.jpg\" class=\"attachment-thumbnail size-thumbnail no-lazy lazyload\" alt=\"\" data-sizes=\"(min-width: 1200px) 255px, (min-width: 992px) 210px, (min-width: 768px) 150px, (min-width: 576px) 105px, calc( 50vw - 30px )\" data-srcset=\"https:\/\/feuerwehr-kufstein.at\/wp-content\/uploads\/2023\/02\/IMG-20230223-WA0003-150x150.jpg 150w, https:\/\/feuerwehr-kufstein.at\/wp-content\/uploads\/2023\/02\/IMG-20230223-WA0003-510x510.jpg 510w\" src=\"data:image\/svg+xml;base64,PHN2ZyB3aWR0aD0iMSIgaGVpZ2h0PSIxIiB4bWxucz0iaHR0cDovL3d3dy53My5vcmcvMjAwMC9zdmciPjwvc3ZnPg==\" style=\"--smush-placeholder-width: 150px; --smush-placeholder-aspect-ratio: 150\/150;\" \/>\r\n                        <\/div><\/figure><figure class='gallery-item col col-auto'>\r\n                        <div class='gallery-icon landscape czr-gallery-icon'>\r\n                              <a data-lb-type=\"grouped-gallery\" href=https:\/\/feuerwehr-kufstein.at\/wp-content\/uploads\/2023\/02\/IMG-20230223-WA0023.jpg class=\"bg-link\"><\/a><img decoding=\"async\" width=\"150\" height=\"150\" data-src=\"https:\/\/feuerwehr-kufstein.at\/wp-content\/uploads\/2023\/02\/IMG-20230223-WA0023-150x150.jpg\" class=\"attachment-thumbnail size-thumbnail no-lazy lazyload\" alt=\"\" data-sizes=\"(min-width: 1200px) 255px, (min-width: 992px) 210px, (min-width: 768px) 150px, (min-width: 576px) 105px, calc( 50vw - 30px )\" data-srcset=\"https:\/\/feuerwehr-kufstein.at\/wp-content\/uploads\/2023\/02\/IMG-20230223-WA0023-150x150.jpg 150w, https:\/\/feuerwehr-kufstein.at\/wp-content\/uploads\/2023\/02\/IMG-20230223-WA0023-510x510.jpg 510w\" src=\"data:image\/svg+xml;base64,PHN2ZyB3aWR0aD0iMSIgaGVpZ2h0PSIxIiB4bWxucz0iaHR0cDovL3d3dy53My5vcmcvMjAwMC9zdmciPjwvc3ZnPg==\" style=\"--smush-placeholder-width: 150px; --smush-placeholder-aspect-ratio: 150\/150;\" \/>\r\n                        <\/div><\/figure><figure class='gallery-item col col-auto'>\r\n                        <div class='gallery-icon landscape czr-gallery-icon'>\r\n                              <a data-lb-type=\"grouped-gallery\" href=https:\/\/feuerwehr-kufstein.at\/wp-content\/uploads\/2023\/02\/IMG-20230223-WA0025.jpg class=\"bg-link\"><\/a><img decoding=\"async\" width=\"150\" height=\"150\" data-src=\"https:\/\/feuerwehr-kufstein.at\/wp-content\/uploads\/2023\/02\/IMG-20230223-WA0025-150x150.jpg\" class=\"attachment-thumbnail size-thumbnail no-lazy lazyload\" alt=\"\" data-sizes=\"(min-width: 1200px) 255px, (min-width: 992px) 210px, (min-width: 768px) 150px, (min-width: 576px) 105px, calc( 50vw - 30px )\" data-srcset=\"https:\/\/feuerwehr-kufstein.at\/wp-content\/uploads\/2023\/02\/IMG-20230223-WA0025-150x150.jpg 150w, https:\/\/feuerwehr-kufstein.at\/wp-content\/uploads\/2023\/02\/IMG-20230223-WA0025-510x510.jpg 510w\" src=\"data:image\/svg+xml;base64,PHN2ZyB3aWR0aD0iMSIgaGVpZ2h0PSIxIiB4bWxucz0iaHR0cDovL3d3dy53My5vcmcvMjAwMC9zdmciPjwvc3ZnPg==\" style=\"--smush-placeholder-width: 150px; --smush-placeholder-aspect-ratio: 150\/150;\" \/>\r\n                        <\/div><\/figure><figure class='gallery-item col col-auto'>\r\n                        <div class='gallery-icon landscape czr-gallery-icon'>\r\n                              <a data-lb-type=\"grouped-gallery\" href=https:\/\/feuerwehr-kufstein.at\/wp-content\/uploads\/2023\/02\/IMG-20230223-WA0027.jpg class=\"bg-link\"><\/a><img decoding=\"async\" width=\"150\" height=\"150\" data-src=\"https:\/\/feuerwehr-kufstein.at\/wp-content\/uploads\/2023\/02\/IMG-20230223-WA0027-150x150.jpg\" class=\"attachment-thumbnail size-thumbnail no-lazy lazyload\" alt=\"\" data-sizes=\"(min-width: 1200px) 255px, (min-width: 992px) 210px, (min-width: 768px) 150px, (min-width: 576px) 105px, calc( 50vw - 30px )\" data-srcset=\"https:\/\/feuerwehr-kufstein.at\/wp-content\/uploads\/2023\/02\/IMG-20230223-WA0027-150x150.jpg 150w, https:\/\/feuerwehr-kufstein.at\/wp-content\/uploads\/2023\/02\/IMG-20230223-WA0027-510x510.jpg 510w\" src=\"data:image\/svg+xml;base64,PHN2ZyB3aWR0aD0iMSIgaGVpZ2h0PSIxIiB4bWxucz0iaHR0cDovL3d3dy53My5vcmcvMjAwMC9zdmciPjwvc3ZnPg==\" style=\"--smush-placeholder-width: 150px; --smush-placeholder-aspect-ratio: 150\/150;\" \/>\r\n                        <\/div><\/figure><figure class='gallery-item col col-auto'>\r\n                        <div class='gallery-icon portrait czr-gallery-icon'>\r\n                              <a data-lb-type=\"grouped-gallery\" href=https:\/\/feuerwehr-kufstein.at\/wp-content\/uploads\/2023\/02\/IMG-20230223-WA0012.jpg class=\"bg-link\"><\/a><img decoding=\"async\" width=\"150\" height=\"150\" data-src=\"https:\/\/feuerwehr-kufstein.at\/wp-content\/uploads\/2023\/02\/IMG-20230223-WA0012-150x150.jpg\" class=\"attachment-thumbnail size-thumbnail no-lazy lazyload\" alt=\"\" data-sizes=\"(min-width: 1200px) 255px, (min-width: 992px) 210px, (min-width: 768px) 150px, (min-width: 576px) 105px, calc( 50vw - 30px )\" data-srcset=\"https:\/\/feuerwehr-kufstein.at\/wp-content\/uploads\/2023\/02\/IMG-20230223-WA0012-150x150.jpg 150w, https:\/\/feuerwehr-kufstein.at\/wp-content\/uploads\/2023\/02\/IMG-20230223-WA0012-510x510.jpg 510w\" src=\"data:image\/svg+xml;base64,PHN2ZyB3aWR0aD0iMSIgaGVpZ2h0PSIxIiB4bWxucz0iaHR0cDovL3d3dy53My5vcmcvMjAwMC9zdmciPjwvc3ZnPg==\" style=\"--smush-placeholder-width: 150px; --smush-placeholder-aspect-ratio: 150\/150;\" \/>\r\n                        <\/div><\/figure>\r\n                  <\/div>\n\n<p>&nbsp;<\/p>\n","protected":false},"excerpt":{"rendered":"<p>Am Abend des 23. Februars um 17:40 Uhr wurde die\u00a0STADTFEUERWEHR Kufstein\u00a0unter dem Einsatzstichwort \u201cBrandgeschehen Kiefersfelden\u201d in die Nachbargemeinde Kiefersfelden zur Unterst\u00fctzung alarmiert. Aus noch ungekl\u00e4rter Ursache brannte dort ein Wohnmobil, welches zur \u00dcberwinterung in einer Lagerhalle abgestellt war. Beim Eintreffen der ersten Einsatzkr\u00e4fte der FF Kiefersfelden stand das Wohnmobil, sowie das dar\u00fcber befindliche Dach der [&hellip;]<\/p>\n","protected":false},"author":6,"featured_media":9322,"template":"","meta":{"einsatz_weight":1,"footnotes":""},"categories":[1],"tags":[77,97],"einsatzart":[26],"fahrzeug":[32,23,42],"exteinsatzmittel":[65,104,119,118,105],"alarmierungsart":[101,69],"evw_unit":[],"class_list":{"0":"post-9317","1":"einsatz","2":"type-einsatz","3":"status-publish","4":"has-post-thumbnail","6":"category-einsaetze","7":"tag-brand","8":"tag-unterstuetzungseinsatz","9":"einsatzart-brandeinsatz","10":"fahrzeug-drehleiter","11":"fahrzeug-kommandofahrzeug","12":"fahrzeug-tankloeschfahrzeug-2","13":"exteinsatzmittel-ff-kiefersfelden","14":"exteinsatzmittel-ff-muehlbach","15":"exteinsatzmittel-ff-niederaudorf","16":"exteinsatzmittel-ff-oberaudorf","17":"exteinsatzmittel-bay-polizei","18":"alarmierungsart-nachbarschaftshilfe","19":"alarmierungsart-pager","20":"czr-hentry"},"_links":{"self":[{"href":"https:\/\/feuerwehr-kufstein.at\/index.php?rest_route=\/wp\/v2\/einsatz\/9317","targetHints":{"allow":["GET"]}}],"collection":[{"href":"https:\/\/feuerwehr-kufstein.at\/index.php?rest_route=\/wp\/v2\/einsatz"}],"about":[{"href":"https:\/\/feuerwehr-kufstein.at\/index.php?rest_route=\/wp\/v2\/types\/einsatz"}],"author":[{"embeddable":true,"href":"https:\/\/feuerwehr-kufstein.at\/index.php?rest_route=\/wp\/v2\/users\/6"}],"version-history":[{"count":0,"href":"https:\/\/feuerwehr-kufstein.at\/index.php?rest_route=\/wp\/v2\/einsatz\/9317\/revisions"}],"wp:featuredmedia":[{"embeddable":true,"href":"https:\/\/feuerwehr-kufstein.at\/index.php?rest_route=\/wp\/v2\/media\/9322"}],"wp:attachment":[{"href":"https:\/\/feuerwehr-kufstein.at\/index.php?rest_route=%2Fwp%2Fv2%2Fmedia&parent=9317"}],"wp:term":[{"taxonomy":"category","embeddable":true,"href":"https:\/\/feuerwehr-kufstein.at\/index.php?rest_route=%2Fwp%2Fv2%2Fcategories&post=9317"},{"taxonomy":"post_tag","embeddable":true,"href":"https:\/\/feuerwehr-kufstein.at\/index.php?rest_route=%2Fwp%2Fv2%2Ftags&post=9317"},{"taxonomy":"einsatzart","embeddable":true,"href":"https:\/\/feuerwehr-kufstein.at\/index.php?rest_route=%2Fwp%2Fv2%2Feinsatzart&post=9317"},{"taxonomy":"fahrzeug","embeddable":true,"href":"https:\/\/feuerwehr-kufstein.at\/index.php?rest_route=%2Fwp%2Fv2%2Ffahrzeug&post=9317"},{"taxonomy":"exteinsatzmittel","embeddable":true,"href":"https:\/\/feuerwehr-kufstein.at\/index.php?rest_route=%2Fwp%2Fv2%2Fexteinsatzmittel&post=9317"},{"taxonomy":"alarmierungsart","embeddable":true,"href":"https:\/\/feuerwehr-kufstein.at\/index.php?rest_route=%2Fwp%2Fv2%2Falarmierungsart&post=9317"},{"taxonomy":"evw_unit","embeddable":true,"href":"https:\/\/feuerwehr-kufstein.at\/index.php?rest_route=%2Fwp%2Fv2%2Fevw_unit&post=9317"}],"curies":[{"name":"wp","href":"https:\/\/api.w.org\/{rel}","templated":true}]}}