{"id":9507,"date":"2023-05-16T18:41:00","date_gmt":"2023-05-16T17:41:00","guid":{"rendered":"https:\/\/feuerwehr-kufstein.at\/?post_type=einsatz&#038;p=9507"},"modified":"2023-05-20T18:52:40","modified_gmt":"2023-05-20T17:52:40","slug":"fahrzeug-in-gewaesser-kirchbichl","status":"publish","type":"einsatz","link":"https:\/\/feuerwehr-kufstein.at\/?einsatz=fahrzeug-in-gewaesser-kirchbichl","title":{"rendered":"Fahrzeug in Gew\u00e4sser &#8211; Kirchbichl"},"content":{"rendered":"<p>Die\u00a0<strong>STADTFEUERWEHR Kufstein<\/strong> wurde am Dienstag, den 16.05.2023, um 18:41 Uhr zu einem Verkehrsunfall (PKW im Wasser) in Kirchbichl (Inn) zur Unterst\u00fctzung mit der Taucherstaffel,\u00a0 sowie dem Feuerwehrboot alarmiert.\u00a0 Die Meldung der Leitstelle war, dass nach einem Verkehrsunfall ein PKW im Inn treiben w\u00fcrde. Nach intensiver Suche, an der von Zeugen gemeldeten Stelle, konnte ein Fahrzeug von den Einsatzkr\u00e4ften lokalisiert werden. Auf Grund der starken Regenf\u00e4llen der letzten Tage war die Str\u00f6mung des Inn\u00b4s sehr stark und eine sofortige Bergung gestaltete sich schwierig. Zur Verringerung der Str\u00f6mung wurde die Staustufe des Inn langsam wieder geschlossen. Der PKW konnte somit gegen 20:30 Uhr von den Einsatzkr\u00e4ften erreicht und herausgezogen werden.\u00a0 Die <strong>STADTFEUERWEHR Kufstein\u00a0<\/strong>konnte die Einsatzstelle um 20:50 Uhr verlassen und gesund ins Ger\u00e4tehaus einr\u00fccken. Im Einsatz standen 25 Mann der <strong>STADTFEUERWEHR Kufstein<\/strong> mit 5 Fahrzeugen und einem Boot.<\/p>\n<p>Weitere Einsatzkr\u00e4fte waren: FF Kirchbichl, FF Angath, FF W\u00f6rgl, FF Oberlangkampfen, BF Innsbruck (Taucher), die Besatzungen des Notarzthubschraubers und der \u201eLibelle\u201c sowie drei Polizeistreifen<\/p>\n<p>Leider befand sich noch eine Person im Auto. Bei dem Toten handelt es sich um den seit 23.10.2021 vermissten Kirchbichler (damals 79-J\u00e4hrigen).<\/p>\n<p>&nbsp;<\/p>\n<div id='gallery-1' class='czr-gallery row flex-row czr-gallery-style gallery galleryid-9507 gallery-columns-4 gallery-size-thumbnail'><figure class='gallery-item col col-auto'>\r\n                        <div class='gallery-icon portrait czr-gallery-icon'>\r\n                              <a data-lb-type=\"grouped-gallery\" href=https:\/\/feuerwehr-kufstein.at\/wp-content\/uploads\/2023\/05\/IMG-20230520-WA0000.jpg class=\"bg-link\"><\/a><img decoding=\"async\" width=\"150\" height=\"150\" data-src=\"https:\/\/feuerwehr-kufstein.at\/wp-content\/uploads\/2023\/05\/IMG-20230520-WA0000-150x150.jpg\" class=\"attachment-thumbnail size-thumbnail no-lazy lazyload\" alt=\"\" data-sizes=\"(min-width: 1200px) 255px, (min-width: 992px) 210px, (min-width: 768px) 150px, (min-width: 576px) 105px, calc( 50vw - 30px )\" data-srcset=\"https:\/\/feuerwehr-kufstein.at\/wp-content\/uploads\/2023\/05\/IMG-20230520-WA0000-150x150.jpg 150w, https:\/\/feuerwehr-kufstein.at\/wp-content\/uploads\/2023\/05\/IMG-20230520-WA0000-510x510.jpg 510w\" src=\"data:image\/svg+xml;base64,PHN2ZyB3aWR0aD0iMSIgaGVpZ2h0PSIxIiB4bWxucz0iaHR0cDovL3d3dy53My5vcmcvMjAwMC9zdmciPjwvc3ZnPg==\" style=\"--smush-placeholder-width: 150px; --smush-placeholder-aspect-ratio: 150\/150;\" \/>\r\n                        <\/div><\/figure><figure class='gallery-item col col-auto'>\r\n                        <div class='gallery-icon portrait czr-gallery-icon'>\r\n                              <a data-lb-type=\"grouped-gallery\" href=https:\/\/feuerwehr-kufstein.at\/wp-content\/uploads\/2023\/05\/IMG-20230520-WA0001.jpg class=\"bg-link\"><\/a><img decoding=\"async\" width=\"150\" height=\"150\" data-src=\"https:\/\/feuerwehr-kufstein.at\/wp-content\/uploads\/2023\/05\/IMG-20230520-WA0001-150x150.jpg\" class=\"attachment-thumbnail size-thumbnail no-lazy lazyload\" alt=\"\" data-sizes=\"(min-width: 1200px) 255px, (min-width: 992px) 210px, (min-width: 768px) 150px, (min-width: 576px) 105px, calc( 50vw - 30px )\" data-srcset=\"https:\/\/feuerwehr-kufstein.at\/wp-content\/uploads\/2023\/05\/IMG-20230520-WA0001-150x150.jpg 150w, https:\/\/feuerwehr-kufstein.at\/wp-content\/uploads\/2023\/05\/IMG-20230520-WA0001-510x510.jpg 510w\" src=\"data:image\/svg+xml;base64,PHN2ZyB3aWR0aD0iMSIgaGVpZ2h0PSIxIiB4bWxucz0iaHR0cDovL3d3dy53My5vcmcvMjAwMC9zdmciPjwvc3ZnPg==\" style=\"--smush-placeholder-width: 150px; --smush-placeholder-aspect-ratio: 150\/150;\" \/>\r\n                        <\/div><\/figure><figure class='gallery-item col col-auto'>\r\n                        <div class='gallery-icon landscape czr-gallery-icon'>\r\n                              <a data-lb-type=\"grouped-gallery\" href=https:\/\/feuerwehr-kufstein.at\/wp-content\/uploads\/2023\/05\/IMG-20230520-WA0002.jpg class=\"bg-link\"><\/a><img decoding=\"async\" width=\"150\" height=\"150\" data-src=\"https:\/\/feuerwehr-kufstein.at\/wp-content\/uploads\/2023\/05\/IMG-20230520-WA0002-150x150.jpg\" class=\"attachment-thumbnail size-thumbnail no-lazy lazyload\" alt=\"\" data-sizes=\"(min-width: 1200px) 255px, (min-width: 992px) 210px, (min-width: 768px) 150px, (min-width: 576px) 105px, calc( 50vw - 30px )\" data-srcset=\"https:\/\/feuerwehr-kufstein.at\/wp-content\/uploads\/2023\/05\/IMG-20230520-WA0002-150x150.jpg 150w, https:\/\/feuerwehr-kufstein.at\/wp-content\/uploads\/2023\/05\/IMG-20230520-WA0002-510x510.jpg 510w\" src=\"data:image\/svg+xml;base64,PHN2ZyB3aWR0aD0iMSIgaGVpZ2h0PSIxIiB4bWxucz0iaHR0cDovL3d3dy53My5vcmcvMjAwMC9zdmciPjwvc3ZnPg==\" style=\"--smush-placeholder-width: 150px; --smush-placeholder-aspect-ratio: 150\/150;\" \/>\r\n                        <\/div><\/figure><figure class='gallery-item col col-auto'>\r\n                        <div class='gallery-icon landscape czr-gallery-icon'>\r\n                              <a data-lb-type=\"grouped-gallery\" href=https:\/\/feuerwehr-kufstein.at\/wp-content\/uploads\/2023\/05\/IMG-20230520-WA0003.jpg class=\"bg-link\"><\/a><img decoding=\"async\" width=\"150\" height=\"150\" data-src=\"https:\/\/feuerwehr-kufstein.at\/wp-content\/uploads\/2023\/05\/IMG-20230520-WA0003-150x150.jpg\" class=\"attachment-thumbnail size-thumbnail no-lazy lazyload\" alt=\"\" data-sizes=\"(min-width: 1200px) 255px, (min-width: 992px) 210px, (min-width: 768px) 150px, (min-width: 576px) 105px, calc( 50vw - 30px )\" data-srcset=\"https:\/\/feuerwehr-kufstein.at\/wp-content\/uploads\/2023\/05\/IMG-20230520-WA0003-150x150.jpg 150w, https:\/\/feuerwehr-kufstein.at\/wp-content\/uploads\/2023\/05\/IMG-20230520-WA0003-510x510.jpg 510w\" src=\"data:image\/svg+xml;base64,PHN2ZyB3aWR0aD0iMSIgaGVpZ2h0PSIxIiB4bWxucz0iaHR0cDovL3d3dy53My5vcmcvMjAwMC9zdmciPjwvc3ZnPg==\" style=\"--smush-placeholder-width: 150px; --smush-placeholder-aspect-ratio: 150\/150;\" \/>\r\n                        <\/div><\/figure><figure class='gallery-item col col-auto'>\r\n                        <div class='gallery-icon portrait czr-gallery-icon'>\r\n                              <a data-lb-type=\"grouped-gallery\" href=https:\/\/feuerwehr-kufstein.at\/wp-content\/uploads\/2023\/05\/IMG-20230520-WA0004.jpg class=\"bg-link\"><\/a><img decoding=\"async\" width=\"150\" height=\"150\" data-src=\"https:\/\/feuerwehr-kufstein.at\/wp-content\/uploads\/2023\/05\/IMG-20230520-WA0004-150x150.jpg\" class=\"attachment-thumbnail size-thumbnail no-lazy lazyload\" alt=\"\" data-sizes=\"(min-width: 1200px) 255px, (min-width: 992px) 210px, (min-width: 768px) 150px, (min-width: 576px) 105px, calc( 50vw - 30px )\" data-srcset=\"https:\/\/feuerwehr-kufstein.at\/wp-content\/uploads\/2023\/05\/IMG-20230520-WA0004-150x150.jpg 150w, https:\/\/feuerwehr-kufstein.at\/wp-content\/uploads\/2023\/05\/IMG-20230520-WA0004-510x510.jpg 510w\" src=\"data:image\/svg+xml;base64,PHN2ZyB3aWR0aD0iMSIgaGVpZ2h0PSIxIiB4bWxucz0iaHR0cDovL3d3dy53My5vcmcvMjAwMC9zdmciPjwvc3ZnPg==\" style=\"--smush-placeholder-width: 150px; --smush-placeholder-aspect-ratio: 150\/150;\" \/>\r\n                        <\/div><\/figure><figure class='gallery-item col col-auto'>\r\n                        <div class='gallery-icon portrait czr-gallery-icon'>\r\n                              <a data-lb-type=\"grouped-gallery\" href=https:\/\/feuerwehr-kufstein.at\/wp-content\/uploads\/2023\/05\/IMG-20230520-WA0005.jpg class=\"bg-link\"><\/a><img decoding=\"async\" width=\"150\" height=\"150\" data-src=\"https:\/\/feuerwehr-kufstein.at\/wp-content\/uploads\/2023\/05\/IMG-20230520-WA0005-150x150.jpg\" class=\"attachment-thumbnail size-thumbnail no-lazy lazyload\" alt=\"\" data-sizes=\"(min-width: 1200px) 255px, (min-width: 992px) 210px, (min-width: 768px) 150px, (min-width: 576px) 105px, calc( 50vw - 30px )\" data-srcset=\"https:\/\/feuerwehr-kufstein.at\/wp-content\/uploads\/2023\/05\/IMG-20230520-WA0005-150x150.jpg 150w, https:\/\/feuerwehr-kufstein.at\/wp-content\/uploads\/2023\/05\/IMG-20230520-WA0005-510x510.jpg 510w\" src=\"data:image\/svg+xml;base64,PHN2ZyB3aWR0aD0iMSIgaGVpZ2h0PSIxIiB4bWxucz0iaHR0cDovL3d3dy53My5vcmcvMjAwMC9zdmciPjwvc3ZnPg==\" style=\"--smush-placeholder-width: 150px; --smush-placeholder-aspect-ratio: 150\/150;\" \/>\r\n                        <\/div><\/figure><figure class='gallery-item col col-auto'>\r\n                        <div class='gallery-icon landscape czr-gallery-icon'>\r\n                              <a data-lb-type=\"grouped-gallery\" href=https:\/\/feuerwehr-kufstein.at\/wp-content\/uploads\/2023\/05\/IMG-20230520-WA0006.jpg class=\"bg-link\"><\/a><img decoding=\"async\" width=\"150\" height=\"150\" data-src=\"https:\/\/feuerwehr-kufstein.at\/wp-content\/uploads\/2023\/05\/IMG-20230520-WA0006-150x150.jpg\" class=\"attachment-thumbnail size-thumbnail no-lazy lazyload\" alt=\"\" data-sizes=\"(min-width: 1200px) 255px, (min-width: 992px) 210px, (min-width: 768px) 150px, (min-width: 576px) 105px, calc( 50vw - 30px )\" data-srcset=\"https:\/\/feuerwehr-kufstein.at\/wp-content\/uploads\/2023\/05\/IMG-20230520-WA0006-150x150.jpg 150w, https:\/\/feuerwehr-kufstein.at\/wp-content\/uploads\/2023\/05\/IMG-20230520-WA0006-510x510.jpg 510w\" src=\"data:image\/svg+xml;base64,PHN2ZyB3aWR0aD0iMSIgaGVpZ2h0PSIxIiB4bWxucz0iaHR0cDovL3d3dy53My5vcmcvMjAwMC9zdmciPjwvc3ZnPg==\" style=\"--smush-placeholder-width: 150px; --smush-placeholder-aspect-ratio: 150\/150;\" \/>\r\n                        <\/div><\/figure><figure class='gallery-item col col-auto'>\r\n                        <div class='gallery-icon landscape czr-gallery-icon'>\r\n                              <a data-lb-type=\"grouped-gallery\" href=https:\/\/feuerwehr-kufstein.at\/wp-content\/uploads\/2023\/05\/IMG-20230520-WA0007.jpg class=\"bg-link\"><\/a><img decoding=\"async\" width=\"150\" height=\"150\" data-src=\"https:\/\/feuerwehr-kufstein.at\/wp-content\/uploads\/2023\/05\/IMG-20230520-WA0007-150x150.jpg\" class=\"attachment-thumbnail size-thumbnail no-lazy lazyload\" alt=\"\" data-sizes=\"(min-width: 1200px) 255px, (min-width: 992px) 210px, (min-width: 768px) 150px, (min-width: 576px) 105px, calc( 50vw - 30px )\" data-srcset=\"https:\/\/feuerwehr-kufstein.at\/wp-content\/uploads\/2023\/05\/IMG-20230520-WA0007-150x150.jpg 150w, https:\/\/feuerwehr-kufstein.at\/wp-content\/uploads\/2023\/05\/IMG-20230520-WA0007-510x510.jpg 510w\" src=\"data:image\/svg+xml;base64,PHN2ZyB3aWR0aD0iMSIgaGVpZ2h0PSIxIiB4bWxucz0iaHR0cDovL3d3dy53My5vcmcvMjAwMC9zdmciPjwvc3ZnPg==\" style=\"--smush-placeholder-width: 150px; --smush-placeholder-aspect-ratio: 150\/150;\" \/>\r\n                        <\/div><\/figure><figure class='gallery-item col col-auto'>\r\n                        <div class='gallery-icon landscape czr-gallery-icon'>\r\n                              <a data-lb-type=\"grouped-gallery\" href=https:\/\/feuerwehr-kufstein.at\/wp-content\/uploads\/2023\/05\/IMG-20230520-WA0008.jpg class=\"bg-link\"><\/a><img decoding=\"async\" width=\"150\" height=\"150\" data-src=\"https:\/\/feuerwehr-kufstein.at\/wp-content\/uploads\/2023\/05\/IMG-20230520-WA0008-150x150.jpg\" class=\"attachment-thumbnail size-thumbnail no-lazy lazyload\" alt=\"\" data-sizes=\"(min-width: 1200px) 255px, (min-width: 992px) 210px, (min-width: 768px) 150px, (min-width: 576px) 105px, calc( 50vw - 30px )\" data-srcset=\"https:\/\/feuerwehr-kufstein.at\/wp-content\/uploads\/2023\/05\/IMG-20230520-WA0008-150x150.jpg 150w, https:\/\/feuerwehr-kufstein.at\/wp-content\/uploads\/2023\/05\/IMG-20230520-WA0008-510x510.jpg 510w\" src=\"data:image\/svg+xml;base64,PHN2ZyB3aWR0aD0iMSIgaGVpZ2h0PSIxIiB4bWxucz0iaHR0cDovL3d3dy53My5vcmcvMjAwMC9zdmciPjwvc3ZnPg==\" style=\"--smush-placeholder-width: 150px; --smush-placeholder-aspect-ratio: 150\/150;\" \/>\r\n                        <\/div><\/figure><figure class='gallery-item col col-auto'>\r\n                        <div class='gallery-icon landscape czr-gallery-icon'>\r\n                              <a data-lb-type=\"grouped-gallery\" href=https:\/\/feuerwehr-kufstein.at\/wp-content\/uploads\/2023\/05\/IMG-20230520-WA0009.jpg class=\"bg-link\"><\/a><img decoding=\"async\" width=\"150\" height=\"150\" data-src=\"https:\/\/feuerwehr-kufstein.at\/wp-content\/uploads\/2023\/05\/IMG-20230520-WA0009-150x150.jpg\" class=\"attachment-thumbnail size-thumbnail no-lazy lazyload\" alt=\"\" data-sizes=\"(min-width: 1200px) 255px, (min-width: 992px) 210px, (min-width: 768px) 150px, (min-width: 576px) 105px, calc( 50vw - 30px )\" data-srcset=\"https:\/\/feuerwehr-kufstein.at\/wp-content\/uploads\/2023\/05\/IMG-20230520-WA0009-150x150.jpg 150w, https:\/\/feuerwehr-kufstein.at\/wp-content\/uploads\/2023\/05\/IMG-20230520-WA0009-510x510.jpg 510w\" src=\"data:image\/svg+xml;base64,PHN2ZyB3aWR0aD0iMSIgaGVpZ2h0PSIxIiB4bWxucz0iaHR0cDovL3d3dy53My5vcmcvMjAwMC9zdmciPjwvc3ZnPg==\" style=\"--smush-placeholder-width: 150px; --smush-placeholder-aspect-ratio: 150\/150;\" \/>\r\n                        <\/div><\/figure><figure class='gallery-item col col-auto'>\r\n                        <div class='gallery-icon landscape czr-gallery-icon'>\r\n                              <a data-lb-type=\"grouped-gallery\" href=https:\/\/feuerwehr-kufstein.at\/wp-content\/uploads\/2023\/05\/IMG-20230520-WA0010.jpg class=\"bg-link\"><\/a><img decoding=\"async\" width=\"150\" height=\"150\" data-src=\"https:\/\/feuerwehr-kufstein.at\/wp-content\/uploads\/2023\/05\/IMG-20230520-WA0010-150x150.jpg\" class=\"attachment-thumbnail size-thumbnail no-lazy lazyload\" alt=\"\" data-sizes=\"(min-width: 1200px) 255px, (min-width: 992px) 210px, (min-width: 768px) 150px, (min-width: 576px) 105px, calc( 50vw - 30px )\" data-srcset=\"https:\/\/feuerwehr-kufstein.at\/wp-content\/uploads\/2023\/05\/IMG-20230520-WA0010-150x150.jpg 150w, https:\/\/feuerwehr-kufstein.at\/wp-content\/uploads\/2023\/05\/IMG-20230520-WA0010-510x510.jpg 510w\" src=\"data:image\/svg+xml;base64,PHN2ZyB3aWR0aD0iMSIgaGVpZ2h0PSIxIiB4bWxucz0iaHR0cDovL3d3dy53My5vcmcvMjAwMC9zdmciPjwvc3ZnPg==\" style=\"--smush-placeholder-width: 150px; --smush-placeholder-aspect-ratio: 150\/150;\" \/>\r\n                        <\/div><\/figure><figure class='gallery-item col col-auto'>\r\n                        <div class='gallery-icon portrait czr-gallery-icon'>\r\n                              <a data-lb-type=\"grouped-gallery\" href=https:\/\/feuerwehr-kufstein.at\/wp-content\/uploads\/2023\/05\/IMG-20230520-WA0011.jpg class=\"bg-link\"><\/a><img decoding=\"async\" width=\"150\" height=\"150\" data-src=\"https:\/\/feuerwehr-kufstein.at\/wp-content\/uploads\/2023\/05\/IMG-20230520-WA0011-150x150.jpg\" class=\"attachment-thumbnail size-thumbnail no-lazy lazyload\" alt=\"\" data-sizes=\"(min-width: 1200px) 255px, (min-width: 992px) 210px, (min-width: 768px) 150px, (min-width: 576px) 105px, calc( 50vw - 30px )\" data-srcset=\"https:\/\/feuerwehr-kufstein.at\/wp-content\/uploads\/2023\/05\/IMG-20230520-WA0011-150x150.jpg 150w, https:\/\/feuerwehr-kufstein.at\/wp-content\/uploads\/2023\/05\/IMG-20230520-WA0011-510x510.jpg 510w\" src=\"data:image\/svg+xml;base64,PHN2ZyB3aWR0aD0iMSIgaGVpZ2h0PSIxIiB4bWxucz0iaHR0cDovL3d3dy53My5vcmcvMjAwMC9zdmciPjwvc3ZnPg==\" style=\"--smush-placeholder-width: 150px; --smush-placeholder-aspect-ratio: 150\/150;\" \/>\r\n                        <\/div><\/figure><figure class='gallery-item col col-auto'>\r\n                        <div class='gallery-icon portrait czr-gallery-icon'>\r\n                              <a data-lb-type=\"grouped-gallery\" href=https:\/\/feuerwehr-kufstein.at\/wp-content\/uploads\/2023\/05\/IMG-20230520-WA0012.jpg class=\"bg-link\"><\/a><img decoding=\"async\" width=\"150\" height=\"150\" data-src=\"https:\/\/feuerwehr-kufstein.at\/wp-content\/uploads\/2023\/05\/IMG-20230520-WA0012-150x150.jpg\" class=\"attachment-thumbnail size-thumbnail no-lazy lazyload\" alt=\"\" data-sizes=\"(min-width: 1200px) 255px, (min-width: 992px) 210px, (min-width: 768px) 150px, (min-width: 576px) 105px, calc( 50vw - 30px )\" data-srcset=\"https:\/\/feuerwehr-kufstein.at\/wp-content\/uploads\/2023\/05\/IMG-20230520-WA0012-150x150.jpg 150w, https:\/\/feuerwehr-kufstein.at\/wp-content\/uploads\/2023\/05\/IMG-20230520-WA0012-510x510.jpg 510w\" src=\"data:image\/svg+xml;base64,PHN2ZyB3aWR0aD0iMSIgaGVpZ2h0PSIxIiB4bWxucz0iaHR0cDovL3d3dy53My5vcmcvMjAwMC9zdmciPjwvc3ZnPg==\" style=\"--smush-placeholder-width: 150px; --smush-placeholder-aspect-ratio: 150\/150;\" \/>\r\n                        <\/div><\/figure><figure class='gallery-item col col-auto'>\r\n                        <div class='gallery-icon portrait czr-gallery-icon'>\r\n                              <a data-lb-type=\"grouped-gallery\" href=https:\/\/feuerwehr-kufstein.at\/wp-content\/uploads\/2023\/05\/IMG-20230520-WA0013.jpg class=\"bg-link\"><\/a><img decoding=\"async\" width=\"150\" height=\"150\" data-src=\"https:\/\/feuerwehr-kufstein.at\/wp-content\/uploads\/2023\/05\/IMG-20230520-WA0013-150x150.jpg\" class=\"attachment-thumbnail size-thumbnail no-lazy lazyload\" alt=\"\" data-sizes=\"(min-width: 1200px) 255px, (min-width: 992px) 210px, (min-width: 768px) 150px, (min-width: 576px) 105px, calc( 50vw - 30px )\" data-srcset=\"https:\/\/feuerwehr-kufstein.at\/wp-content\/uploads\/2023\/05\/IMG-20230520-WA0013-150x150.jpg 150w, https:\/\/feuerwehr-kufstein.at\/wp-content\/uploads\/2023\/05\/IMG-20230520-WA0013-510x510.jpg 510w\" src=\"data:image\/svg+xml;base64,PHN2ZyB3aWR0aD0iMSIgaGVpZ2h0PSIxIiB4bWxucz0iaHR0cDovL3d3dy53My5vcmcvMjAwMC9zdmciPjwvc3ZnPg==\" style=\"--smush-placeholder-width: 150px; --smush-placeholder-aspect-ratio: 150\/150;\" \/>\r\n                        <\/div><\/figure><figure class='gallery-item col col-auto'>\r\n                        <div class='gallery-icon portrait czr-gallery-icon'>\r\n                              <a data-lb-type=\"grouped-gallery\" href=https:\/\/feuerwehr-kufstein.at\/wp-content\/uploads\/2023\/05\/IMG-20230520-WA0014.jpg class=\"bg-link\"><\/a><img decoding=\"async\" width=\"150\" height=\"150\" data-src=\"https:\/\/feuerwehr-kufstein.at\/wp-content\/uploads\/2023\/05\/IMG-20230520-WA0014-150x150.jpg\" class=\"attachment-thumbnail size-thumbnail no-lazy lazyload\" alt=\"\" data-sizes=\"(min-width: 1200px) 255px, (min-width: 992px) 210px, (min-width: 768px) 150px, (min-width: 576px) 105px, calc( 50vw - 30px )\" data-srcset=\"https:\/\/feuerwehr-kufstein.at\/wp-content\/uploads\/2023\/05\/IMG-20230520-WA0014-150x150.jpg 150w, https:\/\/feuerwehr-kufstein.at\/wp-content\/uploads\/2023\/05\/IMG-20230520-WA0014-510x510.jpg 510w\" src=\"data:image\/svg+xml;base64,PHN2ZyB3aWR0aD0iMSIgaGVpZ2h0PSIxIiB4bWxucz0iaHR0cDovL3d3dy53My5vcmcvMjAwMC9zdmciPjwvc3ZnPg==\" style=\"--smush-placeholder-width: 150px; --smush-placeholder-aspect-ratio: 150\/150;\" \/>\r\n                        <\/div><\/figure><figure class='gallery-item col col-auto'>\r\n                        <div class='gallery-icon portrait czr-gallery-icon'>\r\n                              <a data-lb-type=\"grouped-gallery\" href=https:\/\/feuerwehr-kufstein.at\/wp-content\/uploads\/2023\/05\/IMG-20230520-WA0016.jpg class=\"bg-link\"><\/a><img decoding=\"async\" width=\"150\" height=\"150\" data-src=\"https:\/\/feuerwehr-kufstein.at\/wp-content\/uploads\/2023\/05\/IMG-20230520-WA0016-150x150.jpg\" class=\"attachment-thumbnail size-thumbnail no-lazy lazyload\" alt=\"\" data-sizes=\"(min-width: 1200px) 255px, (min-width: 992px) 210px, (min-width: 768px) 150px, (min-width: 576px) 105px, calc( 50vw - 30px )\" data-srcset=\"https:\/\/feuerwehr-kufstein.at\/wp-content\/uploads\/2023\/05\/IMG-20230520-WA0016-150x150.jpg 150w, https:\/\/feuerwehr-kufstein.at\/wp-content\/uploads\/2023\/05\/IMG-20230520-WA0016-510x510.jpg 510w\" src=\"data:image\/svg+xml;base64,PHN2ZyB3aWR0aD0iMSIgaGVpZ2h0PSIxIiB4bWxucz0iaHR0cDovL3d3dy53My5vcmcvMjAwMC9zdmciPjwvc3ZnPg==\" style=\"--smush-placeholder-width: 150px; --smush-placeholder-aspect-ratio: 150\/150;\" \/>\r\n                        <\/div><\/figure>\r\n                  <\/div>\n\n","protected":false},"excerpt":{"rendered":"<p>Die\u00a0STADTFEUERWEHR Kufstein wurde am Dienstag, den 16.05.2023, um 18:41 Uhr zu einem Verkehrsunfall (PKW im Wasser) in Kirchbichl (Inn) zur Unterst\u00fctzung mit der Taucherstaffel,\u00a0 sowie dem Feuerwehrboot alarmiert.\u00a0 Die Meldung der Leitstelle war, dass nach einem Verkehrsunfall ein PKW im Inn treiben w\u00fcrde. Nach intensiver Suche, an der von Zeugen gemeldeten Stelle, konnte ein Fahrzeug [&hellip;]<\/p>\n","protected":false},"author":6,"featured_media":9515,"template":"","meta":{"einsatz_weight":1,"footnotes":""},"categories":[1],"tags":[121,122],"einsatzart":[28],"fahrzeug":[49,23,54,66,67,44],"exteinsatzmittel":[92,124,123,100,60,38],"alarmierungsart":[69],"evw_unit":[],"class_list":{"0":"post-9507","1":"einsatz","2":"type-einsatz","3":"status-publish","4":"has-post-thumbnail","6":"category-einsaetze","7":"tag-gewaesser","8":"tag-inn","9":"einsatzart-wassereinsatz","10":"fahrzeug-boot-2-schlauchboot","11":"fahrzeug-kommandofahrzeug","12":"fahrzeug-last2","13":"fahrzeug-mtf-1","14":"fahrzeug-mtf-2","15":"fahrzeug-schweres-ruestfahrzeug","16":"exteinsatzmittel-bf-innsbruck","17":"exteinsatzmittel-ff-angath","18":"exteinsatzmittel-ff-kirchbichl","19":"exteinsatzmittel-ff-oberlangkampfen","20":"exteinsatzmittel-ff-woergl","21":"exteinsatzmittel-wasserrettung","22":"alarmierungsart-pager","23":"czr-hentry"},"_links":{"self":[{"href":"https:\/\/feuerwehr-kufstein.at\/index.php?rest_route=\/wp\/v2\/einsatz\/9507","targetHints":{"allow":["GET"]}}],"collection":[{"href":"https:\/\/feuerwehr-kufstein.at\/index.php?rest_route=\/wp\/v2\/einsatz"}],"about":[{"href":"https:\/\/feuerwehr-kufstein.at\/index.php?rest_route=\/wp\/v2\/types\/einsatz"}],"author":[{"embeddable":true,"href":"https:\/\/feuerwehr-kufstein.at\/index.php?rest_route=\/wp\/v2\/users\/6"}],"version-history":[{"count":0,"href":"https:\/\/feuerwehr-kufstein.at\/index.php?rest_route=\/wp\/v2\/einsatz\/9507\/revisions"}],"wp:featuredmedia":[{"embeddable":true,"href":"https:\/\/feuerwehr-kufstein.at\/index.php?rest_route=\/wp\/v2\/media\/9515"}],"wp:attachment":[{"href":"https:\/\/feuerwehr-kufstein.at\/index.php?rest_route=%2Fwp%2Fv2%2Fmedia&parent=9507"}],"wp:term":[{"taxonomy":"category","embeddable":true,"href":"https:\/\/feuerwehr-kufstein.at\/index.php?rest_route=%2Fwp%2Fv2%2Fcategories&post=9507"},{"taxonomy":"post_tag","embeddable":true,"href":"https:\/\/feuerwehr-kufstein.at\/index.php?rest_route=%2Fwp%2Fv2%2Ftags&post=9507"},{"taxonomy":"einsatzart","embeddable":true,"href":"https:\/\/feuerwehr-kufstein.at\/index.php?rest_route=%2Fwp%2Fv2%2Feinsatzart&post=9507"},{"taxonomy":"fahrzeug","embeddable":true,"href":"https:\/\/feuerwehr-kufstein.at\/index.php?rest_route=%2Fwp%2Fv2%2Ffahrzeug&post=9507"},{"taxonomy":"exteinsatzmittel","embeddable":true,"href":"https:\/\/feuerwehr-kufstein.at\/index.php?rest_route=%2Fwp%2Fv2%2Fexteinsatzmittel&post=9507"},{"taxonomy":"alarmierungsart","embeddable":true,"href":"https:\/\/feuerwehr-kufstein.at\/index.php?rest_route=%2Fwp%2Fv2%2Falarmierungsart&post=9507"},{"taxonomy":"evw_unit","embeddable":true,"href":"https:\/\/feuerwehr-kufstein.at\/index.php?rest_route=%2Fwp%2Fv2%2Fevw_unit&post=9507"}],"curies":[{"name":"wp","href":"https:\/\/api.w.org\/{rel}","templated":true}]}}