{"id":9841,"date":"2023-07-01T18:26:00","date_gmt":"2023-07-01T17:26:00","guid":{"rendered":"https:\/\/feuerwehr-kufstein.at\/?post_type=einsatz&#038;p=9841"},"modified":"2023-07-02T18:15:58","modified_gmt":"2023-07-02T17:15:58","slug":"kellerbrand-im-hochhaus-kufstein","status":"publish","type":"einsatz","link":"https:\/\/feuerwehr-kufstein.at\/?einsatz=kellerbrand-im-hochhaus-kufstein","title":{"rendered":"Kellerbrand im Hochhaus Kufstein"},"content":{"rendered":"<div class=\"x11i5rnm xat24cr x1mh8g0r x1vvkbs xtlvy1s x126k92a\">\n<div dir=\"auto\">Am\u00a0 Samstagabend, den 01. Juli 2023, wurde die <strong>STADTFEUERWEHR Kufstein, <\/strong>mittels stiller Alarmierung der Leitstelle Tirol, zu einem Brandeinsatz in einem Mehrfamilienhaus\/Hochhaus im Stadtteil Sparchen alarmiert.<\/div>\n<div dir=\"auto\"><\/div>\n<\/div>\n<div class=\"x11i5rnm xat24cr x1mh8g0r x1vvkbs xtlvy1s x126k92a\">\n<div dir=\"auto\">Beim Eintreffen am Einsatzort konnte durch den Einsatzleiter eine Rauchentwicklung aus einem der Kellerfenster festgestellt werden. Durch schnelles und koordiniertes Handeln aller Einsatzkr\u00e4fte konnte der Brand in einem Kellerabteil schnell unter Kontrolle gebracht und gel\u00f6scht werden. Parallel dazu wurde eine Bel\u00fcftung der Kellerabteile eingeleitet um Rauchgase abzuf\u00fchren, sowie die Sichtverh\u00e4ltnisse zu verbessern. Das gesamte Geb\u00e4ude wurde w\u00e4hrend des Einsatzes evakuiert. Es wurden keine Personen verletzt .<\/div>\n<div dir=\"auto\"><\/div>\n<\/div>\n<div class=\"x11i5rnm xat24cr x1mh8g0r x1vvkbs xtlvy1s x126k92a\">\n<div dir=\"auto\">Die 18 Kameraden der <strong>STADTFEUERWEHR Kufstein<\/strong>, welche beim Einsatz vor Ort waren, konnten nach etwa einer Stunde gesund in das Ger\u00e4tehaus zur\u00fcckkehren.<\/div>\n<\/div>\n<div dir=\"auto\">\n<div id='gallery-1' class='czr-gallery row flex-row czr-gallery-style gallery galleryid-9841 gallery-columns-3 gallery-size-thumbnail'><figure class='gallery-item col col-auto'>\r\n                        <div class='gallery-icon portrait czr-gallery-icon'>\r\n                              <a data-lb-type=\"grouped-gallery\" href=https:\/\/feuerwehr-kufstein.at\/wp-content\/uploads\/2023\/07\/IMG-20230702-WA0000.jpg class=\"bg-link\"><\/a><img decoding=\"async\" width=\"150\" height=\"150\" data-src=\"https:\/\/feuerwehr-kufstein.at\/wp-content\/uploads\/2023\/07\/IMG-20230702-WA0000-150x150.jpg\" class=\"attachment-thumbnail size-thumbnail no-lazy lazyload\" alt=\"\" data-sizes=\"(min-width: 1200px) 350px, (min-width: 992px) 290px, (min-width: 768px) 210px, (min-width: 576px) 150px, calc( 50vw - 30px )\" data-srcset=\"https:\/\/feuerwehr-kufstein.at\/wp-content\/uploads\/2023\/07\/IMG-20230702-WA0000-150x150.jpg 150w, https:\/\/feuerwehr-kufstein.at\/wp-content\/uploads\/2023\/07\/IMG-20230702-WA0000-510x510.jpg 510w\" src=\"data:image\/svg+xml;base64,PHN2ZyB3aWR0aD0iMSIgaGVpZ2h0PSIxIiB4bWxucz0iaHR0cDovL3d3dy53My5vcmcvMjAwMC9zdmciPjwvc3ZnPg==\" style=\"--smush-placeholder-width: 150px; --smush-placeholder-aspect-ratio: 150\/150;\" \/>\r\n                        <\/div><\/figure><figure class='gallery-item col col-auto'>\r\n                        <div class='gallery-icon landscape czr-gallery-icon'>\r\n                              <a data-lb-type=\"grouped-gallery\" href=https:\/\/feuerwehr-kufstein.at\/wp-content\/uploads\/2023\/07\/IMG-20230702-WA0008.jpg class=\"bg-link\"><\/a><img decoding=\"async\" width=\"150\" height=\"150\" data-src=\"https:\/\/feuerwehr-kufstein.at\/wp-content\/uploads\/2023\/07\/IMG-20230702-WA0008-150x150.jpg\" class=\"attachment-thumbnail size-thumbnail no-lazy lazyload\" alt=\"\" data-sizes=\"(min-width: 1200px) 350px, (min-width: 992px) 290px, (min-width: 768px) 210px, (min-width: 576px) 150px, calc( 50vw - 30px )\" data-srcset=\"https:\/\/feuerwehr-kufstein.at\/wp-content\/uploads\/2023\/07\/IMG-20230702-WA0008-150x150.jpg 150w, https:\/\/feuerwehr-kufstein.at\/wp-content\/uploads\/2023\/07\/IMG-20230702-WA0008-510x510.jpg 510w\" src=\"data:image\/svg+xml;base64,PHN2ZyB3aWR0aD0iMSIgaGVpZ2h0PSIxIiB4bWxucz0iaHR0cDovL3d3dy53My5vcmcvMjAwMC9zdmciPjwvc3ZnPg==\" style=\"--smush-placeholder-width: 150px; --smush-placeholder-aspect-ratio: 150\/150;\" \/>\r\n                        <\/div><\/figure><figure class='gallery-item col col-auto'>\r\n                        <div class='gallery-icon portrait czr-gallery-icon'>\r\n                              <a data-lb-type=\"grouped-gallery\" href=https:\/\/feuerwehr-kufstein.at\/wp-content\/uploads\/2023\/07\/IMG-20230702-WA0007.jpg class=\"bg-link\"><\/a><img decoding=\"async\" width=\"150\" height=\"150\" data-src=\"https:\/\/feuerwehr-kufstein.at\/wp-content\/uploads\/2023\/07\/IMG-20230702-WA0007-150x150.jpg\" class=\"attachment-thumbnail size-thumbnail no-lazy lazyload\" alt=\"\" data-sizes=\"(min-width: 1200px) 350px, (min-width: 992px) 290px, (min-width: 768px) 210px, (min-width: 576px) 150px, calc( 50vw - 30px )\" data-srcset=\"https:\/\/feuerwehr-kufstein.at\/wp-content\/uploads\/2023\/07\/IMG-20230702-WA0007-150x150.jpg 150w, https:\/\/feuerwehr-kufstein.at\/wp-content\/uploads\/2023\/07\/IMG-20230702-WA0007-510x510.jpg 510w\" src=\"data:image\/svg+xml;base64,PHN2ZyB3aWR0aD0iMSIgaGVpZ2h0PSIxIiB4bWxucz0iaHR0cDovL3d3dy53My5vcmcvMjAwMC9zdmciPjwvc3ZnPg==\" style=\"--smush-placeholder-width: 150px; --smush-placeholder-aspect-ratio: 150\/150;\" \/>\r\n                        <\/div><\/figure><figure class='gallery-item col col-auto'>\r\n                        <div class='gallery-icon portrait czr-gallery-icon'>\r\n                              <a data-lb-type=\"grouped-gallery\" href=https:\/\/feuerwehr-kufstein.at\/wp-content\/uploads\/2023\/07\/IMG-20230702-WA0006.jpg class=\"bg-link\"><\/a><img decoding=\"async\" width=\"150\" height=\"150\" data-src=\"https:\/\/feuerwehr-kufstein.at\/wp-content\/uploads\/2023\/07\/IMG-20230702-WA0006-150x150.jpg\" class=\"attachment-thumbnail size-thumbnail no-lazy lazyload\" alt=\"\" data-sizes=\"(min-width: 1200px) 350px, (min-width: 992px) 290px, (min-width: 768px) 210px, (min-width: 576px) 150px, calc( 50vw - 30px )\" data-srcset=\"https:\/\/feuerwehr-kufstein.at\/wp-content\/uploads\/2023\/07\/IMG-20230702-WA0006-150x150.jpg 150w, https:\/\/feuerwehr-kufstein.at\/wp-content\/uploads\/2023\/07\/IMG-20230702-WA0006-510x510.jpg 510w\" src=\"data:image\/svg+xml;base64,PHN2ZyB3aWR0aD0iMSIgaGVpZ2h0PSIxIiB4bWxucz0iaHR0cDovL3d3dy53My5vcmcvMjAwMC9zdmciPjwvc3ZnPg==\" style=\"--smush-placeholder-width: 150px; --smush-placeholder-aspect-ratio: 150\/150;\" \/>\r\n                        <\/div><\/figure><figure class='gallery-item col col-auto'>\r\n                        <div class='gallery-icon portrait czr-gallery-icon'>\r\n                              <a data-lb-type=\"grouped-gallery\" href=https:\/\/feuerwehr-kufstein.at\/wp-content\/uploads\/2023\/07\/IMG-20230702-WA0003.jpg class=\"bg-link\"><\/a><img decoding=\"async\" width=\"150\" height=\"150\" data-src=\"https:\/\/feuerwehr-kufstein.at\/wp-content\/uploads\/2023\/07\/IMG-20230702-WA0003-150x150.jpg\" class=\"attachment-thumbnail size-thumbnail no-lazy lazyload\" alt=\"\" data-sizes=\"(min-width: 1200px) 350px, (min-width: 992px) 290px, (min-width: 768px) 210px, (min-width: 576px) 150px, calc( 50vw - 30px )\" data-srcset=\"https:\/\/feuerwehr-kufstein.at\/wp-content\/uploads\/2023\/07\/IMG-20230702-WA0003-150x150.jpg 150w, https:\/\/feuerwehr-kufstein.at\/wp-content\/uploads\/2023\/07\/IMG-20230702-WA0003-510x510.jpg 510w\" src=\"data:image\/svg+xml;base64,PHN2ZyB3aWR0aD0iMSIgaGVpZ2h0PSIxIiB4bWxucz0iaHR0cDovL3d3dy53My5vcmcvMjAwMC9zdmciPjwvc3ZnPg==\" style=\"--smush-placeholder-width: 150px; --smush-placeholder-aspect-ratio: 150\/150;\" \/>\r\n                        <\/div><\/figure><figure class='gallery-item col col-auto'>\r\n                        <div class='gallery-icon portrait czr-gallery-icon'>\r\n                              <a data-lb-type=\"grouped-gallery\" href=https:\/\/feuerwehr-kufstein.at\/wp-content\/uploads\/2023\/07\/IMG-20230702-WA0005.jpg class=\"bg-link\"><\/a><img decoding=\"async\" width=\"150\" height=\"150\" data-src=\"https:\/\/feuerwehr-kufstein.at\/wp-content\/uploads\/2023\/07\/IMG-20230702-WA0005-150x150.jpg\" class=\"attachment-thumbnail size-thumbnail no-lazy lazyload\" alt=\"\" data-sizes=\"(min-width: 1200px) 350px, (min-width: 992px) 290px, (min-width: 768px) 210px, (min-width: 576px) 150px, calc( 50vw - 30px )\" data-srcset=\"https:\/\/feuerwehr-kufstein.at\/wp-content\/uploads\/2023\/07\/IMG-20230702-WA0005-150x150.jpg 150w, https:\/\/feuerwehr-kufstein.at\/wp-content\/uploads\/2023\/07\/IMG-20230702-WA0005-510x510.jpg 510w\" src=\"data:image\/svg+xml;base64,PHN2ZyB3aWR0aD0iMSIgaGVpZ2h0PSIxIiB4bWxucz0iaHR0cDovL3d3dy53My5vcmcvMjAwMC9zdmciPjwvc3ZnPg==\" style=\"--smush-placeholder-width: 150px; --smush-placeholder-aspect-ratio: 150\/150;\" \/>\r\n                        <\/div><\/figure><figure class='gallery-item col col-auto'>\r\n                        <div class='gallery-icon landscape czr-gallery-icon'>\r\n                              <a data-lb-type=\"grouped-gallery\" href=https:\/\/feuerwehr-kufstein.at\/wp-content\/uploads\/2023\/07\/IMG-20230702-WA0001.jpg class=\"bg-link\"><\/a><img decoding=\"async\" width=\"150\" height=\"150\" data-src=\"https:\/\/feuerwehr-kufstein.at\/wp-content\/uploads\/2023\/07\/IMG-20230702-WA0001-150x150.jpg\" class=\"attachment-thumbnail size-thumbnail no-lazy lazyload\" alt=\"\" data-sizes=\"(min-width: 1200px) 350px, (min-width: 992px) 290px, (min-width: 768px) 210px, (min-width: 576px) 150px, calc( 50vw - 30px )\" data-srcset=\"https:\/\/feuerwehr-kufstein.at\/wp-content\/uploads\/2023\/07\/IMG-20230702-WA0001-150x150.jpg 150w, https:\/\/feuerwehr-kufstein.at\/wp-content\/uploads\/2023\/07\/IMG-20230702-WA0001-510x510.jpg 510w\" src=\"data:image\/svg+xml;base64,PHN2ZyB3aWR0aD0iMSIgaGVpZ2h0PSIxIiB4bWxucz0iaHR0cDovL3d3dy53My5vcmcvMjAwMC9zdmciPjwvc3ZnPg==\" style=\"--smush-placeholder-width: 150px; --smush-placeholder-aspect-ratio: 150\/150;\" \/>\r\n                        <\/div><\/figure><figure class='gallery-item col col-auto'>\r\n                        <div class='gallery-icon landscape czr-gallery-icon'>\r\n                              <a data-lb-type=\"grouped-gallery\" href=https:\/\/feuerwehr-kufstein.at\/wp-content\/uploads\/2023\/07\/IMG-20230702-WA0002.jpg class=\"bg-link\"><\/a><img decoding=\"async\" width=\"150\" height=\"150\" data-src=\"https:\/\/feuerwehr-kufstein.at\/wp-content\/uploads\/2023\/07\/IMG-20230702-WA0002-150x150.jpg\" class=\"attachment-thumbnail size-thumbnail no-lazy lazyload\" alt=\"\" data-sizes=\"(min-width: 1200px) 350px, (min-width: 992px) 290px, (min-width: 768px) 210px, (min-width: 576px) 150px, calc( 50vw - 30px )\" data-srcset=\"https:\/\/feuerwehr-kufstein.at\/wp-content\/uploads\/2023\/07\/IMG-20230702-WA0002-150x150.jpg 150w, https:\/\/feuerwehr-kufstein.at\/wp-content\/uploads\/2023\/07\/IMG-20230702-WA0002-510x510.jpg 510w\" src=\"data:image\/svg+xml;base64,PHN2ZyB3aWR0aD0iMSIgaGVpZ2h0PSIxIiB4bWxucz0iaHR0cDovL3d3dy53My5vcmcvMjAwMC9zdmciPjwvc3ZnPg==\" style=\"--smush-placeholder-width: 150px; --smush-placeholder-aspect-ratio: 150\/150;\" \/>\r\n                        <\/div><\/figure><figure class='gallery-item col col-auto'>\r\n                        <div class='gallery-icon landscape czr-gallery-icon'>\r\n                              <a data-lb-type=\"grouped-gallery\" href=https:\/\/feuerwehr-kufstein.at\/wp-content\/uploads\/2023\/07\/IMG-20230702-WA0004.jpg class=\"bg-link\"><\/a><img decoding=\"async\" width=\"150\" height=\"150\" data-src=\"https:\/\/feuerwehr-kufstein.at\/wp-content\/uploads\/2023\/07\/IMG-20230702-WA0004-150x150.jpg\" class=\"attachment-thumbnail size-thumbnail no-lazy lazyload\" alt=\"\" data-sizes=\"(min-width: 1200px) 350px, (min-width: 992px) 290px, (min-width: 768px) 210px, (min-width: 576px) 150px, calc( 50vw - 30px )\" data-srcset=\"https:\/\/feuerwehr-kufstein.at\/wp-content\/uploads\/2023\/07\/IMG-20230702-WA0004-150x150.jpg 150w, https:\/\/feuerwehr-kufstein.at\/wp-content\/uploads\/2023\/07\/IMG-20230702-WA0004-510x510.jpg 510w\" src=\"data:image\/svg+xml;base64,PHN2ZyB3aWR0aD0iMSIgaGVpZ2h0PSIxIiB4bWxucz0iaHR0cDovL3d3dy53My5vcmcvMjAwMC9zdmciPjwvc3ZnPg==\" style=\"--smush-placeholder-width: 150px; --smush-placeholder-aspect-ratio: 150\/150;\" \/>\r\n                        <\/div><\/figure>\r\n                  <\/div>\n\n<\/div>\n","protected":false},"excerpt":{"rendered":"<p>Am\u00a0 Samstagabend, den 01. Juli 2023, wurde die STADTFEUERWEHR Kufstein, mittels stiller Alarmierung der Leitstelle Tirol, zu einem Brandeinsatz in einem Mehrfamilienhaus\/Hochhaus im Stadtteil Sparchen alarmiert. Beim Eintreffen am Einsatzort konnte durch den Einsatzleiter eine Rauchentwicklung aus einem der Kellerfenster festgestellt werden. Durch schnelles und koordiniertes Handeln aller Einsatzkr\u00e4fte konnte der Brand in einem Kellerabteil [&hellip;]<\/p>\n","protected":false},"author":6,"featured_media":9846,"template":"","meta":{"einsatz_weight":1,"footnotes":""},"categories":[1],"tags":[127],"einsatzart":[26],"fahrzeug":[32,23,45,31],"exteinsatzmittel":[51,35],"alarmierungsart":[69],"evw_unit":[],"class_list":{"0":"post-9841","1":"einsatz","2":"type-einsatz","3":"status-publish","4":"has-post-thumbnail","6":"category-einsaetze","7":"tag-kellerbrand","8":"einsatzart-brandeinsatz","9":"fahrzeug-drehleiter","10":"fahrzeug-kommandofahrzeug","11":"fahrzeug-kleines-ruestfahrzeug","12":"fahrzeug-tankloeschfahrzeug","13":"exteinsatzmittel-bundespolizei","14":"exteinsatzmittel-oerk","15":"alarmierungsart-pager","16":"czr-hentry"},"_links":{"self":[{"href":"https:\/\/feuerwehr-kufstein.at\/index.php?rest_route=\/wp\/v2\/einsatz\/9841","targetHints":{"allow":["GET"]}}],"collection":[{"href":"https:\/\/feuerwehr-kufstein.at\/index.php?rest_route=\/wp\/v2\/einsatz"}],"about":[{"href":"https:\/\/feuerwehr-kufstein.at\/index.php?rest_route=\/wp\/v2\/types\/einsatz"}],"author":[{"embeddable":true,"href":"https:\/\/feuerwehr-kufstein.at\/index.php?rest_route=\/wp\/v2\/users\/6"}],"version-history":[{"count":0,"href":"https:\/\/feuerwehr-kufstein.at\/index.php?rest_route=\/wp\/v2\/einsatz\/9841\/revisions"}],"wp:featuredmedia":[{"embeddable":true,"href":"https:\/\/feuerwehr-kufstein.at\/index.php?rest_route=\/wp\/v2\/media\/9846"}],"wp:attachment":[{"href":"https:\/\/feuerwehr-kufstein.at\/index.php?rest_route=%2Fwp%2Fv2%2Fmedia&parent=9841"}],"wp:term":[{"taxonomy":"category","embeddable":true,"href":"https:\/\/feuerwehr-kufstein.at\/index.php?rest_route=%2Fwp%2Fv2%2Fcategories&post=9841"},{"taxonomy":"post_tag","embeddable":true,"href":"https:\/\/feuerwehr-kufstein.at\/index.php?rest_route=%2Fwp%2Fv2%2Ftags&post=9841"},{"taxonomy":"einsatzart","embeddable":true,"href":"https:\/\/feuerwehr-kufstein.at\/index.php?rest_route=%2Fwp%2Fv2%2Feinsatzart&post=9841"},{"taxonomy":"fahrzeug","embeddable":true,"href":"https:\/\/feuerwehr-kufstein.at\/index.php?rest_route=%2Fwp%2Fv2%2Ffahrzeug&post=9841"},{"taxonomy":"exteinsatzmittel","embeddable":true,"href":"https:\/\/feuerwehr-kufstein.at\/index.php?rest_route=%2Fwp%2Fv2%2Fexteinsatzmittel&post=9841"},{"taxonomy":"alarmierungsart","embeddable":true,"href":"https:\/\/feuerwehr-kufstein.at\/index.php?rest_route=%2Fwp%2Fv2%2Falarmierungsart&post=9841"},{"taxonomy":"evw_unit","embeddable":true,"href":"https:\/\/feuerwehr-kufstein.at\/index.php?rest_route=%2Fwp%2Fv2%2Fevw_unit&post=9841"}],"curies":[{"name":"wp","href":"https:\/\/api.w.org\/{rel}","templated":true}]}}