{"id":12173,"date":"2026-05-26T10:08:05","date_gmt":"2026-05-26T09:08:05","guid":{"rendered":"https:\/\/feuerwehr-kufstein.at\/?page_id=12173"},"modified":"2026-08-14T11:41:08","modified_gmt":"2026-08-14T09:41:08","slug":"ggf-2026","status":"publish","type":"page","link":"https:\/\/feuerwehr-kufstein.at\/?page_id=12173","title":{"rendered":"GGF"},"content":{"rendered":"<p><span style=\"color: #000000;\"><a href=\"https:\/\/feuerwehr-kufstein.at\/wp-content\/uploads\/2026\/05\/GGF_KUF.jpeg\"><img decoding=\"async\" class=\"wp-image-12169 size-large aligncenter lazyload\" data-src=\"https:\/\/feuerwehr-kufstein.at\/wp-content\/uploads\/2026\/05\/GGF_KUF-1024x768.jpeg\" alt=\"\" width=\"1024\" height=\"768\" data-srcset=\"https:\/\/feuerwehr-kufstein.at\/wp-content\/uploads\/2026\/05\/GGF_KUF-1024x768.jpeg 1024w, https:\/\/feuerwehr-kufstein.at\/wp-content\/uploads\/2026\/05\/GGF_KUF-300x225.jpeg 300w, https:\/\/feuerwehr-kufstein.at\/wp-content\/uploads\/2026\/05\/GGF_KUF-768x576.jpeg 768w, https:\/\/feuerwehr-kufstein.at\/wp-content\/uploads\/2026\/05\/GGF_KUF-1536x1152.jpeg 1536w, https:\/\/feuerwehr-kufstein.at\/wp-content\/uploads\/2026\/05\/GGF_KUF-2048x1536.jpeg 2048w\" data-sizes=\"(max-width: 1024px) 100vw, 1024px\" src=\"data:image\/svg+xml;base64,PHN2ZyB3aWR0aD0iMSIgaGVpZ2h0PSIxIiB4bWxucz0iaHR0cDovL3d3dy53My5vcmcvMjAwMC9zdmciPjwvc3ZnPg==\" style=\"--smush-placeholder-width: 1024px; --smush-placeholder-aspect-ratio: 1024\/768;\" \/><\/a><\/span><\/p>\n<p style=\"text-align: center;\"><span style=\"color: #000000;\"><strong>Gefahrgutfahrzeug &#8211; Umweltschutz<\/strong><\/span><\/p>\n<p style=\"text-align: center;\"><span style=\"color: #000000;\"><strong>Besatzung 1:5<br \/>\nBaujahr 2025<br \/>\nMAN TGM 15.320<br \/>\nMagirus Lohr<br \/>\n<\/strong><\/span><\/p>\n<p>&nbsp;<\/p>\n<p style=\"text-align: center;\"><span style=\"color: #000000;\">Beim <strong>GefahrGutFahrzeug (GGF)<\/strong> handelt sich um ein<strong> Fahrzeug f\u00fcr den Umweltschutz\/Katasrophendiens<\/strong>t &#8211; zur Verf\u00fcgung gestellt <strong>vom Landes-Feuerwehrverband Tirol.<\/strong> In jedem Bezirk ist ein solches Fahrzeug stationiert, wobei jedes Fahrzeug neben der <strong>Grundausstattung<\/strong> auch <strong>Zusatzmodule<\/strong> f\u00fcr gr\u00f6\u00dfere Schadenslagen besitzt.<br \/>\n<\/span><span style=\"color: #000000;\">F\u00fcr den Bezirk Kufstein ist dieses Fahrzeug bei der\u00a0<\/span><strong style=\"color: #000000;\">STADTFEUERWEHR Kufstein<\/strong><span style=\"color: #000000;\">\u00a0stationiert.<\/span><\/p>\n<p style=\"text-align: center;\"><span style=\"color: #000000;\">Die Grundausstattung eines jeden GGF deckt Eins\u00e4tze bis ca. 1000kg bzw.1000l Gefahrstoff ab. Als Zusatzmodul sind bei der Feuerwehr Kufstein die &#8222;Dekostra\u00dfe&#8220; sowie das Modul &#8222;Umpumpen gro\u00df&#8220; stationiert.<\/span><\/p>\n<p>&nbsp;<\/p>\n<p style=\"text-align: center;\"><strong>Fahrerkabine<\/strong><\/p>\n<p><img decoding=\"async\" class=\"wp-image-12474 size-large aligncenter lazyload\" data-src=\"https:\/\/feuerwehr-kufstein.at\/wp-content\/uploads\/2026\/07\/IMG_7142-768x1024.jpeg\" alt=\"\" width=\"768\" height=\"1024\" data-srcset=\"https:\/\/feuerwehr-kufstein.at\/wp-content\/uploads\/2026\/07\/IMG_7142-768x1024.jpeg 768w, https:\/\/feuerwehr-kufstein.at\/wp-content\/uploads\/2026\/07\/IMG_7142-225x300.jpeg 225w, https:\/\/feuerwehr-kufstein.at\/wp-content\/uploads\/2026\/07\/IMG_7142-1152x1536.jpeg 1152w, https:\/\/feuerwehr-kufstein.at\/wp-content\/uploads\/2026\/07\/IMG_7142-1536x2048.jpeg 1536w, https:\/\/feuerwehr-kufstein.at\/wp-content\/uploads\/2026\/07\/IMG_7142-scaled.jpeg 1920w\" data-sizes=\"(max-width: 768px) 100vw, 768px\" src=\"data:image\/svg+xml;base64,PHN2ZyB3aWR0aD0iMSIgaGVpZ2h0PSIxIiB4bWxucz0iaHR0cDovL3d3dy53My5vcmcvMjAwMC9zdmciPjwvc3ZnPg==\" style=\"--smush-placeholder-width: 768px; --smush-placeholder-aspect-ratio: 768\/1024;\" \/><\/p>\n<p><img decoding=\"async\" class=\"size-large wp-image-12473 aligncenter lazyload\" data-src=\"https:\/\/feuerwehr-kufstein.at\/wp-content\/uploads\/2026\/07\/IMG_7143-1024x768.jpeg\" alt=\"\" width=\"1024\" height=\"768\" data-srcset=\"https:\/\/feuerwehr-kufstein.at\/wp-content\/uploads\/2026\/07\/IMG_7143-1024x768.jpeg 1024w, https:\/\/feuerwehr-kufstein.at\/wp-content\/uploads\/2026\/07\/IMG_7143-300x225.jpeg 300w, https:\/\/feuerwehr-kufstein.at\/wp-content\/uploads\/2026\/07\/IMG_7143-768x576.jpeg 768w, https:\/\/feuerwehr-kufstein.at\/wp-content\/uploads\/2026\/07\/IMG_7143-1536x1152.jpeg 1536w, https:\/\/feuerwehr-kufstein.at\/wp-content\/uploads\/2026\/07\/IMG_7143-2048x1536.jpeg 2048w\" data-sizes=\"(max-width: 1024px) 100vw, 1024px\" src=\"data:image\/svg+xml;base64,PHN2ZyB3aWR0aD0iMSIgaGVpZ2h0PSIxIiB4bWxucz0iaHR0cDovL3d3dy53My5vcmcvMjAwMC9zdmciPjwvc3ZnPg==\" style=\"--smush-placeholder-width: 1024px; --smush-placeholder-aspect-ratio: 1024\/768;\" \/><\/p>\n<p style=\"text-align: center;\">\u00a0ausgestattet mit 3 Sitzpl\u00e4tzen, Digitalfunk (Einbau- u. Handger\u00e4t), Nachschlagewerken und einem Einsatztablet<\/p>\n<p style=\"text-align: center;\"><strong>Mannschaftskabine<\/strong><\/p>\n<p><img decoding=\"async\" class=\"size-large wp-image-12475 aligncenter lazyload\" data-src=\"https:\/\/feuerwehr-kufstein.at\/wp-content\/uploads\/2026\/07\/IMG_7141-1024x768.jpeg\" alt=\"\" width=\"1024\" height=\"768\" data-srcset=\"https:\/\/feuerwehr-kufstein.at\/wp-content\/uploads\/2026\/07\/IMG_7141-1024x768.jpeg 1024w, https:\/\/feuerwehr-kufstein.at\/wp-content\/uploads\/2026\/07\/IMG_7141-300x225.jpeg 300w, https:\/\/feuerwehr-kufstein.at\/wp-content\/uploads\/2026\/07\/IMG_7141-768x576.jpeg 768w, https:\/\/feuerwehr-kufstein.at\/wp-content\/uploads\/2026\/07\/IMG_7141-1536x1152.jpeg 1536w, https:\/\/feuerwehr-kufstein.at\/wp-content\/uploads\/2026\/07\/IMG_7141-2048x1536.jpeg 2048w\" data-sizes=\"(max-width: 1024px) 100vw, 1024px\" src=\"data:image\/svg+xml;base64,PHN2ZyB3aWR0aD0iMSIgaGVpZ2h0PSIxIiB4bWxucz0iaHR0cDovL3d3dy53My5vcmcvMjAwMC9zdmciPjwvc3ZnPg==\" style=\"--smush-placeholder-width: 1024px; --smush-placeholder-aspect-ratio: 1024\/768;\" \/><\/p>\n<p><img decoding=\"async\" class=\"size-large wp-image-12476 aligncenter lazyload\" data-src=\"https:\/\/feuerwehr-kufstein.at\/wp-content\/uploads\/2026\/07\/IMG_7140-1024x768.jpeg\" alt=\"\" width=\"1024\" height=\"768\" data-srcset=\"https:\/\/feuerwehr-kufstein.at\/wp-content\/uploads\/2026\/07\/IMG_7140-1024x768.jpeg 1024w, https:\/\/feuerwehr-kufstein.at\/wp-content\/uploads\/2026\/07\/IMG_7140-300x225.jpeg 300w, https:\/\/feuerwehr-kufstein.at\/wp-content\/uploads\/2026\/07\/IMG_7140-768x576.jpeg 768w, https:\/\/feuerwehr-kufstein.at\/wp-content\/uploads\/2026\/07\/IMG_7140-1536x1152.jpeg 1536w, https:\/\/feuerwehr-kufstein.at\/wp-content\/uploads\/2026\/07\/IMG_7140-2048x1536.jpeg 2048w\" data-sizes=\"(max-width: 1024px) 100vw, 1024px\" src=\"data:image\/svg+xml;base64,PHN2ZyB3aWR0aD0iMSIgaGVpZ2h0PSIxIiB4bWxucz0iaHR0cDovL3d3dy53My5vcmcvMjAwMC9zdmciPjwvc3ZnPg==\" style=\"--smush-placeholder-width: 1024px; --smush-placeholder-aspect-ratio: 1024\/768;\" \/><\/p>\n<p><img decoding=\"async\" class=\"size-large wp-image-12472 aligncenter lazyload\" data-src=\"https:\/\/feuerwehr-kufstein.at\/wp-content\/uploads\/2026\/07\/IMG_7144-1024x768.jpeg\" alt=\"\" width=\"1024\" height=\"768\" data-srcset=\"https:\/\/feuerwehr-kufstein.at\/wp-content\/uploads\/2026\/07\/IMG_7144-1024x768.jpeg 1024w, https:\/\/feuerwehr-kufstein.at\/wp-content\/uploads\/2026\/07\/IMG_7144-300x225.jpeg 300w, https:\/\/feuerwehr-kufstein.at\/wp-content\/uploads\/2026\/07\/IMG_7144-768x576.jpeg 768w, https:\/\/feuerwehr-kufstein.at\/wp-content\/uploads\/2026\/07\/IMG_7144-1536x1152.jpeg 1536w, https:\/\/feuerwehr-kufstein.at\/wp-content\/uploads\/2026\/07\/IMG_7144-2048x1536.jpeg 2048w\" data-sizes=\"(max-width: 1024px) 100vw, 1024px\" src=\"data:image\/svg+xml;base64,PHN2ZyB3aWR0aD0iMSIgaGVpZ2h0PSIxIiB4bWxucz0iaHR0cDovL3d3dy53My5vcmcvMjAwMC9zdmciPjwvc3ZnPg==\" style=\"--smush-placeholder-width: 1024px; --smush-placeholder-aspect-ratio: 1024\/768;\" \/><\/p>\n<p style=\"text-align: center;\">ausgestattet mit 3 Ger\u00e4tetr\u00e4gersitzpl\u00e4tzen mit Atemschutzger\u00e4ten, diversen Gasmessger\u00e4ten mit Kalibrierstation, Dokumentationsmaterial und Nachschlagewerken und Probenkoffer<\/p>\n<p>&nbsp;<\/p>\n<p style=\"text-align: center;\"><strong>Laderaum 1<\/strong><\/p>\n<p><img decoding=\"async\" class=\"size-large wp-image-12494 aligncenter lazyload\" data-src=\"https:\/\/feuerwehr-kufstein.at\/wp-content\/uploads\/2026\/07\/IMG_7122-768x1024.jpeg\" alt=\"\" width=\"768\" height=\"1024\" data-srcset=\"https:\/\/feuerwehr-kufstein.at\/wp-content\/uploads\/2026\/07\/IMG_7122-768x1024.jpeg 768w, https:\/\/feuerwehr-kufstein.at\/wp-content\/uploads\/2026\/07\/IMG_7122-225x300.jpeg 225w, https:\/\/feuerwehr-kufstein.at\/wp-content\/uploads\/2026\/07\/IMG_7122-1152x1536.jpeg 1152w, https:\/\/feuerwehr-kufstein.at\/wp-content\/uploads\/2026\/07\/IMG_7122-1536x2048.jpeg 1536w, https:\/\/feuerwehr-kufstein.at\/wp-content\/uploads\/2026\/07\/IMG_7122-scaled.jpeg 1920w\" data-sizes=\"(max-width: 768px) 100vw, 768px\" src=\"data:image\/svg+xml;base64,PHN2ZyB3aWR0aD0iMSIgaGVpZ2h0PSIxIiB4bWxucz0iaHR0cDovL3d3dy53My5vcmcvMjAwMC9zdmciPjwvc3ZnPg==\" style=\"--smush-placeholder-width: 768px; --smush-placeholder-aspect-ratio: 768\/1024;\" \/><\/p>\n<p style=\"text-align: center;\">beinhaltet Material zum Abdichten und Auffangen, so wie Einweg <a href=\"https:\/\/www.fireguide-blaulicht.at\/index.php\/einweg-vollschutzanzug-gtl-tirol-02-und-neu-gtl-esd\/\" target=\"_blank\" rel=\"noopener\">Vollschutzanz\u00fcge<\/a><\/p>\n<p>&nbsp;<\/p>\n<p style=\"text-align: center;\"><strong>Laderaum 3<\/strong><\/p>\n<p><img decoding=\"async\" class=\"size-large wp-image-12491 aligncenter lazyload\" data-src=\"https:\/\/feuerwehr-kufstein.at\/wp-content\/uploads\/2026\/07\/IMG_7125-1024x768.jpeg\" alt=\"\" width=\"1024\" height=\"768\" data-srcset=\"https:\/\/feuerwehr-kufstein.at\/wp-content\/uploads\/2026\/07\/IMG_7125-1024x768.jpeg 1024w, https:\/\/feuerwehr-kufstein.at\/wp-content\/uploads\/2026\/07\/IMG_7125-300x225.jpeg 300w, https:\/\/feuerwehr-kufstein.at\/wp-content\/uploads\/2026\/07\/IMG_7125-768x576.jpeg 768w, https:\/\/feuerwehr-kufstein.at\/wp-content\/uploads\/2026\/07\/IMG_7125-1536x1152.jpeg 1536w, https:\/\/feuerwehr-kufstein.at\/wp-content\/uploads\/2026\/07\/IMG_7125-2048x1536.jpeg 2048w\" data-sizes=\"(max-width: 1024px) 100vw, 1024px\" src=\"data:image\/svg+xml;base64,PHN2ZyB3aWR0aD0iMSIgaGVpZ2h0PSIxIiB4bWxucz0iaHR0cDovL3d3dy53My5vcmcvMjAwMC9zdmciPjwvc3ZnPg==\" style=\"--smush-placeholder-width: 1024px; --smush-placeholder-aspect-ratio: 1024\/768;\" \/><\/p>\n<p style=\"text-align: center;\">beinhaltet Chemiebindemittel<\/p>\n<p>&nbsp;<\/p>\n<p style=\"text-align: center;\"><strong>Laderaum 5<\/strong><\/p>\n<p style=\"text-align: center;\"><img decoding=\"async\" class=\"size-large wp-image-12492 aligncenter lazyload\" data-src=\"https:\/\/feuerwehr-kufstein.at\/wp-content\/uploads\/2026\/07\/IMG_7124-1024x768.jpeg\" alt=\"\" width=\"1024\" height=\"768\" data-srcset=\"https:\/\/feuerwehr-kufstein.at\/wp-content\/uploads\/2026\/07\/IMG_7124-1024x768.jpeg 1024w, https:\/\/feuerwehr-kufstein.at\/wp-content\/uploads\/2026\/07\/IMG_7124-300x225.jpeg 300w, https:\/\/feuerwehr-kufstein.at\/wp-content\/uploads\/2026\/07\/IMG_7124-768x576.jpeg 768w, https:\/\/feuerwehr-kufstein.at\/wp-content\/uploads\/2026\/07\/IMG_7124-1536x1152.jpeg 1536w, https:\/\/feuerwehr-kufstein.at\/wp-content\/uploads\/2026\/07\/IMG_7124-2048x1536.jpeg 2048w\" data-sizes=\"(max-width: 1024px) 100vw, 1024px\" src=\"data:image\/svg+xml;base64,PHN2ZyB3aWR0aD0iMSIgaGVpZ2h0PSIxIiB4bWxucz0iaHR0cDovL3d3dy53My5vcmcvMjAwMC9zdmciPjwvc3ZnPg==\" style=\"--smush-placeholder-width: 1024px; --smush-placeholder-aspect-ratio: 1024\/768;\" \/><\/p>\n<p style=\"text-align: center;\">beinhaltet Notdeko klein, ErsteHilfe zum Entkleiden und Desinfizieren<\/p>\n<p>&nbsp;<\/p>\n<p style=\"text-align: center;\"><strong>Laderaum 2<\/strong><\/p>\n<p><img decoding=\"async\" class=\"size-large wp-image-12479 aligncenter lazyload\" data-src=\"https:\/\/feuerwehr-kufstein.at\/wp-content\/uploads\/2026\/07\/IMG_7137-768x1024.jpeg\" alt=\"\" width=\"768\" height=\"1024\" data-srcset=\"https:\/\/feuerwehr-kufstein.at\/wp-content\/uploads\/2026\/07\/IMG_7137-768x1024.jpeg 768w, https:\/\/feuerwehr-kufstein.at\/wp-content\/uploads\/2026\/07\/IMG_7137-225x300.jpeg 225w, https:\/\/feuerwehr-kufstein.at\/wp-content\/uploads\/2026\/07\/IMG_7137-1152x1536.jpeg 1152w, https:\/\/feuerwehr-kufstein.at\/wp-content\/uploads\/2026\/07\/IMG_7137-1536x2048.jpeg 1536w, https:\/\/feuerwehr-kufstein.at\/wp-content\/uploads\/2026\/07\/IMG_7137-scaled.jpeg 1920w\" data-sizes=\"(max-width: 768px) 100vw, 768px\" src=\"data:image\/svg+xml;base64,PHN2ZyB3aWR0aD0iMSIgaGVpZ2h0PSIxIiB4bWxucz0iaHR0cDovL3d3dy53My5vcmcvMjAwMC9zdmciPjwvc3ZnPg==\" style=\"--smush-placeholder-width: 768px; --smush-placeholder-aspect-ratio: 768\/1024;\" \/><\/p>\n<p><img decoding=\"async\" class=\"size-large wp-image-12481 aligncenter lazyload\" data-src=\"https:\/\/feuerwehr-kufstein.at\/wp-content\/uploads\/2026\/07\/IMG_7135-1024x768.jpeg\" alt=\"\" width=\"1024\" height=\"768\" data-srcset=\"https:\/\/feuerwehr-kufstein.at\/wp-content\/uploads\/2026\/07\/IMG_7135-1024x768.jpeg 1024w, https:\/\/feuerwehr-kufstein.at\/wp-content\/uploads\/2026\/07\/IMG_7135-300x225.jpeg 300w, https:\/\/feuerwehr-kufstein.at\/wp-content\/uploads\/2026\/07\/IMG_7135-768x576.jpeg 768w, https:\/\/feuerwehr-kufstein.at\/wp-content\/uploads\/2026\/07\/IMG_7135-1536x1152.jpeg 1536w, https:\/\/feuerwehr-kufstein.at\/wp-content\/uploads\/2026\/07\/IMG_7135-2048x1536.jpeg 2048w\" data-sizes=\"(max-width: 1024px) 100vw, 1024px\" src=\"data:image\/svg+xml;base64,PHN2ZyB3aWR0aD0iMSIgaGVpZ2h0PSIxIiB4bWxucz0iaHR0cDovL3d3dy53My5vcmcvMjAwMC9zdmciPjwvc3ZnPg==\" style=\"--smush-placeholder-width: 1024px; --smush-placeholder-aspect-ratio: 1024\/768;\" \/><\/p>\n<p><img decoding=\"async\" class=\"aligncenter size-large wp-image-12478 lazyload\" data-src=\"https:\/\/feuerwehr-kufstein.at\/wp-content\/uploads\/2026\/07\/IMG_7138-768x1024.jpeg\" alt=\"\" width=\"768\" height=\"1024\" data-srcset=\"https:\/\/feuerwehr-kufstein.at\/wp-content\/uploads\/2026\/07\/IMG_7138-768x1024.jpeg 768w, https:\/\/feuerwehr-kufstein.at\/wp-content\/uploads\/2026\/07\/IMG_7138-225x300.jpeg 225w, https:\/\/feuerwehr-kufstein.at\/wp-content\/uploads\/2026\/07\/IMG_7138-1152x1536.jpeg 1152w, https:\/\/feuerwehr-kufstein.at\/wp-content\/uploads\/2026\/07\/IMG_7138-1536x2048.jpeg 1536w, https:\/\/feuerwehr-kufstein.at\/wp-content\/uploads\/2026\/07\/IMG_7138-scaled.jpeg 1920w\" data-sizes=\"(max-width: 768px) 100vw, 768px\" src=\"data:image\/svg+xml;base64,PHN2ZyB3aWR0aD0iMSIgaGVpZ2h0PSIxIiB4bWxucz0iaHR0cDovL3d3dy53My5vcmcvMjAwMC9zdmciPjwvc3ZnPg==\" style=\"--smush-placeholder-width: 768px; --smush-placeholder-aspect-ratio: 768\/1024;\" \/><\/p>\n<p style=\"text-align: center;\">enth\u00e4lt PSA, div. Masken mit Filter, Fluxpumpe, div. Leuchtmittel; Funkger\u00e4te f\u00fcr ATS-Ger\u00e4tetr\u00e4ger u. eine<\/p>\n<p style=\"text-align: center;\">Wetterstation mit der div. Daten wie Windrichtung usw. ermittelt werden k\u00f6nnen um die Ausbreitung eines Gefahrgutstoffes vorhersagen zu k\u00f6nnen.<\/p>\n<p>&nbsp;<\/p>\n<p style=\"text-align: center;\"><strong>Laderaum 4<\/strong><\/p>\n<p><img decoding=\"async\" class=\"aligncenter size-large wp-image-12483 lazyload\" data-src=\"https:\/\/feuerwehr-kufstein.at\/wp-content\/uploads\/2026\/07\/IMG_7133-1024x768.jpeg\" alt=\"\" width=\"1024\" height=\"768\" data-srcset=\"https:\/\/feuerwehr-kufstein.at\/wp-content\/uploads\/2026\/07\/IMG_7133-1024x768.jpeg 1024w, https:\/\/feuerwehr-kufstein.at\/wp-content\/uploads\/2026\/07\/IMG_7133-300x225.jpeg 300w, https:\/\/feuerwehr-kufstein.at\/wp-content\/uploads\/2026\/07\/IMG_7133-768x576.jpeg 768w, https:\/\/feuerwehr-kufstein.at\/wp-content\/uploads\/2026\/07\/IMG_7133-1536x1152.jpeg 1536w, https:\/\/feuerwehr-kufstein.at\/wp-content\/uploads\/2026\/07\/IMG_7133-2048x1536.jpeg 2048w\" data-sizes=\"(max-width: 1024px) 100vw, 1024px\" src=\"data:image\/svg+xml;base64,PHN2ZyB3aWR0aD0iMSIgaGVpZ2h0PSIxIiB4bWxucz0iaHR0cDovL3d3dy53My5vcmcvMjAwMC9zdmciPjwvc3ZnPg==\" style=\"--smush-placeholder-width: 1024px; --smush-placeholder-aspect-ratio: 1024\/768;\" \/><\/p>\n<p style=\"text-align: center;\">beinhaltet ex gesch\u00fctzen GIFAS Verteiler u Stromkabel, ABC L\u00f6scher, L\u00f6schdecken und einen ausziehbaren Schreibtisch<\/p>\n<p>&nbsp;<\/p>\n<p style=\"text-align: center;\"><strong>Laderaum 6<\/strong><\/p>\n<p><img decoding=\"async\" class=\"aligncenter size-large wp-image-12484 lazyload\" data-src=\"https:\/\/feuerwehr-kufstein.at\/wp-content\/uploads\/2026\/07\/IMG_7132-1024x768.jpeg\" alt=\"\" width=\"1024\" height=\"768\" data-srcset=\"https:\/\/feuerwehr-kufstein.at\/wp-content\/uploads\/2026\/07\/IMG_7132-1024x768.jpeg 1024w, https:\/\/feuerwehr-kufstein.at\/wp-content\/uploads\/2026\/07\/IMG_7132-300x225.jpeg 300w, https:\/\/feuerwehr-kufstein.at\/wp-content\/uploads\/2026\/07\/IMG_7132-768x576.jpeg 768w, https:\/\/feuerwehr-kufstein.at\/wp-content\/uploads\/2026\/07\/IMG_7132-1536x1152.jpeg 1536w, https:\/\/feuerwehr-kufstein.at\/wp-content\/uploads\/2026\/07\/IMG_7132-2048x1536.jpeg 2048w\" data-sizes=\"(max-width: 1024px) 100vw, 1024px\" src=\"data:image\/svg+xml;base64,PHN2ZyB3aWR0aD0iMSIgaGVpZ2h0PSIxIiB4bWxucz0iaHR0cDovL3d3dy53My5vcmcvMjAwMC9zdmciPjwvc3ZnPg==\" style=\"--smush-placeholder-width: 1024px; --smush-placeholder-aspect-ratio: 1024\/768;\" \/><\/p>\n<p style=\"text-align: center;\">beinhaltet Absperrmaterialien, Steuerung f\u00fcr Ladebordwand und Lichtmast<\/p>\n<p>&nbsp;<\/p>\n<p style=\"text-align: center;\"><strong>Ladefl\u00e4che mit Hebeb\u00fchne<\/strong><\/p>\n<p><img decoding=\"async\" class=\"aligncenter size-large wp-image-12493 lazyload\" data-src=\"https:\/\/feuerwehr-kufstein.at\/wp-content\/uploads\/2026\/07\/IMG_7123-768x1024.jpeg\" alt=\"\" width=\"768\" height=\"1024\" data-srcset=\"https:\/\/feuerwehr-kufstein.at\/wp-content\/uploads\/2026\/07\/IMG_7123-768x1024.jpeg 768w, https:\/\/feuerwehr-kufstein.at\/wp-content\/uploads\/2026\/07\/IMG_7123-225x300.jpeg 225w, https:\/\/feuerwehr-kufstein.at\/wp-content\/uploads\/2026\/07\/IMG_7123-1152x1536.jpeg 1152w, https:\/\/feuerwehr-kufstein.at\/wp-content\/uploads\/2026\/07\/IMG_7123-1536x2048.jpeg 1536w, https:\/\/feuerwehr-kufstein.at\/wp-content\/uploads\/2026\/07\/IMG_7123-scaled.jpeg 1920w\" data-sizes=\"(max-width: 768px) 100vw, 768px\" src=\"data:image\/svg+xml;base64,PHN2ZyB3aWR0aD0iMSIgaGVpZ2h0PSIxIiB4bWxucz0iaHR0cDovL3d3dy53My5vcmcvMjAwMC9zdmciPjwvc3ZnPg==\" style=\"--smush-placeholder-width: 768px; --smush-placeholder-aspect-ratio: 768\/1024;\" \/><\/p>\n<p><img decoding=\"async\" class=\"aligncenter size-large wp-image-12486 lazyload\" data-src=\"https:\/\/feuerwehr-kufstein.at\/wp-content\/uploads\/2026\/07\/IMG_7130-768x1024.jpeg\" alt=\"\" width=\"768\" height=\"1024\" data-srcset=\"https:\/\/feuerwehr-kufstein.at\/wp-content\/uploads\/2026\/07\/IMG_7130-768x1024.jpeg 768w, https:\/\/feuerwehr-kufstein.at\/wp-content\/uploads\/2026\/07\/IMG_7130-225x300.jpeg 225w, https:\/\/feuerwehr-kufstein.at\/wp-content\/uploads\/2026\/07\/IMG_7130-1152x1536.jpeg 1152w, https:\/\/feuerwehr-kufstein.at\/wp-content\/uploads\/2026\/07\/IMG_7130-1536x2048.jpeg 1536w, https:\/\/feuerwehr-kufstein.at\/wp-content\/uploads\/2026\/07\/IMG_7130-scaled.jpeg 1920w\" data-sizes=\"(max-width: 768px) 100vw, 768px\" src=\"data:image\/svg+xml;base64,PHN2ZyB3aWR0aD0iMSIgaGVpZ2h0PSIxIiB4bWxucz0iaHR0cDovL3d3dy53My5vcmcvMjAwMC9zdmciPjwvc3ZnPg==\" style=\"--smush-placeholder-width: 768px; --smush-placeholder-aspect-ratio: 768\/1024;\" \/><\/p>\n<p><img decoding=\"async\" class=\"aligncenter size-large wp-image-12490 lazyload\" data-src=\"https:\/\/feuerwehr-kufstein.at\/wp-content\/uploads\/2026\/07\/IMG_7126-768x1024.jpeg\" alt=\"\" width=\"768\" height=\"1024\" data-srcset=\"https:\/\/feuerwehr-kufstein.at\/wp-content\/uploads\/2026\/07\/IMG_7126-768x1024.jpeg 768w, https:\/\/feuerwehr-kufstein.at\/wp-content\/uploads\/2026\/07\/IMG_7126-225x300.jpeg 225w, https:\/\/feuerwehr-kufstein.at\/wp-content\/uploads\/2026\/07\/IMG_7126-1152x1536.jpeg 1152w, https:\/\/feuerwehr-kufstein.at\/wp-content\/uploads\/2026\/07\/IMG_7126-1536x2048.jpeg 1536w, https:\/\/feuerwehr-kufstein.at\/wp-content\/uploads\/2026\/07\/IMG_7126-scaled.jpeg 1920w\" data-sizes=\"(max-width: 768px) 100vw, 768px\" src=\"data:image\/svg+xml;base64,PHN2ZyB3aWR0aD0iMSIgaGVpZ2h0PSIxIiB4bWxucz0iaHR0cDovL3d3dy53My5vcmcvMjAwMC9zdmciPjwvc3ZnPg==\" style=\"--smush-placeholder-width: 768px; --smush-placeholder-aspect-ratio: 768\/1024;\" \/><\/p>\n<p><img decoding=\"async\" class=\"aligncenter size-large wp-image-12485 lazyload\" data-src=\"https:\/\/feuerwehr-kufstein.at\/wp-content\/uploads\/2026\/07\/IMG_7131-1024x768.jpeg\" alt=\"\" width=\"1024\" height=\"768\" data-srcset=\"https:\/\/feuerwehr-kufstein.at\/wp-content\/uploads\/2026\/07\/IMG_7131-1024x768.jpeg 1024w, https:\/\/feuerwehr-kufstein.at\/wp-content\/uploads\/2026\/07\/IMG_7131-300x225.jpeg 300w, https:\/\/feuerwehr-kufstein.at\/wp-content\/uploads\/2026\/07\/IMG_7131-768x576.jpeg 768w, https:\/\/feuerwehr-kufstein.at\/wp-content\/uploads\/2026\/07\/IMG_7131-1536x1152.jpeg 1536w, https:\/\/feuerwehr-kufstein.at\/wp-content\/uploads\/2026\/07\/IMG_7131-2048x1536.jpeg 2048w\" data-sizes=\"(max-width: 1024px) 100vw, 1024px\" src=\"data:image\/svg+xml;base64,PHN2ZyB3aWR0aD0iMSIgaGVpZ2h0PSIxIiB4bWxucz0iaHR0cDovL3d3dy53My5vcmcvMjAwMC9zdmciPjwvc3ZnPg==\" style=\"--smush-placeholder-width: 1024px; --smush-placeholder-aspect-ratio: 1024\/768;\" \/><\/p>\n<p>&nbsp;<\/p>\n<p style=\"text-align: center;\">auf der Ladefl\u00e4che finden 9 Rollcontainer platz, welche je nach Einsatzszenario geladen werden k\u00f6nnen, dzt. sind 8 Container verladen welche<\/p>\n<p style=\"text-align: center;\">z.b. Pumpen gro\u00df, Pumpen klein, ex gesch\u00fctzes Kabelmaterial, Erdungskabel, Leuchten, Auffangbeh\u00e4lter -materialien, Abdichtmaterial, kleine Dekoeinheit usw. enthalten.<\/p>\n<p style=\"text-align: center;\">Nicht ben\u00f6tigte Container werden in der Zwischenzeit im Ger\u00e4tehaus gelagert<\/p>\n<p>&nbsp;<\/p>\n<p><img decoding=\"async\" class=\"aligncenter size-large wp-image-12487 lazyload\" data-src=\"https:\/\/feuerwehr-kufstein.at\/wp-content\/uploads\/2026\/07\/IMG_7129-1024x768.jpeg\" alt=\"\" width=\"1024\" height=\"768\" data-srcset=\"https:\/\/feuerwehr-kufstein.at\/wp-content\/uploads\/2026\/07\/IMG_7129-1024x768.jpeg 1024w, https:\/\/feuerwehr-kufstein.at\/wp-content\/uploads\/2026\/07\/IMG_7129-300x225.jpeg 300w, https:\/\/feuerwehr-kufstein.at\/wp-content\/uploads\/2026\/07\/IMG_7129-768x576.jpeg 768w, https:\/\/feuerwehr-kufstein.at\/wp-content\/uploads\/2026\/07\/IMG_7129-1536x1152.jpeg 1536w, https:\/\/feuerwehr-kufstein.at\/wp-content\/uploads\/2026\/07\/IMG_7129-2048x1536.jpeg 2048w\" data-sizes=\"(max-width: 1024px) 100vw, 1024px\" src=\"data:image\/svg+xml;base64,PHN2ZyB3aWR0aD0iMSIgaGVpZ2h0PSIxIiB4bWxucz0iaHR0cDovL3d3dy53My5vcmcvMjAwMC9zdmciPjwvc3ZnPg==\" style=\"--smush-placeholder-width: 1024px; --smush-placeholder-aspect-ratio: 1024\/768;\" \/><\/p>\n<p style=\"text-align: center;\">4 Rollcontainer umfassen dabei die gesamte gro\u00dfe Dekontaminationsstra\u00dfe<\/p>\n","protected":false},"excerpt":{"rendered":"<p>Gefahrgutfahrzeug &#8211; Umweltschutz Besatzung 1:5 Baujahr 2025 MAN TGM 15.320 Magirus Lohr &nbsp; Beim GefahrGutFahrzeug (GGF) handelt sich um ein Fahrzeug f\u00fcr den Umweltschutz\/Katasrophendienst &#8211; zur Verf\u00fcgung gestellt vom Landes-Feuerwehrverband Tirol. In jedem Bezirk ist ein solches Fahrzeug stationiert, wobei jedes Fahrzeug neben der Grundausstattung auch Zusatzmodule f\u00fcr gr\u00f6\u00dfere Schadenslagen besitzt. F\u00fcr den Bezirk Kufstein [&hellip;]<\/p>\n","protected":false},"author":2,"featured_media":0,"parent":0,"menu_order":0,"comment_status":"closed","ping_status":"closed","template":"","meta":{"footnotes":""},"class_list":["post-12173","page","type-page","status-publish","czr-hentry"],"_links":{"self":[{"href":"https:\/\/feuerwehr-kufstein.at\/index.php?rest_route=\/wp\/v2\/pages\/12173","targetHints":{"allow":["GET"]}}],"collection":[{"href":"https:\/\/feuerwehr-kufstein.at\/index.php?rest_route=\/wp\/v2\/pages"}],"about":[{"href":"https:\/\/feuerwehr-kufstein.at\/index.php?rest_route=\/wp\/v2\/types\/page"}],"author":[{"embeddable":true,"href":"https:\/\/feuerwehr-kufstein.at\/index.php?rest_route=\/wp\/v2\/users\/2"}],"replies":[{"embeddable":true,"href":"https:\/\/feuerwehr-kufstein.at\/index.php?rest_route=%2Fwp%2Fv2%2Fcomments&post=12173"}],"version-history":[{"count":0,"href":"https:\/\/feuerwehr-kufstein.at\/index.php?rest_route=\/wp\/v2\/pages\/12173\/revisions"}],"wp:attachment":[{"href":"https:\/\/feuerwehr-kufstein.at\/index.php?rest_route=%2Fwp%2Fv2%2Fmedia&parent=12173"}],"curies":[{"name":"wp","href":"https:\/\/api.w.org\/{rel}","templated":true}]}}