{"id":1253,"date":"2018-12-11T16:09:57","date_gmt":"2018-12-11T16:09:57","guid":{"rendered":"https:\/\/k100413-1.kufnet.at\/?page_id=1253"},"modified":"2019-01-02T19:09:21","modified_gmt":"2019-01-02T18:09:21","slug":"kleines-ruestfahrzeug-sonder","status":"publish","type":"page","link":"https:\/\/feuerwehr-kufstein.at\/?page_id=1253","title":{"rendered":"KRF-S"},"content":{"rendered":"<div class=\"zusatzseitetext_container\">\n<p><span style=\"color: #000000;\"><img decoding=\"async\" class=\"aligncenter wp-image-196 size-large lazyload\" data-src=\"http:\/\/feuerwehr-kufstein.at\/wp-content\/uploads\/2018\/10\/KRFS-Full-HD-e1544650083118-1024x527.jpg\" alt=\"\" width=\"1024\" height=\"527\" src=\"data:image\/svg+xml;base64,PHN2ZyB3aWR0aD0iMSIgaGVpZ2h0PSIxIiB4bWxucz0iaHR0cDovL3d3dy53My5vcmcvMjAwMC9zdmciPjwvc3ZnPg==\" style=\"--smush-placeholder-width: 1024px; --smush-placeholder-aspect-ratio: 1024\/527;\" \/><\/span><\/p>\n<\/div>\n<div style=\"text-align: center;\"><span style=\"color: #000000;\"><strong>Kleines R\u00fcstfahrzeug Sonder<\/strong><\/span><br \/>\n<span style=\"color: #000000;\"><strong>Baujahr 2015<\/strong><\/span><\/div>\n<div style=\"text-align: center;\"><span style=\"color: #000000;\"><strong>IVECO Dayli 72-170<\/strong><\/span><\/div>\n<div style=\"text-align: center;\"><span style=\"color: #000000;\"><strong>Rosenbauer<\/strong><\/span><\/div>\n<div style=\"text-align: center;\"><span style=\"color: #000000;\"><strong>Besatzung 1:5<\/strong><\/span><\/div>\n<div><span style=\"color: #ffffff;\">a<\/span><\/div>\n<div><\/div>\n<div style=\"text-align: center;\"><span style=\"color: #000000;\">Das KRFS hat neben einer kleinen technischen Ausr\u00fcstung auch eine\u00a0L\u00f6schangriffsausr\u00fcstung fix\u00a0mit an Bord.<\/span><br \/>\n<span style=\"color: #000000;\"><span style=\"color: #000000;\">\u00dcber die Hebeb\u00fchne im Heck kann die Beladung mittels Rollcontainern variabel gestaltet werden , wobei die Container je nach Einsatzzweck ausgew\u00e4hlt werden.<\/span><\/span><\/div>\n<div><\/div>\n<div><\/div>\n<div><span style=\"color: #ffffff;\">a<\/span><\/div>\n<div><span style=\"color: #ffffff;\">a<\/span><\/div>\n<div><\/div>\n<div><\/div>\n<div><\/div>\n<div><span style=\"color: #000000;\"><strong>Laderaum 1<\/strong><\/span><\/div>\n<div><\/div>\n<div><span style=\"color: #000000;\"><a href=\"http:\/\/feuerwehr-kufstein.at\/wp-content\/uploads\/2018\/10\/DSC05177-Full-HD.jpg\"><img decoding=\"async\" class=\"alignnone wp-image-149 size-medium lazyload\" data-src=\"http:\/\/feuerwehr-kufstein.at\/wp-content\/uploads\/2018\/10\/DSC05177-Full-HD-300x200.jpg\" alt=\"\" width=\"300\" height=\"200\" data-srcset=\"https:\/\/feuerwehr-kufstein.at\/wp-content\/uploads\/2018\/10\/DSC05177-Full-HD-300x200.jpg 300w, https:\/\/feuerwehr-kufstein.at\/wp-content\/uploads\/2018\/10\/DSC05177-Full-HD-1536x1024.jpg 1536w, https:\/\/feuerwehr-kufstein.at\/wp-content\/uploads\/2018\/10\/DSC05177-Full-HD-768x512.jpg 768w, https:\/\/feuerwehr-kufstein.at\/wp-content\/uploads\/2018\/10\/DSC05177-Full-HD-1024x683.jpg 1024w, https:\/\/feuerwehr-kufstein.at\/wp-content\/uploads\/2018\/10\/DSC05177-Full-HD.jpg 1620w\" data-sizes=\"(max-width: 300px) 100vw, 300px\" src=\"data:image\/svg+xml;base64,PHN2ZyB3aWR0aD0iMSIgaGVpZ2h0PSIxIiB4bWxucz0iaHR0cDovL3d3dy53My5vcmcvMjAwMC9zdmciPjwvc3ZnPg==\" style=\"--smush-placeholder-width: 300px; --smush-placeholder-aspect-ratio: 300\/200;\" \/><\/a><\/span><\/div>\n<div><span style=\"color: #000000;\">6C- &amp;\u00a04 B-Schl\u00e4uche, 2B- &amp; 3 C-Rohre, Verteiler, verschiedene \u00dcbergangsst\u00fccke, Standrohr und Hydrantenschl\u00fcssel,\u00a0H\u00f6henrettungsset,\u00a0T\u00fcr\u00f6ffnungs- u. Handwerkzeug, Arbeits- und Retterleinen<\/span><\/div>\n<div><span style=\"color: #ffffff;\">a<\/span><\/div>\n<div><\/div>\n<div><\/div>\n<div><span style=\"color: #000000;\"><strong>Laderaum 2<\/strong><\/span><\/div>\n<div><\/div>\n<div><span style=\"color: #000000;\"><a href=\"http:\/\/feuerwehr-kufstein.at\/wp-content\/uploads\/2018\/10\/DSC05179-Full-HD.jpg\"><img decoding=\"async\" class=\"alignnone wp-image-151 size-medium lazyload\" data-src=\"http:\/\/feuerwehr-kufstein.at\/wp-content\/uploads\/2018\/10\/DSC05179-Full-HD-300x200.jpg\" alt=\"\" width=\"300\" height=\"200\" data-srcset=\"https:\/\/feuerwehr-kufstein.at\/wp-content\/uploads\/2018\/10\/DSC05179-Full-HD-300x200.jpg 300w, https:\/\/feuerwehr-kufstein.at\/wp-content\/uploads\/2018\/10\/DSC05179-Full-HD-1536x1024.jpg 1536w, https:\/\/feuerwehr-kufstein.at\/wp-content\/uploads\/2018\/10\/DSC05179-Full-HD-768x512.jpg 768w, https:\/\/feuerwehr-kufstein.at\/wp-content\/uploads\/2018\/10\/DSC05179-Full-HD-1024x683.jpg 1024w, https:\/\/feuerwehr-kufstein.at\/wp-content\/uploads\/2018\/10\/DSC05179-Full-HD.jpg 1620w\" data-sizes=\"(max-width: 300px) 100vw, 300px\" src=\"data:image\/svg+xml;base64,PHN2ZyB3aWR0aD0iMSIgaGVpZ2h0PSIxIiB4bWxucz0iaHR0cDovL3d3dy53My5vcmcvMjAwMC9zdmciPjwvc3ZnPg==\" style=\"--smush-placeholder-width: 300px; --smush-placeholder-aspect-ratio: 300\/200;\" \/><\/a><\/span><\/div>\n<div><span style=\"color: #000000;\">6 B-Schl\u00e4uche, Treibstoffkanister, Verkehrsleitkegel, Weitwarnblitzleuchte, Feuerl\u00f6scher P12, CAFS-L\u00f6scher, L\u00f6schdecke, Insektenmittel, zwei Fluter 1000W, Stativ mit Br\u00fccke, Verl\u00e4ngerungskabel und ein\u00a0RS 14\u00a0Stromerzeuger<\/span><\/div>\n<div><span style=\"color: #ffffff;\">a<\/span><\/div>\n<div><\/div>\n<div><\/div>\n<div><span style=\"color: #000000;\"><strong>Heckladeraum<\/strong><\/span><\/div>\n<div><\/div>\n<div><span style=\"color: #000000;\"><a href=\"http:\/\/feuerwehr-kufstein.at\/wp-content\/uploads\/2018\/10\/DSC05178-Full-HD-e1539074280985.jpg\"><img decoding=\"async\" class=\"alignnone wp-image-150 size-medium lazyload\" data-src=\"http:\/\/feuerwehr-kufstein.at\/wp-content\/uploads\/2018\/10\/DSC05178-Full-HD-e1539074280985-200x300.jpg\" alt=\"\" width=\"200\" height=\"300\" data-srcset=\"https:\/\/feuerwehr-kufstein.at\/wp-content\/uploads\/2018\/10\/DSC05178-Full-HD-e1539074280985-200x300.jpg 200w, https:\/\/feuerwehr-kufstein.at\/wp-content\/uploads\/2018\/10\/DSC05178-Full-HD-e1539074280985-1024x1536.jpg 1024w, https:\/\/feuerwehr-kufstein.at\/wp-content\/uploads\/2018\/10\/DSC05178-Full-HD-e1539074280985-768x1152.jpg 768w, https:\/\/feuerwehr-kufstein.at\/wp-content\/uploads\/2018\/10\/DSC05178-Full-HD-e1539074280985-683x1024.jpg 683w, https:\/\/feuerwehr-kufstein.at\/wp-content\/uploads\/2018\/10\/DSC05178-Full-HD-e1539074280985.jpg 1080w\" data-sizes=\"(max-width: 200px) 100vw, 200px\" src=\"data:image\/svg+xml;base64,PHN2ZyB3aWR0aD0iMSIgaGVpZ2h0PSIxIiB4bWxucz0iaHR0cDovL3d3dy53My5vcmcvMjAwMC9zdmciPjwvc3ZnPg==\" style=\"--smush-placeholder-width: 200px; --smush-placeholder-aspect-ratio: 200\/300;\" \/><\/a>\u00a0\u00a0\u00a0\u00a0\u00a0\u00a0 <a href=\"http:\/\/feuerwehr-kufstein.at\/wp-content\/uploads\/2018\/10\/DSC00512-e1539176273149.jpg\"><img decoding=\"async\" class=\"alignnone wp-image-348 size-medium lazyload\" data-src=\"http:\/\/feuerwehr-kufstein.at\/wp-content\/uploads\/2018\/10\/DSC00512-e1539176273149-200x300.jpg\" alt=\"\" width=\"200\" height=\"300\" data-srcset=\"https:\/\/feuerwehr-kufstein.at\/wp-content\/uploads\/2018\/10\/DSC00512-e1539176273149-200x300.jpg 200w, https:\/\/feuerwehr-kufstein.at\/wp-content\/uploads\/2018\/10\/DSC00512-e1539176273149-1024x1536.jpg 1024w, https:\/\/feuerwehr-kufstein.at\/wp-content\/uploads\/2018\/10\/DSC00512-e1539176273149-1365x2048.jpg 1365w, https:\/\/feuerwehr-kufstein.at\/wp-content\/uploads\/2018\/10\/DSC00512-e1539176273149-768x1152.jpg 768w, https:\/\/feuerwehr-kufstein.at\/wp-content\/uploads\/2018\/10\/DSC00512-e1539176273149-683x1024.jpg 683w, https:\/\/feuerwehr-kufstein.at\/wp-content\/uploads\/2018\/10\/DSC00512-e1539176273149-scaled.jpg 1707w\" data-sizes=\"(max-width: 200px) 100vw, 200px\" src=\"data:image\/svg+xml;base64,PHN2ZyB3aWR0aD0iMSIgaGVpZ2h0PSIxIiB4bWxucz0iaHR0cDovL3d3dy53My5vcmcvMjAwMC9zdmciPjwvc3ZnPg==\" style=\"--smush-placeholder-width: 200px; --smush-placeholder-aspect-ratio: 200\/300;\" \/><\/a><\/span><\/div>\n<div><span style=\"color: #000000;\">Am Heck befindet sich eine 750 kg Ladebordwand mit Fu\u00dfsteuerung und Fernbedienung, eine Verkehrsleiteinrichtung, sowie eine ausziehbare Leiter.<\/span><br \/>\n<span style=\"color: #000000;\">Weiters k\u00f6nnen hier bis zu\u00a0zwei Rollcontainer verladen werden, die je nach Einsatzzweck unterschiedlich ausgestattet sind.<\/span><\/div>\n<div><span style=\"color: #ffffff;\">a<\/span><\/div>\n<div><\/div>\n<div><\/div>\n<div><span style=\"color: #000000;\"><strong>Dachbeladung<\/strong><\/span><\/div>\n<div><\/div>\n<div><span class=\"float_left\" style=\"color: #000000;\"><a href=\"http:\/\/feuerwehr-kufstein.at\/wp-content\/uploads\/2018\/10\/DSC05181-Full-HD-e1539074291254.jpg\"><img decoding=\"async\" class=\"alignnone wp-image-153 size-medium lazyload\" data-src=\"http:\/\/feuerwehr-kufstein.at\/wp-content\/uploads\/2018\/10\/DSC05181-Full-HD-e1539074291254-200x300.jpg\" alt=\"\" width=\"200\" height=\"300\" data-srcset=\"https:\/\/feuerwehr-kufstein.at\/wp-content\/uploads\/2018\/10\/DSC05181-Full-HD-e1539074291254-200x300.jpg 200w, https:\/\/feuerwehr-kufstein.at\/wp-content\/uploads\/2018\/10\/DSC05181-Full-HD-e1539074291254-1024x1536.jpg 1024w, https:\/\/feuerwehr-kufstein.at\/wp-content\/uploads\/2018\/10\/DSC05181-Full-HD-e1539074291254-768x1152.jpg 768w, https:\/\/feuerwehr-kufstein.at\/wp-content\/uploads\/2018\/10\/DSC05181-Full-HD-e1539074291254-683x1024.jpg 683w, https:\/\/feuerwehr-kufstein.at\/wp-content\/uploads\/2018\/10\/DSC05181-Full-HD-e1539074291254.jpg 1080w\" data-sizes=\"(max-width: 200px) 100vw, 200px\" src=\"data:image\/svg+xml;base64,PHN2ZyB3aWR0aD0iMSIgaGVpZ2h0PSIxIiB4bWxucz0iaHR0cDovL3d3dy53My5vcmcvMjAwMC9zdmciPjwvc3ZnPg==\" style=\"--smush-placeholder-width: 200px; --smush-placeholder-aspect-ratio: 200\/300;\" \/><\/a><\/span><\/div>\n<div><span class=\"float_left\" style=\"color: #000000;\">Auf dem Dach befinden sich vier Steckleiterteile mit Br\u00fcckenst\u00fcck, 2 Schlauchbr\u00fccken, sowie eine Dachbox mit Schanzwerkzeug und einer Gifas-Lichts\u00e4ule<\/span><\/div>\n<div><span style=\"color: #ffffff;\">a<\/span><\/div>\n<div><\/div>\n<div><\/div>\n<div><span style=\"color: #000000;\"><strong>Mannschaftsraum<\/strong><\/span><\/div>\n<div><\/div>\n<div><span style=\"color: #000000;\"><img decoding=\"async\" class=\"alignnone size-medium wp-image-148 lazyload\" data-src=\"http:\/\/feuerwehr-kufstein.at\/wp-content\/uploads\/2018\/10\/DSC05176-Full-HD-e1539074269157-200x300.jpg\" alt=\"\" width=\"200\" height=\"300\" data-srcset=\"https:\/\/feuerwehr-kufstein.at\/wp-content\/uploads\/2018\/10\/DSC05176-Full-HD-e1539074269157-200x300.jpg 200w, https:\/\/feuerwehr-kufstein.at\/wp-content\/uploads\/2018\/10\/DSC05176-Full-HD-e1539074269157-1024x1536.jpg 1024w, https:\/\/feuerwehr-kufstein.at\/wp-content\/uploads\/2018\/10\/DSC05176-Full-HD-e1539074269157-768x1152.jpg 768w, https:\/\/feuerwehr-kufstein.at\/wp-content\/uploads\/2018\/10\/DSC05176-Full-HD-e1539074269157-683x1024.jpg 683w, https:\/\/feuerwehr-kufstein.at\/wp-content\/uploads\/2018\/10\/DSC05176-Full-HD-e1539074269157.jpg 1080w\" data-sizes=\"(max-width: 200px) 100vw, 200px\" src=\"data:image\/svg+xml;base64,PHN2ZyB3aWR0aD0iMSIgaGVpZ2h0PSIxIiB4bWxucz0iaHR0cDovL3d3dy53My5vcmcvMjAwMC9zdmciPjwvc3ZnPg==\" style=\"--smush-placeholder-width: 200px; --smush-placeholder-aspect-ratio: 200\/300;\" \/><\/span><\/div>\n<div><span style=\"color: #000000;\">Im Mannschaftsraum befinden\u00a0sich 6 Fw-Gurte, 6 Sicherheitswesten,\u00a06 Paar Fw-Handschuhe, Wolldecke, 2 Winkerkellen, 2 Triopane, 2 Handlampen und\u00a0Einweghandschuhe<\/span><\/div>\n<div><\/div>\n<div class=\"zusatzseitetext_container\"><\/div>\n","protected":false},"excerpt":{"rendered":"<p>Kleines R\u00fcstfahrzeug Sonder Baujahr 2015 IVECO Dayli 72-170 Rosenbauer Besatzung 1:5 a Das KRFS hat neben einer kleinen technischen Ausr\u00fcstung auch eine\u00a0L\u00f6schangriffsausr\u00fcstung fix\u00a0mit an Bord. \u00dcber die Hebeb\u00fchne im Heck kann die Beladung mittels Rollcontainern variabel gestaltet werden , wobei die Container je nach Einsatzzweck ausgew\u00e4hlt werden. a a Laderaum 1 6C- &amp;\u00a04 B-Schl\u00e4uche, 2B- [&hellip;]<\/p>\n","protected":false},"author":2,"featured_media":0,"parent":544,"menu_order":3,"comment_status":"closed","ping_status":"closed","template":"","meta":{"footnotes":""},"class_list":["post-1253","page","type-page","status-publish","czr-hentry"],"_links":{"self":[{"href":"https:\/\/feuerwehr-kufstein.at\/index.php?rest_route=\/wp\/v2\/pages\/1253","targetHints":{"allow":["GET"]}}],"collection":[{"href":"https:\/\/feuerwehr-kufstein.at\/index.php?rest_route=\/wp\/v2\/pages"}],"about":[{"href":"https:\/\/feuerwehr-kufstein.at\/index.php?rest_route=\/wp\/v2\/types\/page"}],"author":[{"embeddable":true,"href":"https:\/\/feuerwehr-kufstein.at\/index.php?rest_route=\/wp\/v2\/users\/2"}],"replies":[{"embeddable":true,"href":"https:\/\/feuerwehr-kufstein.at\/index.php?rest_route=%2Fwp%2Fv2%2Fcomments&post=1253"}],"version-history":[{"count":0,"href":"https:\/\/feuerwehr-kufstein.at\/index.php?rest_route=\/wp\/v2\/pages\/1253\/revisions"}],"up":[{"embeddable":true,"href":"https:\/\/feuerwehr-kufstein.at\/index.php?rest_route=\/wp\/v2\/pages\/544"}],"wp:attachment":[{"href":"https:\/\/feuerwehr-kufstein.at\/index.php?rest_route=%2Fwp%2Fv2%2Fmedia&parent=1253"}],"curies":[{"name":"wp","href":"https:\/\/api.w.org\/{rel}","templated":true}]}}