{"id":1288,"date":"2018-12-11T16:42:14","date_gmt":"2018-12-11T16:42:14","guid":{"rendered":"https:\/\/k100413-1.kufnet.at\/?page_id=1288"},"modified":"2024-10-01T14:18:51","modified_gmt":"2024-10-01T13:18:51","slug":"dlk-37","status":"publish","type":"page","link":"https:\/\/feuerwehr-kufstein.at\/?page_id=1288","title":{"rendered":"DLK 37"},"content":{"rendered":"<p>&nbsp;<\/p>\n<p style=\"text-align: center;\"><a href=\"https:\/\/feuerwehr-kufstein.at\/wp-content\/uploads\/2019\/01\/DLK-37-e1548260614551-scaled.jpg\" rel=\"attachment wp-att-2703\"><img decoding=\"async\" class=\"alignnone wp-image-2703 size-large lazyload\" data-src=\"https:\/\/feuerwehr-kufstein.at\/wp-content\/uploads\/2019\/01\/DLK-37-e1548260614551-1024x596.jpg\" alt=\"\" width=\"1024\" height=\"596\" data-srcset=\"https:\/\/feuerwehr-kufstein.at\/wp-content\/uploads\/2019\/01\/DLK-37-e1548260614551-1024x596.jpg 1024w, https:\/\/feuerwehr-kufstein.at\/wp-content\/uploads\/2019\/01\/DLK-37-e1548260614551-1536x895.jpg 1536w, https:\/\/feuerwehr-kufstein.at\/wp-content\/uploads\/2019\/01\/DLK-37-e1548260614551-2048x1193.jpg 2048w, https:\/\/feuerwehr-kufstein.at\/wp-content\/uploads\/2019\/01\/DLK-37-e1548260614551-300x175.jpg 300w, https:\/\/feuerwehr-kufstein.at\/wp-content\/uploads\/2019\/01\/DLK-37-e1548260614551-768x447.jpg 768w\" data-sizes=\"(max-width: 1024px) 100vw, 1024px\" src=\"data:image\/svg+xml;base64,PHN2ZyB3aWR0aD0iMSIgaGVpZ2h0PSIxIiB4bWxucz0iaHR0cDovL3d3dy53My5vcmcvMjAwMC9zdmciPjwvc3ZnPg==\" style=\"--smush-placeholder-width: 1024px; --smush-placeholder-aspect-ratio: 1024\/596;\" \/><\/a><\/p>\n<p style=\"text-align: center;\"><span style=\"color: #000000;\"><strong>Drehleiter mit Korb 37 Meter<br \/>\nBaujahr 1997<br \/>\nIveco<br \/>\nMagirus<br \/>\nBesatzung 1:2<br \/>\n<\/strong><\/span><\/p>\n<p>&nbsp;<\/p>\n<div class=\"zusatzseitetext_container\">\n<p style=\"text-align: center;\"><span style=\"color: #000000;\">Die DLK 37 ist ein Rettungsger\u00e4t und dient daher prim\u00e4r zur Personenrettung aus gro\u00dfen H\u00f6hen oder Tiefen. Die Personen werden dabei entweder mittels Seil und Gurt (Rollgliss) gerettet, oder sie werden direkt in den Korb (der max. 3 Personen Platz bietet) aufgenommen.\u00a0Durch eine spezielle Aufnahmevorrichtung am Korb ist es auch m\u00f6glich Personen liegend zu transportieren w\u00e4hrend sie von einem Notarzt betreut werden.<\/span><\/p>\n<p style=\"text-align: center;\"><span style=\"color: #000000;\">Au\u00dferdem kommt die Drehleiter auch bei Br\u00e4nden zum Einsatz um Feuer in gro\u00dfen H\u00f6hen (Dachstuhlbr\u00e4nde usw.)\u00a0bek\u00e4mpfen zu k\u00f6nnen.<\/span><\/p>\n<p style=\"text-align: center;\">\n<\/div>\n<p>&nbsp;<\/p>\n<p><span style=\"color: #000000;\"><strong>Maschinistenstand<br \/>\n<\/strong><a style=\"color: #000000;\" href=\"http:\/\/feuerwehr-kufstein.at\/wp-content\/uploads\/2018\/10\/DSC05098-Full-HD.jpg\"><img decoding=\"async\" class=\"alignnone wp-image-70 size-medium lazyload\" data-src=\"http:\/\/feuerwehr-kufstein.at\/wp-content\/uploads\/2018\/10\/DSC05098-Full-HD-300x200.jpg\" alt=\"\" width=\"300\" height=\"200\" data-srcset=\"https:\/\/feuerwehr-kufstein.at\/wp-content\/uploads\/2018\/10\/DSC05098-Full-HD-300x200.jpg 300w, https:\/\/feuerwehr-kufstein.at\/wp-content\/uploads\/2018\/10\/DSC05098-Full-HD-1536x1024.jpg 1536w, https:\/\/feuerwehr-kufstein.at\/wp-content\/uploads\/2018\/10\/DSC05098-Full-HD-768x512.jpg 768w, https:\/\/feuerwehr-kufstein.at\/wp-content\/uploads\/2018\/10\/DSC05098-Full-HD-1024x683.jpg 1024w, https:\/\/feuerwehr-kufstein.at\/wp-content\/uploads\/2018\/10\/DSC05098-Full-HD.jpg 1620w\" data-sizes=\"(max-width: 300px) 100vw, 300px\" src=\"data:image\/svg+xml;base64,PHN2ZyB3aWR0aD0iMSIgaGVpZ2h0PSIxIiB4bWxucz0iaHR0cDovL3d3dy53My5vcmcvMjAwMC9zdmciPjwvc3ZnPg==\" style=\"--smush-placeholder-width: 300px; --smush-placeholder-aspect-ratio: 300\/200;\" \/><\/a>\u00a0\u00a0\u00a0\u00a0 <strong><a style=\"color: #000000;\" href=\"http:\/\/feuerwehr-kufstein.at\/wp-content\/uploads\/2018\/10\/DSC05100-Full-HD.jpg\"><img decoding=\"async\" class=\"alignnone wp-image-72 size-medium lazyload\" data-src=\"http:\/\/feuerwehr-kufstein.at\/wp-content\/uploads\/2018\/10\/DSC05100-Full-HD-300x200.jpg\" alt=\"\" width=\"300\" height=\"200\" data-srcset=\"https:\/\/feuerwehr-kufstein.at\/wp-content\/uploads\/2018\/10\/DSC05100-Full-HD-300x200.jpg 300w, https:\/\/feuerwehr-kufstein.at\/wp-content\/uploads\/2018\/10\/DSC05100-Full-HD-1536x1024.jpg 1536w, https:\/\/feuerwehr-kufstein.at\/wp-content\/uploads\/2018\/10\/DSC05100-Full-HD-768x512.jpg 768w, https:\/\/feuerwehr-kufstein.at\/wp-content\/uploads\/2018\/10\/DSC05100-Full-HD-1024x683.jpg 1024w, https:\/\/feuerwehr-kufstein.at\/wp-content\/uploads\/2018\/10\/DSC05100-Full-HD.jpg 1620w\" data-sizes=\"(max-width: 300px) 100vw, 300px\" src=\"data:image\/svg+xml;base64,PHN2ZyB3aWR0aD0iMSIgaGVpZ2h0PSIxIiB4bWxucz0iaHR0cDovL3d3dy53My5vcmcvMjAwMC9zdmciPjwvc3ZnPg==\" style=\"--smush-placeholder-width: 300px; --smush-placeholder-aspect-ratio: 300\/200;\" \/><\/a>\u00a0\u00a0\u00a0\u00a0 <\/strong><br \/>\nDie Leiter kann entweder\u00a0vom\u00a0Korb aus gesteuert, oder vom Maschinistenstand aus bedient werden.<\/span><\/p>\n<p>&nbsp;<\/p>\n<p><span style=\"color: #000000;\"><strong>Laderaum 1<br \/>\n<\/strong><a style=\"color: #000000;\" href=\"http:\/\/feuerwehr-kufstein.at\/wp-content\/uploads\/2018\/10\/DSC05087-Full-HD-e1539073528130.jpg\"><img decoding=\"async\" class=\"alignnone wp-image-59 size-medium lazyload\" data-src=\"http:\/\/feuerwehr-kufstein.at\/wp-content\/uploads\/2018\/10\/DSC05087-Full-HD-e1539073528130-200x300.jpg\" alt=\"\" width=\"200\" height=\"300\" data-srcset=\"https:\/\/feuerwehr-kufstein.at\/wp-content\/uploads\/2018\/10\/DSC05087-Full-HD-e1539073528130-200x300.jpg 200w, https:\/\/feuerwehr-kufstein.at\/wp-content\/uploads\/2018\/10\/DSC05087-Full-HD-e1539073528130-1024x1536.jpg 1024w, https:\/\/feuerwehr-kufstein.at\/wp-content\/uploads\/2018\/10\/DSC05087-Full-HD-e1539073528130-768x1152.jpg 768w, https:\/\/feuerwehr-kufstein.at\/wp-content\/uploads\/2018\/10\/DSC05087-Full-HD-e1539073528130-683x1024.jpg 683w, https:\/\/feuerwehr-kufstein.at\/wp-content\/uploads\/2018\/10\/DSC05087-Full-HD-e1539073528130.jpg 1080w\" data-sizes=\"(max-width: 200px) 100vw, 200px\" src=\"data:image\/svg+xml;base64,PHN2ZyB3aWR0aD0iMSIgaGVpZ2h0PSIxIiB4bWxucz0iaHR0cDovL3d3dy53My5vcmcvMjAwMC9zdmciPjwvc3ZnPg==\" style=\"--smush-placeholder-width: 200px; --smush-placeholder-aspect-ratio: 200\/300;\" \/><\/a>\u00a0\u00a0\u00a0\u00a0 <a style=\"color: #000000;\" href=\"http:\/\/feuerwehr-kufstein.at\/wp-content\/uploads\/2018\/10\/DSC05088-Full-HD.jpg\"><img decoding=\"async\" class=\"alignnone wp-image-60 size-medium lazyload\" data-src=\"http:\/\/feuerwehr-kufstein.at\/wp-content\/uploads\/2018\/10\/DSC05088-Full-HD-300x200.jpg\" alt=\"\" width=\"300\" height=\"200\" data-srcset=\"https:\/\/feuerwehr-kufstein.at\/wp-content\/uploads\/2018\/10\/DSC05088-Full-HD-300x200.jpg 300w, https:\/\/feuerwehr-kufstein.at\/wp-content\/uploads\/2018\/10\/DSC05088-Full-HD-1536x1024.jpg 1536w, https:\/\/feuerwehr-kufstein.at\/wp-content\/uploads\/2018\/10\/DSC05088-Full-HD-768x512.jpg 768w, https:\/\/feuerwehr-kufstein.at\/wp-content\/uploads\/2018\/10\/DSC05088-Full-HD-1024x683.jpg 1024w, https:\/\/feuerwehr-kufstein.at\/wp-content\/uploads\/2018\/10\/DSC05088-Full-HD.jpg 1620w\" data-sizes=\"(max-width: 300px) 100vw, 300px\" src=\"data:image\/svg+xml;base64,PHN2ZyB3aWR0aD0iMSIgaGVpZ2h0PSIxIiB4bWxucz0iaHR0cDovL3d3dy53My5vcmcvMjAwMC9zdmciPjwvc3ZnPg==\" style=\"--smush-placeholder-width: 300px; --smush-placeholder-aspect-ratio: 300\/200;\" \/><\/a><br \/>\nMotors\u00e4ge mit Schutzbekleidung, 2 \u00c4xte, Rettungswanne mit 2 Rettungsleinen<br \/>\n<\/span><\/p>\n<p>&nbsp;<\/p>\n<p><span style=\"color: #000000;\"><strong>Laderaum 2<br \/>\n<\/strong><a style=\"color: #000000;\" href=\"http:\/\/feuerwehr-kufstein.at\/wp-content\/uploads\/2018\/10\/DSC05094-Full-HD-e1539073560873.jpg\"><img decoding=\"async\" class=\"alignnone wp-image-66 size-medium lazyload\" data-src=\"http:\/\/feuerwehr-kufstein.at\/wp-content\/uploads\/2018\/10\/DSC05094-Full-HD-e1539073560873-200x300.jpg\" alt=\"\" width=\"200\" height=\"300\" data-srcset=\"https:\/\/feuerwehr-kufstein.at\/wp-content\/uploads\/2018\/10\/DSC05094-Full-HD-e1539073560873-200x300.jpg 200w, https:\/\/feuerwehr-kufstein.at\/wp-content\/uploads\/2018\/10\/DSC05094-Full-HD-e1539073560873-1024x1536.jpg 1024w, https:\/\/feuerwehr-kufstein.at\/wp-content\/uploads\/2018\/10\/DSC05094-Full-HD-e1539073560873-768x1152.jpg 768w, https:\/\/feuerwehr-kufstein.at\/wp-content\/uploads\/2018\/10\/DSC05094-Full-HD-e1539073560873-683x1024.jpg 683w, https:\/\/feuerwehr-kufstein.at\/wp-content\/uploads\/2018\/10\/DSC05094-Full-HD-e1539073560873.jpg 1080w\" data-sizes=\"(max-width: 200px) 100vw, 200px\" src=\"data:image\/svg+xml;base64,PHN2ZyB3aWR0aD0iMSIgaGVpZ2h0PSIxIiB4bWxucz0iaHR0cDovL3d3dy53My5vcmcvMjAwMC9zdmciPjwvc3ZnPg==\" style=\"--smush-placeholder-width: 200px; --smush-placeholder-aspect-ratio: 200\/300;\" \/><\/a><br \/>\n3 Atemschutzger\u00e4te mit Masken, 3 Hakengurte, 2 Lampen, Rollgliss, Erste Hilfe Ausr\u00fcstung<\/span><\/p>\n<p>&nbsp;<\/p>\n<p><span style=\"color: #000000;\"><strong>Laderaum 3<br \/>\n<\/strong><a style=\"color: #000000;\" href=\"http:\/\/feuerwehr-kufstein.at\/wp-content\/uploads\/2018\/10\/DSC05089-Full-HD.jpg\"><img decoding=\"async\" class=\"alignnone wp-image-61 size-medium lazyload\" data-src=\"http:\/\/feuerwehr-kufstein.at\/wp-content\/uploads\/2018\/10\/DSC05089-Full-HD-300x200.jpg\" alt=\"\" width=\"300\" height=\"200\" data-srcset=\"https:\/\/feuerwehr-kufstein.at\/wp-content\/uploads\/2018\/10\/DSC05089-Full-HD-300x200.jpg 300w, https:\/\/feuerwehr-kufstein.at\/wp-content\/uploads\/2018\/10\/DSC05089-Full-HD-1536x1024.jpg 1536w, https:\/\/feuerwehr-kufstein.at\/wp-content\/uploads\/2018\/10\/DSC05089-Full-HD-768x512.jpg 768w, https:\/\/feuerwehr-kufstein.at\/wp-content\/uploads\/2018\/10\/DSC05089-Full-HD-1024x683.jpg 1024w, https:\/\/feuerwehr-kufstein.at\/wp-content\/uploads\/2018\/10\/DSC05089-Full-HD.jpg 1620w\" data-sizes=\"(max-width: 300px) 100vw, 300px\" src=\"data:image\/svg+xml;base64,PHN2ZyB3aWR0aD0iMSIgaGVpZ2h0PSIxIiB4bWxucz0iaHR0cDovL3d3dy53My5vcmcvMjAwMC9zdmciPjwvc3ZnPg==\" style=\"--smush-placeholder-width: 300px; --smush-placeholder-aspect-ratio: 300\/200;\" \/><\/a><\/span><br \/>\n<span style=\"color: #000000;\">2 B-Schl\u00e4uche 40m, 2 Verteiler, 4C- Schl\u00e4uche, Wasserf\u00fchrende Armaturen<\/span><\/p>\n<p>&nbsp;<\/p>\n<p><span style=\"color: #000000;\"><strong>Laderaum 4<br \/>\n<\/strong><a style=\"color: #000000;\" href=\"http:\/\/feuerwehr-kufstein.at\/wp-content\/uploads\/2018\/10\/DSC05093-Full-HD.jpg\"><img decoding=\"async\" class=\"alignnone wp-image-65 size-medium lazyload\" data-src=\"http:\/\/feuerwehr-kufstein.at\/wp-content\/uploads\/2018\/10\/DSC05093-Full-HD-300x200.jpg\" alt=\"\" width=\"300\" height=\"200\" data-srcset=\"https:\/\/feuerwehr-kufstein.at\/wp-content\/uploads\/2018\/10\/DSC05093-Full-HD-300x200.jpg 300w, https:\/\/feuerwehr-kufstein.at\/wp-content\/uploads\/2018\/10\/DSC05093-Full-HD-1536x1024.jpg 1536w, https:\/\/feuerwehr-kufstein.at\/wp-content\/uploads\/2018\/10\/DSC05093-Full-HD-768x512.jpg 768w, https:\/\/feuerwehr-kufstein.at\/wp-content\/uploads\/2018\/10\/DSC05093-Full-HD-1024x683.jpg 1024w, https:\/\/feuerwehr-kufstein.at\/wp-content\/uploads\/2018\/10\/DSC05093-Full-HD.jpg 1620w\" data-sizes=\"(max-width: 300px) 100vw, 300px\" src=\"data:image\/svg+xml;base64,PHN2ZyB3aWR0aD0iMSIgaGVpZ2h0PSIxIiB4bWxucz0iaHR0cDovL3d3dy53My5vcmcvMjAwMC9zdmciPjwvc3ZnPg==\" style=\"--smush-placeholder-width: 300px; --smush-placeholder-aspect-ratio: 300\/200;\" \/><\/a><\/span><br \/>\n<span style=\"color: #000000;\">\u00dcberdruckbel\u00fcfter, Werkzeugkiste, Arbeitsleinen<\/span><\/p>\n<p>&nbsp;<\/p>\n<p><span style=\"color: #000000;\"><strong>Laderaum 5<br \/>\n<\/strong><a style=\"color: #000000;\" href=\"http:\/\/feuerwehr-kufstein.at\/wp-content\/uploads\/2018\/10\/DSC05090-Full-HD-e1539073539880.jpg\"><img decoding=\"async\" class=\"alignnone wp-image-62 size-medium lazyload\" data-src=\"http:\/\/feuerwehr-kufstein.at\/wp-content\/uploads\/2018\/10\/DSC05090-Full-HD-e1539073539880-200x300.jpg\" alt=\"\" width=\"200\" height=\"300\" data-srcset=\"https:\/\/feuerwehr-kufstein.at\/wp-content\/uploads\/2018\/10\/DSC05090-Full-HD-e1539073539880-200x300.jpg 200w, https:\/\/feuerwehr-kufstein.at\/wp-content\/uploads\/2018\/10\/DSC05090-Full-HD-e1539073539880-1024x1536.jpg 1024w, https:\/\/feuerwehr-kufstein.at\/wp-content\/uploads\/2018\/10\/DSC05090-Full-HD-e1539073539880-768x1152.jpg 768w, https:\/\/feuerwehr-kufstein.at\/wp-content\/uploads\/2018\/10\/DSC05090-Full-HD-e1539073539880-683x1024.jpg 683w, https:\/\/feuerwehr-kufstein.at\/wp-content\/uploads\/2018\/10\/DSC05090-Full-HD-e1539073539880.jpg 1080w\" data-sizes=\"(max-width: 200px) 100vw, 200px\" src=\"data:image\/svg+xml;base64,PHN2ZyB3aWR0aD0iMSIgaGVpZ2h0PSIxIiB4bWxucz0iaHR0cDovL3d3dy53My5vcmcvMjAwMC9zdmciPjwvc3ZnPg==\" style=\"--smush-placeholder-width: 200px; --smush-placeholder-aspect-ratio: 200\/300;\" \/><\/a><\/span><br \/>\n<span style=\"color: #000000;\">2 Feuerl\u00f6scher, 2 Reservekanister;<\/span><\/p>\n<p>&nbsp;<\/p>\n<p><span style=\"color: #000000;\"><strong>Laderaum 6<br \/>\n<\/strong><a style=\"color: #000000;\" href=\"http:\/\/feuerwehr-kufstein.at\/wp-content\/uploads\/2018\/10\/DSC05092-Full-HD-e1539073548865.jpg\"><img decoding=\"async\" class=\"alignnone wp-image-64 size-medium lazyload\" data-src=\"http:\/\/feuerwehr-kufstein.at\/wp-content\/uploads\/2018\/10\/DSC05092-Full-HD-e1539073548865-200x300.jpg\" alt=\"\" width=\"200\" height=\"300\" data-srcset=\"https:\/\/feuerwehr-kufstein.at\/wp-content\/uploads\/2018\/10\/DSC05092-Full-HD-e1539073548865-200x300.jpg 200w, https:\/\/feuerwehr-kufstein.at\/wp-content\/uploads\/2018\/10\/DSC05092-Full-HD-e1539073548865-1024x1536.jpg 1024w, https:\/\/feuerwehr-kufstein.at\/wp-content\/uploads\/2018\/10\/DSC05092-Full-HD-e1539073548865-768x1152.jpg 768w, https:\/\/feuerwehr-kufstein.at\/wp-content\/uploads\/2018\/10\/DSC05092-Full-HD-e1539073548865-683x1024.jpg 683w, https:\/\/feuerwehr-kufstein.at\/wp-content\/uploads\/2018\/10\/DSC05092-Full-HD-e1539073548865.jpg 1080w\" data-sizes=\"(max-width: 200px) 100vw, 200px\" src=\"data:image\/svg+xml;base64,PHN2ZyB3aWR0aD0iMSIgaGVpZ2h0PSIxIiB4bWxucz0iaHR0cDovL3d3dy53My5vcmcvMjAwMC9zdmciPjwvc3ZnPg==\" style=\"--smush-placeholder-width: 200px; --smush-placeholder-aspect-ratio: 200\/300;\" \/><\/a><\/span><br \/>\n<span style=\"color: #000000;\">Fluter, Kabeltrommel<\/span><\/p>\n<p>&nbsp;<\/p>\n<p><span style=\"color: #000000;\"><strong>Heck<br \/>\n<\/strong><a style=\"color: #000000;\" href=\"http:\/\/feuerwehr-kufstein.at\/wp-content\/uploads\/2018\/10\/DSC05099-Full-HD.jpg\"><img decoding=\"async\" class=\"alignnone wp-image-71 size-medium lazyload\" data-src=\"http:\/\/feuerwehr-kufstein.at\/wp-content\/uploads\/2018\/10\/DSC05099-Full-HD-300x200.jpg\" alt=\"\" width=\"300\" height=\"200\" data-srcset=\"https:\/\/feuerwehr-kufstein.at\/wp-content\/uploads\/2018\/10\/DSC05099-Full-HD-300x200.jpg 300w, https:\/\/feuerwehr-kufstein.at\/wp-content\/uploads\/2018\/10\/DSC05099-Full-HD-1536x1024.jpg 1536w, https:\/\/feuerwehr-kufstein.at\/wp-content\/uploads\/2018\/10\/DSC05099-Full-HD-768x512.jpg 768w, https:\/\/feuerwehr-kufstein.at\/wp-content\/uploads\/2018\/10\/DSC05099-Full-HD-1024x683.jpg 1024w, https:\/\/feuerwehr-kufstein.at\/wp-content\/uploads\/2018\/10\/DSC05099-Full-HD.jpg 1620w\" data-sizes=\"(max-width: 300px) 100vw, 300px\" src=\"data:image\/svg+xml;base64,PHN2ZyB3aWR0aD0iMSIgaGVpZ2h0PSIxIiB4bWxucz0iaHR0cDovL3d3dy53My5vcmcvMjAwMC9zdmciPjwvc3ZnPg==\" style=\"--smush-placeholder-width: 300px; --smush-placeholder-aspect-ratio: 300\/200;\" \/><\/a><\/span><br \/>\n<span style=\"color: #000000;\">abnehmbare Schlauchhaspel mit 150m B-Schl\u00e4uchen<\/span><\/p>\n<div class=\"zusatzseitetext_container\"><\/div>\n","protected":false},"excerpt":{"rendered":"<p>&nbsp; Drehleiter mit Korb 37 Meter Baujahr 1997 Iveco Magirus Besatzung 1:2 &nbsp; Die DLK 37 ist ein Rettungsger\u00e4t und dient daher prim\u00e4r zur Personenrettung aus gro\u00dfen H\u00f6hen oder Tiefen. Die Personen werden dabei entweder mittels Seil und Gurt (Rollgliss) gerettet, oder sie werden direkt in den Korb (der max. 3 Personen Platz bietet) aufgenommen.\u00a0Durch [&hellip;]<\/p>\n","protected":false},"author":2,"featured_media":0,"parent":544,"menu_order":6,"comment_status":"closed","ping_status":"closed","template":"","meta":{"footnotes":""},"class_list":["post-1288","page","type-page","status-publish","czr-hentry"],"_links":{"self":[{"href":"https:\/\/feuerwehr-kufstein.at\/index.php?rest_route=\/wp\/v2\/pages\/1288","targetHints":{"allow":["GET"]}}],"collection":[{"href":"https:\/\/feuerwehr-kufstein.at\/index.php?rest_route=\/wp\/v2\/pages"}],"about":[{"href":"https:\/\/feuerwehr-kufstein.at\/index.php?rest_route=\/wp\/v2\/types\/page"}],"author":[{"embeddable":true,"href":"https:\/\/feuerwehr-kufstein.at\/index.php?rest_route=\/wp\/v2\/users\/2"}],"replies":[{"embeddable":true,"href":"https:\/\/feuerwehr-kufstein.at\/index.php?rest_route=%2Fwp%2Fv2%2Fcomments&post=1288"}],"version-history":[{"count":0,"href":"https:\/\/feuerwehr-kufstein.at\/index.php?rest_route=\/wp\/v2\/pages\/1288\/revisions"}],"up":[{"embeddable":true,"href":"https:\/\/feuerwehr-kufstein.at\/index.php?rest_route=\/wp\/v2\/pages\/544"}],"wp:attachment":[{"href":"https:\/\/feuerwehr-kufstein.at\/index.php?rest_route=%2Fwp%2Fv2%2Fmedia&parent=1288"}],"curies":[{"name":"wp","href":"https:\/\/api.w.org\/{rel}","templated":true}]}}