{"id":2857,"date":"2019-02-09T15:55:55","date_gmt":"2019-02-09T14:55:55","guid":{"rendered":"http:\/\/www.feuerwehr-kufstein.at\/?page_id=2857"},"modified":"2026-03-17T11:49:58","modified_gmt":"2026-03-17T10:49:58","slug":"ehrungen","status":"publish","type":"page","link":"https:\/\/feuerwehr-kufstein.at\/?page_id=2857","title":{"rendered":"Ehrenmitglieder"},"content":{"rendered":"<h1 style=\"text-align: center;\"><span style=\"color: #000000;\">Ehrenmitglied<\/span><\/h1>\n<h2 style=\"text-align: center;\"><span style=\"color: #000000;\">&#8222;In Anerkennung und W\u00fcrdigung der langj\u00e4hrigen <\/span><br \/>\n<span style=\"color: #000000;\">Verdienste um das Feuerwehrwesen in Kufstein&#8220;<\/span><\/h2>\n<p style=\"text-align: center;\"><span style=\"color: #000000;\">(h\u00f6chste Auszeichnung der Feuerwehr Kufstein)<\/span><\/p>\n<p>&nbsp;<\/p>\n<p>&nbsp;<\/p>\n<table width=\"504\">\n<tbody>\n<tr>\n<td width=\"72\"><span style=\"color: #000000;\"><img decoding=\"async\" class=\"alignnone size-full wp-image-1386 lazyload\" data-src=\"https:\/\/feuerwehr-kufstein.at\/wp-content\/uploads\/2018\/12\/BR-e1544592456650.png\" alt=\"\" width=\"70\" height=\"70\" src=\"data:image\/svg+xml;base64,PHN2ZyB3aWR0aD0iMSIgaGVpZ2h0PSIxIiB4bWxucz0iaHR0cDovL3d3dy53My5vcmcvMjAwMC9zdmciPjwvc3ZnPg==\" style=\"--smush-placeholder-width: 70px; --smush-placeholder-aspect-ratio: 70\/70;\" \/><\/span><\/td>\n<td style=\"text-align: center;\" width=\"55\"><span style=\"color: #000000;\"><strong>BR<\/strong><\/span><\/td>\n<td width=\"153\"><span style=\"color: #000000;\"><strong>ACHERER Erwin<\/strong><\/span><\/td>\n<td width=\"214\"><span style=\"color: #000000;\"><strong>Ehrenmitglied<\/strong><\/span><\/td>\n<\/tr>\n<tr>\n<td width=\"72\"><span style=\"color: #000000;\"><img decoding=\"async\" class=\"alignnone size-full wp-image-1172 lazyload\" data-src=\"https:\/\/feuerwehr-kufstein.at\/wp-content\/uploads\/2018\/12\/Oberbrandinspektor.png\" alt=\"\" width=\"70\" height=\"70\" src=\"data:image\/svg+xml;base64,PHN2ZyB3aWR0aD0iMSIgaGVpZ2h0PSIxIiB4bWxucz0iaHR0cDovL3d3dy53My5vcmcvMjAwMC9zdmciPjwvc3ZnPg==\" style=\"--smush-placeholder-width: 70px; --smush-placeholder-aspect-ratio: 70\/70;\" \/><\/span><\/td>\n<td style=\"text-align: center;\" width=\"55\"><span style=\"color: #000000;\"><strong>OBI<\/strong><\/span><\/td>\n<td width=\"153\"><span style=\"color: #000000;\"><strong>GASSER Anton<\/strong><\/span><\/td>\n<td width=\"214\"><span style=\"color: #000000;\"><strong>Ehrenmitglied<\/strong><\/span><\/td>\n<\/tr>\n<tr>\n<td width=\"72\"><span style=\"color: #000000;\"><img decoding=\"async\" class=\"alignnone size-full wp-image-1387 lazyload\" data-src=\"https:\/\/feuerwehr-kufstein.at\/wp-content\/uploads\/2018\/12\/OBR-e1544592427569.png\" alt=\"\" width=\"70\" height=\"70\" src=\"data:image\/svg+xml;base64,PHN2ZyB3aWR0aD0iMSIgaGVpZ2h0PSIxIiB4bWxucz0iaHR0cDovL3d3dy53My5vcmcvMjAwMC9zdmciPjwvc3ZnPg==\" style=\"--smush-placeholder-width: 70px; --smush-placeholder-aspect-ratio: 70\/70;\" \/><\/span><\/td>\n<td style=\"text-align: center;\" width=\"55\"><span style=\"color: #000000;\"><strong>OBR<\/strong><\/span><\/td>\n<td width=\"153\"><span style=\"color: #000000;\"><strong>WINKLER Sefan<\/strong><\/span><\/td>\n<td width=\"214\"><span style=\"color: #000000;\"><strong>Ehrenmitglied<\/strong><\/span><\/td>\n<\/tr>\n<tr>\n<td width=\"72\"><span style=\"color: #000000;\"><em><img decoding=\"async\" class=\"alignnone size-full wp-image-1166 lazyload\" data-src=\"https:\/\/feuerwehr-kufstein.at\/wp-content\/uploads\/2018\/12\/Hauptbrandinspektor.png\" alt=\"\" width=\"70\" height=\"70\" src=\"data:image\/svg+xml;base64,PHN2ZyB3aWR0aD0iMSIgaGVpZ2h0PSIxIiB4bWxucz0iaHR0cDovL3d3dy53My5vcmcvMjAwMC9zdmciPjwvc3ZnPg==\" style=\"--smush-placeholder-width: 70px; --smush-placeholder-aspect-ratio: 70\/70;\" \/><\/em><\/span><\/td>\n<td style=\"text-align: center;\" width=\"55\"><span style=\"color: #000000;\"><strong>HBI<\/strong><\/span><\/td>\n<td width=\"153\"><span style=\"color: #000000;\"><strong>GRIE\u00dfER Gerhard<\/strong><\/span><\/td>\n<td width=\"214\"><span style=\"color: #000000;\"><strong>Ehrenmitglied<\/strong><\/span><\/td>\n<\/tr>\n<\/tbody>\n<\/table>\n<p>&nbsp;<\/p>\n<h1 style=\"text-align: center;\"><span style=\"color: #000000;\">Silberne Ehrennadel<\/span><\/h1>\n<h2 style=\"text-align: center;\"><span style=\"color: #000000;\">&#8222;In Anerkennung ihrer langj\u00e4hrig und wiederholt<\/span><br \/>\n<span style=\"color: #000000;\">erbrachten treuen Dienste&#8220;<\/span><\/h2>\n<p style=\"text-align: center;\"><span style=\"color: #000000;\">(zweith\u00f6chste Auszeichnung der Feuerwehr Kufstein)<\/span><\/p>\n<p>&nbsp;<\/p>\n<table width=\"504\">\n<tbody>\n<tr>\n<td width=\"72\"><span style=\"color: #000000;\"><img decoding=\"async\" class=\"alignnone size-full wp-image-1387 lazyload\" data-src=\"https:\/\/feuerwehr-kufstein.at\/wp-content\/uploads\/2018\/12\/OBR-e1544592427569.png\" alt=\"\" width=\"70\" height=\"70\" src=\"data:image\/svg+xml;base64,PHN2ZyB3aWR0aD0iMSIgaGVpZ2h0PSIxIiB4bWxucz0iaHR0cDovL3d3dy53My5vcmcvMjAwMC9zdmciPjwvc3ZnPg==\" style=\"--smush-placeholder-width: 70px; --smush-placeholder-aspect-ratio: 70\/70;\" \/><\/span><\/td>\n<td style=\"text-align: center;\" width=\"55\"><span style=\"color: #000000;\"><strong>OBR<\/strong><\/span><\/td>\n<td width=\"153\"><span style=\"color: #000000;\"><strong>WINKLER Sefan<\/strong><\/span><\/td>\n<td width=\"214\"><span style=\"color: #000000;\"><strong>Silberne Ehrennadel<\/strong><\/span><\/td>\n<\/tr>\n<tr>\n<td width=\"72\"><span style=\"color: #000000;\"><em><img decoding=\"async\" class=\"alignnone size-full wp-image-1166 lazyload\" data-src=\"https:\/\/feuerwehr-kufstein.at\/wp-content\/uploads\/2018\/12\/Hauptbrandinspektor.png\" alt=\"\" width=\"70\" height=\"70\" src=\"data:image\/svg+xml;base64,PHN2ZyB3aWR0aD0iMSIgaGVpZ2h0PSIxIiB4bWxucz0iaHR0cDovL3d3dy53My5vcmcvMjAwMC9zdmciPjwvc3ZnPg==\" style=\"--smush-placeholder-width: 70px; --smush-placeholder-aspect-ratio: 70\/70;\" \/><\/em><\/span><\/td>\n<td style=\"text-align: center;\" width=\"55\"><span style=\"color: #000000;\"><strong>HBI<\/strong><\/span><\/td>\n<td width=\"153\"><span style=\"color: #000000;\"><strong>GRIE\u00dfER Gerhard<\/strong><\/span><\/td>\n<td width=\"214\"><span style=\"color: #000000;\"><strong>Silberne Ehrennadel<\/strong><\/span><\/td>\n<\/tr>\n<tr>\n<td width=\"72\"><span style=\"color: #000000;\"><strong><em><img decoding=\"async\" class=\"alignnone size-full wp-image-1172 lazyload\" data-src=\"https:\/\/feuerwehr-kufstein.at\/wp-content\/uploads\/2018\/12\/Oberbrandinspektor.png\" alt=\"\" width=\"70\" height=\"70\" src=\"data:image\/svg+xml;base64,PHN2ZyB3aWR0aD0iMSIgaGVpZ2h0PSIxIiB4bWxucz0iaHR0cDovL3d3dy53My5vcmcvMjAwMC9zdmciPjwvc3ZnPg==\" style=\"--smush-placeholder-width: 70px; --smush-placeholder-aspect-ratio: 70\/70;\" \/><\/em><\/strong><\/span><\/td>\n<td style=\"text-align: center;\" width=\"55\"><span style=\"color: #000000;\"><strong>OBI<\/strong><\/span><\/td>\n<td width=\"153\"><span style=\"color: #000000;\"><strong>GASSER Walter<\/strong><\/span><\/td>\n<td width=\"214\"><span style=\"color: #000000;\"><strong>Silberne Ehrennadel<\/strong><\/span><\/td>\n<\/tr>\n<tr>\n<td width=\"72\"><span style=\"color: #000000;\"><strong><em><img decoding=\"async\" class=\"alignnone size-full wp-image-1174 lazyload\" data-src=\"https:\/\/feuerwehr-kufstein.at\/wp-content\/uploads\/2018\/12\/Oberbrandinspektor.png\" alt=\"\" width=\"70\" height=\"70\" src=\"data:image\/svg+xml;base64,PHN2ZyB3aWR0aD0iMSIgaGVpZ2h0PSIxIiB4bWxucz0iaHR0cDovL3d3dy53My5vcmcvMjAwMC9zdmciPjwvc3ZnPg==\" style=\"--smush-placeholder-width: 70px; --smush-placeholder-aspect-ratio: 70\/70;\" \/><\/em><\/strong><\/span><\/td>\n<td style=\"text-align: center;\" width=\"55\"><span style=\"color: #000000;\"><strong>OBI<\/strong><\/span><\/td>\n<td width=\"153\"><span style=\"color: #000000;\"><strong>MAYRHOFER Sebastian<\/strong><\/span><\/td>\n<td width=\"214\"><span style=\"color: #000000;\"><strong>Silberne Ehrennadel<\/strong><\/span><\/td>\n<\/tr>\n<tr>\n<td width=\"72\"><span style=\"color: #000000;\"><strong><em><img decoding=\"async\" class=\"alignnone size-full wp-image-1167 lazyload\" data-src=\"https:\/\/feuerwehr-kufstein.at\/wp-content\/uploads\/2018\/12\/Hauptverwalter.png\" alt=\"\" width=\"70\" height=\"70\" src=\"data:image\/svg+xml;base64,PHN2ZyB3aWR0aD0iMSIgaGVpZ2h0PSIxIiB4bWxucz0iaHR0cDovL3d3dy53My5vcmcvMjAwMC9zdmciPjwvc3ZnPg==\" style=\"--smush-placeholder-width: 70px; --smush-placeholder-aspect-ratio: 70\/70;\" \/><\/em><\/strong><\/span><\/td>\n<td style=\"text-align: center;\" width=\"55\"><span style=\"color: #000000;\"><strong>HV<\/strong><\/span><\/td>\n<td width=\"153\"><span style=\"color: #000000;\"><strong>Amort Reinhard<\/strong><\/span><\/td>\n<td width=\"214\"><span style=\"color: #000000;\"><strong>Silberne Ehrennadel<\/strong><\/span><\/td>\n<\/tr>\n<tr>\n<td width=\"72\"><span style=\"color: #000000;\"><strong><em><img decoding=\"async\" class=\"alignnone size-full wp-image-1174 lazyload\" data-src=\"https:\/\/feuerwehr-kufstein.at\/wp-content\/uploads\/2018\/12\/Hauptverwalter.png\" alt=\"\" width=\"70\" height=\"70\" src=\"data:image\/svg+xml;base64,PHN2ZyB3aWR0aD0iMSIgaGVpZ2h0PSIxIiB4bWxucz0iaHR0cDovL3d3dy53My5vcmcvMjAwMC9zdmciPjwvc3ZnPg==\" style=\"--smush-placeholder-width: 70px; --smush-placeholder-aspect-ratio: 70\/70;\" \/><\/em><\/strong><\/span><\/td>\n<td style=\"text-align: center;\" width=\"55\"><span style=\"color: #000000;\"><strong>HV<\/strong><\/span><\/td>\n<td width=\"153\"><span style=\"color: #000000;\"><strong>BRUNNER Siegfried<\/strong><\/span><\/td>\n<td width=\"214\"><span style=\"color: #000000;\"><strong>Silberne Ehrennadel<\/strong><\/span><\/td>\n<\/tr>\n<tr>\n<td width=\"72\"><span style=\"color: #000000;\"><strong><em><img decoding=\"async\" class=\"alignnone size-full wp-image-1167 lazyload\" data-src=\"https:\/\/feuerwehr-kufstein.at\/wp-content\/uploads\/2018\/12\/Hauptverwalter.png\" alt=\"\" width=\"70\" height=\"70\" src=\"data:image\/svg+xml;base64,PHN2ZyB3aWR0aD0iMSIgaGVpZ2h0PSIxIiB4bWxucz0iaHR0cDovL3d3dy53My5vcmcvMjAwMC9zdmciPjwvc3ZnPg==\" style=\"--smush-placeholder-width: 70px; --smush-placeholder-aspect-ratio: 70\/70;\" \/><\/em><\/strong><\/span><\/td>\n<td style=\"text-align: center;\" width=\"55\"><span style=\"color: #000000;\"><strong>HV<\/strong><\/span><\/td>\n<td width=\"153\"><span style=\"color: #000000;\"><strong>EBNER Thomas<\/strong><\/span><\/td>\n<td width=\"214\"><span style=\"color: #000000;\"><strong>Silberne Ehrennadel<\/strong><\/span><\/td>\n<\/tr>\n<tr>\n<td width=\"72\"><span style=\"color: #000000;\"><strong><em><img decoding=\"async\" class=\"alignnone size-full wp-image-1167 lazyload\" data-src=\"https:\/\/feuerwehr-kufstein.at\/wp-content\/uploads\/2018\/12\/Hauptverwalter.png\" alt=\"\" width=\"70\" height=\"70\" src=\"data:image\/svg+xml;base64,PHN2ZyB3aWR0aD0iMSIgaGVpZ2h0PSIxIiB4bWxucz0iaHR0cDovL3d3dy53My5vcmcvMjAwMC9zdmciPjwvc3ZnPg==\" style=\"--smush-placeholder-width: 70px; --smush-placeholder-aspect-ratio: 70\/70;\" \/><\/em><\/strong><\/span><\/td>\n<td style=\"text-align: center;\" width=\"55\"><span style=\"color: #000000;\"><strong>HV<\/strong><\/span><\/td>\n<td width=\"153\"><span style=\"color: #000000;\"><strong>PLETZER Gerald<\/strong><\/span><\/td>\n<td width=\"214\"><span style=\"color: #000000;\"><strong>Silberne Ehrennadel<\/strong><\/span><\/td>\n<\/tr>\n<tr>\n<td width=\"72\"><span style=\"color: #000000;\"><strong><em><img decoding=\"async\" class=\"alignnone size-full wp-image-1168 lazyload\" data-src=\"https:\/\/feuerwehr-kufstein.at\/wp-content\/uploads\/2018\/12\/HBM.png\" alt=\"\" width=\"70\" height=\"70\" src=\"data:image\/svg+xml;base64,PHN2ZyB3aWR0aD0iMSIgaGVpZ2h0PSIxIiB4bWxucz0iaHR0cDovL3d3dy53My5vcmcvMjAwMC9zdmciPjwvc3ZnPg==\" style=\"--smush-placeholder-width: 70px; --smush-placeholder-aspect-ratio: 70\/70;\" \/><\/em><\/strong><\/span><\/td>\n<td style=\"text-align: center;\" width=\"55\"><span style=\"color: #000000;\"><strong>HBM<\/strong><\/span><\/td>\n<td width=\"153\"><span style=\"color: #000000;\"><strong>GRIE\u00dfER Ernst<\/strong><\/span><\/td>\n<td width=\"214\"><span style=\"color: #000000;\"><strong>Silberne Ehrennadel<\/strong><\/span><\/td>\n<\/tr>\n<tr>\n<td width=\"72\"><span style=\"color: #000000;\"><strong><em><img decoding=\"async\" class=\"alignnone size-full wp-image-1174 lazyload\" data-src=\"https:\/\/feuerwehr-kufstein.at\/wp-content\/uploads\/2018\/12\/OBM.png\" alt=\"\" width=\"70\" height=\"70\" src=\"data:image\/svg+xml;base64,PHN2ZyB3aWR0aD0iMSIgaGVpZ2h0PSIxIiB4bWxucz0iaHR0cDovL3d3dy53My5vcmcvMjAwMC9zdmciPjwvc3ZnPg==\" style=\"--smush-placeholder-width: 70px; --smush-placeholder-aspect-ratio: 70\/70;\" \/><\/em><\/strong><\/span><\/td>\n<td style=\"text-align: center;\" width=\"55\"><span style=\"color: #000000;\"><strong>OBM<\/strong><\/span><\/td>\n<td width=\"153\"><span style=\"color: #000000;\"><strong>FRIEDL Hugo<\/strong><\/span><\/td>\n<td width=\"214\"><span style=\"color: #000000;\"><strong>Silberne Ehrennadel<\/strong><\/span><\/td>\n<\/tr>\n<tr>\n<td width=\"72\"><span style=\"color: #000000;\"><strong><em><img decoding=\"async\" class=\"alignnone size-full wp-image-1174 lazyload\" data-src=\"https:\/\/feuerwehr-kufstein.at\/wp-content\/uploads\/2018\/12\/BM.png\" alt=\"\" width=\"70\" height=\"70\" src=\"data:image\/svg+xml;base64,PHN2ZyB3aWR0aD0iMSIgaGVpZ2h0PSIxIiB4bWxucz0iaHR0cDovL3d3dy53My5vcmcvMjAwMC9zdmciPjwvc3ZnPg==\" style=\"--smush-placeholder-width: 70px; --smush-placeholder-aspect-ratio: 70\/70;\" \/><\/em><\/strong><\/span><\/td>\n<td style=\"text-align: center;\" width=\"55\"><span style=\"color: #000000;\"><strong>BM<\/strong><\/span><\/td>\n<td width=\"153\"><span style=\"color: #000000;\"><strong>LAUF Robert<\/strong><\/span><\/td>\n<td width=\"214\"><span style=\"color: #000000;\"><strong>Silberne Ehrennadel<\/strong><\/span><\/td>\n<\/tr>\n<\/tbody>\n<\/table>\n<p>&nbsp;<\/p>\n","protected":false},"excerpt":{"rendered":"<p>Ehrenmitglied &#8222;In Anerkennung und W\u00fcrdigung der langj\u00e4hrigen Verdienste um das Feuerwehrwesen in Kufstein&#8220; (h\u00f6chste Auszeichnung der Feuerwehr Kufstein) &nbsp; &nbsp; BR ACHERER Erwin Ehrenmitglied OBI GASSER Anton Ehrenmitglied OBR WINKLER Sefan Ehrenmitglied HBI GRIE\u00dfER Gerhard Ehrenmitglied &nbsp; Silberne Ehrennadel &#8222;In Anerkennung ihrer langj\u00e4hrig und wiederholt erbrachten treuen Dienste&#8220; (zweith\u00f6chste Auszeichnung der Feuerwehr Kufstein) &nbsp; OBR [&hellip;]<\/p>\n","protected":false},"author":4,"featured_media":0,"parent":0,"menu_order":0,"comment_status":"closed","ping_status":"closed","template":"","meta":{"footnotes":""},"class_list":["post-2857","page","type-page","status-publish","czr-hentry"],"_links":{"self":[{"href":"https:\/\/feuerwehr-kufstein.at\/index.php?rest_route=\/wp\/v2\/pages\/2857","targetHints":{"allow":["GET"]}}],"collection":[{"href":"https:\/\/feuerwehr-kufstein.at\/index.php?rest_route=\/wp\/v2\/pages"}],"about":[{"href":"https:\/\/feuerwehr-kufstein.at\/index.php?rest_route=\/wp\/v2\/types\/page"}],"author":[{"embeddable":true,"href":"https:\/\/feuerwehr-kufstein.at\/index.php?rest_route=\/wp\/v2\/users\/4"}],"replies":[{"embeddable":true,"href":"https:\/\/feuerwehr-kufstein.at\/index.php?rest_route=%2Fwp%2Fv2%2Fcomments&post=2857"}],"version-history":[{"count":0,"href":"https:\/\/feuerwehr-kufstein.at\/index.php?rest_route=\/wp\/v2\/pages\/2857\/revisions"}],"wp:attachment":[{"href":"https:\/\/feuerwehr-kufstein.at\/index.php?rest_route=%2Fwp%2Fv2%2Fmedia&parent=2857"}],"curies":[{"name":"wp","href":"https:\/\/api.w.org\/{rel}","templated":true}]}}