{"id":4789,"date":"2019-12-19T18:04:14","date_gmt":"2019-12-19T17:04:14","guid":{"rendered":"http:\/\/www.feuerwehr-kufstein.at\/?page_id=4789"},"modified":"2020-01-27T19:32:18","modified_gmt":"2020-01-27T18:32:18","slug":"tank-1-2","status":"publish","type":"page","link":"https:\/\/feuerwehr-kufstein.at\/?page_id=4789","title":{"rendered":"Tank 1"},"content":{"rendered":"<p style=\"text-align: center;\"><span style=\"color: #000000;\"><strong><a href=\"https:\/\/feuerwehr-kufstein.at\/wp-content\/uploads\/2019\/12\/TLFA_Neu-scaled-e1576843127288.jpg\"><img decoding=\"async\" class=\"alignnone wp-image-4927 size-large lazyload\" data-src=\"https:\/\/feuerwehr-kufstein.at\/wp-content\/uploads\/2019\/12\/TLFA_Neu-scaled-e1576843127288-1024x588.jpg\" alt=\"\" width=\"1024\" height=\"588\" data-srcset=\"https:\/\/feuerwehr-kufstein.at\/wp-content\/uploads\/2019\/12\/TLFA_Neu-scaled-e1576843127288-1024x588.jpg 1024w, https:\/\/feuerwehr-kufstein.at\/wp-content\/uploads\/2019\/12\/TLFA_Neu-scaled-e1576843127288-300x172.jpg 300w, https:\/\/feuerwehr-kufstein.at\/wp-content\/uploads\/2019\/12\/TLFA_Neu-scaled-e1576843127288-768x441.jpg 768w, https:\/\/feuerwehr-kufstein.at\/wp-content\/uploads\/2019\/12\/TLFA_Neu-scaled-e1576843127288-1536x882.jpg 1536w, https:\/\/feuerwehr-kufstein.at\/wp-content\/uploads\/2019\/12\/TLFA_Neu-scaled-e1576843127288.jpg 2028w\" data-sizes=\"(max-width: 1024px) 100vw, 1024px\" src=\"data:image\/svg+xml;base64,PHN2ZyB3aWR0aD0iMSIgaGVpZ2h0PSIxIiB4bWxucz0iaHR0cDovL3d3dy53My5vcmcvMjAwMC9zdmciPjwvc3ZnPg==\" style=\"--smush-placeholder-width: 1024px; --smush-placeholder-aspect-ratio: 1024\/588;\" \/><\/a><\/strong><\/span><\/p>\n<p style=\"text-align: center;\"><span style=\"color: #000000;\"><strong>Tankl\u00f6schfahrzeug mit Allrad 3000\/100<\/strong><\/span><br \/>\n<span style=\"color: #000000;\"><strong>Baujahr 2019\u00a0<\/strong><\/span><span style=\"color: #000000;\"><strong><br \/>\nMAN 18.320 TGM\/3900\/4&#215;4 EURO 6<br \/>\nmit Allison Automatikgetriebe<\/strong><\/span><br \/>\n<span style=\"color: #000000;\"><strong>Rosenbauer<br \/>\nBesatzung 1:8<\/strong><\/span><\/p>\n<p style=\"text-align: center;\"><span style=\"color: #000000;\"><strong><strong>\u00fcbernommen am: 19. Dezember 2019<\/strong><\/strong><\/span><\/p>\n<p style=\"text-align: center;\"><strong>in Dienst gestellt am: 23. J\u00e4nner 2020<\/strong><\/p>\n<p>&nbsp;<\/p>\n<p style=\"text-align: center;\"><span style=\"color: #000000;\">Das TLFA dient haupts\u00e4chlich der Brandbek\u00e4mpfung. Zu diesem Zweck f\u00fchrt es 3000 l Wasser und 100 l Schaum mit sich, die je nach Wasserverbrauch f\u00fcr einige Minuten bis zu einer halben Stunde f\u00fcr einen L\u00f6schangriff zur Verf\u00fcgung stehen (danach muss eine externe Wasserversorgung aufgebaut werden). Es ist aber auch f\u00fcr technische Rettungen ausger\u00fcstet. Dazu f\u00fchrt es einem kompletten Rettungssatz (Spreizer, Schere, Stempel), Airbag- u. Glasmanagement Set, so wie ein H\u00f6henrettungsset mit.<\/span><\/p>\n<p>&nbsp;<\/p>\n<p><span style=\"color: #000000;\"><strong>Fahrer- u.\u00a0 Mannschaftskabine<br \/>\n<a href=\"https:\/\/feuerwehr-kufstein.at\/wp-content\/uploads\/2019\/11\/IMG-20191130-WA0011.jpg\"><img decoding=\"async\" class=\"alignnone wp-image-4806 size-medium lazyload\" data-src=\"https:\/\/feuerwehr-kufstein.at\/wp-content\/uploads\/2019\/11\/IMG-20191130-WA0011-225x300.jpg\" alt=\"\" width=\"225\" height=\"300\" data-srcset=\"https:\/\/feuerwehr-kufstein.at\/wp-content\/uploads\/2019\/11\/IMG-20191130-WA0011-225x300.jpg 225w, https:\/\/feuerwehr-kufstein.at\/wp-content\/uploads\/2019\/11\/IMG-20191130-WA0011-768x1024.jpg 768w, https:\/\/feuerwehr-kufstein.at\/wp-content\/uploads\/2019\/11\/IMG-20191130-WA0011-1152x1536.jpg 1152w, https:\/\/feuerwehr-kufstein.at\/wp-content\/uploads\/2019\/11\/IMG-20191130-WA0011.jpg 1200w\" data-sizes=\"(max-width: 225px) 100vw, 225px\" src=\"data:image\/svg+xml;base64,PHN2ZyB3aWR0aD0iMSIgaGVpZ2h0PSIxIiB4bWxucz0iaHR0cDovL3d3dy53My5vcmcvMjAwMC9zdmciPjwvc3ZnPg==\" style=\"--smush-placeholder-width: 225px; --smush-placeholder-aspect-ratio: 225\/300;\" \/><\/a> <a href=\"https:\/\/feuerwehr-kufstein.at\/wp-content\/uploads\/2019\/11\/IMG-20191130-WA0006.jpg\"><img decoding=\"async\" class=\"alignnone wp-image-4798 size-medium lazyload\" data-src=\"https:\/\/feuerwehr-kufstein.at\/wp-content\/uploads\/2019\/11\/IMG-20191130-WA0006-169x300.jpg\" alt=\"\" width=\"169\" height=\"300\" data-srcset=\"https:\/\/feuerwehr-kufstein.at\/wp-content\/uploads\/2019\/11\/IMG-20191130-WA0006-169x300.jpg 169w, https:\/\/feuerwehr-kufstein.at\/wp-content\/uploads\/2019\/11\/IMG-20191130-WA0006-576x1024.jpg 576w, https:\/\/feuerwehr-kufstein.at\/wp-content\/uploads\/2019\/11\/IMG-20191130-WA0006-768x1365.jpg 768w, https:\/\/feuerwehr-kufstein.at\/wp-content\/uploads\/2019\/11\/IMG-20191130-WA0006-864x1536.jpg 864w, https:\/\/feuerwehr-kufstein.at\/wp-content\/uploads\/2019\/11\/IMG-20191130-WA0006.jpg 900w\" data-sizes=\"(max-width: 169px) 100vw, 169px\" src=\"data:image\/svg+xml;base64,PHN2ZyB3aWR0aD0iMSIgaGVpZ2h0PSIxIiB4bWxucz0iaHR0cDovL3d3dy53My5vcmcvMjAwMC9zdmciPjwvc3ZnPg==\" style=\"--smush-placeholder-width: 169px; --smush-placeholder-aspect-ratio: 169\/300;\" \/><\/a> <a href=\"https:\/\/feuerwehr-kufstein.at\/wp-content\/uploads\/2019\/11\/IMG-20191130-WA0027.jpg\"><img decoding=\"async\" class=\"alignnone wp-image-4796 size-medium lazyload\" data-src=\"https:\/\/feuerwehr-kufstein.at\/wp-content\/uploads\/2019\/11\/IMG-20191130-WA0027-169x300.jpg\" alt=\"\" width=\"169\" height=\"300\" data-srcset=\"https:\/\/feuerwehr-kufstein.at\/wp-content\/uploads\/2019\/11\/IMG-20191130-WA0027-169x300.jpg 169w, https:\/\/feuerwehr-kufstein.at\/wp-content\/uploads\/2019\/11\/IMG-20191130-WA0027-576x1024.jpg 576w, https:\/\/feuerwehr-kufstein.at\/wp-content\/uploads\/2019\/11\/IMG-20191130-WA0027-768x1365.jpg 768w, https:\/\/feuerwehr-kufstein.at\/wp-content\/uploads\/2019\/11\/IMG-20191130-WA0027-864x1536.jpg 864w, https:\/\/feuerwehr-kufstein.at\/wp-content\/uploads\/2019\/11\/IMG-20191130-WA0027.jpg 900w\" data-sizes=\"(max-width: 169px) 100vw, 169px\" src=\"data:image\/svg+xml;base64,PHN2ZyB3aWR0aD0iMSIgaGVpZ2h0PSIxIiB4bWxucz0iaHR0cDovL3d3dy53My5vcmcvMjAwMC9zdmciPjwvc3ZnPg==\" style=\"--smush-placeholder-width: 169px; --smush-placeholder-aspect-ratio: 169\/300;\" \/><\/a> <a href=\"https:\/\/feuerwehr-kufstein.at\/wp-content\/uploads\/2019\/11\/IMG-20191130-WA0026.jpg\"><img decoding=\"async\" class=\"alignnone wp-image-4795 size-medium lazyload\" data-src=\"https:\/\/feuerwehr-kufstein.at\/wp-content\/uploads\/2019\/11\/IMG-20191130-WA0026-169x300.jpg\" alt=\"\" width=\"169\" height=\"300\" data-srcset=\"https:\/\/feuerwehr-kufstein.at\/wp-content\/uploads\/2019\/11\/IMG-20191130-WA0026-169x300.jpg 169w, https:\/\/feuerwehr-kufstein.at\/wp-content\/uploads\/2019\/11\/IMG-20191130-WA0026-576x1024.jpg 576w, https:\/\/feuerwehr-kufstein.at\/wp-content\/uploads\/2019\/11\/IMG-20191130-WA0026-768x1365.jpg 768w, https:\/\/feuerwehr-kufstein.at\/wp-content\/uploads\/2019\/11\/IMG-20191130-WA0026-864x1536.jpg 864w, https:\/\/feuerwehr-kufstein.at\/wp-content\/uploads\/2019\/11\/IMG-20191130-WA0026.jpg 900w\" data-sizes=\"(max-width: 169px) 100vw, 169px\" src=\"data:image\/svg+xml;base64,PHN2ZyB3aWR0aD0iMSIgaGVpZ2h0PSIxIiB4bWxucz0iaHR0cDovL3d3dy53My5vcmcvMjAwMC9zdmciPjwvc3ZnPg==\" style=\"--smush-placeholder-width: 169px; --smush-placeholder-aspect-ratio: 169\/300;\" \/><\/a> <a href=\"https:\/\/feuerwehr-kufstein.at\/wp-content\/uploads\/2019\/11\/IMG-20191130-WA0013.jpg\"><img decoding=\"async\" class=\"alignnone wp-image-4793 size-medium lazyload\" data-src=\"https:\/\/feuerwehr-kufstein.at\/wp-content\/uploads\/2019\/11\/IMG-20191130-WA0013-225x300.jpg\" alt=\"\" width=\"225\" height=\"300\" data-srcset=\"https:\/\/feuerwehr-kufstein.at\/wp-content\/uploads\/2019\/11\/IMG-20191130-WA0013-225x300.jpg 225w, https:\/\/feuerwehr-kufstein.at\/wp-content\/uploads\/2019\/11\/IMG-20191130-WA0013-768x1024.jpg 768w, https:\/\/feuerwehr-kufstein.at\/wp-content\/uploads\/2019\/11\/IMG-20191130-WA0013-1152x1536.jpg 1152w, https:\/\/feuerwehr-kufstein.at\/wp-content\/uploads\/2019\/11\/IMG-20191130-WA0013.jpg 1200w\" data-sizes=\"(max-width: 225px) 100vw, 225px\" src=\"data:image\/svg+xml;base64,PHN2ZyB3aWR0aD0iMSIgaGVpZ2h0PSIxIiB4bWxucz0iaHR0cDovL3d3dy53My5vcmcvMjAwMC9zdmciPjwvc3ZnPg==\" style=\"--smush-placeholder-width: 225px; --smush-placeholder-aspect-ratio: 225\/300;\" \/><\/a><\/strong><\/span><span style=\"color: #000000;\">Digitalhandfunkger\u00e4te, Warnwesten, W\u00e4rmebildkamera, 3 Pressluftatmer + Masken, Handlampen, Fluchthauben, Tablet\u00a0<\/span><\/p>\n<p>&nbsp;<\/p>\n<p><span style=\"color: #000000;\"><strong>Laderaum 1<br \/>\n<\/strong><\/span><a href=\"https:\/\/feuerwehr-kufstein.at\/wp-content\/uploads\/2019\/11\/IMG-20191130-WA0014.jpg\"><img decoding=\"async\" class=\"alignnone wp-image-4794 size-medium lazyload\" data-src=\"https:\/\/feuerwehr-kufstein.at\/wp-content\/uploads\/2019\/11\/IMG-20191130-WA0014-169x300.jpg\" alt=\"\" width=\"169\" height=\"300\" data-srcset=\"https:\/\/feuerwehr-kufstein.at\/wp-content\/uploads\/2019\/11\/IMG-20191130-WA0014-169x300.jpg 169w, https:\/\/feuerwehr-kufstein.at\/wp-content\/uploads\/2019\/11\/IMG-20191130-WA0014-576x1024.jpg 576w, https:\/\/feuerwehr-kufstein.at\/wp-content\/uploads\/2019\/11\/IMG-20191130-WA0014-768x1365.jpg 768w, https:\/\/feuerwehr-kufstein.at\/wp-content\/uploads\/2019\/11\/IMG-20191130-WA0014-864x1536.jpg 864w, https:\/\/feuerwehr-kufstein.at\/wp-content\/uploads\/2019\/11\/IMG-20191130-WA0014.jpg 900w\" data-sizes=\"(max-width: 169px) 100vw, 169px\" src=\"data:image\/svg+xml;base64,PHN2ZyB3aWR0aD0iMSIgaGVpZ2h0PSIxIiB4bWxucz0iaHR0cDovL3d3dy53My5vcmcvMjAwMC9zdmciPjwvc3ZnPg==\" style=\"--smush-placeholder-width: 169px; --smush-placeholder-aspect-ratio: 169\/300;\" \/><\/a> <a href=\"https:\/\/feuerwehr-kufstein.at\/wp-content\/uploads\/2019\/11\/IMG-20191130-WA0030.jpg\"><img decoding=\"async\" class=\"alignnone wp-image-4801 size-medium lazyload\" data-src=\"https:\/\/feuerwehr-kufstein.at\/wp-content\/uploads\/2019\/11\/IMG-20191130-WA0030-169x300.jpg\" alt=\"\" width=\"169\" height=\"300\" data-srcset=\"https:\/\/feuerwehr-kufstein.at\/wp-content\/uploads\/2019\/11\/IMG-20191130-WA0030-169x300.jpg 169w, https:\/\/feuerwehr-kufstein.at\/wp-content\/uploads\/2019\/11\/IMG-20191130-WA0030-576x1024.jpg 576w, https:\/\/feuerwehr-kufstein.at\/wp-content\/uploads\/2019\/11\/IMG-20191130-WA0030-768x1365.jpg 768w, https:\/\/feuerwehr-kufstein.at\/wp-content\/uploads\/2019\/11\/IMG-20191130-WA0030-864x1536.jpg 864w, https:\/\/feuerwehr-kufstein.at\/wp-content\/uploads\/2019\/11\/IMG-20191130-WA0030.jpg 900w\" data-sizes=\"(max-width: 169px) 100vw, 169px\" src=\"data:image\/svg+xml;base64,PHN2ZyB3aWR0aD0iMSIgaGVpZ2h0PSIxIiB4bWxucz0iaHR0cDovL3d3dy53My5vcmcvMjAwMC9zdmciPjwvc3ZnPg==\" style=\"--smush-placeholder-width: 169px; --smush-placeholder-aspect-ratio: 169\/300;\" \/><\/a> <a href=\"https:\/\/feuerwehr-kufstein.at\/wp-content\/uploads\/2019\/11\/IMG-20191130-WA0021.jpg\"><img decoding=\"async\" class=\"alignnone wp-image-4816 size-medium lazyload\" data-src=\"https:\/\/feuerwehr-kufstein.at\/wp-content\/uploads\/2019\/11\/IMG-20191130-WA0021-169x300.jpg\" alt=\"\" width=\"169\" height=\"300\" data-srcset=\"https:\/\/feuerwehr-kufstein.at\/wp-content\/uploads\/2019\/11\/IMG-20191130-WA0021-169x300.jpg 169w, https:\/\/feuerwehr-kufstein.at\/wp-content\/uploads\/2019\/11\/IMG-20191130-WA0021-576x1024.jpg 576w, https:\/\/feuerwehr-kufstein.at\/wp-content\/uploads\/2019\/11\/IMG-20191130-WA0021-768x1365.jpg 768w, https:\/\/feuerwehr-kufstein.at\/wp-content\/uploads\/2019\/11\/IMG-20191130-WA0021-864x1536.jpg 864w, https:\/\/feuerwehr-kufstein.at\/wp-content\/uploads\/2019\/11\/IMG-20191130-WA0021.jpg 900w\" data-sizes=\"(max-width: 169px) 100vw, 169px\" src=\"data:image\/svg+xml;base64,PHN2ZyB3aWR0aD0iMSIgaGVpZ2h0PSIxIiB4bWxucz0iaHR0cDovL3d3dy53My5vcmcvMjAwMC9zdmciPjwvc3ZnPg==\" style=\"--smush-placeholder-width: 169px; --smush-placeholder-aspect-ratio: 169\/300;\" \/><\/a>\u00a0<a href=\"https:\/\/feuerwehr-kufstein.at\/wp-content\/uploads\/2019\/11\/IMG-20191130-WA0015.jpg\"><img decoding=\"async\" class=\"alignnone wp-image-4810 size-medium lazyload\" style=\"--smush-placeholder-width: 169px; --smush-placeholder-aspect-ratio: 169\/300;color: #000000;\" data-src=\"https:\/\/feuerwehr-kufstein.at\/wp-content\/uploads\/2019\/11\/IMG-20191130-WA0015-169x300.jpg\" alt=\"\" width=\"169\" height=\"300\" data-srcset=\"https:\/\/feuerwehr-kufstein.at\/wp-content\/uploads\/2019\/11\/IMG-20191130-WA0015-169x300.jpg 169w, https:\/\/feuerwehr-kufstein.at\/wp-content\/uploads\/2019\/11\/IMG-20191130-WA0015-576x1024.jpg 576w, https:\/\/feuerwehr-kufstein.at\/wp-content\/uploads\/2019\/11\/IMG-20191130-WA0015-768x1365.jpg 768w, https:\/\/feuerwehr-kufstein.at\/wp-content\/uploads\/2019\/11\/IMG-20191130-WA0015-864x1536.jpg 864w, https:\/\/feuerwehr-kufstein.at\/wp-content\/uploads\/2019\/11\/IMG-20191130-WA0015.jpg 900w\" data-sizes=\"(max-width: 169px) 100vw, 169px\" src=\"data:image\/svg+xml;base64,PHN2ZyB3aWR0aD0iMSIgaGVpZ2h0PSIxIiB4bWxucz0iaHR0cDovL3d3dy53My5vcmcvMjAwMC9zdmciPjwvc3ZnPg==\" \/><\/a><br \/>\n<span style=\"color: #000000;\">verschiedene Werkzeuge (Haligan Tool, Kettens\u00e4ge, usw.), Schleifkorbtrage mit Geh\u00e4nge, Airbag- u. Glasmanagement, Schlauchbr\u00fccken\u00a0<\/span><\/p>\n<p><span style=\"color: #000000;\">zus\u00e4tzlich hydraulisches Rettungsger\u00e4t, n\u00e4mlich Spreizer,\u00a0 Schere und Stempel &#8211; auf Akku-Basis<\/span><\/p>\n<p>&nbsp;<\/p>\n<p><span style=\"color: #000000;\"><strong>Laderaum 2<br \/>\n<\/strong><\/span><a href=\"https:\/\/feuerwehr-kufstein.at\/wp-content\/uploads\/2019\/11\/IMG-20191130-WA0029.jpg\"><img decoding=\"async\" class=\"alignnone wp-image-4799 size-medium lazyload\" data-src=\"https:\/\/feuerwehr-kufstein.at\/wp-content\/uploads\/2019\/11\/IMG-20191130-WA0029-169x300.jpg\" alt=\"\" width=\"169\" height=\"300\" data-srcset=\"https:\/\/feuerwehr-kufstein.at\/wp-content\/uploads\/2019\/11\/IMG-20191130-WA0029-169x300.jpg 169w, https:\/\/feuerwehr-kufstein.at\/wp-content\/uploads\/2019\/11\/IMG-20191130-WA0029-576x1024.jpg 576w, https:\/\/feuerwehr-kufstein.at\/wp-content\/uploads\/2019\/11\/IMG-20191130-WA0029-768x1365.jpg 768w, https:\/\/feuerwehr-kufstein.at\/wp-content\/uploads\/2019\/11\/IMG-20191130-WA0029-864x1536.jpg 864w, https:\/\/feuerwehr-kufstein.at\/wp-content\/uploads\/2019\/11\/IMG-20191130-WA0029.jpg 900w\" data-sizes=\"(max-width: 169px) 100vw, 169px\" src=\"data:image\/svg+xml;base64,PHN2ZyB3aWR0aD0iMSIgaGVpZ2h0PSIxIiB4bWxucz0iaHR0cDovL3d3dy53My5vcmcvMjAwMC9zdmciPjwvc3ZnPg==\" style=\"--smush-placeholder-width: 169px; --smush-placeholder-aspect-ratio: 169\/300;\" \/><\/a> <a href=\"https:\/\/feuerwehr-kufstein.at\/wp-content\/uploads\/2019\/11\/IMG-20191130-WA0031.jpg\"><img decoding=\"async\" class=\"alignnone wp-image-4803 size-medium lazyload\" data-src=\"https:\/\/feuerwehr-kufstein.at\/wp-content\/uploads\/2019\/11\/IMG-20191130-WA0031-169x300.jpg\" alt=\"\" width=\"169\" height=\"300\" data-srcset=\"https:\/\/feuerwehr-kufstein.at\/wp-content\/uploads\/2019\/11\/IMG-20191130-WA0031-169x300.jpg 169w, https:\/\/feuerwehr-kufstein.at\/wp-content\/uploads\/2019\/11\/IMG-20191130-WA0031-576x1024.jpg 576w, https:\/\/feuerwehr-kufstein.at\/wp-content\/uploads\/2019\/11\/IMG-20191130-WA0031-768x1365.jpg 768w, https:\/\/feuerwehr-kufstein.at\/wp-content\/uploads\/2019\/11\/IMG-20191130-WA0031-864x1536.jpg 864w, https:\/\/feuerwehr-kufstein.at\/wp-content\/uploads\/2019\/11\/IMG-20191130-WA0031.jpg 900w\" data-sizes=\"(max-width: 169px) 100vw, 169px\" src=\"data:image\/svg+xml;base64,PHN2ZyB3aWR0aD0iMSIgaGVpZ2h0PSIxIiB4bWxucz0iaHR0cDovL3d3dy53My5vcmcvMjAwMC9zdmciPjwvc3ZnPg==\" style=\"--smush-placeholder-width: 169px; --smush-placeholder-aspect-ratio: 169\/300;\" \/><\/a> <a href=\"https:\/\/feuerwehr-kufstein.at\/wp-content\/uploads\/2019\/11\/IMG-20191130-WA0024.jpg\"><img decoding=\"async\" class=\"alignnone wp-image-4809 size-medium lazyload\" data-src=\"https:\/\/feuerwehr-kufstein.at\/wp-content\/uploads\/2019\/11\/IMG-20191130-WA0024-169x300.jpg\" alt=\"\" width=\"169\" height=\"300\" data-srcset=\"https:\/\/feuerwehr-kufstein.at\/wp-content\/uploads\/2019\/11\/IMG-20191130-WA0024-169x300.jpg 169w, https:\/\/feuerwehr-kufstein.at\/wp-content\/uploads\/2019\/11\/IMG-20191130-WA0024-576x1024.jpg 576w, https:\/\/feuerwehr-kufstein.at\/wp-content\/uploads\/2019\/11\/IMG-20191130-WA0024-768x1365.jpg 768w, https:\/\/feuerwehr-kufstein.at\/wp-content\/uploads\/2019\/11\/IMG-20191130-WA0024-864x1536.jpg 864w, https:\/\/feuerwehr-kufstein.at\/wp-content\/uploads\/2019\/11\/IMG-20191130-WA0024.jpg 900w\" data-sizes=\"(max-width: 169px) 100vw, 169px\" src=\"data:image\/svg+xml;base64,PHN2ZyB3aWR0aD0iMSIgaGVpZ2h0PSIxIiB4bWxucz0iaHR0cDovL3d3dy53My5vcmcvMjAwMC9zdmciPjwvc3ZnPg==\" style=\"--smush-placeholder-width: 169px; --smush-placeholder-aspect-ratio: 169\/300;\" \/><\/a> <a href=\"https:\/\/feuerwehr-kufstein.at\/wp-content\/uploads\/2019\/11\/IMG-20191130-WA0025.jpg\"><img decoding=\"async\" class=\"alignnone wp-image-4807 size-medium lazyload\" data-src=\"https:\/\/feuerwehr-kufstein.at\/wp-content\/uploads\/2019\/11\/IMG-20191130-WA0025-169x300.jpg\" alt=\"\" width=\"169\" height=\"300\" data-srcset=\"https:\/\/feuerwehr-kufstein.at\/wp-content\/uploads\/2019\/11\/IMG-20191130-WA0025-169x300.jpg 169w, https:\/\/feuerwehr-kufstein.at\/wp-content\/uploads\/2019\/11\/IMG-20191130-WA0025-576x1024.jpg 576w, https:\/\/feuerwehr-kufstein.at\/wp-content\/uploads\/2019\/11\/IMG-20191130-WA0025-768x1365.jpg 768w, https:\/\/feuerwehr-kufstein.at\/wp-content\/uploads\/2019\/11\/IMG-20191130-WA0025-864x1536.jpg 864w, https:\/\/feuerwehr-kufstein.at\/wp-content\/uploads\/2019\/11\/IMG-20191130-WA0025.jpg 900w\" data-sizes=\"(max-width: 169px) 100vw, 169px\" src=\"data:image\/svg+xml;base64,PHN2ZyB3aWR0aD0iMSIgaGVpZ2h0PSIxIiB4bWxucz0iaHR0cDovL3d3dy53My5vcmcvMjAwMC9zdmciPjwvc3ZnPg==\" style=\"--smush-placeholder-width: 169px; --smush-placeholder-aspect-ratio: 169\/300;\" \/><\/a>\u00a0<a href=\"https:\/\/feuerwehr-kufstein.at\/wp-content\/uploads\/2019\/11\/IMG-20191130-WA0028.jpg\"><img decoding=\"async\" class=\"alignnone wp-image-4797 size-medium lazyload\" data-src=\"https:\/\/feuerwehr-kufstein.at\/wp-content\/uploads\/2019\/11\/IMG-20191130-WA0028-169x300.jpg\" alt=\"\" width=\"169\" height=\"300\" data-srcset=\"https:\/\/feuerwehr-kufstein.at\/wp-content\/uploads\/2019\/11\/IMG-20191130-WA0028-169x300.jpg 169w, https:\/\/feuerwehr-kufstein.at\/wp-content\/uploads\/2019\/11\/IMG-20191130-WA0028-576x1024.jpg 576w, https:\/\/feuerwehr-kufstein.at\/wp-content\/uploads\/2019\/11\/IMG-20191130-WA0028-768x1365.jpg 768w, https:\/\/feuerwehr-kufstein.at\/wp-content\/uploads\/2019\/11\/IMG-20191130-WA0028-864x1536.jpg 864w, https:\/\/feuerwehr-kufstein.at\/wp-content\/uploads\/2019\/11\/IMG-20191130-WA0028.jpg 900w\" data-sizes=\"(max-width: 169px) 100vw, 169px\" src=\"data:image\/svg+xml;base64,PHN2ZyB3aWR0aD0iMSIgaGVpZ2h0PSIxIiB4bWxucz0iaHR0cDovL3d3dy53My5vcmcvMjAwMC9zdmciPjwvc3ZnPg==\" style=\"--smush-placeholder-width: 169px; --smush-placeholder-aspect-ratio: 169\/300;\" \/><\/a><br \/>\n<span style=\"color: #000000;\">Stromaggregat, Tauchpumpe, Bel\u00fcftungsger\u00e4t, LED Fluter, Triopan, SE Flare, div. Kabeltrommeln, Stromhaspel, Beleuchtungssystem RLS 1000<\/span><\/p>\n<p>&nbsp;<\/p>\n<p><span style=\"color: #000000;\"><strong>Laderaum 3<br \/>\n<\/strong><\/span><a href=\"https:\/\/feuerwehr-kufstein.at\/wp-content\/uploads\/2019\/11\/IMG-20191130-WA0017.jpg\"><img decoding=\"async\" class=\"alignnone wp-image-4812 size-medium lazyload\" data-src=\"https:\/\/feuerwehr-kufstein.at\/wp-content\/uploads\/2019\/11\/IMG-20191130-WA0017-300x169.jpg\" alt=\"\" width=\"300\" height=\"169\" data-srcset=\"https:\/\/feuerwehr-kufstein.at\/wp-content\/uploads\/2019\/11\/IMG-20191130-WA0017-300x169.jpg 300w, https:\/\/feuerwehr-kufstein.at\/wp-content\/uploads\/2019\/11\/IMG-20191130-WA0017-1024x576.jpg 1024w, https:\/\/feuerwehr-kufstein.at\/wp-content\/uploads\/2019\/11\/IMG-20191130-WA0017-768x432.jpg 768w, https:\/\/feuerwehr-kufstein.at\/wp-content\/uploads\/2019\/11\/IMG-20191130-WA0017-1536x864.jpg 1536w, https:\/\/feuerwehr-kufstein.at\/wp-content\/uploads\/2019\/11\/IMG-20191130-WA0017-1110x624.jpg 1110w, https:\/\/feuerwehr-kufstein.at\/wp-content\/uploads\/2019\/11\/IMG-20191130-WA0017-528x297.jpg 528w, https:\/\/feuerwehr-kufstein.at\/wp-content\/uploads\/2019\/11\/IMG-20191130-WA0017.jpg 1600w\" data-sizes=\"(max-width: 300px) 100vw, 300px\" src=\"data:image\/svg+xml;base64,PHN2ZyB3aWR0aD0iMSIgaGVpZ2h0PSIxIiB4bWxucz0iaHR0cDovL3d3dy53My5vcmcvMjAwMC9zdmciPjwvc3ZnPg==\" style=\"--smush-placeholder-width: 300px; --smush-placeholder-aspect-ratio: 300\/169;\" \/><\/a><br \/>\n<span style=\"color: #000000;\">4 B u. 5 C-Druckschl\u00e4uche, Schlauchtragekorb 3 C 15m\u00a0 versch. Leinen, Wassersauger<\/span><\/p>\n<p>&nbsp;<\/p>\n<p><span style=\"color: #000000;\"><strong>Laderaum 4<br \/>\n<\/strong><a href=\"https:\/\/feuerwehr-kufstein.at\/wp-content\/uploads\/2019\/11\/IMG-20191130-WA0023.jpg\">\u00a0<\/a><a href=\"https:\/\/feuerwehr-kufstein.at\/?attachment_id=4808\"><img decoding=\"async\" class=\"alignnone wp-image-4808 size-medium lazyload\" data-src=\"https:\/\/feuerwehr-kufstein.at\/wp-content\/uploads\/2019\/11\/IMG-20191130-WA0023-169x300.jpg\" alt=\"\" width=\"169\" height=\"300\" data-srcset=\"https:\/\/feuerwehr-kufstein.at\/wp-content\/uploads\/2019\/11\/IMG-20191130-WA0023-169x300.jpg 169w, https:\/\/feuerwehr-kufstein.at\/wp-content\/uploads\/2019\/11\/IMG-20191130-WA0023-576x1024.jpg 576w, https:\/\/feuerwehr-kufstein.at\/wp-content\/uploads\/2019\/11\/IMG-20191130-WA0023-768x1365.jpg 768w, https:\/\/feuerwehr-kufstein.at\/wp-content\/uploads\/2019\/11\/IMG-20191130-WA0023-864x1536.jpg 864w, https:\/\/feuerwehr-kufstein.at\/wp-content\/uploads\/2019\/11\/IMG-20191130-WA0023.jpg 900w\" data-sizes=\"(max-width: 169px) 100vw, 169px\" src=\"data:image\/svg+xml;base64,PHN2ZyB3aWR0aD0iMSIgaGVpZ2h0PSIxIiB4bWxucz0iaHR0cDovL3d3dy53My5vcmcvMjAwMC9zdmciPjwvc3ZnPg==\" style=\"--smush-placeholder-width: 169px; --smush-placeholder-aspect-ratio: 169\/300;\" \/><\/a><\/span><br \/>\n<span style=\"color: #000000;\">4 B-, 2 C- u. 4 H-Druckschl\u00e4uche, Bel\u00fcftungsger\u00e4t, Rauchabschluss, Not- u. H\u00f6henrettungsset<\/span><\/p>\n<p>&nbsp;<\/p>\n<p><span style=\"color: #000000;\"><strong>Laderaum 5<br \/>\n<\/strong><\/span><a href=\"https:\/\/feuerwehr-kufstein.at\/wp-content\/uploads\/2019\/11\/IMG-20191130-WA0020.jpg\"><img decoding=\"async\" class=\"alignnone wp-image-4815 size-medium lazyload\" data-src=\"https:\/\/feuerwehr-kufstein.at\/wp-content\/uploads\/2019\/11\/IMG-20191130-WA0020-169x300.jpg\" alt=\"\" width=\"169\" height=\"300\" data-srcset=\"https:\/\/feuerwehr-kufstein.at\/wp-content\/uploads\/2019\/11\/IMG-20191130-WA0020-169x300.jpg 169w, https:\/\/feuerwehr-kufstein.at\/wp-content\/uploads\/2019\/11\/IMG-20191130-WA0020-576x1024.jpg 576w, https:\/\/feuerwehr-kufstein.at\/wp-content\/uploads\/2019\/11\/IMG-20191130-WA0020-768x1365.jpg 768w, https:\/\/feuerwehr-kufstein.at\/wp-content\/uploads\/2019\/11\/IMG-20191130-WA0020-864x1536.jpg 864w, https:\/\/feuerwehr-kufstein.at\/wp-content\/uploads\/2019\/11\/IMG-20191130-WA0020.jpg 900w\" data-sizes=\"(max-width: 169px) 100vw, 169px\" src=\"data:image\/svg+xml;base64,PHN2ZyB3aWR0aD0iMSIgaGVpZ2h0PSIxIiB4bWxucz0iaHR0cDovL3d3dy53My5vcmcvMjAwMC9zdmciPjwvc3ZnPg==\" style=\"--smush-placeholder-width: 169px; --smush-placeholder-aspect-ratio: 169\/300;\" \/><\/a> <a href=\"https:\/\/feuerwehr-kufstein.at\/wp-content\/uploads\/2019\/11\/IMG-20191130-WA0007.jpg\"><img decoding=\"async\" class=\"alignnone wp-image-4800 size-medium lazyload\" data-src=\"https:\/\/feuerwehr-kufstein.at\/wp-content\/uploads\/2019\/11\/IMG-20191130-WA0007-169x300.jpg\" alt=\"\" width=\"169\" height=\"300\" data-srcset=\"https:\/\/feuerwehr-kufstein.at\/wp-content\/uploads\/2019\/11\/IMG-20191130-WA0007-169x300.jpg 169w, https:\/\/feuerwehr-kufstein.at\/wp-content\/uploads\/2019\/11\/IMG-20191130-WA0007-576x1024.jpg 576w, https:\/\/feuerwehr-kufstein.at\/wp-content\/uploads\/2019\/11\/IMG-20191130-WA0007-768x1365.jpg 768w, https:\/\/feuerwehr-kufstein.at\/wp-content\/uploads\/2019\/11\/IMG-20191130-WA0007-864x1536.jpg 864w, https:\/\/feuerwehr-kufstein.at\/wp-content\/uploads\/2019\/11\/IMG-20191130-WA0007.jpg 900w\" data-sizes=\"(max-width: 169px) 100vw, 169px\" src=\"data:image\/svg+xml;base64,PHN2ZyB3aWR0aD0iMSIgaGVpZ2h0PSIxIiB4bWxucz0iaHR0cDovL3d3dy53My5vcmcvMjAwMC9zdmciPjwvc3ZnPg==\" style=\"--smush-placeholder-width: 169px; --smush-placeholder-aspect-ratio: 169\/300;\" \/><\/a><br \/>\n<span style=\"color: #000000;\">Wasserf\u00fchrende Armaturen, Schlauchpaket C 30m, Hydroschild, Fognail Set<\/span><\/p>\n<p>&nbsp;<\/p>\n<p><span style=\"color: #000000;\"><strong>Laderaum 6<br \/>\n<\/strong><a href=\"https:\/\/feuerwehr-kufstein.at\/wp-content\/uploads\/2019\/11\/IMG-20191130-WA0018.jpg\"><img decoding=\"async\" class=\"alignnone wp-image-4813 size-medium lazyload\" data-src=\"https:\/\/feuerwehr-kufstein.at\/wp-content\/uploads\/2019\/11\/IMG-20191130-WA0018-169x300.jpg\" alt=\"\" width=\"169\" height=\"300\" data-srcset=\"https:\/\/feuerwehr-kufstein.at\/wp-content\/uploads\/2019\/11\/IMG-20191130-WA0018-169x300.jpg 169w, https:\/\/feuerwehr-kufstein.at\/wp-content\/uploads\/2019\/11\/IMG-20191130-WA0018-576x1024.jpg 576w, https:\/\/feuerwehr-kufstein.at\/wp-content\/uploads\/2019\/11\/IMG-20191130-WA0018-768x1365.jpg 768w, https:\/\/feuerwehr-kufstein.at\/wp-content\/uploads\/2019\/11\/IMG-20191130-WA0018-864x1536.jpg 864w, https:\/\/feuerwehr-kufstein.at\/wp-content\/uploads\/2019\/11\/IMG-20191130-WA0018.jpg 900w\" data-sizes=\"(max-width: 169px) 100vw, 169px\" src=\"data:image\/svg+xml;base64,PHN2ZyB3aWR0aD0iMSIgaGVpZ2h0PSIxIiB4bWxucz0iaHR0cDovL3d3dy53My5vcmcvMjAwMC9zdmciPjwvc3ZnPg==\" style=\"--smush-placeholder-width: 169px; --smush-placeholder-aspect-ratio: 169\/300;\" \/><\/a><\/span><br \/>\n<span style=\"color: #000000;\">Zumischsytem DIGIMATIC (0,1 bis 6%), Schaummittel, Feuerl\u00f6scher CAFS, P12 und CO2, Hygieneboard, Zumischer u. Schaumrohre, C-Druckschlauch 30 m<\/span><\/p>\n<p>&nbsp;<\/p>\n<p><span style=\"color: #000000;\"><strong>Laderaum 7<br \/>\n<\/strong><\/span><a href=\"https:\/\/feuerwehr-kufstein.at\/wp-content\/uploads\/2019\/11\/IMG-20191130-WA0019-e1576926779648.jpg\"><img decoding=\"async\" class=\"alignnone wp-image-4814 size-medium lazyload\" data-src=\"https:\/\/feuerwehr-kufstein.at\/wp-content\/uploads\/2019\/11\/IMG-20191130-WA0019-169x300.jpg\" alt=\"\" width=\"169\" height=\"300\" src=\"data:image\/svg+xml;base64,PHN2ZyB3aWR0aD0iMSIgaGVpZ2h0PSIxIiB4bWxucz0iaHR0cDovL3d3dy53My5vcmcvMjAwMC9zdmciPjwvc3ZnPg==\" style=\"--smush-placeholder-width: 169px; --smush-placeholder-aspect-ratio: 169\/300;\" \/><\/a><br \/>\n<span style=\"color: #000000;\">60 m HD-Schnellangriffseinrichtung mit Hohlstrahlrohr, Einbaupumpe NH35 (3.500l\/min)<\/span><\/p>\n<p>&nbsp;<\/p>\n<p><span style=\"color: #000000;\"><strong>Dachbeladung<br \/>\n<\/strong><\/span><a href=\"https:\/\/feuerwehr-kufstein.at\/wp-content\/uploads\/2019\/11\/IMG-20191130-WA0010.jpg\"><img decoding=\"async\" class=\"alignnone wp-image-4805 size-medium lazyload\" data-src=\"https:\/\/feuerwehr-kufstein.at\/wp-content\/uploads\/2019\/11\/IMG-20191130-WA0010-169x300.jpg\" alt=\"\" width=\"169\" height=\"300\" data-srcset=\"https:\/\/feuerwehr-kufstein.at\/wp-content\/uploads\/2019\/11\/IMG-20191130-WA0010-169x300.jpg 169w, https:\/\/feuerwehr-kufstein.at\/wp-content\/uploads\/2019\/11\/IMG-20191130-WA0010-576x1024.jpg 576w, https:\/\/feuerwehr-kufstein.at\/wp-content\/uploads\/2019\/11\/IMG-20191130-WA0010-768x1365.jpg 768w, https:\/\/feuerwehr-kufstein.at\/wp-content\/uploads\/2019\/11\/IMG-20191130-WA0010-864x1536.jpg 864w, https:\/\/feuerwehr-kufstein.at\/wp-content\/uploads\/2019\/11\/IMG-20191130-WA0010.jpg 900w\" data-sizes=\"(max-width: 169px) 100vw, 169px\" src=\"data:image\/svg+xml;base64,PHN2ZyB3aWR0aD0iMSIgaGVpZ2h0PSIxIiB4bWxucz0iaHR0cDovL3d3dy53My5vcmcvMjAwMC9zdmciPjwvc3ZnPg==\" style=\"--smush-placeholder-width: 169px; --smush-placeholder-aspect-ratio: 169\/300;\" \/><\/a> <a href=\"https:\/\/feuerwehr-kufstein.at\/wp-content\/uploads\/2019\/11\/IMG-20191130-WA0009.jpg\"><img decoding=\"async\" class=\"alignnone wp-image-4804 size-medium lazyload\" data-src=\"https:\/\/feuerwehr-kufstein.at\/wp-content\/uploads\/2019\/11\/IMG-20191130-WA0009-169x300.jpg\" alt=\"\" width=\"169\" height=\"300\" data-srcset=\"https:\/\/feuerwehr-kufstein.at\/wp-content\/uploads\/2019\/11\/IMG-20191130-WA0009-169x300.jpg 169w, https:\/\/feuerwehr-kufstein.at\/wp-content\/uploads\/2019\/11\/IMG-20191130-WA0009-576x1024.jpg 576w, https:\/\/feuerwehr-kufstein.at\/wp-content\/uploads\/2019\/11\/IMG-20191130-WA0009-768x1365.jpg 768w, https:\/\/feuerwehr-kufstein.at\/wp-content\/uploads\/2019\/11\/IMG-20191130-WA0009-864x1536.jpg 864w, https:\/\/feuerwehr-kufstein.at\/wp-content\/uploads\/2019\/11\/IMG-20191130-WA0009.jpg 900w\" data-sizes=\"(max-width: 169px) 100vw, 169px\" src=\"data:image\/svg+xml;base64,PHN2ZyB3aWR0aD0iMSIgaGVpZ2h0PSIxIiB4bWxucz0iaHR0cDovL3d3dy53My5vcmcvMjAwMC9zdmciPjwvc3ZnPg==\" style=\"--smush-placeholder-width: 169px; --smush-placeholder-aspect-ratio: 169\/300;\" \/><\/a><br \/>\n<span style=\"color: #000000;\">2-tlg. Steckleiter, Schiebeleiter 2-tlg. 10m, Einrei\u00dfhaken, 2 Feuerpatschen, Lichtmas (LED 6 x 42 Watt), Monitor RM 24<\/span><\/p>\n","protected":false},"excerpt":{"rendered":"<p>Tankl\u00f6schfahrzeug mit Allrad 3000\/100 Baujahr 2019\u00a0 MAN 18.320 TGM\/3900\/4&#215;4 EURO 6 mit Allison Automatikgetriebe Rosenbauer Besatzung 1:8 \u00fcbernommen am: 19. Dezember 2019 in Dienst gestellt am: 23. J\u00e4nner 2020 &nbsp; Das TLFA dient haupts\u00e4chlich der Brandbek\u00e4mpfung. Zu diesem Zweck f\u00fchrt es 3000 l Wasser und 100 l Schaum mit sich, die je nach Wasserverbrauch f\u00fcr [&hellip;]<\/p>\n","protected":false},"author":4,"featured_media":0,"parent":544,"menu_order":0,"comment_status":"closed","ping_status":"closed","template":"","meta":{"footnotes":""},"class_list":["post-4789","page","type-page","status-publish","czr-hentry"],"_links":{"self":[{"href":"https:\/\/feuerwehr-kufstein.at\/index.php?rest_route=\/wp\/v2\/pages\/4789","targetHints":{"allow":["GET"]}}],"collection":[{"href":"https:\/\/feuerwehr-kufstein.at\/index.php?rest_route=\/wp\/v2\/pages"}],"about":[{"href":"https:\/\/feuerwehr-kufstein.at\/index.php?rest_route=\/wp\/v2\/types\/page"}],"author":[{"embeddable":true,"href":"https:\/\/feuerwehr-kufstein.at\/index.php?rest_route=\/wp\/v2\/users\/4"}],"replies":[{"embeddable":true,"href":"https:\/\/feuerwehr-kufstein.at\/index.php?rest_route=%2Fwp%2Fv2%2Fcomments&post=4789"}],"version-history":[{"count":0,"href":"https:\/\/feuerwehr-kufstein.at\/index.php?rest_route=\/wp\/v2\/pages\/4789\/revisions"}],"up":[{"embeddable":true,"href":"https:\/\/feuerwehr-kufstein.at\/index.php?rest_route=\/wp\/v2\/pages\/544"}],"wp:attachment":[{"href":"https:\/\/feuerwehr-kufstein.at\/index.php?rest_route=%2Fwp%2Fv2%2Fmedia&parent=4789"}],"curies":[{"name":"wp","href":"https:\/\/api.w.org\/{rel}","templated":true}]}}