{"id":586,"date":"2018-11-01T10:06:50","date_gmt":"2018-11-01T10:06:50","guid":{"rendered":"https:\/\/k100413-1.kufnet.at\/?page_id=586"},"modified":"2024-11-05T17:29:43","modified_gmt":"2024-11-05T16:29:43","slug":"glossar","status":"publish","type":"page","link":"https:\/\/feuerwehr-kufstein.at\/?page_id=586","title":{"rendered":"Glossar"},"content":{"rendered":"<form id=\"aspnetForm\" action=\"https:\/\/feuerwehr-kufstein.at\/system\/web\/zusatzseite.aspx?menuonr=50357903&amp;detailonr=50357902&amp;sprache=1\" method=\"post\">\n<div class=\"zusatzseitetext_container\">\n<p><span style=\"color: #000000;\"><strong>Dienstgrade<\/strong><\/span><\/p>\n<p><a href=\"https:\/\/feuerwehr-kufstein.at\/wp-content\/uploads\/2024\/11\/Dienstgradtafel_V01_24.pdf\" target=\"_blank\" rel=\"noopener\"><img decoding=\"async\" class=\"alignnone wp-image-11104 size-full lazyload\" data-src=\"https:\/\/feuerwehr-kufstein.at\/wp-content\/uploads\/2024\/11\/Dienstgradtafel.png\" alt=\"\" width=\"1299\" height=\"908\" data-srcset=\"https:\/\/feuerwehr-kufstein.at\/wp-content\/uploads\/2024\/11\/Dienstgradtafel.png 1299w, https:\/\/feuerwehr-kufstein.at\/wp-content\/uploads\/2024\/11\/Dienstgradtafel-300x210.png 300w, https:\/\/feuerwehr-kufstein.at\/wp-content\/uploads\/2024\/11\/Dienstgradtafel-1024x716.png 1024w, https:\/\/feuerwehr-kufstein.at\/wp-content\/uploads\/2024\/11\/Dienstgradtafel-768x537.png 768w\" data-sizes=\"(max-width: 1299px) 100vw, 1299px\" src=\"data:image\/svg+xml;base64,PHN2ZyB3aWR0aD0iMSIgaGVpZ2h0PSIxIiB4bWxucz0iaHR0cDovL3d3dy53My5vcmcvMjAwMC9zdmciPjwvc3ZnPg==\" style=\"--smush-placeholder-width: 1299px; --smush-placeholder-aspect-ratio: 1299\/908;\" \/><\/a><\/p>\n<table width=\"83%\">\n<tbody>\n<tr>\n<td width=\"16%\"><img decoding=\"async\" class=\"aligncenter lazyload\" data-src=\"http:\/\/feuerwehr-kufstein.at\/wp-content\/uploads\/2018\/12\/JFM-e1545237830981.png\" alt=\"\" width=\"70\" height=\"70\" src=\"data:image\/svg+xml;base64,PHN2ZyB3aWR0aD0iMSIgaGVpZ2h0PSIxIiB4bWxucz0iaHR0cDovL3d3dy53My5vcmcvMjAwMC9zdmciPjwvc3ZnPg==\" style=\"--smush-placeholder-width: 70px; --smush-placeholder-aspect-ratio: 70\/70;\" \/><\/td>\n<td width=\"21%\"><span style=\"color: #000000;\">JFM<\/span><\/td>\n<td width=\"60%\"><span style=\"color: #000000;\">Jugendfeuerwehrmann<\/span><\/td>\n<\/tr>\n<tr>\n<td style=\"text-align: center;\" width=\"16%\"><img decoding=\"async\" class=\"alignnone wp-image-1177 size-full lazyload\" data-src=\"https:\/\/feuerwehr-kufstein.at\/wp-content\/uploads\/2018\/12\/PFM.png\" alt=\"\" width=\"70\" height=\"70\" src=\"data:image\/svg+xml;base64,PHN2ZyB3aWR0aD0iMSIgaGVpZ2h0PSIxIiB4bWxucz0iaHR0cDovL3d3dy53My5vcmcvMjAwMC9zdmciPjwvc3ZnPg==\" style=\"--smush-placeholder-width: 70px; --smush-placeholder-aspect-ratio: 70\/70;\" \/><\/td>\n<td width=\"21%\"><span style=\"color: #000000;\">PFM<\/span><\/td>\n<td width=\"60%\"><span style=\"color: #000000;\">Probefeuerwehrmann<\/span><\/td>\n<\/tr>\n<tr>\n<td width=\"16%\"><img decoding=\"async\" class=\"aligncenter lazyload\" data-src=\"http:\/\/feuerwehr-kufstein.at\/wp-content\/uploads\/2018\/12\/FM.png\" alt=\"\" width=\"70\" height=\"70\" src=\"data:image\/svg+xml;base64,PHN2ZyB3aWR0aD0iMSIgaGVpZ2h0PSIxIiB4bWxucz0iaHR0cDovL3d3dy53My5vcmcvMjAwMC9zdmciPjwvc3ZnPg==\" style=\"--smush-placeholder-width: 70px; --smush-placeholder-aspect-ratio: 70\/70;\" \/><\/td>\n<td width=\"21%\"><span style=\"color: #000000;\">FM<\/span><\/td>\n<td width=\"60%\"><span style=\"color: #000000;\">Feuerwehrmann<\/span><\/td>\n<\/tr>\n<tr>\n<td width=\"16%\"><img decoding=\"async\" class=\"aligncenter lazyload\" data-src=\"http:\/\/feuerwehr-kufstein.at\/wp-content\/uploads\/2018\/12\/OFM.png\" alt=\"\" width=\"70\" height=\"70\" src=\"data:image\/svg+xml;base64,PHN2ZyB3aWR0aD0iMSIgaGVpZ2h0PSIxIiB4bWxucz0iaHR0cDovL3d3dy53My5vcmcvMjAwMC9zdmciPjwvc3ZnPg==\" style=\"--smush-placeholder-width: 70px; --smush-placeholder-aspect-ratio: 70\/70;\" \/><\/td>\n<td width=\"21%\"><span style=\"color: #000000;\">OFM<\/span><\/td>\n<td width=\"60%\"><span style=\"color: #000000;\">Oberfeuerwehrmann<\/span><\/td>\n<\/tr>\n<tr>\n<td width=\"16%\"><img decoding=\"async\" class=\"aligncenter lazyload\" data-src=\"http:\/\/feuerwehr-kufstein.at\/wp-content\/uploads\/2018\/12\/HFM.png\" alt=\"\" width=\"70\" height=\"70\" src=\"data:image\/svg+xml;base64,PHN2ZyB3aWR0aD0iMSIgaGVpZ2h0PSIxIiB4bWxucz0iaHR0cDovL3d3dy53My5vcmcvMjAwMC9zdmciPjwvc3ZnPg==\" style=\"--smush-placeholder-width: 70px; --smush-placeholder-aspect-ratio: 70\/70;\" \/><\/td>\n<td width=\"21%\"><span style=\"color: #000000;\">HFM<\/span><\/td>\n<td width=\"60%\"><span style=\"color: #000000;\">Hauptfeuerwehrmann<\/span><\/td>\n<\/tr>\n<tr>\n<td width=\"16%\"><img decoding=\"async\" class=\"aligncenter lazyload\" data-src=\"http:\/\/feuerwehr-kufstein.at\/wp-content\/uploads\/2018\/12\/LM.png\" alt=\"\" width=\"70\" height=\"70\" src=\"data:image\/svg+xml;base64,PHN2ZyB3aWR0aD0iMSIgaGVpZ2h0PSIxIiB4bWxucz0iaHR0cDovL3d3dy53My5vcmcvMjAwMC9zdmciPjwvc3ZnPg==\" style=\"--smush-placeholder-width: 70px; --smush-placeholder-aspect-ratio: 70\/70;\" \/><\/td>\n<td width=\"21%\"><span style=\"color: #000000;\">LM<\/span><\/td>\n<td width=\"60%\"><span style=\"color: #000000;\">L\u00f6schmeister<\/span><\/td>\n<\/tr>\n<tr>\n<td width=\"16%\"><img decoding=\"async\" class=\"aligncenter lazyload\" data-src=\"http:\/\/feuerwehr-kufstein.at\/wp-content\/uploads\/2018\/12\/OLM.png\" alt=\"\" width=\"70\" height=\"70\" src=\"data:image\/svg+xml;base64,PHN2ZyB3aWR0aD0iMSIgaGVpZ2h0PSIxIiB4bWxucz0iaHR0cDovL3d3dy53My5vcmcvMjAwMC9zdmciPjwvc3ZnPg==\" style=\"--smush-placeholder-width: 70px; --smush-placeholder-aspect-ratio: 70\/70;\" \/><\/td>\n<td width=\"21%\"><span style=\"color: #000000;\">OLM<\/span><\/td>\n<td width=\"60%\"><span style=\"color: #000000;\">Oberl\u00f6schmeister<\/span><\/td>\n<\/tr>\n<tr>\n<td width=\"16%\"><img decoding=\"async\" class=\"aligncenter lazyload\" data-src=\"http:\/\/feuerwehr-kufstein.at\/wp-content\/uploads\/2018\/12\/HLM.png\" alt=\"\" width=\"70\" height=\"70\" src=\"data:image\/svg+xml;base64,PHN2ZyB3aWR0aD0iMSIgaGVpZ2h0PSIxIiB4bWxucz0iaHR0cDovL3d3dy53My5vcmcvMjAwMC9zdmciPjwvc3ZnPg==\" style=\"--smush-placeholder-width: 70px; --smush-placeholder-aspect-ratio: 70\/70;\" \/><\/td>\n<td width=\"21%\"><span style=\"color: #000000;\">HLM<\/span><\/td>\n<td width=\"60%\"><span style=\"color: #000000;\">Hauptl\u00f6schmeister<\/span><\/td>\n<\/tr>\n<tr>\n<td width=\"16%\"><img decoding=\"async\" class=\"aligncenter lazyload\" data-src=\"http:\/\/feuerwehr-kufstein.at\/wp-content\/uploads\/2018\/12\/BM.png\" alt=\"\" width=\"70\" height=\"70\" src=\"data:image\/svg+xml;base64,PHN2ZyB3aWR0aD0iMSIgaGVpZ2h0PSIxIiB4bWxucz0iaHR0cDovL3d3dy53My5vcmcvMjAwMC9zdmciPjwvc3ZnPg==\" style=\"--smush-placeholder-width: 70px; --smush-placeholder-aspect-ratio: 70\/70;\" \/><\/td>\n<td width=\"21%\"><span style=\"color: #000000;\">BM<\/span><\/td>\n<td width=\"60%\"><span style=\"color: #000000;\">Brandmeister<\/span><\/td>\n<\/tr>\n<tr>\n<td style=\"text-align: center;\" width=\"16%\"><img decoding=\"async\" class=\"alignnone wp-image-1174 size-full lazyload\" data-src=\"https:\/\/feuerwehr-kufstein.at\/wp-content\/uploads\/2018\/12\/OBM.png\" alt=\"\" width=\"70\" height=\"70\" src=\"data:image\/svg+xml;base64,PHN2ZyB3aWR0aD0iMSIgaGVpZ2h0PSIxIiB4bWxucz0iaHR0cDovL3d3dy53My5vcmcvMjAwMC9zdmciPjwvc3ZnPg==\" style=\"--smush-placeholder-width: 70px; --smush-placeholder-aspect-ratio: 70\/70;\" \/><\/td>\n<td width=\"21%\"><span style=\"color: #000000;\">OBM<\/span><\/td>\n<td width=\"60%\"><span style=\"color: #000000;\">Oberbrandmeister<\/span><\/td>\n<\/tr>\n<tr>\n<td style=\"text-align: center;\" width=\"16%\"><img decoding=\"async\" class=\"alignnone wp-image-1168 size-full lazyload\" data-src=\"https:\/\/feuerwehr-kufstein.at\/wp-content\/uploads\/2018\/12\/HBM.png\" alt=\"\" width=\"70\" height=\"70\" src=\"data:image\/svg+xml;base64,PHN2ZyB3aWR0aD0iMSIgaGVpZ2h0PSIxIiB4bWxucz0iaHR0cDovL3d3dy53My5vcmcvMjAwMC9zdmciPjwvc3ZnPg==\" style=\"--smush-placeholder-width: 70px; --smush-placeholder-aspect-ratio: 70\/70;\" \/><\/td>\n<td width=\"21%\"><span style=\"color: #000000;\">HBM<\/span><\/td>\n<td width=\"60%\"><span style=\"color: #000000;\">Hauptbrandmeister<\/span><\/td>\n<\/tr>\n<tr>\n<td style=\"text-align: center;\" width=\"16%\"><img decoding=\"async\" class=\"alignnone wp-image-1162 size-full lazyload\" data-src=\"https:\/\/feuerwehr-kufstein.at\/wp-content\/uploads\/2018\/12\/Brandinspektor.png\" alt=\"\" width=\"70\" height=\"70\" src=\"data:image\/svg+xml;base64,PHN2ZyB3aWR0aD0iMSIgaGVpZ2h0PSIxIiB4bWxucz0iaHR0cDovL3d3dy53My5vcmcvMjAwMC9zdmciPjwvc3ZnPg==\" style=\"--smush-placeholder-width: 70px; --smush-placeholder-aspect-ratio: 70\/70;\" \/><\/td>\n<td width=\"21%\"><span style=\"color: #000000;\">BI<\/span><\/td>\n<td width=\"60%\"><span style=\"color: #000000;\">Brandinspektor<\/span><\/td>\n<\/tr>\n<tr>\n<td style=\"text-align: center;\" width=\"16%\"><img decoding=\"async\" class=\"alignnone wp-image-1172 size-full lazyload\" data-src=\"https:\/\/feuerwehr-kufstein.at\/wp-content\/uploads\/2018\/12\/Oberbrandinspektor.png\" alt=\"\" width=\"70\" height=\"70\" src=\"data:image\/svg+xml;base64,PHN2ZyB3aWR0aD0iMSIgaGVpZ2h0PSIxIiB4bWxucz0iaHR0cDovL3d3dy53My5vcmcvMjAwMC9zdmciPjwvc3ZnPg==\" style=\"--smush-placeholder-width: 70px; --smush-placeholder-aspect-ratio: 70\/70;\" \/><\/td>\n<td width=\"21%\"><span style=\"color: #000000;\">OBI<\/span><\/td>\n<td width=\"60%\"><span style=\"color: #000000;\">Oberbrandinspektor<\/span><\/td>\n<\/tr>\n<tr>\n<td style=\"text-align: center;\" width=\"16%\"><img decoding=\"async\" class=\"alignnone wp-image-1166 size-full lazyload\" data-src=\"https:\/\/feuerwehr-kufstein.at\/wp-content\/uploads\/2018\/12\/Hauptbrandinspektor.png\" alt=\"\" width=\"70\" height=\"70\" src=\"data:image\/svg+xml;base64,PHN2ZyB3aWR0aD0iMSIgaGVpZ2h0PSIxIiB4bWxucz0iaHR0cDovL3d3dy53My5vcmcvMjAwMC9zdmciPjwvc3ZnPg==\" style=\"--smush-placeholder-width: 70px; --smush-placeholder-aspect-ratio: 70\/70;\" \/><\/td>\n<td width=\"21%\"><span style=\"color: #000000;\">HBI<\/span><\/td>\n<td width=\"60%\"><span style=\"color: #000000;\">Hauptbrandinspektor<\/span><\/td>\n<\/tr>\n<tr>\n<td style=\"text-align: center;\" width=\"16%\"><img decoding=\"async\" class=\"alignnone wp-image-1385 size-full lazyload\" data-src=\"https:\/\/feuerwehr-kufstein.at\/wp-content\/uploads\/2018\/12\/ABI-e1544592474129.png\" alt=\"\" width=\"70\" height=\"70\" src=\"data:image\/svg+xml;base64,PHN2ZyB3aWR0aD0iMSIgaGVpZ2h0PSIxIiB4bWxucz0iaHR0cDovL3d3dy53My5vcmcvMjAwMC9zdmciPjwvc3ZnPg==\" style=\"--smush-placeholder-width: 70px; --smush-placeholder-aspect-ratio: 70\/70;\" \/><\/td>\n<td width=\"21%\"><span style=\"color: #000000;\">ABI<\/span><\/td>\n<td width=\"60%\"><span style=\"color: #000000;\">Abschnittsbrandinspektor<\/span><\/td>\n<\/tr>\n<tr>\n<td style=\"text-align: center;\" width=\"16%\"><img decoding=\"async\" class=\"alignnone wp-image-1386 size-full lazyload\" data-src=\"https:\/\/feuerwehr-kufstein.at\/wp-content\/uploads\/2018\/12\/BR-e1544592456650.png\" alt=\"\" width=\"70\" height=\"70\" src=\"data:image\/svg+xml;base64,PHN2ZyB3aWR0aD0iMSIgaGVpZ2h0PSIxIiB4bWxucz0iaHR0cDovL3d3dy53My5vcmcvMjAwMC9zdmciPjwvc3ZnPg==\" style=\"--smush-placeholder-width: 70px; --smush-placeholder-aspect-ratio: 70\/70;\" \/><\/td>\n<td width=\"21%\"><span style=\"color: #000000;\">BR<\/span><\/td>\n<td width=\"60%\"><span style=\"color: #000000;\">Brandrat<\/span><\/td>\n<\/tr>\n<tr>\n<td style=\"text-align: center;\" width=\"16%\"><img decoding=\"async\" class=\"alignnone wp-image-1387 size-full lazyload\" data-src=\"https:\/\/feuerwehr-kufstein.at\/wp-content\/uploads\/2018\/12\/OBR-e1544592427569.png\" alt=\"\" width=\"70\" height=\"70\" src=\"data:image\/svg+xml;base64,PHN2ZyB3aWR0aD0iMSIgaGVpZ2h0PSIxIiB4bWxucz0iaHR0cDovL3d3dy53My5vcmcvMjAwMC9zdmciPjwvc3ZnPg==\" style=\"--smush-placeholder-width: 70px; --smush-placeholder-aspect-ratio: 70\/70;\" \/><\/td>\n<td width=\"21%\"><span style=\"color: #000000;\">OBR<\/span><\/td>\n<td width=\"60%\"><span style=\"color: #000000;\">Oberbrandrat<\/span><\/td>\n<\/tr>\n<tr>\n<td width=\"16%\"><img decoding=\"async\" class=\"aligncenter wp-image-9835 lazyload\" data-src=\"https:\/\/feuerwehr-kufstein.at\/wp-content\/uploads\/2023\/06\/Landesbranddirektor_Stellvertreter.png\" alt=\"\" width=\"70\" height=\"70\" src=\"data:image\/svg+xml;base64,PHN2ZyB3aWR0aD0iMSIgaGVpZ2h0PSIxIiB4bWxucz0iaHR0cDovL3d3dy53My5vcmcvMjAwMC9zdmciPjwvc3ZnPg==\" style=\"--smush-placeholder-width: 70px; --smush-placeholder-aspect-ratio: 70\/70;\" \/><\/td>\n<td width=\"21%\"><span style=\"color: #000000;\">LBD-Stv.<\/span><\/td>\n<td width=\"60%\"><span style=\"color: #000000;\">Landesbranddirektor-Stellvertreter<\/span><\/td>\n<\/tr>\n<tr>\n<td width=\"16%\"><img decoding=\"async\" class=\"aligncenter wp-image-9834 lazyload\" data-src=\"https:\/\/feuerwehr-kufstein.at\/wp-content\/uploads\/2023\/06\/Landesbranddirektor.png\" alt=\"\" width=\"70\" height=\"70\" src=\"data:image\/svg+xml;base64,PHN2ZyB3aWR0aD0iMSIgaGVpZ2h0PSIxIiB4bWxucz0iaHR0cDovL3d3dy53My5vcmcvMjAwMC9zdmciPjwvc3ZnPg==\" style=\"--smush-placeholder-width: 70px; --smush-placeholder-aspect-ratio: 70\/70;\" \/><\/td>\n<td width=\"21%\"><span style=\"color: #000000;\">LBD<\/span><\/td>\n<td width=\"60%\"><span style=\"color: #000000;\">Landesbranddirektor<\/span><\/td>\n<\/tr>\n<tr>\n<td style=\"text-align: center;\" width=\"16%\"><img decoding=\"async\" class=\"alignnone wp-image-1164 size-full lazyload\" data-src=\"https:\/\/feuerwehr-kufstein.at\/wp-content\/uploads\/2018\/12\/Feuerwehrkurat.png\" alt=\"\" width=\"70\" height=\"70\" src=\"data:image\/svg+xml;base64,PHN2ZyB3aWR0aD0iMSIgaGVpZ2h0PSIxIiB4bWxucz0iaHR0cDovL3d3dy53My5vcmcvMjAwMC9zdmciPjwvc3ZnPg==\" style=\"--smush-placeholder-width: 70px; --smush-placeholder-aspect-ratio: 70\/70;\" \/><\/td>\n<td width=\"21%\"><span style=\"color: #000000;\">FK<\/span><\/td>\n<td width=\"60%\"><span style=\"color: #000000;\">Feuerwehrkurat<\/span><\/td>\n<\/tr>\n<tr>\n<td style=\"text-align: center;\" width=\"16%\"><img decoding=\"async\" class=\"alignnone wp-image-1163 size-full lazyload\" data-src=\"https:\/\/feuerwehr-kufstein.at\/wp-content\/uploads\/2018\/12\/Feuerwehrartzt.png\" alt=\"\" width=\"70\" height=\"70\" src=\"data:image\/svg+xml;base64,PHN2ZyB3aWR0aD0iMSIgaGVpZ2h0PSIxIiB4bWxucz0iaHR0cDovL3d3dy53My5vcmcvMjAwMC9zdmciPjwvc3ZnPg==\" style=\"--smush-placeholder-width: 70px; --smush-placeholder-aspect-ratio: 70\/70;\" \/><\/td>\n<td width=\"21%\"><span style=\"color: #000000;\">FA<\/span><\/td>\n<td width=\"60%\"><span style=\"color: #000000;\">Feuerwehrarzt<\/span><\/td>\n<\/tr>\n<tr>\n<td style=\"text-align: center;\" width=\"16%\"><img decoding=\"async\" class=\"alignnone wp-image-1178 size-full lazyload\" data-src=\"https:\/\/feuerwehr-kufstein.at\/wp-content\/uploads\/2018\/12\/Verwalter.png\" alt=\"\" width=\"70\" height=\"70\" src=\"data:image\/svg+xml;base64,PHN2ZyB3aWR0aD0iMSIgaGVpZ2h0PSIxIiB4bWxucz0iaHR0cDovL3d3dy53My5vcmcvMjAwMC9zdmciPjwvc3ZnPg==\" style=\"--smush-placeholder-width: 70px; --smush-placeholder-aspect-ratio: 70\/70;\" \/><\/td>\n<td width=\"21%\"><span style=\"color: #000000;\">V<\/span><\/td>\n<td width=\"60%\"><span style=\"color: #000000;\">Verwalter<\/span><\/td>\n<\/tr>\n<tr>\n<td style=\"text-align: center;\" width=\"16%\"><img decoding=\"async\" class=\"alignnone wp-image-1173 size-full lazyload\" data-src=\"https:\/\/feuerwehr-kufstein.at\/wp-content\/uploads\/2018\/12\/Oberverwalter.png\" alt=\"\" width=\"70\" height=\"70\" src=\"data:image\/svg+xml;base64,PHN2ZyB3aWR0aD0iMSIgaGVpZ2h0PSIxIiB4bWxucz0iaHR0cDovL3d3dy53My5vcmcvMjAwMC9zdmciPjwvc3ZnPg==\" style=\"--smush-placeholder-width: 70px; --smush-placeholder-aspect-ratio: 70\/70;\" \/><\/td>\n<td width=\"21%\"><span style=\"color: #000000;\">OV<\/span><\/td>\n<td width=\"60%\"><span style=\"color: #000000;\">Oberverwalter<\/span><\/td>\n<\/tr>\n<tr>\n<td style=\"text-align: center;\" width=\"16%\"><img decoding=\"async\" class=\"alignnone wp-image-1167 size-full lazyload\" data-src=\"https:\/\/feuerwehr-kufstein.at\/wp-content\/uploads\/2018\/12\/Hauptverwalter.png\" alt=\"\" width=\"70\" height=\"70\" src=\"data:image\/svg+xml;base64,PHN2ZyB3aWR0aD0iMSIgaGVpZ2h0PSIxIiB4bWxucz0iaHR0cDovL3d3dy53My5vcmcvMjAwMC9zdmciPjwvc3ZnPg==\" style=\"--smush-placeholder-width: 70px; --smush-placeholder-aspect-ratio: 70\/70;\" \/><\/td>\n<td width=\"21%\"><span style=\"color: #000000;\">HV<\/span><\/td>\n<td width=\"60%\"><span style=\"color: #000000;\">Hauptverwalter<\/span><\/td>\n<\/tr>\n<\/tbody>\n<\/table>\n<p><span style=\"color: #000000;\"><strong>Funktionen<\/strong><\/span><\/p>\n<table width=\"83%\">\n<tbody>\n<tr>\n<td width=\"16%\"><\/td>\n<td width=\"21%\"><span style=\"color: #000000;\">KDT<\/span><\/td>\n<td width=\"60%\"><span style=\"color: #000000;\">Kommandant<\/span><\/td>\n<\/tr>\n<tr>\n<td width=\"16%\"><\/td>\n<td width=\"21%\"><span style=\"color: #000000;\">KDT-Stv.<\/span><\/td>\n<td width=\"60%\"><span style=\"color: #000000;\">Kommandant-Stellvertreter<\/span><\/td>\n<\/tr>\n<tr>\n<td width=\"16%\"><\/td>\n<td width=\"21%\"><span style=\"color: #000000;\">K<\/span><\/td>\n<td width=\"60%\"><span style=\"color: #000000;\">Kassier<\/span><\/td>\n<\/tr>\n<tr>\n<td width=\"16%\"><\/td>\n<td width=\"21%\"><span style=\"color: #000000;\">S<\/span><\/td>\n<td width=\"60%\"><span style=\"color: #000000;\">Schriftf\u00fchrer<\/span><\/td>\n<\/tr>\n<tr>\n<td width=\"16%\"><\/td>\n<td width=\"21%\"><span style=\"color: #000000;\">FK<\/span><\/td>\n<td width=\"60%\"><span style=\"color: #000000;\">Feuerwehrkurat<\/span><\/td>\n<\/tr>\n<tr>\n<td width=\"16%\"><\/td>\n<td width=\"21%\"><span style=\"color: #000000;\">FA<\/span><\/td>\n<td width=\"60%\"><span style=\"color: #000000;\">Feuerwehrarzt<\/span><\/td>\n<\/tr>\n<tr>\n<td width=\"16%\"><\/td>\n<td width=\"21%\"><span style=\"color: #000000;\">AK<\/span><\/td>\n<td width=\"60%\"><span style=\"color: #000000;\">Abschnittsfeuerwehrkommandant<\/span><\/td>\n<\/tr>\n<tr>\n<td width=\"16%\"><\/td>\n<td width=\"21%\"><span style=\"color: #000000;\">BFI<\/span><\/td>\n<td width=\"60%\"><span style=\"color: #000000;\">Bezirksfeuerwehrinspektor<\/span><\/td>\n<\/tr>\n<tr>\n<td width=\"16%\"><\/td>\n<td width=\"21%\"><span style=\"color: #000000;\">LFI<\/span><\/td>\n<td width=\"60%\"><span style=\"color: #000000;\">Landesfeuerwehrinspektor<\/span><\/td>\n<\/tr>\n<tr>\n<td width=\"16%\"><\/td>\n<td width=\"21%\"><span style=\"color: #000000;\">BFK<\/span><\/td>\n<td width=\"60%\"><span style=\"color: #000000;\">Bezirksfeuerwehrkommandant<\/span><\/td>\n<\/tr>\n<tr>\n<td width=\"16%\"><\/td>\n<td width=\"21%\"><span style=\"color: #000000;\">LFK<\/span><\/td>\n<td width=\"60%\"><span style=\"color: #000000;\">Landesfeuerwehrkommandant<\/span><\/td>\n<\/tr>\n<tr>\n<td width=\"16%\"><\/td>\n<td width=\"21%\"><span style=\"color: #000000;\">BFK-Stv.<\/span><\/td>\n<td width=\"60%\"><span style=\"color: #000000;\">Bezirksfeuerwehrkommandant-Stellvertreter<\/span><\/td>\n<\/tr>\n<tr>\n<td width=\"16%\"><\/td>\n<td width=\"21%\"><span style=\"color: #000000;\">LFK-Stv.<\/span><\/td>\n<td width=\"60%\"><span style=\"color: #000000;\">Landesfeuerwehrkommandant-Stellvertreter<\/span><\/td>\n<\/tr>\n<tr>\n<td width=\"16%\"><\/td>\n<td width=\"21%\"><span style=\"color: #000000;\">ZgKDT<\/span><\/td>\n<td width=\"60%\"><span style=\"color: #000000;\">Zugskommandant<\/span><\/td>\n<\/tr>\n<tr>\n<td width=\"16%\"><\/td>\n<td width=\"21%\"><span style=\"color: #000000;\">GrKDT<\/span><\/td>\n<td width=\"60%\"><span style=\"color: #000000;\">Gruppenkommandant<\/span><\/td>\n<\/tr>\n<tr>\n<td width=\"16%\"><\/td>\n<td width=\"21%\"><span style=\"color: #000000;\">M<\/span><\/td>\n<td width=\"60%\"><span style=\"color: #000000;\">Maschinist<\/span><\/td>\n<\/tr>\n<tr>\n<td width=\"16%\"><\/td>\n<td width=\"21%\"><span style=\"color: #000000;\">OM<\/span><\/td>\n<td width=\"60%\"><span style=\"color: #000000;\">Obermaschinist<\/span><\/td>\n<\/tr>\n<tr>\n<td width=\"16%\"><\/td>\n<td width=\"21%\"><span style=\"color: #000000;\">G<\/span><\/td>\n<td width=\"60%\"><span style=\"color: #000000;\">Ger\u00e4tewart<\/span><\/td>\n<\/tr>\n<tr>\n<td width=\"16%\"><\/td>\n<td width=\"21%\"><span style=\"color: #000000;\">A<\/span><\/td>\n<td width=\"60%\"><span style=\"color: #000000;\">Atemschutztr\u00e4ger<\/span><\/td>\n<\/tr>\n<tr>\n<td width=\"16%\"><\/td>\n<td width=\"21%\"><span style=\"color: #000000;\">T<\/span><\/td>\n<td width=\"60%\"><span style=\"color: #000000;\">Taucher<\/span><\/td>\n<\/tr>\n<tr>\n<td width=\"16%\"><\/td>\n<td width=\"21%\"><span style=\"color: #000000;\">F<\/span><\/td>\n<td width=\"60%\"><span style=\"color: #000000;\">Funker<\/span><\/td>\n<\/tr>\n<tr>\n<td width=\"16%\"><\/td>\n<td width=\"21%\"><span style=\"color: #000000;\">B<\/span><\/td>\n<td width=\"60%\"><span style=\"color: #000000;\">Bootsf\u00fchrer<\/span><\/td>\n<\/tr>\n<\/tbody>\n<\/table>\n<p><span style=\"color: #000000;\"><strong>Fahrzeugbezeichnungen<\/strong><\/span><\/p>\n<table width=\"82%\">\n<tbody>\n<tr>\n<td><span style=\"color: #000000;\">TLFA 4000<\/span><\/td>\n<td width=\"75%\"><span style=\"color: #000000;\">TankL\u00f6schFahrzeug-Allrad mit 4000 l Wasser<\/span><\/td>\n<\/tr>\n<tr>\n<td><span style=\"color: #000000;\">TLF 3000\/100<\/span><\/td>\n<td width=\"75%\"><span style=\"color: #000000;\">TankL\u00f6schFahrzeug mit 3000 l Wasser und 100 l Schaummittel<\/span><\/td>\n<\/tr>\n<tr>\n<td><span style=\"color: #000000;\">SLFA<\/span><\/td>\n<td width=\"75%\"><span style=\"color: #000000;\">Schweres L\u00f6schFahrzeug-Allrad mit Einbaupumpe und TS 12<\/span><\/td>\n<\/tr>\n<tr>\n<td><span style=\"color: #000000;\">BOOT 2<\/span><\/td>\n<td width=\"75%\"><span style=\"color: #000000;\">SchlauchBOOT mit Jetantrieb<\/span><\/td>\n<\/tr>\n<tr>\n<td><span style=\"color: #000000;\">DLK-37<\/span><\/td>\n<td width=\"75%\"><span style=\"color: #000000;\">Drehleiter mit Korb, 37m<\/span><\/td>\n<\/tr>\n<tr>\n<td><span style=\"color: #000000;\">SRF<\/span><\/td>\n<td width=\"75%\"><span style=\"color: #000000;\">SchweresR\u00fcstFahrzeug<\/span><\/td>\n<\/tr>\n<tr>\n<td><span style=\"color: #000000;\">GGF<\/span><\/td>\n<td width=\"75%\"><span style=\"color: #000000;\">GefahrenGutFahrzeug mit Gefahrengut-Datenbank<\/span><\/td>\n<\/tr>\n<tr>\n<td><span style=\"color: #000000;\">KRFS<\/span><\/td>\n<td width=\"75%\"><span style=\"color: #000000;\">KleinesR\u00fcstFahrzeug mit Sonderausstattung<\/span><\/td>\n<\/tr>\n<tr>\n<td><span style=\"color: #000000;\">MTF<\/span><\/td>\n<td width=\"75%\"><span style=\"color: #000000;\">MannschaftsTransportFahrzeug<\/span><\/td>\n<\/tr>\n<tr>\n<td><span style=\"color: #000000;\">LAST<\/span><\/td>\n<td width=\"75%\"><span style=\"color: #000000;\">LASTfahrzeug (LKW mit Ladebordwand und Jeep)<\/span><\/td>\n<\/tr>\n<tr>\n<td><span style=\"color: #000000;\">A-BOOT<\/span><\/td>\n<td width=\"75%\"><span style=\"color: #000000;\">ArbeitsBOOT mit Jetantrieb<\/span><\/td>\n<\/tr>\n<tr>\n<td><span style=\"color: #000000;\">KDO<\/span><\/td>\n<td width=\"75%\"><span style=\"color: #000000;\">KommanDO-Fahrzeug (Einsatzleitung)<\/span><\/td>\n<\/tr>\n<\/tbody>\n<\/table>\n<p><span style=\"color: #000000;\"><strong>weitere Abk\u00fcrzungen<\/strong><\/span><\/p>\n<table width=\"82%\">\n<tbody>\n<tr>\n<td width=\"23%\"><span style=\"color: #000000;\">aD<\/span><\/td>\n<td width=\"74%\"><span style=\"color: #000000;\">au\u00dfer Dienst<\/span><\/td>\n<\/tr>\n<tr>\n<td width=\"23%\"><span style=\"color: #000000;\">ATS<\/span><\/td>\n<td width=\"74%\"><span style=\"color: #000000;\">Atemschutz<\/span><\/td>\n<\/tr>\n<tr>\n<td width=\"23%\"><span style=\"color: #000000;\">BFJLB<\/span><\/td>\n<td width=\"74%\"><span style=\"color: #000000;\">Bundes-Feuerwehrjugend-Leistungsbewerb<\/span><\/td>\n<\/tr>\n<tr>\n<td width=\"23%\"><span style=\"color: #000000;\">BFLB<\/span><\/td>\n<td width=\"74%\"><span style=\"color: #000000;\">Bundes-Feuerwehr-Leistungsbewerb<\/span><\/td>\n<\/tr>\n<tr>\n<td width=\"23%\"><span style=\"color: #000000;\">BFV<\/span><\/td>\n<td width=\"74%\"><span style=\"color: #000000;\">Bezirks-Feuerwehrverband<\/span><\/td>\n<\/tr>\n<tr>\n<td width=\"23%\"><span style=\"color: #000000;\">BMA<\/span><\/td>\n<td width=\"74%\"><span style=\"color: #000000;\">BrandMeldeAnlage<\/span><\/td>\n<\/tr>\n<tr>\n<td width=\"23%\"><span style=\"color: #000000;\">BMA-Alarm<\/span><\/td>\n<td width=\"74%\"><span style=\"color: #000000;\">Alarm ausgel\u00f6st durch BrandMeldeAnlage<\/span><\/td>\n<\/tr>\n<tr>\n<td width=\"23%\"><span style=\"color: #000000;\">BSW<\/span><\/td>\n<td width=\"74%\"><span style=\"color: #000000;\">BrandSicherheitsWache<\/span><\/td>\n<\/tr>\n<tr>\n<td width=\"23%\"><span style=\"color: #000000;\">FLA-Bronze<\/span><\/td>\n<td width=\"74%\"><span style=\"color: #000000;\">Feuerwehr-Leistungsabzeichen in Bronze<\/span><\/td>\n<\/tr>\n<tr>\n<td width=\"23%\"><span style=\"color: #000000;\">FLA-Gold<\/span><\/td>\n<td width=\"74%\"><span style=\"color: #000000;\">Feuerwehr-Leistungsabzeichen in Gold<\/span><\/td>\n<\/tr>\n<tr>\n<td width=\"23%\"><span style=\"color: #000000;\">FLA-Silber<\/span><\/td>\n<td width=\"74%\"><span style=\"color: #000000;\">Feuerwehr-Leistungsabzeichen in Silber<\/span><\/td>\n<\/tr>\n<tr>\n<td width=\"23%\"><span style=\"color: #000000;\">GH<\/span><\/td>\n<td width=\"74%\"><span style=\"color: #000000;\">Ger\u00e4tehaus<\/span><\/td>\n<\/tr>\n<tr>\n<td width=\"23%\"><span style=\"color: #000000;\">HFW<\/span><\/td>\n<td width=\"74%\"><span style=\"color: #000000;\">Hauptfeuerwache<\/span><\/td>\n<\/tr>\n<tr>\n<td width=\"23%\"><span style=\"color: #000000;\">ILL-Tirol<\/span><\/td>\n<td width=\"74%\"><span style=\"color: #000000;\">Integrierte Landes-Leitstelle Tirol (Landes-Alarmzentrale)<\/span><\/td>\n<\/tr>\n<tr>\n<td width=\"23%\"><span style=\"color: #000000;\">JH\u00dc<\/span><\/td>\n<td width=\"74%\"><span style=\"color: #000000;\">Jahres-Haupt\u00fcbung<\/span><\/td>\n<\/tr>\n<tr>\n<td width=\"23%\"><span style=\"color: #000000;\">JHV<\/span><\/td>\n<td width=\"74%\"><span style=\"color: #000000;\">Jahres-Hauptversammlung<\/span><\/td>\n<\/tr>\n<tr>\n<td width=\"23%\"><span style=\"color: #000000;\">KHD<\/span><\/td>\n<td width=\"74%\"><span style=\"color: #000000;\">KatastrophenHilfsDienst<\/span><\/td>\n<\/tr>\n<tr>\n<td width=\"23%\"><span style=\"color: #000000;\">LFJLB<\/span><\/td>\n<td width=\"74%\"><span style=\"color: #000000;\">Landes-Feuerwehrjugend-Leistungsbewerb<\/span><\/td>\n<\/tr>\n<tr>\n<td width=\"23%\"><span style=\"color: #000000;\">LFLB<\/span><\/td>\n<td width=\"74%\"><span style=\"color: #000000;\">Landes-Feuerwehr-Leistungsbewerb<\/span><\/td>\n<\/tr>\n<tr>\n<td width=\"23%\"><span style=\"color: #000000;\">LFV<\/span><\/td>\n<td width=\"74%\"><span style=\"color: #000000;\">Landes-Feuerwehrverband<\/span><\/td>\n<\/tr>\n<tr>\n<td width=\"23%\"><span style=\"color: #000000;\">NBH<\/span><\/td>\n<td width=\"74%\"><span style=\"color: #000000;\">NachBarschaftsHilfe<\/span><\/td>\n<\/tr>\n<tr>\n<td width=\"23%\"><span style=\"color: #000000;\">\u00d6BFV<\/span><\/td>\n<td width=\"74%\"><span style=\"color: #000000;\">\u00d6sterreichischer Bundesfeuerwehrverband<\/span><\/td>\n<\/tr>\n<tr>\n<td width=\"23%\"><span style=\"color: #000000;\">PSA<\/span><\/td>\n<td width=\"74%\"><span style=\"color: #000000;\">Pers\u00f6nliche Schutzausr\u00fcstung<\/span><\/td>\n<\/tr>\n<tr>\n<td width=\"23%\"><span style=\"color: #000000;\">Z-15<\/span><\/td>\n<td width=\"74%\"><span style=\"color: #000000;\">Florian Zentrale 15 &#8211; Bezirks-Alarmzentrale<\/span><\/td>\n<\/tr>\n<\/tbody>\n<\/table>\n<\/div>\n<div class=\"aspNetHidden\"><\/div>\n<\/form>\n","protected":false},"excerpt":{"rendered":"<p>Dienstgrade JFM Jugendfeuerwehrmann PFM Probefeuerwehrmann FM Feuerwehrmann OFM Oberfeuerwehrmann HFM Hauptfeuerwehrmann LM L\u00f6schmeister OLM Oberl\u00f6schmeister HLM Hauptl\u00f6schmeister BM Brandmeister OBM Oberbrandmeister HBM Hauptbrandmeister BI Brandinspektor OBI Oberbrandinspektor HBI Hauptbrandinspektor ABI Abschnittsbrandinspektor BR Brandrat OBR Oberbrandrat LBD-Stv. Landesbranddirektor-Stellvertreter LBD Landesbranddirektor FK Feuerwehrkurat FA Feuerwehrarzt V Verwalter OV Oberverwalter HV Hauptverwalter Funktionen KDT Kommandant KDT-Stv. Kommandant-Stellvertreter K [&hellip;]<\/p>\n","protected":false},"author":2,"featured_media":0,"parent":500,"menu_order":2,"comment_status":"closed","ping_status":"closed","template":"","meta":{"footnotes":""},"class_list":["post-586","page","type-page","status-publish","czr-hentry"],"_links":{"self":[{"href":"https:\/\/feuerwehr-kufstein.at\/index.php?rest_route=\/wp\/v2\/pages\/586","targetHints":{"allow":["GET"]}}],"collection":[{"href":"https:\/\/feuerwehr-kufstein.at\/index.php?rest_route=\/wp\/v2\/pages"}],"about":[{"href":"https:\/\/feuerwehr-kufstein.at\/index.php?rest_route=\/wp\/v2\/types\/page"}],"author":[{"embeddable":true,"href":"https:\/\/feuerwehr-kufstein.at\/index.php?rest_route=\/wp\/v2\/users\/2"}],"replies":[{"embeddable":true,"href":"https:\/\/feuerwehr-kufstein.at\/index.php?rest_route=%2Fwp%2Fv2%2Fcomments&post=586"}],"version-history":[{"count":0,"href":"https:\/\/feuerwehr-kufstein.at\/index.php?rest_route=\/wp\/v2\/pages\/586\/revisions"}],"up":[{"embeddable":true,"href":"https:\/\/feuerwehr-kufstein.at\/index.php?rest_route=\/wp\/v2\/pages\/500"}],"wp:attachment":[{"href":"https:\/\/feuerwehr-kufstein.at\/index.php?rest_route=%2Fwp%2Fv2%2Fmedia&parent=586"}],"curies":[{"name":"wp","href":"https:\/\/api.w.org\/{rel}","templated":true}]}}