{"id":8910,"date":"2022-08-25T19:26:19","date_gmt":"2022-08-25T18:26:19","guid":{"rendered":"https:\/\/www.feuerwehr-kufstein.at\/?page_id=8910"},"modified":"2023-11-07T15:08:57","modified_gmt":"2023-11-07T14:08:57","slug":"zubau","status":"publish","type":"page","link":"https:\/\/feuerwehr-kufstein.at\/?page_id=8910","title":{"rendered":"Zubau"},"content":{"rendered":"<h2 style=\"text-align: center;\"><em>Zubau &#8222;<\/em><strong><em>Blaulichtzentrum&#8220; f\u00fcr STADTFEUERWEHR, BEZIRKSVERBAND und BERGRETTUNG TIROL Kufstein<\/em><\/strong><\/h2>\n<p style=\"text-align: center;\"><span style=\"color: #000000;\">Durch eine Grundst\u00fccksschenkung unseres Kameraden <strong>Bmst. KR Anton RIEDER<\/strong> an die STADTFEUERWEHR Kufstein konnte nach einhergehender Planung mit dem Bezirksfeuerwehrverband und der Bergrettung Kufstein ein Zubau zum bestehenden Feuerwehrhaus errichtet werden. Das Geb\u00e4ude wurde nach 13 monatiger Bauzeit am 21.10.2021 offiziell eingeweiht und seiner Bestimmung \u00fcbergeben.\u00a0<\/span><\/p>\n<p>Es beherbergt in den oberen Stockwerken R\u00e4umlichkeiten f\u00fcr das Bezirkskommando des BFV Kufstein, so wie Schulungsr\u00e4ume f\u00fcr die Bergrettung Kufstein. Diese verf\u00fcgt neben einer Fahrzeughalle im EG auch noch \u00fcber Lagerr\u00e4ume im UG.<\/p>\n<p style=\"text-align: center;\">F\u00fcr die STADTFEUERWEHR Kufstein beherbergt dieses Geb\u00e4ude im UG Tiefgaragenstellpl\u00e4tze und ein Katastrophenlager, im EG befindet sich eine Fahrzeughalle mit 2 Boxen (f\u00fcr 3 Autos) und ein Garderobentrakt, welche direkt \u00fcber die bestehende Fahrzeughalle zu erreichen sind.<\/p>\n<div id='gallery-1' class='czr-gallery row flex-row czr-gallery-style gallery galleryid-8910 gallery-columns-5 gallery-size-thumbnail'><figure class='gallery-item col col-auto'>\r\n                        <div class='gallery-icon landscape czr-gallery-icon'>\r\n                              <a data-lb-type=\"grouped-gallery\" title=\"R\u00e4umlichkeiten des\" href=https:\/\/feuerwehr-kufstein.at\/wp-content\/uploads\/2022\/09\/IMG_20220908_161224-scaled.jpg class=\"bg-link\"><\/a><img decoding=\"async\" width=\"150\" height=\"150\" data-src=\"https:\/\/feuerwehr-kufstein.at\/wp-content\/uploads\/2022\/09\/IMG_20220908_161224-150x150.jpg\" class=\"attachment-thumbnail size-thumbnail no-lazy lazyload\" alt=\"\" data-sizes=\"(min-width: 1200px) 198px, (min-width: 992px) 162px, (min-width: 768px) 114px, (min-width: 576px) 105px, calc( 50vw - 30px )\" aria-describedby=\"gallery-1-8936\" data-srcset=\"https:\/\/feuerwehr-kufstein.at\/wp-content\/uploads\/2022\/09\/IMG_20220908_161224-150x150.jpg 150w, https:\/\/feuerwehr-kufstein.at\/wp-content\/uploads\/2022\/09\/IMG_20220908_161224-510x510.jpg 510w\" src=\"data:image\/svg+xml;base64,PHN2ZyB3aWR0aD0iMSIgaGVpZ2h0PSIxIiB4bWxucz0iaHR0cDovL3d3dy53My5vcmcvMjAwMC9zdmciPjwvc3ZnPg==\" style=\"--smush-placeholder-width: 150px; --smush-placeholder-aspect-ratio: 150\/150;\" \/>\r\n                        <\/div>\r\n                              <figcaption class='wp-caption-text gallery-caption' id='gallery-1-8936'>\r\n                              R\u00e4umlichkeiten des\r\n                              <\/figcaption><\/figure><figure class='gallery-item col col-auto'>\r\n                        <div class='gallery-icon landscape czr-gallery-icon'>\r\n                              <a data-lb-type=\"grouped-gallery\" title=\"BFV und der Bergrettung\" href=https:\/\/feuerwehr-kufstein.at\/wp-content\/uploads\/2022\/09\/IMG_20220908_161306-scaled.jpg class=\"bg-link\"><\/a><img decoding=\"async\" width=\"150\" height=\"150\" data-src=\"https:\/\/feuerwehr-kufstein.at\/wp-content\/uploads\/2022\/09\/IMG_20220908_161306-150x150.jpg\" class=\"attachment-thumbnail size-thumbnail no-lazy lazyload\" alt=\"\" data-sizes=\"(min-width: 1200px) 198px, (min-width: 992px) 162px, (min-width: 768px) 114px, (min-width: 576px) 105px, calc( 50vw - 30px )\" aria-describedby=\"gallery-1-8937\" data-srcset=\"https:\/\/feuerwehr-kufstein.at\/wp-content\/uploads\/2022\/09\/IMG_20220908_161306-150x150.jpg 150w, https:\/\/feuerwehr-kufstein.at\/wp-content\/uploads\/2022\/09\/IMG_20220908_161306-510x510.jpg 510w\" src=\"data:image\/svg+xml;base64,PHN2ZyB3aWR0aD0iMSIgaGVpZ2h0PSIxIiB4bWxucz0iaHR0cDovL3d3dy53My5vcmcvMjAwMC9zdmciPjwvc3ZnPg==\" style=\"--smush-placeholder-width: 150px; --smush-placeholder-aspect-ratio: 150\/150;\" \/>\r\n                        <\/div>\r\n                              <figcaption class='wp-caption-text gallery-caption' id='gallery-1-8937'>\r\n                              BFV und der Bergrettung\r\n                              <\/figcaption><\/figure><figure class='gallery-item col col-auto'>\r\n                        <div class='gallery-icon landscape czr-gallery-icon'>\r\n                              <a data-lb-type=\"grouped-gallery\" title=\"Ansicht von der Salurnerstra\u00dfe\" href=https:\/\/feuerwehr-kufstein.at\/wp-content\/uploads\/2022\/09\/DSC03904.jpg class=\"bg-link\"><\/a><img decoding=\"async\" width=\"150\" height=\"150\" data-src=\"https:\/\/feuerwehr-kufstein.at\/wp-content\/uploads\/2022\/09\/DSC03904-150x150.jpg\" class=\"attachment-thumbnail size-thumbnail no-lazy lazyload\" alt=\"\" data-sizes=\"(min-width: 1200px) 198px, (min-width: 992px) 162px, (min-width: 768px) 114px, (min-width: 576px) 105px, calc( 50vw - 30px )\" aria-describedby=\"gallery-1-8955\" data-srcset=\"https:\/\/feuerwehr-kufstein.at\/wp-content\/uploads\/2022\/09\/DSC03904-150x150.jpg 150w, https:\/\/feuerwehr-kufstein.at\/wp-content\/uploads\/2022\/09\/DSC03904-510x510.jpg 510w\" src=\"data:image\/svg+xml;base64,PHN2ZyB3aWR0aD0iMSIgaGVpZ2h0PSIxIiB4bWxucz0iaHR0cDovL3d3dy53My5vcmcvMjAwMC9zdmciPjwvc3ZnPg==\" style=\"--smush-placeholder-width: 150px; --smush-placeholder-aspect-ratio: 150\/150;\" \/>\r\n                        <\/div>\r\n                              <figcaption class='wp-caption-text gallery-caption' id='gallery-1-8955'>\r\n                              Ansicht von der Salurnerstra\u00dfe\r\n                              <\/figcaption><\/figure><figure class='gallery-item col col-auto'>\r\n                        <div class='gallery-icon landscape czr-gallery-icon'>\r\n                              <a data-lb-type=\"grouped-gallery\" title=\"Tiefgaragenzufahrt\" href=https:\/\/feuerwehr-kufstein.at\/wp-content\/uploads\/2022\/09\/DSC03908.jpg class=\"bg-link\"><\/a><img decoding=\"async\" width=\"150\" height=\"150\" data-src=\"https:\/\/feuerwehr-kufstein.at\/wp-content\/uploads\/2022\/09\/DSC03908-150x150.jpg\" class=\"attachment-thumbnail size-thumbnail no-lazy lazyload\" alt=\"\" data-sizes=\"(min-width: 1200px) 198px, (min-width: 992px) 162px, (min-width: 768px) 114px, (min-width: 576px) 105px, calc( 50vw - 30px )\" aria-describedby=\"gallery-1-8957\" data-srcset=\"https:\/\/feuerwehr-kufstein.at\/wp-content\/uploads\/2022\/09\/DSC03908-150x150.jpg 150w, https:\/\/feuerwehr-kufstein.at\/wp-content\/uploads\/2022\/09\/DSC03908-510x510.jpg 510w\" src=\"data:image\/svg+xml;base64,PHN2ZyB3aWR0aD0iMSIgaGVpZ2h0PSIxIiB4bWxucz0iaHR0cDovL3d3dy53My5vcmcvMjAwMC9zdmciPjwvc3ZnPg==\" style=\"--smush-placeholder-width: 150px; --smush-placeholder-aspect-ratio: 150\/150;\" \/>\r\n                        <\/div>\r\n                              <figcaption class='wp-caption-text gallery-caption' id='gallery-1-8957'>\r\n                              Tiefgaragenzufahrt\r\n                              <\/figcaption><\/figure><figure class='gallery-item col col-auto'>\r\n                        <div class='gallery-icon landscape czr-gallery-icon'>\r\n                              <a data-lb-type=\"grouped-gallery\" title=\"Fahrzeugboxen\" href=https:\/\/feuerwehr-kufstein.at\/wp-content\/uploads\/2022\/09\/DSC03912.jpg class=\"bg-link\"><\/a><img decoding=\"async\" width=\"150\" height=\"150\" data-src=\"https:\/\/feuerwehr-kufstein.at\/wp-content\/uploads\/2022\/09\/DSC03912-150x150.jpg\" class=\"attachment-thumbnail size-thumbnail no-lazy lazyload\" alt=\"\" data-sizes=\"(min-width: 1200px) 198px, (min-width: 992px) 162px, (min-width: 768px) 114px, (min-width: 576px) 105px, calc( 50vw - 30px )\" aria-describedby=\"gallery-1-8956\" data-srcset=\"https:\/\/feuerwehr-kufstein.at\/wp-content\/uploads\/2022\/09\/DSC03912-150x150.jpg 150w, https:\/\/feuerwehr-kufstein.at\/wp-content\/uploads\/2022\/09\/DSC03912-510x510.jpg 510w\" src=\"data:image\/svg+xml;base64,PHN2ZyB3aWR0aD0iMSIgaGVpZ2h0PSIxIiB4bWxucz0iaHR0cDovL3d3dy53My5vcmcvMjAwMC9zdmciPjwvc3ZnPg==\" style=\"--smush-placeholder-width: 150px; --smush-placeholder-aspect-ratio: 150\/150;\" \/>\r\n                        <\/div>\r\n                              <figcaption class='wp-caption-text gallery-caption' id='gallery-1-8956'>\r\n                              Fahrzeugboxen\r\n                              <\/figcaption><\/figure><figure class='gallery-item col col-auto'>\r\n                        <div class='gallery-icon landscape czr-gallery-icon'>\r\n                              <a data-lb-type=\"grouped-gallery\" title=\"Zugang zur neuen \" href=https:\/\/feuerwehr-kufstein.at\/wp-content\/uploads\/2022\/09\/IMG_20220908_163947-scaled.jpg class=\"bg-link\"><\/a><img decoding=\"async\" width=\"150\" height=\"150\" data-src=\"https:\/\/feuerwehr-kufstein.at\/wp-content\/uploads\/2022\/09\/IMG_20220908_163947-150x150.jpg\" class=\"attachment-thumbnail size-thumbnail no-lazy lazyload\" alt=\"\" data-sizes=\"(min-width: 1200px) 198px, (min-width: 992px) 162px, (min-width: 768px) 114px, (min-width: 576px) 105px, calc( 50vw - 30px )\" aria-describedby=\"gallery-1-8946\" data-srcset=\"https:\/\/feuerwehr-kufstein.at\/wp-content\/uploads\/2022\/09\/IMG_20220908_163947-150x150.jpg 150w, https:\/\/feuerwehr-kufstein.at\/wp-content\/uploads\/2022\/09\/IMG_20220908_163947-510x510.jpg 510w\" src=\"data:image\/svg+xml;base64,PHN2ZyB3aWR0aD0iMSIgaGVpZ2h0PSIxIiB4bWxucz0iaHR0cDovL3d3dy53My5vcmcvMjAwMC9zdmciPjwvc3ZnPg==\" style=\"--smush-placeholder-width: 150px; --smush-placeholder-aspect-ratio: 150\/150;\" \/>\r\n                        <\/div>\r\n                              <figcaption class='wp-caption-text gallery-caption' id='gallery-1-8946'>\r\n                              Zugang zur neuen \r\n                              <\/figcaption><\/figure><figure class='gallery-item col col-auto'>\r\n                        <div class='gallery-icon landscape czr-gallery-icon'>\r\n                              <a data-lb-type=\"grouped-gallery\" title=\"Garderobe mit\" href=https:\/\/feuerwehr-kufstein.at\/wp-content\/uploads\/2022\/09\/IMG_20220908_163737-scaled.jpg class=\"bg-link\"><\/a><img decoding=\"async\" width=\"150\" height=\"150\" data-src=\"https:\/\/feuerwehr-kufstein.at\/wp-content\/uploads\/2022\/09\/IMG_20220908_163737-150x150.jpg\" class=\"attachment-thumbnail size-thumbnail no-lazy lazyload\" alt=\"\" data-sizes=\"(min-width: 1200px) 198px, (min-width: 992px) 162px, (min-width: 768px) 114px, (min-width: 576px) 105px, calc( 50vw - 30px )\" aria-describedby=\"gallery-1-8933\" data-srcset=\"https:\/\/feuerwehr-kufstein.at\/wp-content\/uploads\/2022\/09\/IMG_20220908_163737-150x150.jpg 150w, https:\/\/feuerwehr-kufstein.at\/wp-content\/uploads\/2022\/09\/IMG_20220908_163737-510x510.jpg 510w\" src=\"data:image\/svg+xml;base64,PHN2ZyB3aWR0aD0iMSIgaGVpZ2h0PSIxIiB4bWxucz0iaHR0cDovL3d3dy53My5vcmcvMjAwMC9zdmciPjwvc3ZnPg==\" style=\"--smush-placeholder-width: 150px; --smush-placeholder-aspect-ratio: 150\/150;\" \/>\r\n                        <\/div>\r\n                              <figcaption class='wp-caption-text gallery-caption' id='gallery-1-8933'>\r\n                              Garderobe mit\r\n                              <\/figcaption><\/figure><figure class='gallery-item col col-auto'>\r\n                        <div class='gallery-icon landscape czr-gallery-icon'>\r\n                              <a data-lb-type=\"grouped-gallery\" title=\"Damenumkleide\" href=https:\/\/feuerwehr-kufstein.at\/wp-content\/uploads\/2022\/09\/IMG_20220908_163807-scaled.jpg class=\"bg-link\"><\/a><img decoding=\"async\" width=\"150\" height=\"150\" data-src=\"https:\/\/feuerwehr-kufstein.at\/wp-content\/uploads\/2022\/09\/IMG_20220908_163807-150x150.jpg\" class=\"attachment-thumbnail size-thumbnail no-lazy lazyload\" alt=\"\" data-sizes=\"(min-width: 1200px) 198px, (min-width: 992px) 162px, (min-width: 768px) 114px, (min-width: 576px) 105px, calc( 50vw - 30px )\" aria-describedby=\"gallery-1-8932\" data-srcset=\"https:\/\/feuerwehr-kufstein.at\/wp-content\/uploads\/2022\/09\/IMG_20220908_163807-150x150.jpg 150w, https:\/\/feuerwehr-kufstein.at\/wp-content\/uploads\/2022\/09\/IMG_20220908_163807-510x510.jpg 510w\" src=\"data:image\/svg+xml;base64,PHN2ZyB3aWR0aD0iMSIgaGVpZ2h0PSIxIiB4bWxucz0iaHR0cDovL3d3dy53My5vcmcvMjAwMC9zdmciPjwvc3ZnPg==\" style=\"--smush-placeholder-width: 150px; --smush-placeholder-aspect-ratio: 150\/150;\" \/>\r\n                        <\/div>\r\n                              <figcaption class='wp-caption-text gallery-caption' id='gallery-1-8932'>\r\n                              Damenumkleide\r\n                              <\/figcaption><\/figure><figure class='gallery-item col col-auto'>\r\n                        <div class='gallery-icon portrait czr-gallery-icon'>\r\n                              <a data-lb-type=\"grouped-gallery\" title=\"Zugang zur\" href=https:\/\/feuerwehr-kufstein.at\/wp-content\/uploads\/2022\/09\/IMG_20220908_164043-scaled.jpg class=\"bg-link\"><\/a><img decoding=\"async\" width=\"150\" height=\"150\" data-src=\"https:\/\/feuerwehr-kufstein.at\/wp-content\/uploads\/2022\/09\/IMG_20220908_164043-150x150.jpg\" class=\"attachment-thumbnail size-thumbnail no-lazy lazyload\" alt=\"\" data-sizes=\"(min-width: 1200px) 198px, (min-width: 992px) 162px, (min-width: 768px) 114px, (min-width: 576px) 105px, calc( 50vw - 30px )\" aria-describedby=\"gallery-1-8947\" data-srcset=\"https:\/\/feuerwehr-kufstein.at\/wp-content\/uploads\/2022\/09\/IMG_20220908_164043-150x150.jpg 150w, https:\/\/feuerwehr-kufstein.at\/wp-content\/uploads\/2022\/09\/IMG_20220908_164043-510x510.jpg 510w\" src=\"data:image\/svg+xml;base64,PHN2ZyB3aWR0aD0iMSIgaGVpZ2h0PSIxIiB4bWxucz0iaHR0cDovL3d3dy53My5vcmcvMjAwMC9zdmciPjwvc3ZnPg==\" style=\"--smush-placeholder-width: 150px; --smush-placeholder-aspect-ratio: 150\/150;\" \/>\r\n                        <\/div>\r\n                              <figcaption class='wp-caption-text gallery-caption' id='gallery-1-8947'>\r\n                              Zugang zur\r\n                              <\/figcaption><\/figure><figure class='gallery-item col col-auto'>\r\n                        <div class='gallery-icon landscape czr-gallery-icon'>\r\n                              <a data-lb-type=\"grouped-gallery\" title=\"Fahrzeughalle\" href=https:\/\/feuerwehr-kufstein.at\/wp-content\/uploads\/2022\/09\/IMG_20220908_164108-scaled.jpg class=\"bg-link\"><\/a><img decoding=\"async\" width=\"150\" height=\"150\" data-src=\"https:\/\/feuerwehr-kufstein.at\/wp-content\/uploads\/2022\/09\/IMG_20220908_164108-150x150.jpg\" class=\"attachment-thumbnail size-thumbnail no-lazy lazyload\" alt=\"\" data-sizes=\"(min-width: 1200px) 198px, (min-width: 992px) 162px, (min-width: 768px) 114px, (min-width: 576px) 105px, calc( 50vw - 30px )\" aria-describedby=\"gallery-1-8948\" data-srcset=\"https:\/\/feuerwehr-kufstein.at\/wp-content\/uploads\/2022\/09\/IMG_20220908_164108-150x150.jpg 150w, https:\/\/feuerwehr-kufstein.at\/wp-content\/uploads\/2022\/09\/IMG_20220908_164108-510x510.jpg 510w\" src=\"data:image\/svg+xml;base64,PHN2ZyB3aWR0aD0iMSIgaGVpZ2h0PSIxIiB4bWxucz0iaHR0cDovL3d3dy53My5vcmcvMjAwMC9zdmciPjwvc3ZnPg==\" style=\"--smush-placeholder-width: 150px; --smush-placeholder-aspect-ratio: 150\/150;\" \/>\r\n                        <\/div>\r\n                              <figcaption class='wp-caption-text gallery-caption' id='gallery-1-8948'>\r\n                              Fahrzeughalle\r\n                              <\/figcaption><\/figure>\r\n                  <\/div>\n\n<p>&nbsp;<\/p>\n","protected":false},"excerpt":{"rendered":"<p>Zubau &#8222;Blaulichtzentrum&#8220; f\u00fcr STADTFEUERWEHR, BEZIRKSVERBAND und BERGRETTUNG TIROL Kufstein Durch eine Grundst\u00fccksschenkung unseres Kameraden Bmst. KR Anton RIEDER an die STADTFEUERWEHR Kufstein konnte nach einhergehender Planung mit dem Bezirksfeuerwehrverband und der Bergrettung Kufstein ein Zubau zum bestehenden Feuerwehrhaus errichtet werden. Das Geb\u00e4ude wurde nach 13 monatiger Bauzeit am 21.10.2021 offiziell eingeweiht und seiner Bestimmung \u00fcbergeben.\u00a0 [&hellip;]<\/p>\n","protected":false},"author":2,"featured_media":0,"parent":0,"menu_order":0,"comment_status":"closed","ping_status":"closed","template":"","meta":{"footnotes":""},"class_list":["post-8910","page","type-page","status-publish","czr-hentry"],"_links":{"self":[{"href":"https:\/\/feuerwehr-kufstein.at\/index.php?rest_route=\/wp\/v2\/pages\/8910","targetHints":{"allow":["GET"]}}],"collection":[{"href":"https:\/\/feuerwehr-kufstein.at\/index.php?rest_route=\/wp\/v2\/pages"}],"about":[{"href":"https:\/\/feuerwehr-kufstein.at\/index.php?rest_route=\/wp\/v2\/types\/page"}],"author":[{"embeddable":true,"href":"https:\/\/feuerwehr-kufstein.at\/index.php?rest_route=\/wp\/v2\/users\/2"}],"replies":[{"embeddable":true,"href":"https:\/\/feuerwehr-kufstein.at\/index.php?rest_route=%2Fwp%2Fv2%2Fcomments&post=8910"}],"version-history":[{"count":0,"href":"https:\/\/feuerwehr-kufstein.at\/index.php?rest_route=\/wp\/v2\/pages\/8910\/revisions"}],"wp:attachment":[{"href":"https:\/\/feuerwehr-kufstein.at\/index.php?rest_route=%2Fwp%2Fv2%2Fmedia&parent=8910"}],"curies":[{"name":"wp","href":"https:\/\/api.w.org\/{rel}","templated":true}]}}